{"id":15568,"date":"2023-11-14T12:21:55","date_gmt":"2023-11-14T11:21:55","guid":{"rendered":"https:\/\/2024.adventupuli.hr\/glazbeni-program\/"},"modified":"2024-11-28T15:43:50","modified_gmt":"2024-11-28T14:43:50","slug":"glazbeni-program","status":"publish","type":"page","link":"https:\/\/2024.adventupuli.hr\/it\/glazbeni-program\/","title":{"rendered":"Programma musicale"},"content":{"rendered":"\t\t<div data-elementor-type=\"wp-page\" data-elementor-id=\"15568\" class=\"elementor elementor-15568 elementor-12310\">\n\t\t\t\t\t\t<section class=\"elementor-section elementor-top-section elementor-element elementor-element-1e05a11 elementor-section-boxed elementor-section-height-default elementor-section-height-default\" data-id=\"1e05a11\" data-element_type=\"section\">\n\t\t\t\t\t\t<div class=\"elementor-container elementor-column-gap-default\">\n\t\t\t\t\t<div class=\"elementor-column elementor-col-100 elementor-top-column elementor-element elementor-element-f076889\" data-id=\"f076889\" data-element_type=\"column\">\n\t\t\t<div class=\"elementor-widget-wrap elementor-element-populated\">\n\t\t\t\t\t\t<div class=\"elementor-element elementor-element-235a5ca elementor-widget elementor-widget-exhibz-title\" data-id=\"235a5ca\" data-element_type=\"widget\" data-settings=\"{&quot;ekit_we_effect_on&quot;:&quot;none&quot;}\" data-widget_type=\"exhibz-title.default\">\n\t\t\t\t<div class=\"elementor-widget-container\">\n\t\t\t\n    <div class=\"title-section-area\">\n        <h2 class=\"section-title\">\n            <span class=\"sub-title\">PROGRAMMA MUSICALE<\/span>\n\t\t\tdel\u2019Avvento        <\/h2>\n\t\t                    <span class=\"title-shape\">\n                  <svg xmlns='http:\/\/www.w3.org\/2000\/svg' xmlns:xlink='http:\/\/www.w3.org\/1999\/xlink' width='71px' height='11px'> <path fill-rule='evenodd' d='M59.669,10.710 L49.164,3.306 L39.428,10.681 L29.714,3.322 L20.006,10.682 L10.295,3.322 L1.185,10.228 L-0.010,8.578 L10.295,0.765 L20.006,8.125 L29.714,0.765 L39.428,8.125 L49.122,0.781 L59.680,8.223 L69.858,1.192 L70.982,2.895 L59.669,10.710 Z'\/><\/svg>\n            <\/span>\n                    <\/div><!-- Section title -->\n    \n    \n\n    \t\t<\/div>\n\t\t\t\t<\/div>\n\t\t\t\t<div class=\"elementor-element elementor-element-f03b137 elementor-widget elementor-widget-etn-upcoming-expire-tab\" data-id=\"f03b137\" data-element_type=\"widget\" data-settings=\"{&quot;ekit_we_effect_on&quot;:&quot;none&quot;}\" data-widget_type=\"etn-upcoming-expire-tab.default\">\n\t\t\t\t<div class=\"elementor-widget-container\">\n\t\t\t<!-- schedule tab start -->\n<div class=\"event-tab-wrapper etn-tab-wrapper event-tab-1\">\n\t<ul class='etn-nav'>\n\t\t\t\t\t\t\t\t<li>\n\t\t\t\t\t\t\t\t<a href='#' class='etn-tab-a etn-active' data-id='tabf03b137-1'>\n\t\t\t\t\t\t\t\t\t\tGLAZBENI PROGRAM\t\t\t\t\t\t\t\t<\/a>\n\t\t\t\t\t\t<\/li>\n\t\t\t\t\t\t\t<\/ul>\n\n\t<div class='etn-tab-content clearfix etn-schedule-wrap'>\n\t\t\t\t\t\t\t<div class=\"etn-tab tab-active\" data-id='tabf03b137-1'>\n\t\t\t\t\t\t\t<div class='etn-row etn-event-wrapper'>\n        <div class=\"etn-col-md-6 etn-col-lg-4\">\n        <div class=\"etn-event-item\">\n            <!-- thumbnail -->\n                        <div class=\"etn-event-thumb\">\n                <a \n                    href=\"https:\/\/2024.adventupuli.hr\/it\/dogadaj\/slovensko-kulturno-drustvo-pula\/\" \n                    aria-label=\"Programma musicale\"\n                >\n                    <img fetchpriority=\"high\" decoding=\"async\" width=\"800\" height=\"533\" src=\"https:\/\/2024.adventupuli.hr\/wp-content\/uploads\/2024\/11\/Glazubeni_vijenac-1024x682.jpg\" class=\"attachment-large size-large wp-post-image\" alt=\"\" srcset=\"https:\/\/2024.adventupuli.hr\/wp-content\/uploads\/2024\/11\/Glazubeni_vijenac-1024x682.jpg 1024w, https:\/\/2024.adventupuli.hr\/wp-content\/uploads\/2024\/11\/Glazubeni_vijenac-300x200.jpg 300w, https:\/\/2024.adventupuli.hr\/wp-content\/uploads\/2024\/11\/Glazubeni_vijenac-768x511.jpg 768w, https:\/\/2024.adventupuli.hr\/wp-content\/uploads\/2024\/11\/Glazubeni_vijenac.jpg 1200w\" sizes=\"(max-width: 800px) 100vw, 800px\" \/>                <\/a>\n                <div class=\"etn-event-category\">\n                    <span>Programma musicale<\/span>                 <\/div>\n                            <\/div>\n                        <!-- thumbnail start-->\n\n            <!-- content start-->\n            <div class=\"etn-event-content\">\n                                                                                        \n                <h3 class=\"etn-title etn-event-title\"><a href=\"https:\/\/2024.adventupuli.hr\/it\/dogadaj\/slovensko-kulturno-drustvo-pula\/\">\n                    La corona musicale &#8211; Zbor Encijan, SKD Istra<\/a>\n                <\/h3>\n                                \n                <div class=\"etn-event-footer\">\n                    <div class=\"etn-event-date\">\n                                    <span>\n\t\t\t\t<i class=\"etn-icon etn-calendar\"><\/i>\n                1\/12\/2024            <\/span>\n\t\t\t                    <\/div>\n                   \n                <\/div>\n            <\/div>\n            <!-- content end-->\n        <\/div>\n        <!-- etn event item end-->\n    <\/div>\n        <div class=\"etn-col-md-6 etn-col-lg-4\">\n        <div class=\"etn-event-item\">\n            <!-- thumbnail -->\n                        <div class=\"etn-event-thumb\">\n                <a \n                    href=\"https:\/\/2024.adventupuli.hr\/it\/dogadaj\/jelusick\/\" \n                    aria-label=\"Programma musicale\"\n                >\n                    <img decoding=\"async\" width=\"800\" height=\"534\" src=\"https:\/\/2024.adventupuli.hr\/wp-content\/uploads\/2024\/10\/Photo-by-JosipMarkovic-2-1024x683.jpg\" class=\"attachment-large size-large wp-post-image\" alt=\"\" srcset=\"https:\/\/2024.adventupuli.hr\/wp-content\/uploads\/2024\/10\/Photo-by-JosipMarkovic-2-1024x683.jpg 1024w, https:\/\/2024.adventupuli.hr\/wp-content\/uploads\/2024\/10\/Photo-by-JosipMarkovic-2-300x200.jpg 300w, https:\/\/2024.adventupuli.hr\/wp-content\/uploads\/2024\/10\/Photo-by-JosipMarkovic-2-768x512.jpg 768w, https:\/\/2024.adventupuli.hr\/wp-content\/uploads\/2024\/10\/Photo-by-JosipMarkovic-2.jpg 1200w\" sizes=\"(max-width: 800px) 100vw, 800px\" \/>                <\/a>\n                <div class=\"etn-event-category\">\n                    <span>Programma musicale<\/span>                 <\/div>\n                            <\/div>\n                        <!-- thumbnail start-->\n\n            <!-- content start-->\n            <div class=\"etn-event-content\">\n                                                                                        \n                <h3 class=\"etn-title etn-event-title\"><a href=\"https:\/\/2024.adventupuli.hr\/it\/dogadaj\/jelusick\/\">\n                    Jelusick<\/a>\n                <\/h3>\n                                \n                <div class=\"etn-event-footer\">\n                    <div class=\"etn-event-date\">\n                                    <span>\n\t\t\t\t<i class=\"etn-icon etn-calendar\"><\/i>\n                1\/12\/2024            <\/span>\n\t\t\t                    <\/div>\n                   \n                <\/div>\n            <\/div>\n            <!-- content end-->\n        <\/div>\n        <!-- etn event item end-->\n    <\/div>\n        <div class=\"etn-col-md-6 etn-col-lg-4\">\n        <div class=\"etn-event-item\">\n            <!-- thumbnail -->\n                        <div class=\"etn-event-thumb\">\n                <a \n                    href=\"https:\/\/2024.adventupuli.hr\/it\/dogadaj\/os-monte-zaro-djecji-zbor\/\" \n                    aria-label=\"Programma musicale\"\n                >\n                    <img decoding=\"async\" width=\"800\" height=\"533\" src=\"https:\/\/2024.adventupuli.hr\/wp-content\/uploads\/2024\/11\/GRAZ-1024x682.jpg\" class=\"attachment-large size-large wp-post-image\" alt=\"\" srcset=\"https:\/\/2024.adventupuli.hr\/wp-content\/uploads\/2024\/11\/GRAZ-1024x682.jpg 1024w, https:\/\/2024.adventupuli.hr\/wp-content\/uploads\/2024\/11\/GRAZ-300x200.jpg 300w, https:\/\/2024.adventupuli.hr\/wp-content\/uploads\/2024\/11\/GRAZ-768x511.jpg 768w, https:\/\/2024.adventupuli.hr\/wp-content\/uploads\/2024\/11\/GRAZ.jpg 1200w\" sizes=\"(max-width: 800px) 100vw, 800px\" \/>                <\/a>\n                <div class=\"etn-event-category\">\n                    <span>Programma per bambini<\/span> <span>Programma musicale<\/span>                 <\/div>\n                            <\/div>\n                        <!-- thumbnail start-->\n\n            <!-- content start-->\n            <div class=\"etn-event-content\">\n                                                                                        \n                <h3 class=\"etn-title etn-event-title\"><a href=\"https:\/\/2024.adventupuli.hr\/it\/dogadaj\/os-monte-zaro-djecji-zbor\/\">\n                    SE Monte Zaro, coro<\/a>\n                <\/h3>\n                                \n                <div class=\"etn-event-footer\">\n                    <div class=\"etn-event-date\">\n                                    <span>\n\t\t\t\t<i class=\"etn-icon etn-calendar\"><\/i>\n                4\/12\/2024            <\/span>\n\t\t\t                    <\/div>\n                   \n                <\/div>\n            <\/div>\n            <!-- content end-->\n        <\/div>\n        <!-- etn event item end-->\n    <\/div>\n        <div class=\"etn-col-md-6 etn-col-lg-4\">\n        <div class=\"etn-event-item\">\n            <!-- thumbnail -->\n                        <div class=\"etn-event-thumb\">\n                <a \n                    href=\"https:\/\/2024.adventupuli.hr\/it\/dogadaj\/ljiljani-sv-antuna-djecji-zbor-u-susret-bozicu-koncert\/\" \n                    aria-label=\"Programma musicale\"\n                >\n                    <img loading=\"lazy\" decoding=\"async\" width=\"800\" height=\"534\" src=\"https:\/\/2024.adventupuli.hr\/wp-content\/uploads\/2024\/11\/liljani-1024x683.jpg\" class=\"attachment-large size-large wp-post-image\" alt=\"\" srcset=\"https:\/\/2024.adventupuli.hr\/wp-content\/uploads\/2024\/11\/liljani-1024x683.jpg 1024w, https:\/\/2024.adventupuli.hr\/wp-content\/uploads\/2024\/11\/liljani-300x200.jpg 300w, https:\/\/2024.adventupuli.hr\/wp-content\/uploads\/2024\/11\/liljani-768x512.jpg 768w, https:\/\/2024.adventupuli.hr\/wp-content\/uploads\/2024\/11\/liljani.jpg 1200w\" sizes=\"(max-width: 800px) 100vw, 800px\" \/>                <\/a>\n                <div class=\"etn-event-category\">\n                    <span>Programma per bambini<\/span> <span>Programma musicale<\/span>                 <\/div>\n                            <\/div>\n                        <!-- thumbnail start-->\n\n            <!-- content start-->\n            <div class=\"etn-event-content\">\n                                                                                        \n                <h3 class=\"etn-title etn-event-title\"><a href=\"https:\/\/2024.adventupuli.hr\/it\/dogadaj\/ljiljani-sv-antuna-djecji-zbor-u-susret-bozicu-koncert\/\">\n                    Il Piccolo coro \u201eLjiljani\u201cdella Chiesa di Sant\u2019Antonio<\/a>\n                <\/h3>\n                                \n                <div class=\"etn-event-footer\">\n                    <div class=\"etn-event-date\">\n                                    <span>\n\t\t\t\t<i class=\"etn-icon etn-calendar\"><\/i>\n                4\/12\/2024            <\/span>\n\t\t\t                    <\/div>\n                   \n                <\/div>\n            <\/div>\n            <!-- content end-->\n        <\/div>\n        <!-- etn event item end-->\n    <\/div>\n        <div class=\"etn-col-md-6 etn-col-lg-4\">\n        <div class=\"etn-event-item\">\n            <!-- thumbnail -->\n                        <div class=\"etn-event-thumb\">\n                <a \n                    href=\"https:\/\/2024.adventupuli.hr\/it\/dogadaj\/dj-nice\/\" \n                    aria-label=\"Programma musicale\"\n                >\n                    <img loading=\"lazy\" decoding=\"async\" width=\"800\" height=\"534\" src=\"https:\/\/2024.adventupuli.hr\/wp-content\/uploads\/2024\/11\/DJ-Nice-750x465-1-1024x683.jpg\" class=\"attachment-large size-large wp-post-image\" alt=\"\" srcset=\"https:\/\/2024.adventupuli.hr\/wp-content\/uploads\/2024\/11\/DJ-Nice-750x465-1-1024x683.jpg 1024w, https:\/\/2024.adventupuli.hr\/wp-content\/uploads\/2024\/11\/DJ-Nice-750x465-1-300x200.jpg 300w, https:\/\/2024.adventupuli.hr\/wp-content\/uploads\/2024\/11\/DJ-Nice-750x465-1-768x512.jpg 768w, https:\/\/2024.adventupuli.hr\/wp-content\/uploads\/2024\/11\/DJ-Nice-750x465-1.jpg 1199w\" sizes=\"(max-width: 800px) 100vw, 800px\" \/>                <\/a>\n                <div class=\"etn-event-category\">\n                    <span>Programma musicale<\/span>                 <\/div>\n                            <\/div>\n                        <!-- thumbnail start-->\n\n            <!-- content start-->\n            <div class=\"etn-event-content\">\n                                                                                        \n                <h3 class=\"etn-title etn-event-title\"><a href=\"https:\/\/2024.adventupuli.hr\/it\/dogadaj\/dj-nice\/\">\n                    DJ Nice<\/a>\n                <\/h3>\n                                \n                <div class=\"etn-event-footer\">\n                    <div class=\"etn-event-date\">\n                                    <span>\n\t\t\t\t<i class=\"etn-icon etn-calendar\"><\/i>\n                4\/12\/2024            <\/span>\n\t\t\t                    <\/div>\n                   \n                <\/div>\n            <\/div>\n            <!-- content end-->\n        <\/div>\n        <!-- etn event item end-->\n    <\/div>\n        <div class=\"etn-col-md-6 etn-col-lg-4\">\n        <div class=\"etn-event-item\">\n            <!-- thumbnail -->\n                        <div class=\"etn-event-thumb\">\n                <a \n                    href=\"https:\/\/2024.adventupuli.hr\/it\/dogadaj\/dj-nice-2\/\" \n                    aria-label=\"Programma musicale\"\n                >\n                    <img loading=\"lazy\" decoding=\"async\" width=\"800\" height=\"534\" src=\"https:\/\/2024.adventupuli.hr\/wp-content\/uploads\/2024\/11\/DJ-Nice-750x465-1-1024x683.jpg\" class=\"attachment-large size-large wp-post-image\" alt=\"\" srcset=\"https:\/\/2024.adventupuli.hr\/wp-content\/uploads\/2024\/11\/DJ-Nice-750x465-1-1024x683.jpg 1024w, https:\/\/2024.adventupuli.hr\/wp-content\/uploads\/2024\/11\/DJ-Nice-750x465-1-300x200.jpg 300w, https:\/\/2024.adventupuli.hr\/wp-content\/uploads\/2024\/11\/DJ-Nice-750x465-1-768x512.jpg 768w, https:\/\/2024.adventupuli.hr\/wp-content\/uploads\/2024\/11\/DJ-Nice-750x465-1.jpg 1199w\" sizes=\"(max-width: 800px) 100vw, 800px\" \/>                <\/a>\n                <div class=\"etn-event-category\">\n                    <span>Programma musicale<\/span>                 <\/div>\n                            <\/div>\n                        <!-- thumbnail start-->\n\n            <!-- content start-->\n            <div class=\"etn-event-content\">\n                                                                                        \n                <h3 class=\"etn-title etn-event-title\"><a href=\"https:\/\/2024.adventupuli.hr\/it\/dogadaj\/dj-nice-2\/\">\n                    DJ Nice<\/a>\n                <\/h3>\n                                \n                <div class=\"etn-event-footer\">\n                    <div class=\"etn-event-date\">\n                                    <span>\n\t\t\t\t<i class=\"etn-icon etn-calendar\"><\/i>\n                5\/12\/2024            <\/span>\n\t\t\t                    <\/div>\n                   \n                <\/div>\n            <\/div>\n            <!-- content end-->\n        <\/div>\n        <!-- etn event item end-->\n    <\/div>\n        <div class=\"etn-col-md-6 etn-col-lg-4\">\n        <div class=\"etn-event-item\">\n            <!-- thumbnail -->\n                        <div class=\"etn-event-thumb\">\n                <a \n                    href=\"https:\/\/2024.adventupuli.hr\/it\/dogadaj\/advent-u-katedrali-bruno-krajcar-klapa-luka-specijalni-gost-edin-karamazov\/\" \n                    aria-label=\"Programma musicale\"\n                >\n                    <img loading=\"lazy\" decoding=\"async\" width=\"800\" height=\"533\" src=\"https:\/\/2024.adventupuli.hr\/wp-content\/uploads\/2024\/11\/IMG_2883-copy-1024x682.jpg\" class=\"attachment-large size-large wp-post-image\" alt=\"\" srcset=\"https:\/\/2024.adventupuli.hr\/wp-content\/uploads\/2024\/11\/IMG_2883-copy-1024x682.jpg 1024w, https:\/\/2024.adventupuli.hr\/wp-content\/uploads\/2024\/11\/IMG_2883-copy-300x200.jpg 300w, https:\/\/2024.adventupuli.hr\/wp-content\/uploads\/2024\/11\/IMG_2883-copy-768x512.jpg 768w, https:\/\/2024.adventupuli.hr\/wp-content\/uploads\/2024\/11\/IMG_2883-copy-1536x1024.jpg 1536w, https:\/\/2024.adventupuli.hr\/wp-content\/uploads\/2024\/11\/IMG_2883-copy.jpg 2000w\" sizes=\"(max-width: 800px) 100vw, 800px\" \/>                <\/a>\n                <div class=\"etn-event-category\">\n                    <span>Programma musicale<\/span>                 <\/div>\n                            <\/div>\n                        <!-- thumbnail start-->\n\n            <!-- content start-->\n            <div class=\"etn-event-content\">\n                                                                                        \n                <h3 class=\"etn-title etn-event-title\"><a href=\"https:\/\/2024.adventupuli.hr\/it\/dogadaj\/advent-u-katedrali-bruno-krajcar-klapa-luka-specijalni-gost-edin-karamazov\/\">\n                    L&#8217;Avvento al Duomo di Pola &#8211; Bruno Krajcar &#038; Radojka \u0160verko<\/a>\n                <\/h3>\n                                \n                <div class=\"etn-event-footer\">\n                    <div class=\"etn-event-date\">\n                                    <span>\n\t\t\t\t<i class=\"etn-icon etn-calendar\"><\/i>\n                6\/12\/2024            <\/span>\n\t\t\t                    <\/div>\n                   \n                <\/div>\n            <\/div>\n            <!-- content end-->\n        <\/div>\n        <!-- etn event item end-->\n    <\/div>\n        <div class=\"etn-col-md-6 etn-col-lg-4\">\n        <div class=\"etn-event-item\">\n            <!-- thumbnail -->\n                        <div class=\"etn-event-thumb\">\n                <a \n                    href=\"https:\/\/2024.adventupuli.hr\/it\/dogadaj\/rambo-amadeus\/\" \n                    aria-label=\"Programma musicale\"\n                >\n                    <img loading=\"lazy\" decoding=\"async\" width=\"800\" height=\"532\" src=\"https:\/\/2024.adventupuli.hr\/wp-content\/uploads\/2024\/10\/Rambo-amadeus-1024x681.jpg\" class=\"attachment-large size-large wp-post-image\" alt=\"\" srcset=\"https:\/\/2024.adventupuli.hr\/wp-content\/uploads\/2024\/10\/Rambo-amadeus-1024x681.jpg 1024w, https:\/\/2024.adventupuli.hr\/wp-content\/uploads\/2024\/10\/Rambo-amadeus-300x200.jpg 300w, https:\/\/2024.adventupuli.hr\/wp-content\/uploads\/2024\/10\/Rambo-amadeus-768x511.jpg 768w, https:\/\/2024.adventupuli.hr\/wp-content\/uploads\/2024\/10\/Rambo-amadeus.jpg 1200w\" sizes=\"(max-width: 800px) 100vw, 800px\" \/>                <\/a>\n                <div class=\"etn-event-category\">\n                    <span>Programma musicale<\/span>                 <\/div>\n                            <\/div>\n                        <!-- thumbnail start-->\n\n            <!-- content start-->\n            <div class=\"etn-event-content\">\n                                                                                        \n                <h3 class=\"etn-title etn-event-title\"><a href=\"https:\/\/2024.adventupuli.hr\/it\/dogadaj\/rambo-amadeus\/\">\n                    Regalo di compleanno dell&#8217;Avvento a Pola per la 30\u00aa Fiera del Libro &#8211; Rambo Amadeus<\/a>\n                <\/h3>\n                                \n                <div class=\"etn-event-footer\">\n                    <div class=\"etn-event-date\">\n                                    <span>\n\t\t\t\t<i class=\"etn-icon etn-calendar\"><\/i>\n                6\/12\/2024            <\/span>\n\t\t\t                    <\/div>\n                   \n                <\/div>\n            <\/div>\n            <!-- content end-->\n        <\/div>\n        <!-- etn event item end-->\n    <\/div>\n        <div class=\"etn-col-md-6 etn-col-lg-4\">\n        <div class=\"etn-event-item\">\n            <!-- thumbnail -->\n                        <div class=\"etn-event-thumb\">\n                <a \n                    href=\"https:\/\/2024.adventupuli.hr\/it\/dogadaj\/30-sanjam-knjige-u-istri-propulzor-partitura-za-brod-galeb\/\" \n                    aria-label=\"Programma musicale\"\n                >\n                    <img loading=\"lazy\" decoding=\"async\" width=\"800\" height=\"534\" src=\"https:\/\/2024.adventupuli.hr\/wp-content\/uploads\/2024\/11\/ADVENT-LOGO-2024-1024x683.jpg\" class=\"attachment-large size-large wp-post-image\" alt=\"\" srcset=\"https:\/\/2024.adventupuli.hr\/wp-content\/uploads\/2024\/11\/ADVENT-LOGO-2024-1024x683.jpg 1024w, https:\/\/2024.adventupuli.hr\/wp-content\/uploads\/2024\/11\/ADVENT-LOGO-2024-300x200.jpg 300w, https:\/\/2024.adventupuli.hr\/wp-content\/uploads\/2024\/11\/ADVENT-LOGO-2024-768x512.jpg 768w, https:\/\/2024.adventupuli.hr\/wp-content\/uploads\/2024\/11\/ADVENT-LOGO-2024.jpg 1200w\" sizes=\"(max-width: 800px) 100vw, 800px\" \/>                <\/a>\n                <div class=\"etn-event-category\">\n                    <span>Programma musicale<\/span>                 <\/div>\n                            <\/div>\n                        <!-- thumbnail start-->\n\n            <!-- content start-->\n            <div class=\"etn-event-content\">\n                                                                                        \n                <h3 class=\"etn-title etn-event-title\"><a href=\"https:\/\/2024.adventupuli.hr\/it\/dogadaj\/30-sanjam-knjige-u-istri-propulzor-partitura-za-brod-galeb\/\">\n                    30esima Fiera del libro in Istria  Propulsore \u2013 la partiura per la nave Galeb<\/a>\n                <\/h3>\n                                \n                <div class=\"etn-event-footer\">\n                    <div class=\"etn-event-date\">\n                                    <span>\n\t\t\t\t<i class=\"etn-icon etn-calendar\"><\/i>\n                7\/12\/2024            <\/span>\n\t\t\t                    <\/div>\n                   \n                <\/div>\n            <\/div>\n            <!-- content end-->\n        <\/div>\n        <!-- etn event item end-->\n    <\/div>\n        <div class=\"etn-col-md-6 etn-col-lg-4\">\n        <div class=\"etn-event-item\">\n            <!-- thumbnail -->\n                        <div class=\"etn-event-thumb\">\n                <a \n                    href=\"https:\/\/2024.adventupuli.hr\/it\/dogadaj\/livio-morosin-band\/\" \n                    aria-label=\"Programma musicale\"\n                >\n                    <img loading=\"lazy\" decoding=\"async\" width=\"800\" height=\"536\" src=\"https:\/\/2024.adventupuli.hr\/wp-content\/uploads\/2024\/10\/Livio-Morosin-Band-1024x686.jpg\" class=\"attachment-large size-large wp-post-image\" alt=\"\" srcset=\"https:\/\/2024.adventupuli.hr\/wp-content\/uploads\/2024\/10\/Livio-Morosin-Band-1024x686.jpg 1024w, https:\/\/2024.adventupuli.hr\/wp-content\/uploads\/2024\/10\/Livio-Morosin-Band-300x201.jpg 300w, https:\/\/2024.adventupuli.hr\/wp-content\/uploads\/2024\/10\/Livio-Morosin-Band-768x515.jpg 768w, https:\/\/2024.adventupuli.hr\/wp-content\/uploads\/2024\/10\/Livio-Morosin-Band.jpg 1192w\" sizes=\"(max-width: 800px) 100vw, 800px\" \/>                <\/a>\n                <div class=\"etn-event-category\">\n                    <span>Programma musicale<\/span>                 <\/div>\n                            <\/div>\n                        <!-- thumbnail start-->\n\n            <!-- content start-->\n            <div class=\"etn-event-content\">\n                                                                                        \n                <h3 class=\"etn-title etn-event-title\"><a href=\"https:\/\/2024.adventupuli.hr\/it\/dogadaj\/livio-morosin-band\/\">\n                    Livio Morosin Band<\/a>\n                <\/h3>\n                                \n                <div class=\"etn-event-footer\">\n                    <div class=\"etn-event-date\">\n                                    <span>\n\t\t\t\t<i class=\"etn-icon etn-calendar\"><\/i>\n                7\/12\/2024            <\/span>\n\t\t\t                    <\/div>\n                   \n                <\/div>\n            <\/div>\n            <!-- content end-->\n        <\/div>\n        <!-- etn event item end-->\n    <\/div>\n        <div class=\"etn-col-md-6 etn-col-lg-4\">\n        <div class=\"etn-event-item\">\n            <!-- thumbnail -->\n                        <div class=\"etn-event-thumb\">\n                <a \n                    href=\"https:\/\/2024.adventupuli.hr\/it\/dogadaj\/adventski-vijenac-slovensko-kulturno-drustvo-pula\/\" \n                    aria-label=\"Programma musicale\"\n                >\n                    <img fetchpriority=\"high\" decoding=\"async\" width=\"800\" height=\"533\" src=\"https:\/\/2024.adventupuli.hr\/wp-content\/uploads\/2024\/11\/Glazubeni_vijenac-1024x682.jpg\" class=\"attachment-large size-large wp-post-image\" alt=\"\" srcset=\"https:\/\/2024.adventupuli.hr\/wp-content\/uploads\/2024\/11\/Glazubeni_vijenac-1024x682.jpg 1024w, https:\/\/2024.adventupuli.hr\/wp-content\/uploads\/2024\/11\/Glazubeni_vijenac-300x200.jpg 300w, https:\/\/2024.adventupuli.hr\/wp-content\/uploads\/2024\/11\/Glazubeni_vijenac-768x511.jpg 768w, https:\/\/2024.adventupuli.hr\/wp-content\/uploads\/2024\/11\/Glazubeni_vijenac.jpg 1200w\" sizes=\"(max-width: 800px) 100vw, 800px\" \/>                <\/a>\n                <div class=\"etn-event-category\">\n                    <span>Programma musicale<\/span>                 <\/div>\n                            <\/div>\n                        <!-- thumbnail start-->\n\n            <!-- content start-->\n            <div class=\"etn-event-content\">\n                                                                                        \n                <h3 class=\"etn-title etn-event-title\"><a href=\"https:\/\/2024.adventupuli.hr\/it\/dogadaj\/adventski-vijenac-slovensko-kulturno-drustvo-pula\/\">\n                    La corona musicale &#8211; Esibizione del violinista Sre\u0107ko Savreti\u0107<\/a>\n                <\/h3>\n                                \n                <div class=\"etn-event-footer\">\n                    <div class=\"etn-event-date\">\n                                    <span>\n\t\t\t\t<i class=\"etn-icon etn-calendar\"><\/i>\n                8\/12\/2024            <\/span>\n\t\t\t                    <\/div>\n                   \n                <\/div>\n            <\/div>\n            <!-- content end-->\n        <\/div>\n        <!-- etn event item end-->\n    <\/div>\n        <div class=\"etn-col-md-6 etn-col-lg-4\">\n        <div class=\"etn-event-item\">\n            <!-- thumbnail -->\n                        <div class=\"etn-event-thumb\">\n                <a \n                    href=\"https:\/\/2024.adventupuli.hr\/it\/dogadaj\/smooth-jazz-quartet\/\" \n                    aria-label=\"Programma musicale\"\n                >\n                    <img loading=\"lazy\" decoding=\"async\" width=\"800\" height=\"534\" src=\"https:\/\/2024.adventupuli.hr\/wp-content\/uploads\/2024\/11\/ADVENT-LOGO-2024-1024x683.jpg\" class=\"attachment-large size-large wp-post-image\" alt=\"\" srcset=\"https:\/\/2024.adventupuli.hr\/wp-content\/uploads\/2024\/11\/ADVENT-LOGO-2024-1024x683.jpg 1024w, https:\/\/2024.adventupuli.hr\/wp-content\/uploads\/2024\/11\/ADVENT-LOGO-2024-300x200.jpg 300w, https:\/\/2024.adventupuli.hr\/wp-content\/uploads\/2024\/11\/ADVENT-LOGO-2024-768x512.jpg 768w, https:\/\/2024.adventupuli.hr\/wp-content\/uploads\/2024\/11\/ADVENT-LOGO-2024.jpg 1200w\" sizes=\"(max-width: 800px) 100vw, 800px\" \/>                <\/a>\n                <div class=\"etn-event-category\">\n                    <span>Programma musicale<\/span>                 <\/div>\n                            <\/div>\n                        <!-- thumbnail start-->\n\n            <!-- content start-->\n            <div class=\"etn-event-content\">\n                                                                                        \n                <h3 class=\"etn-title etn-event-title\"><a href=\"https:\/\/2024.adventupuli.hr\/it\/dogadaj\/smooth-jazz-quartet\/\">\n                    Smooth Jazz Quartet<\/a>\n                <\/h3>\n                                \n                <div class=\"etn-event-footer\">\n                    <div class=\"etn-event-date\">\n                                    <span>\n\t\t\t\t<i class=\"etn-icon etn-calendar\"><\/i>\n                12\/12\/2024            <\/span>\n\t\t\t                    <\/div>\n                   \n                <\/div>\n            <\/div>\n            <!-- content end-->\n        <\/div>\n        <!-- etn event item end-->\n    <\/div>\n        <div class=\"etn-col-md-6 etn-col-lg-4\">\n        <div class=\"etn-event-item\">\n            <!-- thumbnail -->\n                        <div class=\"etn-event-thumb\">\n                <a \n                    href=\"https:\/\/2024.adventupuli.hr\/it\/dogadaj\/dj-nice-4\/\" \n                    aria-label=\"Programma musicale\"\n                >\n                    <img loading=\"lazy\" decoding=\"async\" width=\"800\" height=\"534\" src=\"https:\/\/2024.adventupuli.hr\/wp-content\/uploads\/2024\/11\/IMG_6771-1024x683.jpg\" class=\"attachment-large size-large wp-post-image\" alt=\"\" srcset=\"https:\/\/2024.adventupuli.hr\/wp-content\/uploads\/2024\/11\/IMG_6771-1024x683.jpg 1024w, https:\/\/2024.adventupuli.hr\/wp-content\/uploads\/2024\/11\/IMG_6771-300x200.jpg 300w, https:\/\/2024.adventupuli.hr\/wp-content\/uploads\/2024\/11\/IMG_6771-768x512.jpg 768w, https:\/\/2024.adventupuli.hr\/wp-content\/uploads\/2024\/11\/IMG_6771-1536x1024.jpg 1536w, https:\/\/2024.adventupuli.hr\/wp-content\/uploads\/2024\/11\/IMG_6771.jpg 1620w\" sizes=\"(max-width: 800px) 100vw, 800px\" \/>                <\/a>\n                <div class=\"etn-event-category\">\n                    <span>Programma musicale<\/span>                 <\/div>\n                            <\/div>\n                        <!-- thumbnail start-->\n\n            <!-- content start-->\n            <div class=\"etn-event-content\">\n                                                                                        \n                <h3 class=\"etn-title etn-event-title\"><a href=\"https:\/\/2024.adventupuli.hr\/it\/dogadaj\/dj-nice-4\/\">\n                    DJ Nice<\/a>\n                <\/h3>\n                                \n                <div class=\"etn-event-footer\">\n                    <div class=\"etn-event-date\">\n                                    <span>\n\t\t\t\t<i class=\"etn-icon etn-calendar\"><\/i>\n                12\/12\/2024            <\/span>\n\t\t\t                    <\/div>\n                   \n                <\/div>\n            <\/div>\n            <!-- content end-->\n        <\/div>\n        <!-- etn event item end-->\n    <\/div>\n        <div class=\"etn-col-md-6 etn-col-lg-4\">\n        <div class=\"etn-event-item\">\n            <!-- thumbnail -->\n                        <div class=\"etn-event-thumb\">\n                <a \n                    href=\"https:\/\/2024.adventupuli.hr\/it\/dogadaj\/bolerosi-feat-pato-nuno-tellez\/\" \n                    aria-label=\"Programma musicale\"\n                >\n                    <img loading=\"lazy\" decoding=\"async\" width=\"724\" height=\"1024\" src=\"https:\/\/2024.adventupuli.hr\/wp-content\/uploads\/2024\/12\/image-724x1024.png\" class=\"attachment-large size-large wp-post-image\" alt=\"\" srcset=\"https:\/\/2024.adventupuli.hr\/wp-content\/uploads\/2024\/12\/image-724x1024.png 724w, https:\/\/2024.adventupuli.hr\/wp-content\/uploads\/2024\/12\/image-212x300.png 212w, https:\/\/2024.adventupuli.hr\/wp-content\/uploads\/2024\/12\/image-768x1086.png 768w, https:\/\/2024.adventupuli.hr\/wp-content\/uploads\/2024\/12\/image-1086x1536.png 1086w, https:\/\/2024.adventupuli.hr\/wp-content\/uploads\/2024\/12\/image.png 1131w\" sizes=\"(max-width: 724px) 100vw, 724px\" \/>                <\/a>\n                <div class=\"etn-event-category\">\n                    <span>Programma musicale<\/span>                 <\/div>\n                            <\/div>\n                        <!-- thumbnail start-->\n\n            <!-- content start-->\n            <div class=\"etn-event-content\">\n                                                                                        \n                <h3 class=\"etn-title etn-event-title\"><a href=\"https:\/\/2024.adventupuli.hr\/it\/dogadaj\/bolerosi-feat-pato-nuno-tellez\/\">\n                    Bolerosi feat. Pato Nuno Tellez<\/a>\n                <\/h3>\n                                \n                <div class=\"etn-event-footer\">\n                    <div class=\"etn-event-date\">\n                                    <span>\n\t\t\t\t<i class=\"etn-icon etn-calendar\"><\/i>\n                13\/12\/2024            <\/span>\n\t\t\t                    <\/div>\n                   \n                <\/div>\n            <\/div>\n            <!-- content end-->\n        <\/div>\n        <!-- etn event item end-->\n    <\/div>\n        <div class=\"etn-col-md-6 etn-col-lg-4\">\n        <div class=\"etn-event-item\">\n            <!-- thumbnail -->\n                        <div class=\"etn-event-thumb\">\n                <a \n                    href=\"https:\/\/2024.adventupuli.hr\/it\/dogadaj\/nika-turkovic\/\" \n                    aria-label=\"Programma musicale\"\n                >\n                    <img loading=\"lazy\" decoding=\"async\" width=\"800\" height=\"534\" src=\"https:\/\/2024.adventupuli.hr\/wp-content\/uploads\/2024\/10\/NikaT_0597-1-1024x683.jpg\" class=\"attachment-large size-large wp-post-image\" alt=\"\" srcset=\"https:\/\/2024.adventupuli.hr\/wp-content\/uploads\/2024\/10\/NikaT_0597-1-1024x683.jpg 1024w, https:\/\/2024.adventupuli.hr\/wp-content\/uploads\/2024\/10\/NikaT_0597-1-300x200.jpg 300w, https:\/\/2024.adventupuli.hr\/wp-content\/uploads\/2024\/10\/NikaT_0597-1-768x512.jpg 768w, https:\/\/2024.adventupuli.hr\/wp-content\/uploads\/2024\/10\/NikaT_0597-1.jpg 1200w\" sizes=\"(max-width: 800px) 100vw, 800px\" \/>                <\/a>\n                <div class=\"etn-event-category\">\n                    <span>Programma musicale<\/span>                 <\/div>\n                            <\/div>\n                        <!-- thumbnail start-->\n\n            <!-- content start-->\n            <div class=\"etn-event-content\">\n                                                                                        \n                <h3 class=\"etn-title etn-event-title\"><a href=\"https:\/\/2024.adventupuli.hr\/it\/dogadaj\/nika-turkovic\/\">\n                    Nika Turkovi\u0107<\/a>\n                <\/h3>\n                                \n                <div class=\"etn-event-footer\">\n                    <div class=\"etn-event-date\">\n                                    <span>\n\t\t\t\t<i class=\"etn-icon etn-calendar\"><\/i>\n                13\/12\/2024            <\/span>\n\t\t\t                    <\/div>\n                   \n                <\/div>\n            <\/div>\n            <!-- content end-->\n        <\/div>\n        <!-- etn event item end-->\n    <\/div>\n        <div class=\"etn-col-md-6 etn-col-lg-4\">\n        <div class=\"etn-event-item\">\n            <!-- thumbnail -->\n                        <div class=\"etn-event-thumb\">\n                <a \n                    href=\"https:\/\/2024.adventupuli.hr\/it\/dogadaj\/bozic-u-ink-marko-skugor\/\" \n                    aria-label=\"Programma musicale\"\n                >\n                    <img loading=\"lazy\" decoding=\"async\" width=\"800\" height=\"534\" src=\"https:\/\/2024.adventupuli.hr\/wp-content\/uploads\/2024\/11\/Bozic-u-INK-foto-1024x683.jpg\" class=\"attachment-large size-large wp-post-image\" alt=\"\" srcset=\"https:\/\/2024.adventupuli.hr\/wp-content\/uploads\/2024\/11\/Bozic-u-INK-foto-1024x683.jpg 1024w, https:\/\/2024.adventupuli.hr\/wp-content\/uploads\/2024\/11\/Bozic-u-INK-foto-300x200.jpg 300w, https:\/\/2024.adventupuli.hr\/wp-content\/uploads\/2024\/11\/Bozic-u-INK-foto-768x512.jpg 768w, https:\/\/2024.adventupuli.hr\/wp-content\/uploads\/2024\/11\/Bozic-u-INK-foto.jpg 1200w\" sizes=\"(max-width: 800px) 100vw, 800px\" \/>                <\/a>\n                <div class=\"etn-event-category\">\n                    <span>Programma musicale<\/span>                 <\/div>\n                            <\/div>\n                        <!-- thumbnail start-->\n\n            <!-- content start-->\n            <div class=\"etn-event-content\">\n                                                                                        \n                <h3 class=\"etn-title etn-event-title\"><a href=\"https:\/\/2024.adventupuli.hr\/it\/dogadaj\/bozic-u-ink-marko-skugor\/\">\n                    Natale a Teatro &#8211; Marko \u0160kugor<\/a>\n                <\/h3>\n                                \n                <div class=\"etn-event-footer\">\n                    <div class=\"etn-event-date\">\n                                    <span>\n\t\t\t\t<i class=\"etn-icon etn-calendar\"><\/i>\n                13\/12\/2024            <\/span>\n\t\t\t                    <\/div>\n                   \n                <\/div>\n            <\/div>\n            <!-- content end-->\n        <\/div>\n        <!-- etn event item end-->\n    <\/div>\n        <div class=\"etn-col-md-6 etn-col-lg-4\">\n        <div class=\"etn-event-item\">\n            <!-- thumbnail -->\n                        <div class=\"etn-event-thumb\">\n                <a \n                    href=\"https:\/\/2024.adventupuli.hr\/it\/dogadaj\/dj-nice-3\/\" \n                    aria-label=\"Programma musicale\"\n                >\n                    <img loading=\"lazy\" decoding=\"async\" width=\"800\" height=\"534\" src=\"https:\/\/2024.adventupuli.hr\/wp-content\/uploads\/2024\/11\/IMG_6771-1024x683.jpg\" class=\"attachment-large size-large wp-post-image\" alt=\"\" srcset=\"https:\/\/2024.adventupuli.hr\/wp-content\/uploads\/2024\/11\/IMG_6771-1024x683.jpg 1024w, https:\/\/2024.adventupuli.hr\/wp-content\/uploads\/2024\/11\/IMG_6771-300x200.jpg 300w, https:\/\/2024.adventupuli.hr\/wp-content\/uploads\/2024\/11\/IMG_6771-768x512.jpg 768w, https:\/\/2024.adventupuli.hr\/wp-content\/uploads\/2024\/11\/IMG_6771-1536x1024.jpg 1536w, https:\/\/2024.adventupuli.hr\/wp-content\/uploads\/2024\/11\/IMG_6771.jpg 1620w\" sizes=\"(max-width: 800px) 100vw, 800px\" \/>                <\/a>\n                <div class=\"etn-event-category\">\n                    <span>Programma musicale<\/span>                 <\/div>\n                            <\/div>\n                        <!-- thumbnail start-->\n\n            <!-- content start-->\n            <div class=\"etn-event-content\">\n                                                                                        \n                <h3 class=\"etn-title etn-event-title\"><a href=\"https:\/\/2024.adventupuli.hr\/it\/dogadaj\/dj-nice-3\/\">\n                    DJ Nice<\/a>\n                <\/h3>\n                                \n                <div class=\"etn-event-footer\">\n                    <div class=\"etn-event-date\">\n                                    <span>\n\t\t\t\t<i class=\"etn-icon etn-calendar\"><\/i>\n                13\/12\/2024            <\/span>\n\t\t\t                    <\/div>\n                   \n                <\/div>\n            <\/div>\n            <!-- content end-->\n        <\/div>\n        <!-- etn event item end-->\n    <\/div>\n        <div class=\"etn-col-md-6 etn-col-lg-4\">\n        <div class=\"etn-event-item\">\n            <!-- thumbnail -->\n                        <div class=\"etn-event-thumb\">\n                <a \n                    href=\"https:\/\/2024.adventupuli.hr\/it\/dogadaj\/jazz-christmas-leon-brenko-quartet-feat-ivona-fabris\/\" \n                    aria-label=\"Programma musicale\"\n                >\n                    <img loading=\"lazy\" decoding=\"async\" width=\"800\" height=\"533\" src=\"https:\/\/2024.adventupuli.hr\/wp-content\/uploads\/2024\/11\/Trznica-1024x682.jpg\" class=\"attachment-large size-large wp-post-image\" alt=\"\" srcset=\"https:\/\/2024.adventupuli.hr\/wp-content\/uploads\/2024\/11\/Trznica-1024x682.jpg 1024w, https:\/\/2024.adventupuli.hr\/wp-content\/uploads\/2024\/11\/Trznica-300x200.jpg 300w, https:\/\/2024.adventupuli.hr\/wp-content\/uploads\/2024\/11\/Trznica-768x511.jpg 768w, https:\/\/2024.adventupuli.hr\/wp-content\/uploads\/2024\/11\/Trznica.jpg 1200w\" sizes=\"(max-width: 800px) 100vw, 800px\" \/>                <\/a>\n                <div class=\"etn-event-category\">\n                    <span>Programma musicale<\/span>                 <\/div>\n                            <\/div>\n                        <!-- thumbnail start-->\n\n            <!-- content start-->\n            <div class=\"etn-event-content\">\n                                                                                        \n                <h3 class=\"etn-title etn-event-title\"><a href=\"https:\/\/2024.adventupuli.hr\/it\/dogadaj\/jazz-christmas-leon-brenko-quartet-feat-ivona-fabris\/\">\n                    Jazz Christmas Leon Brenko Quartet feat. Ivona Fabris<\/a>\n                <\/h3>\n                                \n                <div class=\"etn-event-footer\">\n                    <div class=\"etn-event-date\">\n                                    <span>\n\t\t\t\t<i class=\"etn-icon etn-calendar\"><\/i>\n                14\/12\/2024            <\/span>\n\t\t\t                    <\/div>\n                   \n                <\/div>\n            <\/div>\n            <!-- content end-->\n        <\/div>\n        <!-- etn event item end-->\n    <\/div>\n        <div class=\"etn-col-md-6 etn-col-lg-4\">\n        <div class=\"etn-event-item\">\n            <!-- thumbnail -->\n                        <div class=\"etn-event-thumb\">\n                <a \n                    href=\"https:\/\/2024.adventupuli.hr\/it\/dogadaj\/side-effects\/\" \n                    aria-label=\"Programma musicale\"\n                >\n                    <img loading=\"lazy\" decoding=\"async\" width=\"800\" height=\"800\" src=\"https:\/\/2024.adventupuli.hr\/wp-content\/uploads\/2024\/12\/Untitled-1024x1024.jpg\" class=\"attachment-large size-large wp-post-image\" alt=\"\" srcset=\"https:\/\/2024.adventupuli.hr\/wp-content\/uploads\/2024\/12\/Untitled-1024x1024.jpg 1024w, https:\/\/2024.adventupuli.hr\/wp-content\/uploads\/2024\/12\/Untitled-300x300.jpg 300w, https:\/\/2024.adventupuli.hr\/wp-content\/uploads\/2024\/12\/Untitled-150x150.jpg 150w, https:\/\/2024.adventupuli.hr\/wp-content\/uploads\/2024\/12\/Untitled-768x768.jpg 768w, https:\/\/2024.adventupuli.hr\/wp-content\/uploads\/2024\/12\/Untitled.jpg 1500w\" sizes=\"(max-width: 800px) 100vw, 800px\" \/>                <\/a>\n                <div class=\"etn-event-category\">\n                    <span>Programma musicale<\/span>                 <\/div>\n                            <\/div>\n                        <!-- thumbnail start-->\n\n            <!-- content start-->\n            <div class=\"etn-event-content\">\n                                                                                        \n                <h3 class=\"etn-title etn-event-title\"><a href=\"https:\/\/2024.adventupuli.hr\/it\/dogadaj\/side-effects\/\">\n                    Side Effects<\/a>\n                <\/h3>\n                                \n                <div class=\"etn-event-footer\">\n                    <div class=\"etn-event-date\">\n                                    <span>\n\t\t\t\t<i class=\"etn-icon etn-calendar\"><\/i>\n                14\/12\/2024            <\/span>\n\t\t\t                    <\/div>\n                   \n                <\/div>\n            <\/div>\n            <!-- content end-->\n        <\/div>\n        <!-- etn event item end-->\n    <\/div>\n        <div class=\"etn-col-md-6 etn-col-lg-4\">\n        <div class=\"etn-event-item\">\n            <!-- thumbnail -->\n                        <div class=\"etn-event-thumb\">\n                <a \n                    href=\"https:\/\/2024.adventupuli.hr\/it\/dogadaj\/pavel\/\" \n                    aria-label=\"Programma musicale\"\n                >\n                    <img loading=\"lazy\" decoding=\"async\" width=\"800\" height=\"534\" src=\"https:\/\/2024.adventupuli.hr\/wp-content\/uploads\/2024\/10\/pavel1-1024x683.jpg\" class=\"attachment-large size-large wp-post-image\" alt=\"\" srcset=\"https:\/\/2024.adventupuli.hr\/wp-content\/uploads\/2024\/10\/pavel1-1024x683.jpg 1024w, https:\/\/2024.adventupuli.hr\/wp-content\/uploads\/2024\/10\/pavel1-300x200.jpg 300w, https:\/\/2024.adventupuli.hr\/wp-content\/uploads\/2024\/10\/pavel1-768x512.jpg 768w, https:\/\/2024.adventupuli.hr\/wp-content\/uploads\/2024\/10\/pavel1.jpg 1200w\" sizes=\"(max-width: 800px) 100vw, 800px\" \/>                <\/a>\n                <div class=\"etn-event-category\">\n                    <span>Programma musicale<\/span>                 <\/div>\n                            <\/div>\n                        <!-- thumbnail start-->\n\n            <!-- content start-->\n            <div class=\"etn-event-content\">\n                                                                                        \n                <h3 class=\"etn-title etn-event-title\"><a href=\"https:\/\/2024.adventupuli.hr\/it\/dogadaj\/pavel\/\">\n                    Pavel<\/a>\n                <\/h3>\n                                \n                <div class=\"etn-event-footer\">\n                    <div class=\"etn-event-date\">\n                                    <span>\n\t\t\t\t<i class=\"etn-icon etn-calendar\"><\/i>\n                14\/12\/2024            <\/span>\n\t\t\t                    <\/div>\n                   \n                <\/div>\n            <\/div>\n            <!-- content end-->\n        <\/div>\n        <!-- etn event item end-->\n    <\/div>\n        <div class=\"etn-col-md-6 etn-col-lg-4\">\n        <div class=\"etn-event-item\">\n            <!-- thumbnail -->\n                        <div class=\"etn-event-thumb\">\n                <a \n                    href=\"https:\/\/2024.adventupuli.hr\/it\/dogadaj\/adventski-vijenac-slovensko-kulturno-drustvo-pula-2\/\" \n                    aria-label=\"Programma musicale\"\n                >\n                    <img fetchpriority=\"high\" decoding=\"async\" width=\"800\" height=\"533\" src=\"https:\/\/2024.adventupuli.hr\/wp-content\/uploads\/2024\/11\/Glazubeni_vijenac-1024x682.jpg\" class=\"attachment-large size-large wp-post-image\" alt=\"\" srcset=\"https:\/\/2024.adventupuli.hr\/wp-content\/uploads\/2024\/11\/Glazubeni_vijenac-1024x682.jpg 1024w, https:\/\/2024.adventupuli.hr\/wp-content\/uploads\/2024\/11\/Glazubeni_vijenac-300x200.jpg 300w, https:\/\/2024.adventupuli.hr\/wp-content\/uploads\/2024\/11\/Glazubeni_vijenac-768x511.jpg 768w, https:\/\/2024.adventupuli.hr\/wp-content\/uploads\/2024\/11\/Glazubeni_vijenac.jpg 1200w\" sizes=\"(max-width: 800px) 100vw, 800px\" \/>                <\/a>\n                <div class=\"etn-event-category\">\n                    <span>Programma musicale<\/span>                 <\/div>\n                            <\/div>\n                        <!-- thumbnail start-->\n\n            <!-- content start-->\n            <div class=\"etn-event-content\">\n                                                                                        \n                <h3 class=\"etn-title etn-event-title\"><a href=\"https:\/\/2024.adventupuli.hr\/it\/dogadaj\/adventski-vijenac-slovensko-kulturno-drustvo-pula-2\/\">\n                    La corona musicale &#8211; SAC Matko Braj\u0161a Ra\u0161an<\/a>\n                <\/h3>\n                                \n                <div class=\"etn-event-footer\">\n                    <div class=\"etn-event-date\">\n                                    <span>\n\t\t\t\t<i class=\"etn-icon etn-calendar\"><\/i>\n                15\/12\/2024            <\/span>\n\t\t\t                    <\/div>\n                   \n                <\/div>\n            <\/div>\n            <!-- content end-->\n        <\/div>\n        <!-- etn event item end-->\n    <\/div>\n        <div class=\"etn-col-md-6 etn-col-lg-4\">\n        <div class=\"etn-event-item\">\n            <!-- thumbnail -->\n                        <div class=\"etn-event-thumb\">\n                <a \n                    href=\"https:\/\/2024.adventupuli.hr\/it\/dogadaj\/yamaha-music-school-yms-pula-za-pulu-koncert\/\" \n                    aria-label=\"Programma musicale\"\n                >\n                    <img decoding=\"async\" width=\"800\" height=\"533\" src=\"https:\/\/2024.adventupuli.hr\/wp-content\/uploads\/2024\/11\/GRAZ-1024x682.jpg\" class=\"attachment-large size-large wp-post-image\" alt=\"\" srcset=\"https:\/\/2024.adventupuli.hr\/wp-content\/uploads\/2024\/11\/GRAZ-1024x682.jpg 1024w, https:\/\/2024.adventupuli.hr\/wp-content\/uploads\/2024\/11\/GRAZ-300x200.jpg 300w, https:\/\/2024.adventupuli.hr\/wp-content\/uploads\/2024\/11\/GRAZ-768x511.jpg 768w, https:\/\/2024.adventupuli.hr\/wp-content\/uploads\/2024\/11\/GRAZ.jpg 1200w\" sizes=\"(max-width: 800px) 100vw, 800px\" \/>                <\/a>\n                <div class=\"etn-event-category\">\n                    <span>Programma per bambini<\/span> <span>Programma musicale<\/span>                 <\/div>\n                            <\/div>\n                        <!-- thumbnail start-->\n\n            <!-- content start-->\n            <div class=\"etn-event-content\">\n                                                                                        \n                <h3 class=\"etn-title etn-event-title\"><a href=\"https:\/\/2024.adventupuli.hr\/it\/dogadaj\/yamaha-music-school-yms-pula-za-pulu-koncert\/\">\n                    Yamaha Music School; YMS Pola per Pola, concerto<\/a>\n                <\/h3>\n                                \n                <div class=\"etn-event-footer\">\n                    <div class=\"etn-event-date\">\n                                    <span>\n\t\t\t\t<i class=\"etn-icon etn-calendar\"><\/i>\n                18\/12\/2024            <\/span>\n\t\t\t                    <\/div>\n                   \n                <\/div>\n            <\/div>\n            <!-- content end-->\n        <\/div>\n        <!-- etn event item end-->\n    <\/div>\n        <div class=\"etn-col-md-6 etn-col-lg-4\">\n        <div class=\"etn-event-item\">\n            <!-- thumbnail -->\n                        <div class=\"etn-event-thumb\">\n                <a \n                    href=\"https:\/\/2024.adventupuli.hr\/it\/dogadaj\/adventski-vijenac-slovensko-kulturno-drustvo-pula-3\/\" \n                    aria-label=\"Programma musicale\"\n                >\n                    <img fetchpriority=\"high\" decoding=\"async\" width=\"800\" height=\"533\" src=\"https:\/\/2024.adventupuli.hr\/wp-content\/uploads\/2024\/11\/Glazubeni_vijenac-1024x682.jpg\" class=\"attachment-large size-large wp-post-image\" alt=\"\" srcset=\"https:\/\/2024.adventupuli.hr\/wp-content\/uploads\/2024\/11\/Glazubeni_vijenac-1024x682.jpg 1024w, https:\/\/2024.adventupuli.hr\/wp-content\/uploads\/2024\/11\/Glazubeni_vijenac-300x200.jpg 300w, https:\/\/2024.adventupuli.hr\/wp-content\/uploads\/2024\/11\/Glazubeni_vijenac-768x511.jpg 768w, https:\/\/2024.adventupuli.hr\/wp-content\/uploads\/2024\/11\/Glazubeni_vijenac.jpg 1200w\" sizes=\"(max-width: 800px) 100vw, 800px\" \/>                <\/a>\n                <div class=\"etn-event-category\">\n                    <span>Programma musicale<\/span>                 <\/div>\n                            <\/div>\n                        <!-- thumbnail start-->\n\n            <!-- content start-->\n            <div class=\"etn-event-content\">\n                                                                                        \n                <h3 class=\"etn-title etn-event-title\"><a href=\"https:\/\/2024.adventupuli.hr\/it\/dogadaj\/adventski-vijenac-slovensko-kulturno-drustvo-pula-3\/\">\n                    La corona musicale &#8211; SAC Lino Mariani<\/a>\n                <\/h3>\n                                \n                <div class=\"etn-event-footer\">\n                    <div class=\"etn-event-date\">\n                                    <span>\n\t\t\t\t<i class=\"etn-icon etn-calendar\"><\/i>\n                22\/12\/2024            <\/span>\n\t\t\t                    <\/div>\n                   \n                <\/div>\n            <\/div>\n            <!-- content end-->\n        <\/div>\n        <!-- etn event item end-->\n    <\/div>\n        <div class=\"etn-col-md-6 etn-col-lg-4\">\n        <div class=\"etn-event-item\">\n            <!-- thumbnail -->\n                        <div class=\"etn-event-thumb\">\n                <a \n                    href=\"https:\/\/2024.adventupuli.hr\/it\/dogadaj\/bozicni-koncert-zbora-i-solista-opere-hnk-ivana-pl-zajca-rijeka\/\" \n                    aria-label=\"Programma musicale\"\n                >\n                    <img loading=\"lazy\" decoding=\"async\" width=\"800\" height=\"534\" src=\"https:\/\/2024.adventupuli.hr\/wp-content\/uploads\/2024\/11\/ADVENT-LOGO-2024-1024x683.jpg\" class=\"attachment-large size-large wp-post-image\" alt=\"\" srcset=\"https:\/\/2024.adventupuli.hr\/wp-content\/uploads\/2024\/11\/ADVENT-LOGO-2024-1024x683.jpg 1024w, https:\/\/2024.adventupuli.hr\/wp-content\/uploads\/2024\/11\/ADVENT-LOGO-2024-300x200.jpg 300w, https:\/\/2024.adventupuli.hr\/wp-content\/uploads\/2024\/11\/ADVENT-LOGO-2024-768x512.jpg 768w, https:\/\/2024.adventupuli.hr\/wp-content\/uploads\/2024\/11\/ADVENT-LOGO-2024.jpg 1200w\" sizes=\"(max-width: 800px) 100vw, 800px\" \/>                <\/a>\n                <div class=\"etn-event-category\">\n                    <span>Programma musicale<\/span>                 <\/div>\n                            <\/div>\n                        <!-- thumbnail start-->\n\n            <!-- content start-->\n            <div class=\"etn-event-content\">\n                                                                                        \n                <h3 class=\"etn-title etn-event-title\"><a href=\"https:\/\/2024.adventupuli.hr\/it\/dogadaj\/bozicni-koncert-zbora-i-solista-opere-hnk-ivana-pl-zajca-rijeka\/\">\n                    Concerto di Natale del coro e dei solisti dell&#8217;Opera del Teatro Nazionale Croato Ivana pl. Zajca di Fiume<\/a>\n                <\/h3>\n                                \n                <div class=\"etn-event-footer\">\n                    <div class=\"etn-event-date\">\n                                    <span>\n\t\t\t\t<i class=\"etn-icon etn-calendar\"><\/i>\n                23\/12\/2024            <\/span>\n\t\t\t                    <\/div>\n                   \n                <\/div>\n            <\/div>\n            <!-- content end-->\n        <\/div>\n        <!-- etn event item end-->\n    <\/div>\n        <div class=\"etn-col-md-6 etn-col-lg-4\">\n        <div class=\"etn-event-item\">\n            <!-- thumbnail -->\n                        <div class=\"etn-event-thumb\">\n                <a \n                    href=\"https:\/\/2024.adventupuli.hr\/it\/dogadaj\/sonja-i-6-mamurluka\/\" \n                    aria-label=\"Programma musicale\"\n                >\n                    <img loading=\"lazy\" decoding=\"async\" width=\"800\" height=\"534\" src=\"https:\/\/2024.adventupuli.hr\/wp-content\/uploads\/2024\/12\/Sonja2-1024x683.jpg\" class=\"attachment-large size-large wp-post-image\" alt=\"\" srcset=\"https:\/\/2024.adventupuli.hr\/wp-content\/uploads\/2024\/12\/Sonja2-1024x683.jpg 1024w, https:\/\/2024.adventupuli.hr\/wp-content\/uploads\/2024\/12\/Sonja2-300x200.jpg 300w, https:\/\/2024.adventupuli.hr\/wp-content\/uploads\/2024\/12\/Sonja2-768x512.jpg 768w, https:\/\/2024.adventupuli.hr\/wp-content\/uploads\/2024\/12\/Sonja2.jpg 1200w\" sizes=\"(max-width: 800px) 100vw, 800px\" \/>                <\/a>\n                <div class=\"etn-event-category\">\n                    <span>Programma musicale<\/span>                 <\/div>\n                            <\/div>\n                        <!-- thumbnail start-->\n\n            <!-- content start-->\n            <div class=\"etn-event-content\">\n                                                                                        \n                <h3 class=\"etn-title etn-event-title\"><a href=\"https:\/\/2024.adventupuli.hr\/it\/dogadaj\/sonja-i-6-mamurluka\/\">\n                    Sonja i 6 Mamurluka<\/a>\n                <\/h3>\n                                \n                <div class=\"etn-event-footer\">\n                    <div class=\"etn-event-date\">\n                                    <span>\n\t\t\t\t<i class=\"etn-icon etn-calendar\"><\/i>\n                23\/12\/2024            <\/span>\n\t\t\t                    <\/div>\n                   \n                <\/div>\n            <\/div>\n            <!-- content end-->\n        <\/div>\n        <!-- etn event item end-->\n    <\/div>\n        <div class=\"etn-col-md-6 etn-col-lg-4\">\n        <div class=\"etn-event-item\">\n            <!-- thumbnail -->\n                        <div class=\"etn-event-thumb\">\n                <a \n                    href=\"https:\/\/2024.adventupuli.hr\/it\/dogadaj\/vesna-nezic-ruzic-anelidi-velika-padela\/\" \n                    aria-label=\"Programma musicale\"\n                >\n                    <img loading=\"lazy\" decoding=\"async\" width=\"800\" height=\"534\" src=\"https:\/\/2024.adventupuli.hr\/wp-content\/uploads\/2024\/10\/P1060275-1024x684.jpg\" class=\"attachment-large size-large wp-post-image\" alt=\"\" srcset=\"https:\/\/2024.adventupuli.hr\/wp-content\/uploads\/2024\/10\/P1060275-1024x684.jpg 1024w, https:\/\/2024.adventupuli.hr\/wp-content\/uploads\/2024\/10\/P1060275-300x201.jpg 300w, https:\/\/2024.adventupuli.hr\/wp-content\/uploads\/2024\/10\/P1060275-768x513.jpg 768w, https:\/\/2024.adventupuli.hr\/wp-content\/uploads\/2024\/10\/P1060275.jpg 1200w\" sizes=\"(max-width: 800px) 100vw, 800px\" \/>                <\/a>\n                <div class=\"etn-event-category\">\n                    <span>Programma musicale<\/span>                 <\/div>\n                            <\/div>\n                        <!-- thumbnail start-->\n\n            <!-- content start-->\n            <div class=\"etn-event-content\">\n                                                                                        \n                <h3 class=\"etn-title etn-event-title\"><a href=\"https:\/\/2024.adventupuli.hr\/it\/dogadaj\/vesna-nezic-ruzic-anelidi-velika-padela\/\">\n                    Vesna Ne\u017ei\u0107 Ru\u017ei\u0107 &#038; Anelidi + grande padella<\/a>\n                <\/h3>\n                                \n                <div class=\"etn-event-footer\">\n                    <div class=\"etn-event-date\">\n                                    <span>\n\t\t\t\t<i class=\"etn-icon etn-calendar\"><\/i>\n                24\/12\/2024            <\/span>\n\t\t\t                    <\/div>\n                   \n                <\/div>\n            <\/div>\n            <!-- content end-->\n        <\/div>\n        <!-- etn event item end-->\n    <\/div>\n        <div class=\"etn-col-md-6 etn-col-lg-4\">\n        <div class=\"etn-event-item\">\n            <!-- thumbnail -->\n                        <div class=\"etn-event-thumb\">\n                <a \n                    href=\"https:\/\/2024.adventupuli.hr\/it\/dogadaj\/branko-sterpin-timo-lassy-quintet\/\" \n                    aria-label=\"Programma musicale\"\n                >\n                    <img loading=\"lazy\" decoding=\"async\" width=\"800\" height=\"533\" src=\"https:\/\/2024.adventupuli.hr\/wp-content\/uploads\/2024\/12\/Timo-1024x682.jpg\" class=\"attachment-large size-large wp-post-image\" alt=\"\" srcset=\"https:\/\/2024.adventupuli.hr\/wp-content\/uploads\/2024\/12\/Timo-1024x682.jpg 1024w, https:\/\/2024.adventupuli.hr\/wp-content\/uploads\/2024\/12\/Timo-300x200.jpg 300w, https:\/\/2024.adventupuli.hr\/wp-content\/uploads\/2024\/12\/Timo-768x512.jpg 768w, https:\/\/2024.adventupuli.hr\/wp-content\/uploads\/2024\/12\/Timo.jpg 1199w\" sizes=\"(max-width: 800px) 100vw, 800px\" \/>                <\/a>\n                <div class=\"etn-event-category\">\n                    <span>Programma musicale<\/span>                 <\/div>\n                            <\/div>\n                        <!-- thumbnail start-->\n\n            <!-- content start-->\n            <div class=\"etn-event-content\">\n                                                                                        \n                <h3 class=\"etn-title etn-event-title\"><a href=\"https:\/\/2024.adventupuli.hr\/it\/dogadaj\/branko-sterpin-timo-lassy-quintet\/\">\n                    Branko Sterpin &#8211; Timo Lassy Quintet<\/a>\n                <\/h3>\n                                \n                <div class=\"etn-event-footer\">\n                    <div class=\"etn-event-date\">\n                                    <span>\n\t\t\t\t<i class=\"etn-icon etn-calendar\"><\/i>\n                24\/12\/2024            <\/span>\n\t\t\t                    <\/div>\n                   \n                <\/div>\n            <\/div>\n            <!-- content end-->\n        <\/div>\n        <!-- etn event item end-->\n    <\/div>\n        <div class=\"etn-col-md-6 etn-col-lg-4\">\n        <div class=\"etn-event-item\">\n            <!-- thumbnail -->\n                        <div class=\"etn-event-thumb\">\n                <a \n                    href=\"https:\/\/2024.adventupuli.hr\/it\/dogadaj\/denis-denis\/\" \n                    aria-label=\"Programma musicale\"\n                >\n                    <img loading=\"lazy\" decoding=\"async\" width=\"800\" height=\"534\" src=\"https:\/\/2024.adventupuli.hr\/wp-content\/uploads\/2024\/10\/22-1024x684.jpg\" class=\"attachment-large size-large wp-post-image\" alt=\"\" srcset=\"https:\/\/2024.adventupuli.hr\/wp-content\/uploads\/2024\/10\/22-1024x684.jpg 1024w, https:\/\/2024.adventupuli.hr\/wp-content\/uploads\/2024\/10\/22-300x201.jpg 300w, https:\/\/2024.adventupuli.hr\/wp-content\/uploads\/2024\/10\/22-768x513.jpg 768w, https:\/\/2024.adventupuli.hr\/wp-content\/uploads\/2024\/10\/22.jpg 1200w\" sizes=\"(max-width: 800px) 100vw, 800px\" \/>                <\/a>\n                <div class=\"etn-event-category\">\n                    <span>Programma musicale<\/span>                 <\/div>\n                            <\/div>\n                        <!-- thumbnail start-->\n\n            <!-- content start-->\n            <div class=\"etn-event-content\">\n                                                                                        \n                <h3 class=\"etn-title etn-event-title\"><a href=\"https:\/\/2024.adventupuli.hr\/it\/dogadaj\/denis-denis\/\">\n                    Denis &#038; Denis<\/a>\n                <\/h3>\n                                \n                <div class=\"etn-event-footer\">\n                    <div class=\"etn-event-date\">\n                                    <span>\n\t\t\t\t<i class=\"etn-icon etn-calendar\"><\/i>\n                24\/12\/2024            <\/span>\n\t\t\t                    <\/div>\n                   \n                <\/div>\n            <\/div>\n            <!-- content end-->\n        <\/div>\n        <!-- etn event item end-->\n    <\/div>\n        <div class=\"etn-col-md-6 etn-col-lg-4\">\n        <div class=\"etn-event-item\">\n            <!-- thumbnail -->\n                        <div class=\"etn-event-thumb\">\n                <a \n                    href=\"https:\/\/2024.adventupuli.hr\/it\/dogadaj\/side-effects-2\/\" \n                    aria-label=\"Programma musicale\"\n                >\n                    <img loading=\"lazy\" decoding=\"async\" width=\"800\" height=\"534\" src=\"https:\/\/2024.adventupuli.hr\/wp-content\/uploads\/2024\/11\/ADVENT-LOGO-2024-1024x683.jpg\" class=\"attachment-large size-large wp-post-image\" alt=\"\" srcset=\"https:\/\/2024.adventupuli.hr\/wp-content\/uploads\/2024\/11\/ADVENT-LOGO-2024-1024x683.jpg 1024w, https:\/\/2024.adventupuli.hr\/wp-content\/uploads\/2024\/11\/ADVENT-LOGO-2024-300x200.jpg 300w, https:\/\/2024.adventupuli.hr\/wp-content\/uploads\/2024\/11\/ADVENT-LOGO-2024-768x512.jpg 768w, https:\/\/2024.adventupuli.hr\/wp-content\/uploads\/2024\/11\/ADVENT-LOGO-2024.jpg 1200w\" sizes=\"(max-width: 800px) 100vw, 800px\" \/>                <\/a>\n                <div class=\"etn-event-category\">\n                    <span>Programma musicale<\/span>                 <\/div>\n                            <\/div>\n                        <!-- thumbnail start-->\n\n            <!-- content start-->\n            <div class=\"etn-event-content\">\n                                                                                        \n                <h3 class=\"etn-title etn-event-title\"><a href=\"https:\/\/2024.adventupuli.hr\/it\/dogadaj\/side-effects-2\/\">\n                    Side Effects<\/a>\n                <\/h3>\n                                \n                <div class=\"etn-event-footer\">\n                    <div class=\"etn-event-date\">\n                                    <span>\n\t\t\t\t<i class=\"etn-icon etn-calendar\"><\/i>\n                25\/12\/2024            <\/span>\n\t\t\t                    <\/div>\n                   \n                <\/div>\n            <\/div>\n            <!-- content end-->\n        <\/div>\n        <!-- etn event item end-->\n    <\/div>\n        <div class=\"etn-col-md-6 etn-col-lg-4\">\n        <div class=\"etn-event-item\">\n            <!-- thumbnail -->\n                        <div class=\"etn-event-thumb\">\n                <a \n                    href=\"https:\/\/2024.adventupuli.hr\/it\/dogadaj\/queen-real-tribute\/\" \n                    aria-label=\"Programma musicale\"\n                >\n                    <img loading=\"lazy\" decoding=\"async\" width=\"800\" height=\"534\" src=\"https:\/\/2024.adventupuli.hr\/wp-content\/uploads\/2024\/10\/Queen-Sensation-1-1024x683.jpg\" class=\"attachment-large size-large wp-post-image\" alt=\"\" srcset=\"https:\/\/2024.adventupuli.hr\/wp-content\/uploads\/2024\/10\/Queen-Sensation-1-1024x683.jpg 1024w, https:\/\/2024.adventupuli.hr\/wp-content\/uploads\/2024\/10\/Queen-Sensation-1-300x200.jpg 300w, https:\/\/2024.adventupuli.hr\/wp-content\/uploads\/2024\/10\/Queen-Sensation-1-768x512.jpg 768w, https:\/\/2024.adventupuli.hr\/wp-content\/uploads\/2024\/10\/Queen-Sensation-1.jpg 1200w\" sizes=\"(max-width: 800px) 100vw, 800px\" \/>                <\/a>\n                <div class=\"etn-event-category\">\n                    <span>Programma musicale<\/span>                 <\/div>\n                            <\/div>\n                        <!-- thumbnail start-->\n\n            <!-- content start-->\n            <div class=\"etn-event-content\">\n                                                                                        \n                <h3 class=\"etn-title etn-event-title\"><a href=\"https:\/\/2024.adventupuli.hr\/it\/dogadaj\/queen-real-tribute\/\">\n                    Queen Sensation<\/a>\n                <\/h3>\n                                \n                <div class=\"etn-event-footer\">\n                    <div class=\"etn-event-date\">\n                                    <span>\n\t\t\t\t<i class=\"etn-icon etn-calendar\"><\/i>\n                25\/12\/2024            <\/span>\n\t\t\t                    <\/div>\n                   \n                <\/div>\n            <\/div>\n            <!-- content end-->\n        <\/div>\n        <!-- etn event item end-->\n    <\/div>\n        <div class=\"etn-col-md-6 etn-col-lg-4\">\n        <div class=\"etn-event-item\">\n            <!-- thumbnail -->\n                        <div class=\"etn-event-thumb\">\n                <a \n                    href=\"https:\/\/2024.adventupuli.hr\/it\/dogadaj\/zoe-sestan\/\" \n                    aria-label=\"Programma musicale\"\n                >\n                    <img loading=\"lazy\" decoding=\"async\" width=\"800\" height=\"534\" src=\"https:\/\/2024.adventupuli.hr\/wp-content\/uploads\/2024\/11\/Zoe-Sestan-1024x683.jpg\" class=\"attachment-large size-large wp-post-image\" alt=\"\" srcset=\"https:\/\/2024.adventupuli.hr\/wp-content\/uploads\/2024\/11\/Zoe-Sestan-1024x683.jpg 1024w, https:\/\/2024.adventupuli.hr\/wp-content\/uploads\/2024\/11\/Zoe-Sestan-300x200.jpg 300w, https:\/\/2024.adventupuli.hr\/wp-content\/uploads\/2024\/11\/Zoe-Sestan-768x512.jpg 768w, https:\/\/2024.adventupuli.hr\/wp-content\/uploads\/2024\/11\/Zoe-Sestan.jpg 1200w\" sizes=\"(max-width: 800px) 100vw, 800px\" \/>                <\/a>\n                <div class=\"etn-event-category\">\n                    <span>Programma musicale<\/span>                 <\/div>\n                            <\/div>\n                        <!-- thumbnail start-->\n\n            <!-- content start-->\n            <div class=\"etn-event-content\">\n                                                                                        \n                <h3 class=\"etn-title etn-event-title\"><a href=\"https:\/\/2024.adventupuli.hr\/it\/dogadaj\/zoe-sestan\/\">\n                    Zoe \u0160estan<\/a>\n                <\/h3>\n                                \n                <div class=\"etn-event-footer\">\n                    <div class=\"etn-event-date\">\n                                    <span>\n\t\t\t\t<i class=\"etn-icon etn-calendar\"><\/i>\n                26\/12\/2024            <\/span>\n\t\t\t                    <\/div>\n                   \n                <\/div>\n            <\/div>\n            <!-- content end-->\n        <\/div>\n        <!-- etn event item end-->\n    <\/div>\n        <div class=\"etn-col-md-6 etn-col-lg-4\">\n        <div class=\"etn-event-item\">\n            <!-- thumbnail -->\n                        <div class=\"etn-event-thumb\">\n                <a \n                    href=\"https:\/\/2024.adventupuli.hr\/it\/dogadaj\/dj-sosa\/\" \n                    aria-label=\"Programma musicale\"\n                >\n                    <img loading=\"lazy\" decoding=\"async\" width=\"768\" height=\"768\" src=\"https:\/\/2024.adventupuli.hr\/wp-content\/uploads\/2024\/12\/DJ-Sosa.jpg\" class=\"attachment-large size-large wp-post-image\" alt=\"\" srcset=\"https:\/\/2024.adventupuli.hr\/wp-content\/uploads\/2024\/12\/DJ-Sosa.jpg 768w, https:\/\/2024.adventupuli.hr\/wp-content\/uploads\/2024\/12\/DJ-Sosa-300x300.jpg 300w, https:\/\/2024.adventupuli.hr\/wp-content\/uploads\/2024\/12\/DJ-Sosa-150x150.jpg 150w\" sizes=\"(max-width: 768px) 100vw, 768px\" \/>                <\/a>\n                <div class=\"etn-event-category\">\n                    <span>Programma musicale<\/span>                 <\/div>\n                            <\/div>\n                        <!-- thumbnail start-->\n\n            <!-- content start-->\n            <div class=\"etn-event-content\">\n                                                                                        \n                <h3 class=\"etn-title etn-event-title\"><a href=\"https:\/\/2024.adventupuli.hr\/it\/dogadaj\/dj-sosa\/\">\n                    DJ Sosa<\/a>\n                <\/h3>\n                                \n                <div class=\"etn-event-footer\">\n                    <div class=\"etn-event-date\">\n                                    <span>\n\t\t\t\t<i class=\"etn-icon etn-calendar\"><\/i>\n                26\/12\/2024            <\/span>\n\t\t\t                    <\/div>\n                   \n                <\/div>\n            <\/div>\n            <!-- content end-->\n        <\/div>\n        <!-- etn event item end-->\n    <\/div>\n        <div class=\"etn-col-md-6 etn-col-lg-4\">\n        <div class=\"etn-event-item\">\n            <!-- thumbnail -->\n                        <div class=\"etn-event-thumb\">\n                <a \n                    href=\"https:\/\/2024.adventupuli.hr\/it\/dogadaj\/freaktion-pocket-palma\/\" \n                    aria-label=\"Programma musicale\"\n                >\n                    <img loading=\"lazy\" decoding=\"async\" width=\"800\" height=\"534\" src=\"https:\/\/2024.adventupuli.hr\/wp-content\/uploads\/2024\/10\/Pocket-Palma-1024x683.jpg\" class=\"attachment-large size-large wp-post-image\" alt=\"\" srcset=\"https:\/\/2024.adventupuli.hr\/wp-content\/uploads\/2024\/10\/Pocket-Palma-1024x683.jpg 1024w, https:\/\/2024.adventupuli.hr\/wp-content\/uploads\/2024\/10\/Pocket-Palma-300x200.jpg 300w, https:\/\/2024.adventupuli.hr\/wp-content\/uploads\/2024\/10\/Pocket-Palma-768x512.jpg 768w, https:\/\/2024.adventupuli.hr\/wp-content\/uploads\/2024\/10\/Pocket-Palma.jpg 1200w\" sizes=\"(max-width: 800px) 100vw, 800px\" \/>                <\/a>\n                <div class=\"etn-event-category\">\n                    <span>Programma musicale<\/span>                 <\/div>\n                            <\/div>\n                        <!-- thumbnail start-->\n\n            <!-- content start-->\n            <div class=\"etn-event-content\">\n                                                                                        \n                <h3 class=\"etn-title etn-event-title\"><a href=\"https:\/\/2024.adventupuli.hr\/it\/dogadaj\/freaktion-pocket-palma\/\">\n                    Freaktion \/ Pocket Palma<\/a>\n                <\/h3>\n                                \n                <div class=\"etn-event-footer\">\n                    <div class=\"etn-event-date\">\n                                    <span>\n\t\t\t\t<i class=\"etn-icon etn-calendar\"><\/i>\n                26\/12\/2024            <\/span>\n\t\t\t                    <\/div>\n                   \n                <\/div>\n            <\/div>\n            <!-- content end-->\n        <\/div>\n        <!-- etn event item end-->\n    <\/div>\n        <div class=\"etn-col-md-6 etn-col-lg-4\">\n        <div class=\"etn-event-item\">\n            <!-- thumbnail -->\n                        <div class=\"etn-event-thumb\">\n                <a \n                    href=\"https:\/\/2024.adventupuli.hr\/it\/dogadaj\/dj-sosa-2\/\" \n                    aria-label=\"Programma musicale\"\n                >\n                    <img loading=\"lazy\" decoding=\"async\" width=\"768\" height=\"768\" src=\"https:\/\/2024.adventupuli.hr\/wp-content\/uploads\/2024\/12\/DJ-Sosa.jpg\" class=\"attachment-large size-large wp-post-image\" alt=\"\" srcset=\"https:\/\/2024.adventupuli.hr\/wp-content\/uploads\/2024\/12\/DJ-Sosa.jpg 768w, https:\/\/2024.adventupuli.hr\/wp-content\/uploads\/2024\/12\/DJ-Sosa-300x300.jpg 300w, https:\/\/2024.adventupuli.hr\/wp-content\/uploads\/2024\/12\/DJ-Sosa-150x150.jpg 150w\" sizes=\"(max-width: 768px) 100vw, 768px\" \/>                <\/a>\n                <div class=\"etn-event-category\">\n                    <span>Programma musicale<\/span>                 <\/div>\n                            <\/div>\n                        <!-- thumbnail start-->\n\n            <!-- content start-->\n            <div class=\"etn-event-content\">\n                                                                                        \n                <h3 class=\"etn-title etn-event-title\"><a href=\"https:\/\/2024.adventupuli.hr\/it\/dogadaj\/dj-sosa-2\/\">\n                    DJ Sosa<\/a>\n                <\/h3>\n                                \n                <div class=\"etn-event-footer\">\n                    <div class=\"etn-event-date\">\n                                    <span>\n\t\t\t\t<i class=\"etn-icon etn-calendar\"><\/i>\n                27\/12\/2024            <\/span>\n\t\t\t                    <\/div>\n                   \n                <\/div>\n            <\/div>\n            <!-- content end-->\n        <\/div>\n        <!-- etn event item end-->\n    <\/div>\n        <div class=\"etn-col-md-6 etn-col-lg-4\">\n        <div class=\"etn-event-item\">\n            <!-- thumbnail -->\n                        <div class=\"etn-event-thumb\">\n                <a \n                    href=\"https:\/\/2024.adventupuli.hr\/it\/dogadaj\/st-thomas-quintet-feat-ivona-fabris\/\" \n                    aria-label=\"Programma musicale\"\n                >\n                    <img loading=\"lazy\" decoding=\"async\" width=\"800\" height=\"534\" src=\"https:\/\/2024.adventupuli.hr\/wp-content\/uploads\/2024\/11\/ADVENT-LOGO-2024-1024x683.jpg\" class=\"attachment-large size-large wp-post-image\" alt=\"\" srcset=\"https:\/\/2024.adventupuli.hr\/wp-content\/uploads\/2024\/11\/ADVENT-LOGO-2024-1024x683.jpg 1024w, https:\/\/2024.adventupuli.hr\/wp-content\/uploads\/2024\/11\/ADVENT-LOGO-2024-300x200.jpg 300w, https:\/\/2024.adventupuli.hr\/wp-content\/uploads\/2024\/11\/ADVENT-LOGO-2024-768x512.jpg 768w, https:\/\/2024.adventupuli.hr\/wp-content\/uploads\/2024\/11\/ADVENT-LOGO-2024.jpg 1200w\" sizes=\"(max-width: 800px) 100vw, 800px\" \/>                <\/a>\n                <div class=\"etn-event-category\">\n                    <span>Programma musicale<\/span>                 <\/div>\n                            <\/div>\n                        <!-- thumbnail start-->\n\n            <!-- content start-->\n            <div class=\"etn-event-content\">\n                                                                                        \n                <h3 class=\"etn-title etn-event-title\"><a href=\"https:\/\/2024.adventupuli.hr\/it\/dogadaj\/st-thomas-quintet-feat-ivona-fabris\/\">\n                    St. Thomas Quintet feat. Ivona Fabris<\/a>\n                <\/h3>\n                                \n                <div class=\"etn-event-footer\">\n                    <div class=\"etn-event-date\">\n                                    <span>\n\t\t\t\t<i class=\"etn-icon etn-calendar\"><\/i>\n                27\/12\/2024            <\/span>\n\t\t\t                    <\/div>\n                   \n                <\/div>\n            <\/div>\n            <!-- content end-->\n        <\/div>\n        <!-- etn event item end-->\n    <\/div>\n        <div class=\"etn-col-md-6 etn-col-lg-4\">\n        <div class=\"etn-event-item\">\n            <!-- thumbnail -->\n                        <div class=\"etn-event-thumb\">\n                <a \n                    href=\"https:\/\/2024.adventupuli.hr\/it\/dogadaj\/kawasaki-3p\/\" \n                    aria-label=\"Programma musicale\"\n                >\n                    <img loading=\"lazy\" decoding=\"async\" width=\"800\" height=\"533\" src=\"https:\/\/2024.adventupuli.hr\/wp-content\/uploads\/2024\/10\/kawasaki3P_2-1024x682.jpg\" class=\"attachment-large size-large wp-post-image\" alt=\"\" srcset=\"https:\/\/2024.adventupuli.hr\/wp-content\/uploads\/2024\/10\/kawasaki3P_2-1024x682.jpg 1024w, https:\/\/2024.adventupuli.hr\/wp-content\/uploads\/2024\/10\/kawasaki3P_2-300x200.jpg 300w, https:\/\/2024.adventupuli.hr\/wp-content\/uploads\/2024\/10\/kawasaki3P_2-768x511.jpg 768w, https:\/\/2024.adventupuli.hr\/wp-content\/uploads\/2024\/10\/kawasaki3P_2.jpg 1200w\" sizes=\"(max-width: 800px) 100vw, 800px\" \/>                <\/a>\n                <div class=\"etn-event-category\">\n                    <span>Programma musicale<\/span>                 <\/div>\n                            <\/div>\n                        <!-- thumbnail start-->\n\n            <!-- content start-->\n            <div class=\"etn-event-content\">\n                                                                                        \n                <h3 class=\"etn-title etn-event-title\"><a href=\"https:\/\/2024.adventupuli.hr\/it\/dogadaj\/kawasaki-3p\/\">\n                    Kawasaki 3P<\/a>\n                <\/h3>\n                                \n                <div class=\"etn-event-footer\">\n                    <div class=\"etn-event-date\">\n                                    <span>\n\t\t\t\t<i class=\"etn-icon etn-calendar\"><\/i>\n                27\/12\/2024            <\/span>\n\t\t\t                    <\/div>\n                   \n                <\/div>\n            <\/div>\n            <!-- content end-->\n        <\/div>\n        <!-- etn event item end-->\n    <\/div>\n        <div class=\"etn-col-md-6 etn-col-lg-4\">\n        <div class=\"etn-event-item\">\n            <!-- thumbnail -->\n                        <div class=\"etn-event-thumb\">\n                <a \n                    href=\"https:\/\/2024.adventupuli.hr\/it\/dogadaj\/urban-4\/\" \n                    aria-label=\"Programma musicale\"\n                >\n                    <img loading=\"lazy\" decoding=\"async\" width=\"800\" height=\"534\" src=\"https:\/\/2024.adventupuli.hr\/wp-content\/uploads\/2024\/10\/314A8585-2-1024x683.jpg\" class=\"attachment-large size-large wp-post-image\" alt=\"\" srcset=\"https:\/\/2024.adventupuli.hr\/wp-content\/uploads\/2024\/10\/314A8585-2-1024x683.jpg 1024w, https:\/\/2024.adventupuli.hr\/wp-content\/uploads\/2024\/10\/314A8585-2-300x200.jpg 300w, https:\/\/2024.adventupuli.hr\/wp-content\/uploads\/2024\/10\/314A8585-2-768x512.jpg 768w, https:\/\/2024.adventupuli.hr\/wp-content\/uploads\/2024\/10\/314A8585-2.jpg 1200w\" sizes=\"(max-width: 800px) 100vw, 800px\" \/>                <\/a>\n                <div class=\"etn-event-category\">\n                    <span>Programma musicale<\/span>                 <\/div>\n                            <\/div>\n                        <!-- thumbnail start-->\n\n            <!-- content start-->\n            <div class=\"etn-event-content\">\n                                                                                        \n                <h3 class=\"etn-title etn-event-title\"><a href=\"https:\/\/2024.adventupuli.hr\/it\/dogadaj\/urban-4\/\">\n                    Urban &#038; 4<\/a>\n                <\/h3>\n                                \n                <div class=\"etn-event-footer\">\n                    <div class=\"etn-event-date\">\n                                    <span>\n\t\t\t\t<i class=\"etn-icon etn-calendar\"><\/i>\n                28\/12\/2024            <\/span>\n\t\t\t                    <\/div>\n                   \n                <\/div>\n            <\/div>\n            <!-- content end-->\n        <\/div>\n        <!-- etn event item end-->\n    <\/div>\n        <div class=\"etn-col-md-6 etn-col-lg-4\">\n        <div class=\"etn-event-item\">\n            <!-- thumbnail -->\n                        <div class=\"etn-event-thumb\">\n                <a \n                    href=\"https:\/\/2024.adventupuli.hr\/it\/dogadaj\/dj-alex\/\" \n                    aria-label=\"Programma musicale\"\n                >\n                    <img loading=\"lazy\" decoding=\"async\" width=\"800\" height=\"831\" src=\"https:\/\/2024.adventupuli.hr\/wp-content\/uploads\/2024\/12\/DJ-Alex-986x1024.jpg\" class=\"attachment-large size-large wp-post-image\" alt=\"\" srcset=\"https:\/\/2024.adventupuli.hr\/wp-content\/uploads\/2024\/12\/DJ-Alex-986x1024.jpg 986w, https:\/\/2024.adventupuli.hr\/wp-content\/uploads\/2024\/12\/DJ-Alex-289x300.jpg 289w, https:\/\/2024.adventupuli.hr\/wp-content\/uploads\/2024\/12\/DJ-Alex-768x797.jpg 768w, https:\/\/2024.adventupuli.hr\/wp-content\/uploads\/2024\/12\/DJ-Alex.jpg 1200w\" sizes=\"(max-width: 800px) 100vw, 800px\" \/>                <\/a>\n                <div class=\"etn-event-category\">\n                    <span>Programma musicale<\/span>                 <\/div>\n                            <\/div>\n                        <!-- thumbnail start-->\n\n            <!-- content start-->\n            <div class=\"etn-event-content\">\n                                                                                        \n                <h3 class=\"etn-title etn-event-title\"><a href=\"https:\/\/2024.adventupuli.hr\/it\/dogadaj\/dj-alex\/\">\n                    DJ Alex<\/a>\n                <\/h3>\n                                \n                <div class=\"etn-event-footer\">\n                    <div class=\"etn-event-date\">\n                                    <span>\n\t\t\t\t<i class=\"etn-icon etn-calendar\"><\/i>\n                29\/12\/2024            <\/span>\n\t\t\t                    <\/div>\n                   \n                <\/div>\n            <\/div>\n            <!-- content end-->\n        <\/div>\n        <!-- etn event item end-->\n    <\/div>\n        <div class=\"etn-col-md-6 etn-col-lg-4\">\n        <div class=\"etn-event-item\">\n            <!-- thumbnail -->\n                        <div class=\"etn-event-thumb\">\n                <a \n                    href=\"https:\/\/2024.adventupuli.hr\/it\/dogadaj\/klapa-cambi-sa-triom\/\" \n                    aria-label=\"Programma musicale\"\n                >\n                    <img loading=\"lazy\" decoding=\"async\" width=\"800\" height=\"537\" src=\"https:\/\/2024.adventupuli.hr\/wp-content\/uploads\/2024\/10\/Final-28-of-43-1024x687.jpg\" class=\"attachment-large size-large wp-post-image\" alt=\"\" srcset=\"https:\/\/2024.adventupuli.hr\/wp-content\/uploads\/2024\/10\/Final-28-of-43-1024x687.jpg 1024w, https:\/\/2024.adventupuli.hr\/wp-content\/uploads\/2024\/10\/Final-28-of-43-300x201.jpg 300w, https:\/\/2024.adventupuli.hr\/wp-content\/uploads\/2024\/10\/Final-28-of-43-768x515.jpg 768w, https:\/\/2024.adventupuli.hr\/wp-content\/uploads\/2024\/10\/Final-28-of-43.jpg 1200w\" sizes=\"(max-width: 800px) 100vw, 800px\" \/>                <\/a>\n                <div class=\"etn-event-category\">\n                    <span>Programma musicale<\/span>                 <\/div>\n                            <\/div>\n                        <!-- thumbnail start-->\n\n            <!-- content start-->\n            <div class=\"etn-event-content\">\n                                                                                        \n                <h3 class=\"etn-title etn-event-title\"><a href=\"https:\/\/2024.adventupuli.hr\/it\/dogadaj\/klapa-cambi-sa-triom\/\">\n                    Klapa Cambi<\/a>\n                <\/h3>\n                                \n                <div class=\"etn-event-footer\">\n                    <div class=\"etn-event-date\">\n                                    <span>\n\t\t\t\t<i class=\"etn-icon etn-calendar\"><\/i>\n                29\/12\/2024            <\/span>\n\t\t\t                    <\/div>\n                   \n                <\/div>\n            <\/div>\n            <!-- content end-->\n        <\/div>\n        <!-- etn event item end-->\n    <\/div>\n        <div class=\"etn-col-md-6 etn-col-lg-4\">\n        <div class=\"etn-event-item\">\n            <!-- thumbnail -->\n                        <div class=\"etn-event-thumb\">\n                <a \n                    href=\"https:\/\/2024.adventupuli.hr\/it\/dogadaj\/dj-alex-2\/\" \n                    aria-label=\"Programma musicale\"\n                >\n                    <img loading=\"lazy\" decoding=\"async\" width=\"800\" height=\"831\" src=\"https:\/\/2024.adventupuli.hr\/wp-content\/uploads\/2024\/12\/DJ-Alex-986x1024.jpg\" class=\"attachment-large size-large wp-post-image\" alt=\"\" srcset=\"https:\/\/2024.adventupuli.hr\/wp-content\/uploads\/2024\/12\/DJ-Alex-986x1024.jpg 986w, https:\/\/2024.adventupuli.hr\/wp-content\/uploads\/2024\/12\/DJ-Alex-289x300.jpg 289w, https:\/\/2024.adventupuli.hr\/wp-content\/uploads\/2024\/12\/DJ-Alex-768x797.jpg 768w, https:\/\/2024.adventupuli.hr\/wp-content\/uploads\/2024\/12\/DJ-Alex.jpg 1200w\" sizes=\"(max-width: 800px) 100vw, 800px\" \/>                <\/a>\n                <div class=\"etn-event-category\">\n                    <span>Programma musicale<\/span>                 <\/div>\n                            <\/div>\n                        <!-- thumbnail start-->\n\n            <!-- content start-->\n            <div class=\"etn-event-content\">\n                                                                                        \n                <h3 class=\"etn-title etn-event-title\"><a href=\"https:\/\/2024.adventupuli.hr\/it\/dogadaj\/dj-alex-2\/\">\n                    DJ Alex<\/a>\n                <\/h3>\n                                \n                <div class=\"etn-event-footer\">\n                    <div class=\"etn-event-date\">\n                                    <span>\n\t\t\t\t<i class=\"etn-icon etn-calendar\"><\/i>\n                30\/12\/2024            <\/span>\n\t\t\t                    <\/div>\n                   \n                <\/div>\n            <\/div>\n            <!-- content end-->\n        <\/div>\n        <!-- etn event item end-->\n    <\/div>\n        <div class=\"etn-col-md-6 etn-col-lg-4\">\n        <div class=\"etn-event-item\">\n            <!-- thumbnail -->\n                        <div class=\"etn-event-thumb\">\n                <a \n                    href=\"https:\/\/2024.adventupuli.hr\/it\/dogadaj\/medea-i-tedi-grubica-2\/\" \n                    aria-label=\"Programma musicale\"\n                >\n                    <img loading=\"lazy\" decoding=\"async\" width=\"800\" height=\"534\" src=\"https:\/\/2024.adventupuli.hr\/wp-content\/uploads\/2024\/11\/ADVENT-LOGO-2024-1024x683.jpg\" class=\"attachment-large size-large wp-post-image\" alt=\"\" srcset=\"https:\/\/2024.adventupuli.hr\/wp-content\/uploads\/2024\/11\/ADVENT-LOGO-2024-1024x683.jpg 1024w, https:\/\/2024.adventupuli.hr\/wp-content\/uploads\/2024\/11\/ADVENT-LOGO-2024-300x200.jpg 300w, https:\/\/2024.adventupuli.hr\/wp-content\/uploads\/2024\/11\/ADVENT-LOGO-2024-768x512.jpg 768w, https:\/\/2024.adventupuli.hr\/wp-content\/uploads\/2024\/11\/ADVENT-LOGO-2024.jpg 1200w\" sizes=\"(max-width: 800px) 100vw, 800px\" \/>                <\/a>\n                <div class=\"etn-event-category\">\n                    <span>Programma musicale<\/span>                 <\/div>\n                            <\/div>\n                        <!-- thumbnail start-->\n\n            <!-- content start-->\n            <div class=\"etn-event-content\">\n                                                                                        \n                <h3 class=\"etn-title etn-event-title\"><a href=\"https:\/\/2024.adventupuli.hr\/it\/dogadaj\/medea-i-tedi-grubica-2\/\">\n                    Medea i Tedi Grubica<\/a>\n                <\/h3>\n                                \n                <div class=\"etn-event-footer\">\n                    <div class=\"etn-event-date\">\n                                    <span>\n\t\t\t\t<i class=\"etn-icon etn-calendar\"><\/i>\n                30\/12\/2024            <\/span>\n\t\t\t                    <\/div>\n                   \n                <\/div>\n            <\/div>\n            <!-- content end-->\n        <\/div>\n        <!-- etn event item end-->\n    <\/div>\n        <div class=\"etn-col-md-6 etn-col-lg-4\">\n        <div class=\"etn-event-item\">\n            <!-- thumbnail -->\n                        <div class=\"etn-event-thumb\">\n                <a \n                    href=\"https:\/\/2024.adventupuli.hr\/it\/dogadaj\/let-3\/\" \n                    aria-label=\"Programma musicale\"\n                >\n                    <img loading=\"lazy\" decoding=\"async\" width=\"800\" height=\"533\" src=\"https:\/\/2024.adventupuli.hr\/wp-content\/uploads\/2024\/10\/Let-3_photo-credit-Franko-Kelam-1024x682.jpg\" class=\"attachment-large size-large wp-post-image\" alt=\"\" srcset=\"https:\/\/2024.adventupuli.hr\/wp-content\/uploads\/2024\/10\/Let-3_photo-credit-Franko-Kelam-1024x682.jpg 1024w, https:\/\/2024.adventupuli.hr\/wp-content\/uploads\/2024\/10\/Let-3_photo-credit-Franko-Kelam-300x200.jpg 300w, https:\/\/2024.adventupuli.hr\/wp-content\/uploads\/2024\/10\/Let-3_photo-credit-Franko-Kelam-768x512.jpg 768w, https:\/\/2024.adventupuli.hr\/wp-content\/uploads\/2024\/10\/Let-3_photo-credit-Franko-Kelam-1536x1023.jpg 1536w, https:\/\/2024.adventupuli.hr\/wp-content\/uploads\/2024\/10\/Let-3_photo-credit-Franko-Kelam.jpg 1600w\" sizes=\"(max-width: 800px) 100vw, 800px\" \/>                <\/a>\n                <div class=\"etn-event-category\">\n                    <span>Programma musicale<\/span>                 <\/div>\n                            <\/div>\n                        <!-- thumbnail start-->\n\n            <!-- content start-->\n            <div class=\"etn-event-content\">\n                                                                                        \n                <h3 class=\"etn-title etn-event-title\"><a href=\"https:\/\/2024.adventupuli.hr\/it\/dogadaj\/let-3\/\">\n                    Let 3<\/a>\n                <\/h3>\n                                \n                <div class=\"etn-event-footer\">\n                    <div class=\"etn-event-date\">\n                                    <span>\n\t\t\t\t<i class=\"etn-icon etn-calendar\"><\/i>\n                30\/12\/2024            <\/span>\n\t\t\t                    <\/div>\n                   \n                <\/div>\n            <\/div>\n            <!-- content end-->\n        <\/div>\n        <!-- etn event item end-->\n    <\/div>\n        <div class=\"etn-col-md-6 etn-col-lg-4\">\n        <div class=\"etn-event-item\">\n            <!-- thumbnail -->\n                        <div class=\"etn-event-thumb\">\n                <a \n                    href=\"https:\/\/2024.adventupuli.hr\/it\/dogadaj\/sound-fusion-dub-to-electronic-nye-pulap-reggae-station-dubcat-heavy-duty-munchies\/\" \n                    aria-label=\"Programma musicale\"\n                >\n                    <img loading=\"lazy\" decoding=\"async\" width=\"800\" height=\"534\" src=\"https:\/\/2024.adventupuli.hr\/wp-content\/uploads\/2024\/11\/FocusPocus-295-1024x683.jpg\" class=\"attachment-large size-large wp-post-image\" alt=\"\" srcset=\"https:\/\/2024.adventupuli.hr\/wp-content\/uploads\/2024\/11\/FocusPocus-295-1024x683.jpg 1024w, https:\/\/2024.adventupuli.hr\/wp-content\/uploads\/2024\/11\/FocusPocus-295-300x200.jpg 300w, https:\/\/2024.adventupuli.hr\/wp-content\/uploads\/2024\/11\/FocusPocus-295-768x512.jpg 768w, https:\/\/2024.adventupuli.hr\/wp-content\/uploads\/2024\/11\/FocusPocus-295.jpg 1200w\" sizes=\"(max-width: 800px) 100vw, 800px\" \/>                <\/a>\n                <div class=\"etn-event-category\">\n                    <span>Programma musicale<\/span>                 <\/div>\n                            <\/div>\n                        <!-- thumbnail start-->\n\n            <!-- content start-->\n            <div class=\"etn-event-content\">\n                                                                                        \n                <h3 class=\"etn-title etn-event-title\"><a href=\"https:\/\/2024.adventupuli.hr\/it\/dogadaj\/sound-fusion-dub-to-electronic-nye-pulap-reggae-station-dubcat-heavy-duty-munchies\/\">\n                    Sound Fusion: Dub to Electronic NYE (Pulap Reggae Station, Dubcat, Heavy duty, Munchies)<\/a>\n                <\/h3>\n                                \n                <div class=\"etn-event-footer\">\n                    <div class=\"etn-event-date\">\n                                    <span>\n\t\t\t\t<i class=\"etn-icon etn-calendar\"><\/i>\n                30\/12\/2024            <\/span>\n\t\t\t                    <\/div>\n                   \n                <\/div>\n            <\/div>\n            <!-- content end-->\n        <\/div>\n        <!-- etn event item end-->\n    <\/div>\n        <div class=\"etn-col-md-6 etn-col-lg-4\">\n        <div class=\"etn-event-item\">\n            <!-- thumbnail -->\n                        <div class=\"etn-event-thumb\">\n                <a \n                    href=\"https:\/\/2024.adventupuli.hr\/it\/dogadaj\/big-band-pula-velika-padela\/\" \n                    aria-label=\"Programma musicale\"\n                >\n                    <img loading=\"lazy\" decoding=\"async\" width=\"800\" height=\"534\" src=\"https:\/\/2024.adventupuli.hr\/wp-content\/uploads\/2024\/10\/461400175_555974633609678_5159352067961291672_n-1024x683.jpg\" class=\"attachment-large size-large wp-post-image\" alt=\"\" srcset=\"https:\/\/2024.adventupuli.hr\/wp-content\/uploads\/2024\/10\/461400175_555974633609678_5159352067961291672_n-1024x683.jpg 1024w, https:\/\/2024.adventupuli.hr\/wp-content\/uploads\/2024\/10\/461400175_555974633609678_5159352067961291672_n-300x200.jpg 300w, https:\/\/2024.adventupuli.hr\/wp-content\/uploads\/2024\/10\/461400175_555974633609678_5159352067961291672_n-768x512.jpg 768w, https:\/\/2024.adventupuli.hr\/wp-content\/uploads\/2024\/10\/461400175_555974633609678_5159352067961291672_n.jpg 1200w\" sizes=\"(max-width: 800px) 100vw, 800px\" \/>                <\/a>\n                <div class=\"etn-event-category\">\n                    <span>Programma musicale<\/span>                 <\/div>\n                            <\/div>\n                        <!-- thumbnail start-->\n\n            <!-- content start-->\n            <div class=\"etn-event-content\">\n                                                                                        \n                <h3 class=\"etn-title etn-event-title\"><a href=\"https:\/\/2024.adventupuli.hr\/it\/dogadaj\/big-band-pula-velika-padela\/\">\n                    Big Band Pola + grande padella<\/a>\n                <\/h3>\n                                \n                <div class=\"etn-event-footer\">\n                    <div class=\"etn-event-date\">\n                                    <span>\n\t\t\t\t<i class=\"etn-icon etn-calendar\"><\/i>\n                31\/12\/2024            <\/span>\n\t\t\t                    <\/div>\n                   \n                <\/div>\n            <\/div>\n            <!-- content end-->\n        <\/div>\n        <!-- etn event item end-->\n    <\/div>\n        <div class=\"etn-col-md-6 etn-col-lg-4\">\n        <div class=\"etn-event-item\">\n            <!-- thumbnail -->\n                        <div class=\"etn-event-thumb\">\n                <a \n                    href=\"https:\/\/2024.adventupuli.hr\/it\/dogadaj\/docek-u-podne-mrle-ivanka-kisni-razdraganci\/\" \n                    aria-label=\"Programma musicale\"\n                >\n                    <img loading=\"lazy\" decoding=\"async\" width=\"800\" height=\"534\" src=\"https:\/\/2024.adventupuli.hr\/wp-content\/uploads\/2024\/10\/4-1024x683.jpg\" class=\"attachment-large size-large wp-post-image\" alt=\"\" srcset=\"https:\/\/2024.adventupuli.hr\/wp-content\/uploads\/2024\/10\/4-1024x683.jpg 1024w, https:\/\/2024.adventupuli.hr\/wp-content\/uploads\/2024\/10\/4-300x200.jpg 300w, https:\/\/2024.adventupuli.hr\/wp-content\/uploads\/2024\/10\/4-768x512.jpg 768w, https:\/\/2024.adventupuli.hr\/wp-content\/uploads\/2024\/10\/4.jpg 1200w\" sizes=\"(max-width: 800px) 100vw, 800px\" \/>                <\/a>\n                <div class=\"etn-event-category\">\n                    <span>Programma musicale<\/span>                 <\/div>\n                            <\/div>\n                        <!-- thumbnail start-->\n\n            <!-- content start-->\n            <div class=\"etn-event-content\">\n                                                                                        \n                <h3 class=\"etn-title etn-event-title\"><a href=\"https:\/\/2024.adventupuli.hr\/it\/dogadaj\/docek-u-podne-mrle-ivanka-kisni-razdraganci\/\">\n                    Capodanno a mezzogiorno: Mrle &#038; Ivanka: Ki\u0161ni razdraganci<\/a>\n                <\/h3>\n                                \n                <div class=\"etn-event-footer\">\n                    <div class=\"etn-event-date\">\n                                    <span>\n\t\t\t\t<i class=\"etn-icon etn-calendar\"><\/i>\n                31\/12\/2024            <\/span>\n\t\t\t                    <\/div>\n                   \n                <\/div>\n            <\/div>\n            <!-- content end-->\n        <\/div>\n        <!-- etn event item end-->\n    <\/div>\n        <div class=\"etn-col-md-6 etn-col-lg-4\">\n        <div class=\"etn-event-item\">\n            <!-- thumbnail -->\n                        <div class=\"etn-event-thumb\">\n                <a \n                    href=\"https:\/\/2024.adventupuli.hr\/it\/dogadaj\/docek-nove-godine-elemental\/\" \n                    aria-label=\"Programma musicale\"\n                >\n                    <img loading=\"lazy\" decoding=\"async\" width=\"800\" height=\"534\" src=\"https:\/\/2024.adventupuli.hr\/wp-content\/uploads\/2024\/10\/MG_9782-1024x683.jpg\" class=\"attachment-large size-large wp-post-image\" alt=\"\" srcset=\"https:\/\/2024.adventupuli.hr\/wp-content\/uploads\/2024\/10\/MG_9782-1024x683.jpg 1024w, https:\/\/2024.adventupuli.hr\/wp-content\/uploads\/2024\/10\/MG_9782-300x200.jpg 300w, https:\/\/2024.adventupuli.hr\/wp-content\/uploads\/2024\/10\/MG_9782-768x512.jpg 768w, https:\/\/2024.adventupuli.hr\/wp-content\/uploads\/2024\/10\/MG_9782.jpg 1200w\" sizes=\"(max-width: 800px) 100vw, 800px\" \/>                <\/a>\n                <div class=\"etn-event-category\">\n                    <span>Programma musicale<\/span>                 <\/div>\n                            <\/div>\n                        <!-- thumbnail start-->\n\n            <!-- content start-->\n            <div class=\"etn-event-content\">\n                                                                                        \n                <h3 class=\"etn-title etn-event-title\"><a href=\"https:\/\/2024.adventupuli.hr\/it\/dogadaj\/docek-nove-godine-elemental\/\">\n                    Capodanno: Elemental<\/a>\n                <\/h3>\n                                \n                <div class=\"etn-event-footer\">\n                    <div class=\"etn-event-date\">\n                                    <span>\n\t\t\t\t<i class=\"etn-icon etn-calendar\"><\/i>\n                31\/12\/2024            <\/span>\n\t\t\t                    <\/div>\n                   \n                <\/div>\n            <\/div>\n            <!-- content end-->\n        <\/div>\n        <!-- etn event item end-->\n    <\/div>\n        <div class=\"etn-col-md-6 etn-col-lg-4\">\n        <div class=\"etn-event-item\">\n            <!-- thumbnail -->\n                        <div class=\"etn-event-thumb\">\n                <a \n                    href=\"https:\/\/2024.adventupuli.hr\/it\/dogadaj\/docek-nove-godine-dj-sword-petar-graso\/\" \n                    aria-label=\"Programma musicale\"\n                >\n                    <img loading=\"lazy\" decoding=\"async\" width=\"800\" height=\"534\" src=\"https:\/\/2024.adventupuli.hr\/wp-content\/uploads\/2024\/10\/Graso-1024x683.jpg\" class=\"attachment-large size-large wp-post-image\" alt=\"\" srcset=\"https:\/\/2024.adventupuli.hr\/wp-content\/uploads\/2024\/10\/Graso-1024x683.jpg 1024w, https:\/\/2024.adventupuli.hr\/wp-content\/uploads\/2024\/10\/Graso-300x200.jpg 300w, https:\/\/2024.adventupuli.hr\/wp-content\/uploads\/2024\/10\/Graso-768x512.jpg 768w, https:\/\/2024.adventupuli.hr\/wp-content\/uploads\/2024\/10\/Graso.jpg 1200w\" sizes=\"(max-width: 800px) 100vw, 800px\" \/>                <\/a>\n                <div class=\"etn-event-category\">\n                    <span>Programma musicale<\/span>                 <\/div>\n                            <\/div>\n                        <!-- thumbnail start-->\n\n            <!-- content start-->\n            <div class=\"etn-event-content\">\n                                                                                        \n                <h3 class=\"etn-title etn-event-title\"><a href=\"https:\/\/2024.adventupuli.hr\/it\/dogadaj\/docek-nove-godine-dj-sword-petar-graso\/\">\n                    Capodanno: Petar Gra\u0161o<\/a>\n                <\/h3>\n                                \n                <div class=\"etn-event-footer\">\n                    <div class=\"etn-event-date\">\n                                    <span>\n\t\t\t\t<i class=\"etn-icon etn-calendar\"><\/i>\n                31\/12\/2024            <\/span>\n\t\t\t                    <\/div>\n                   \n                <\/div>\n            <\/div>\n            <!-- content end-->\n        <\/div>\n        <!-- etn event item end-->\n    <\/div>\n        <div class=\"etn-col-md-6 etn-col-lg-4\">\n        <div class=\"etn-event-item\">\n            <!-- thumbnail -->\n                        <div class=\"etn-event-thumb\">\n                <a \n                    href=\"https:\/\/2024.adventupuli.hr\/it\/dogadaj\/sound-fusion-dub-to-electronic-nye-laseech-mr-m-manscream\/\" \n                    aria-label=\"Programma musicale\"\n                >\n                    <img loading=\"lazy\" decoding=\"async\" width=\"800\" height=\"534\" src=\"https:\/\/2024.adventupuli.hr\/wp-content\/uploads\/2024\/11\/FocusPocus-295-1024x683.jpg\" class=\"attachment-large size-large wp-post-image\" alt=\"\" srcset=\"https:\/\/2024.adventupuli.hr\/wp-content\/uploads\/2024\/11\/FocusPocus-295-1024x683.jpg 1024w, https:\/\/2024.adventupuli.hr\/wp-content\/uploads\/2024\/11\/FocusPocus-295-300x200.jpg 300w, https:\/\/2024.adventupuli.hr\/wp-content\/uploads\/2024\/11\/FocusPocus-295-768x512.jpg 768w, https:\/\/2024.adventupuli.hr\/wp-content\/uploads\/2024\/11\/FocusPocus-295.jpg 1200w\" sizes=\"(max-width: 800px) 100vw, 800px\" \/>                <\/a>\n                <div class=\"etn-event-category\">\n                    <span>Programma musicale<\/span>                 <\/div>\n                            <\/div>\n                        <!-- thumbnail start-->\n\n            <!-- content start-->\n            <div class=\"etn-event-content\">\n                                                                                        \n                <h3 class=\"etn-title etn-event-title\"><a href=\"https:\/\/2024.adventupuli.hr\/it\/dogadaj\/sound-fusion-dub-to-electronic-nye-laseech-mr-m-manscream\/\">\n                    Sound Fusion: Dub to Electronic NYE (Laseech, Mr. M, Manscream)<\/a>\n                <\/h3>\n                                \n                <div class=\"etn-event-footer\">\n                    <div class=\"etn-event-date\">\n                                    <span>\n\t\t\t\t<i class=\"etn-icon etn-calendar\"><\/i>\n                31\/12\/2024            <\/span>\n\t\t\t                    <\/div>\n                   \n                <\/div>\n            <\/div>\n            <!-- content end-->\n        <\/div>\n        <!-- etn event item end-->\n    <\/div>\n    <\/div>\t\t\t\t\t<\/div>\n\n\t\t\t\t<\/div>\n<\/div>\t\t<\/div>\n\t\t\t\t<\/div>\n\t\t\t\t\t<\/div>\n\t\t<\/div>\n\t\t\t\t\t<\/div>\n\t\t<\/section>\n\t\t\t\t<\/div>\n\t\t","protected":false},"excerpt":{"rendered":"<p>PROGRAMMA MUSICALE del\u2019Avvento GLAZBENI PROGRAM Programma musicale La corona musicale &#8211; Zbor Encijan, SKD Istra 1\/12\/2024 Programma musicale Jelusick 1\/12\/2024 Programma musicale Programma per bambini SE Monte Zaro, coro 4\/12\/2024 Programma musicale Programma per bambini Il Piccolo coro \u201eLjiljani\u201cdella Chiesa di Sant\u2019Antonio 4\/12\/2024 Programma musicale DJ Nice 4\/12\/2024 Programma musicale DJ Nice 5\/12\/2024 Programma musicale [&hellip;]<\/p>\n","protected":false},"author":1,"featured_media":0,"parent":0,"menu_order":0,"comment_status":"closed","ping_status":"closed","template":"template\/full-width-template.php","meta":{"_acf_changed":false,"footnotes":""},"class_list":["post-15568","page","type-page","status-publish","hentry"],"aioseo_notices":[],"acf":[],"_links":{"self":[{"href":"https:\/\/2024.adventupuli.hr\/it\/wp-json\/wp\/v2\/pages\/15568"}],"collection":[{"href":"https:\/\/2024.adventupuli.hr\/it\/wp-json\/wp\/v2\/pages"}],"about":[{"href":"https:\/\/2024.adventupuli.hr\/it\/wp-json\/wp\/v2\/types\/page"}],"author":[{"embeddable":true,"href":"https:\/\/2024.adventupuli.hr\/it\/wp-json\/wp\/v2\/users\/1"}],"replies":[{"embeddable":true,"href":"https:\/\/2024.adventupuli.hr\/it\/wp-json\/wp\/v2\/comments?post=15568"}],"version-history":[{"count":8,"href":"https:\/\/2024.adventupuli.hr\/it\/wp-json\/wp\/v2\/pages\/15568\/revisions"}],"predecessor-version":[{"id":17426,"href":"https:\/\/2024.adventupuli.hr\/it\/wp-json\/wp\/v2\/pages\/15568\/revisions\/17426"}],"wp:attachment":[{"href":"https:\/\/2024.adventupuli.hr\/it\/wp-json\/wp\/v2\/media?parent=15568"}],"curies":[{"name":"wp","href":"https:\/\/api.w.org\/{rel}","templated":true}]}}