{"id":7650,"date":"2021-07-18T05:41:24","date_gmt":"2021-07-18T03:41:24","guid":{"rendered":"https:\/\/2024.adventupuli.hr\/naslovna\/"},"modified":"2025-01-20T11:13:29","modified_gmt":"2025-01-20T10:13:29","slug":"naslovna","status":"publish","type":"page","link":"https:\/\/2024.adventupuli.hr\/it\/","title":{"rendered":"Home"},"content":{"rendered":"\t\t<div data-elementor-type=\"wp-page\" data-elementor-id=\"7650\" class=\"elementor elementor-7650 elementor-2314\">\n\t\t\t\t\t\t<section class=\"elementor-section elementor-top-section elementor-element elementor-element-1c1f45c2 multievent-hero elementor-section-boxed elementor-section-height-default elementor-section-height-default\" data-id=\"1c1f45c2\" data-element_type=\"section\" data-settings=\"{&quot;ekit_section_parallax_multi&quot;:&quot;yes&quot;,&quot;ekit_section_parallax_multi_items&quot;:[{&quot;_id&quot;:&quot;47f5047&quot;,&quot;parallax_style&quot;:&quot;mousemove&quot;,&quot;image&quot;:{&quot;url&quot;:&quot;https:\\\/\\\/2024.adventupuli.hr\\\/wp-content\\\/uploads\\\/2023\\\/11\\\/1.png&quot;,&quot;id&quot;:11777,&quot;size&quot;:&quot;&quot;,&quot;alt&quot;:&quot;&quot;,&quot;source&quot;:&quot;library&quot;},&quot;pos_x&quot;:{&quot;unit&quot;:&quot;%&quot;,&quot;size&quot;:3,&quot;sizes&quot;:[]},&quot;pos_y&quot;:{&quot;unit&quot;:&quot;%&quot;,&quot;size&quot;:5,&quot;sizes&quot;:[]},&quot;parallax_speed&quot;:10,&quot;parallax_transform_value&quot;:null,&quot;smoothness&quot;:null,&quot;pos_x_tablet&quot;:{&quot;unit&quot;:&quot;%&quot;,&quot;size&quot;:-44,&quot;sizes&quot;:[]},&quot;width_type&quot;:&quot;custom&quot;,&quot;custom_width&quot;:{&quot;unit&quot;:&quot;px&quot;,&quot;size&quot;:144,&quot;sizes&quot;:[]},&quot;item_source&quot;:&quot;image&quot;,&quot;shape&quot;:null,&quot;shape_color&quot;:null,&quot;source_rotate&quot;:{&quot;unit&quot;:&quot;deg&quot;,&quot;size&quot;:0,&quot;sizes&quot;:[]},&quot;parallax_blur_effect&quot;:{&quot;unit&quot;:&quot;px&quot;,&quot;size&quot;:0,&quot;sizes&quot;:[]},&quot;animation&quot;:null,&quot;animation_tablet&quot;:null,&quot;animation_mobile&quot;:null,&quot;item_opacity&quot;:&quot;1&quot;,&quot;animation_speed&quot;:null,&quot;animation_iteration_count&quot;:null,&quot;animation_direction&quot;:null,&quot;parallax_transform&quot;:null,&quot;offsettop&quot;:null,&quot;offsetbottom&quot;:null,&quot;maxtilt&quot;:null,&quot;scale&quot;:null,&quot;disableaxis&quot;:null,&quot;zindex&quot;:&quot;2&quot;},{&quot;_id&quot;:&quot;7379024&quot;,&quot;parallax_style&quot;:&quot;mousemove&quot;,&quot;image&quot;:{&quot;url&quot;:&quot;https:\\\/\\\/2024.adventupuli.hr\\\/wp-content\\\/uploads\\\/2024\\\/10\\\/2.png&quot;,&quot;id&quot;:15620,&quot;size&quot;:&quot;&quot;,&quot;alt&quot;:&quot;&quot;,&quot;source&quot;:&quot;library&quot;},&quot;pos_x&quot;:{&quot;unit&quot;:&quot;%&quot;,&quot;size&quot;:15,&quot;sizes&quot;:[]},&quot;pos_y&quot;:{&quot;unit&quot;:&quot;%&quot;,&quot;size&quot;:1,&quot;sizes&quot;:[]},&quot;pos_x_tablet&quot;:{&quot;unit&quot;:&quot;%&quot;,&quot;size&quot;:-41,&quot;sizes&quot;:[]},&quot;width_type&quot;:&quot;custom&quot;,&quot;custom_width&quot;:{&quot;unit&quot;:&quot;px&quot;,&quot;size&quot;:124,&quot;sizes&quot;:[]},&quot;item_source&quot;:&quot;image&quot;,&quot;shape&quot;:null,&quot;shape_color&quot;:null,&quot;source_rotate&quot;:{&quot;unit&quot;:&quot;deg&quot;,&quot;size&quot;:0,&quot;sizes&quot;:[]},&quot;parallax_blur_effect&quot;:{&quot;unit&quot;:&quot;px&quot;,&quot;size&quot;:0,&quot;sizes&quot;:[]},&quot;animation&quot;:null,&quot;animation_tablet&quot;:null,&quot;animation_mobile&quot;:null,&quot;item_opacity&quot;:&quot;1&quot;,&quot;animation_speed&quot;:null,&quot;animation_iteration_count&quot;:null,&quot;animation_direction&quot;:null,&quot;parallax_speed&quot;:40,&quot;parallax_transform&quot;:null,&quot;parallax_transform_value&quot;:null,&quot;smoothness&quot;:null,&quot;offsettop&quot;:null,&quot;offsetbottom&quot;:null,&quot;maxtilt&quot;:null,&quot;scale&quot;:null,&quot;disableaxis&quot;:null,&quot;zindex&quot;:&quot;2&quot;},{&quot;_id&quot;:&quot;03bc1bb&quot;,&quot;parallax_style&quot;:&quot;mousemove&quot;,&quot;image&quot;:{&quot;url&quot;:&quot;https:\\\/\\\/2024.adventupuli.hr\\\/wp-content\\\/uploads\\\/2024\\\/10\\\/3.png&quot;,&quot;id&quot;:15622,&quot;size&quot;:&quot;&quot;,&quot;alt&quot;:&quot;&quot;,&quot;source&quot;:&quot;library&quot;},&quot;pos_x&quot;:{&quot;unit&quot;:&quot;%&quot;,&quot;size&quot;:3,&quot;sizes&quot;:[]},&quot;pos_y&quot;:{&quot;unit&quot;:&quot;%&quot;,&quot;size&quot;:33,&quot;sizes&quot;:[]},&quot;parallax_speed&quot;:20,&quot;pos_x_tablet&quot;:{&quot;unit&quot;:&quot;%&quot;,&quot;size&quot;:-66,&quot;sizes&quot;:[]},&quot;width_type&quot;:&quot;custom&quot;,&quot;custom_width&quot;:{&quot;unit&quot;:&quot;px&quot;,&quot;size&quot;:116,&quot;sizes&quot;:[]},&quot;source_rotate&quot;:{&quot;unit&quot;:&quot;deg&quot;,&quot;size&quot;:1,&quot;sizes&quot;:[]},&quot;item_source&quot;:&quot;image&quot;,&quot;shape&quot;:null,&quot;shape_color&quot;:null,&quot;parallax_blur_effect&quot;:{&quot;unit&quot;:&quot;px&quot;,&quot;size&quot;:0,&quot;sizes&quot;:[]},&quot;animation&quot;:null,&quot;animation_tablet&quot;:null,&quot;animation_mobile&quot;:null,&quot;item_opacity&quot;:&quot;1&quot;,&quot;animation_speed&quot;:null,&quot;animation_iteration_count&quot;:null,&quot;animation_direction&quot;:null,&quot;parallax_transform&quot;:null,&quot;parallax_transform_value&quot;:null,&quot;smoothness&quot;:null,&quot;offsettop&quot;:null,&quot;offsetbottom&quot;:null,&quot;maxtilt&quot;:null,&quot;scale&quot;:null,&quot;disableaxis&quot;:null,&quot;zindex&quot;:&quot;2&quot;},{&quot;parallax_style&quot;:&quot;mousemove&quot;,&quot;image&quot;:{&quot;url&quot;:&quot;https:\\\/\\\/2024.adventupuli.hr\\\/wp-content\\\/uploads\\\/2023\\\/11\\\/6.png&quot;,&quot;id&quot;:11785,&quot;size&quot;:&quot;&quot;,&quot;alt&quot;:&quot;&quot;,&quot;source&quot;:&quot;library&quot;},&quot;pos_x&quot;:{&quot;unit&quot;:&quot;%&quot;,&quot;size&quot;:3,&quot;sizes&quot;:[]},&quot;pos_y&quot;:{&quot;unit&quot;:&quot;%&quot;,&quot;size&quot;:67,&quot;sizes&quot;:[]},&quot;parallax_speed&quot;:20,&quot;_id&quot;:&quot;75aa6cc&quot;,&quot;width_type&quot;:&quot;custom&quot;,&quot;custom_width&quot;:{&quot;unit&quot;:&quot;px&quot;,&quot;size&quot;:131,&quot;sizes&quot;:[]},&quot;item_source&quot;:&quot;image&quot;,&quot;shape&quot;:null,&quot;shape_color&quot;:null,&quot;source_rotate&quot;:{&quot;unit&quot;:&quot;deg&quot;,&quot;size&quot;:0,&quot;sizes&quot;:[]},&quot;parallax_blur_effect&quot;:{&quot;unit&quot;:&quot;px&quot;,&quot;size&quot;:0,&quot;sizes&quot;:[]},&quot;animation&quot;:null,&quot;animation_tablet&quot;:null,&quot;animation_mobile&quot;:null,&quot;item_opacity&quot;:&quot;1&quot;,&quot;animation_speed&quot;:null,&quot;animation_iteration_count&quot;:null,&quot;animation_direction&quot;:null,&quot;parallax_transform&quot;:null,&quot;parallax_transform_value&quot;:null,&quot;smoothness&quot;:null,&quot;offsettop&quot;:null,&quot;offsetbottom&quot;:null,&quot;maxtilt&quot;:null,&quot;scale&quot;:null,&quot;disableaxis&quot;:null,&quot;zindex&quot;:&quot;2&quot;},{&quot;parallax_style&quot;:&quot;mousemove&quot;,&quot;image&quot;:{&quot;url&quot;:&quot;https:\\\/\\\/2024.adventupuli.hr\\\/wp-content\\\/uploads\\\/2023\\\/11\\\/4.png&quot;,&quot;id&quot;:11783,&quot;size&quot;:&quot;&quot;,&quot;alt&quot;:&quot;&quot;,&quot;source&quot;:&quot;library&quot;},&quot;pos_x&quot;:{&quot;unit&quot;:&quot;%&quot;,&quot;size&quot;:11,&quot;sizes&quot;:[]},&quot;pos_y&quot;:{&quot;unit&quot;:&quot;%&quot;,&quot;size&quot;:26,&quot;sizes&quot;:[]},&quot;parallax_speed&quot;:20,&quot;width_type&quot;:&quot;custom&quot;,&quot;custom_width&quot;:{&quot;unit&quot;:&quot;px&quot;,&quot;size&quot;:148,&quot;sizes&quot;:[]},&quot;_id&quot;:&quot;c618c76&quot;,&quot;source_rotate&quot;:{&quot;unit&quot;:&quot;deg&quot;,&quot;size&quot;:3,&quot;sizes&quot;:[]},&quot;item_source&quot;:&quot;image&quot;,&quot;shape&quot;:null,&quot;shape_color&quot;:null,&quot;parallax_blur_effect&quot;:{&quot;unit&quot;:&quot;px&quot;,&quot;size&quot;:0,&quot;sizes&quot;:[]},&quot;animation&quot;:null,&quot;animation_tablet&quot;:null,&quot;animation_mobile&quot;:null,&quot;item_opacity&quot;:&quot;1&quot;,&quot;animation_speed&quot;:null,&quot;animation_iteration_count&quot;:null,&quot;animation_direction&quot;:null,&quot;parallax_transform&quot;:null,&quot;parallax_transform_value&quot;:null,&quot;smoothness&quot;:null,&quot;offsettop&quot;:null,&quot;offsetbottom&quot;:null,&quot;maxtilt&quot;:null,&quot;scale&quot;:null,&quot;disableaxis&quot;:null,&quot;zindex&quot;:&quot;2&quot;},{&quot;parallax_style&quot;:&quot;mousemove&quot;,&quot;image&quot;:{&quot;url&quot;:&quot;https:\\\/\\\/2024.adventupuli.hr\\\/wp-content\\\/uploads\\\/2024\\\/10\\\/5.png&quot;,&quot;id&quot;:15624,&quot;size&quot;:&quot;&quot;,&quot;alt&quot;:&quot;&quot;,&quot;source&quot;:&quot;library&quot;},&quot;pos_x&quot;:{&quot;unit&quot;:&quot;%&quot;,&quot;size&quot;:11,&quot;sizes&quot;:[]},&quot;pos_y&quot;:{&quot;unit&quot;:&quot;%&quot;,&quot;size&quot;:55,&quot;sizes&quot;:[]},&quot;parallax_speed&quot;:20,&quot;width_type&quot;:&quot;custom&quot;,&quot;custom_width&quot;:{&quot;unit&quot;:&quot;px&quot;,&quot;size&quot;:148,&quot;sizes&quot;:[]},&quot;_id&quot;:&quot;f82ff9b&quot;,&quot;item_source&quot;:&quot;image&quot;,&quot;shape&quot;:null,&quot;shape_color&quot;:null,&quot;source_rotate&quot;:{&quot;unit&quot;:&quot;deg&quot;,&quot;size&quot;:0,&quot;sizes&quot;:[]},&quot;parallax_blur_effect&quot;:{&quot;unit&quot;:&quot;px&quot;,&quot;size&quot;:0,&quot;sizes&quot;:[]},&quot;animation&quot;:null,&quot;animation_tablet&quot;:null,&quot;animation_mobile&quot;:null,&quot;item_opacity&quot;:&quot;1&quot;,&quot;animation_speed&quot;:null,&quot;animation_iteration_count&quot;:null,&quot;animation_direction&quot;:null,&quot;parallax_transform&quot;:null,&quot;parallax_transform_value&quot;:null,&quot;smoothness&quot;:null,&quot;offsettop&quot;:null,&quot;offsetbottom&quot;:null,&quot;maxtilt&quot;:null,&quot;scale&quot;:null,&quot;disableaxis&quot;:null,&quot;zindex&quot;:&quot;2&quot;},{&quot;parallax_style&quot;:&quot;mousemove&quot;,&quot;image&quot;:{&quot;url&quot;:&quot;https:\\\/\\\/2024.adventupuli.hr\\\/wp-content\\\/uploads\\\/2023\\\/11\\\/8.png&quot;,&quot;id&quot;:11789,&quot;size&quot;:&quot;&quot;,&quot;alt&quot;:&quot;&quot;,&quot;source&quot;:&quot;library&quot;},&quot;pos_x&quot;:{&quot;unit&quot;:&quot;%&quot;,&quot;size&quot;:88,&quot;sizes&quot;:[]},&quot;pos_y&quot;:{&quot;unit&quot;:&quot;%&quot;,&quot;size&quot;:2,&quot;sizes&quot;:[]},&quot;_id&quot;:&quot;f34372f&quot;,&quot;pos_x_tablet&quot;:{&quot;unit&quot;:&quot;px&quot;,&quot;size&quot;:802,&quot;sizes&quot;:[]},&quot;width_type&quot;:&quot;custom&quot;,&quot;custom_width&quot;:{&quot;unit&quot;:&quot;px&quot;,&quot;size&quot;:136,&quot;sizes&quot;:[]},&quot;item_source&quot;:&quot;image&quot;,&quot;shape&quot;:null,&quot;shape_color&quot;:null,&quot;source_rotate&quot;:{&quot;unit&quot;:&quot;deg&quot;,&quot;size&quot;:0,&quot;sizes&quot;:[]},&quot;parallax_blur_effect&quot;:{&quot;unit&quot;:&quot;px&quot;,&quot;size&quot;:0,&quot;sizes&quot;:[]},&quot;animation&quot;:null,&quot;animation_tablet&quot;:null,&quot;animation_mobile&quot;:null,&quot;item_opacity&quot;:&quot;1&quot;,&quot;animation_speed&quot;:null,&quot;animation_iteration_count&quot;:null,&quot;animation_direction&quot;:null,&quot;parallax_speed&quot;:40,&quot;parallax_transform&quot;:null,&quot;parallax_transform_value&quot;:null,&quot;smoothness&quot;:null,&quot;offsettop&quot;:null,&quot;offsetbottom&quot;:null,&quot;maxtilt&quot;:null,&quot;scale&quot;:null,&quot;disableaxis&quot;:null,&quot;zindex&quot;:&quot;2&quot;},{&quot;parallax_style&quot;:&quot;mousemove&quot;,&quot;image&quot;:{&quot;url&quot;:&quot;https:\\\/\\\/2024.adventupuli.hr\\\/wp-content\\\/uploads\\\/2024\\\/10\\\/7.png&quot;,&quot;id&quot;:15626,&quot;size&quot;:&quot;&quot;,&quot;alt&quot;:&quot;&quot;,&quot;source&quot;:&quot;library&quot;},&quot;pos_x&quot;:{&quot;unit&quot;:&quot;%&quot;,&quot;size&quot;:78,&quot;sizes&quot;:[]},&quot;parallax_speed&quot;:30,&quot;_id&quot;:&quot;b319013&quot;,&quot;pos_x_tablet&quot;:{&quot;unit&quot;:&quot;px&quot;,&quot;size&quot;:767,&quot;sizes&quot;:[]},&quot;width_type&quot;:&quot;custom&quot;,&quot;custom_width&quot;:{&quot;unit&quot;:&quot;px&quot;,&quot;size&quot;:185,&quot;sizes&quot;:[]},&quot;pos_y&quot;:{&quot;unit&quot;:&quot;%&quot;,&quot;size&quot;:8,&quot;sizes&quot;:[]},&quot;item_source&quot;:&quot;image&quot;,&quot;shape&quot;:null,&quot;shape_color&quot;:null,&quot;source_rotate&quot;:{&quot;unit&quot;:&quot;deg&quot;,&quot;size&quot;:0,&quot;sizes&quot;:[]},&quot;parallax_blur_effect&quot;:{&quot;unit&quot;:&quot;px&quot;,&quot;size&quot;:0,&quot;sizes&quot;:[]},&quot;animation&quot;:null,&quot;animation_tablet&quot;:null,&quot;animation_mobile&quot;:null,&quot;item_opacity&quot;:&quot;1&quot;,&quot;animation_speed&quot;:null,&quot;animation_iteration_count&quot;:null,&quot;animation_direction&quot;:null,&quot;parallax_transform&quot;:null,&quot;parallax_transform_value&quot;:null,&quot;smoothness&quot;:null,&quot;offsettop&quot;:null,&quot;offsetbottom&quot;:null,&quot;maxtilt&quot;:null,&quot;scale&quot;:null,&quot;disableaxis&quot;:null,&quot;zindex&quot;:&quot;2&quot;},{&quot;parallax_style&quot;:&quot;mousemove&quot;,&quot;image&quot;:{&quot;url&quot;:&quot;https:\\\/\\\/2024.adventupuli.hr\\\/wp-content\\\/uploads\\\/2023\\\/11\\\/10.png&quot;,&quot;id&quot;:11799,&quot;size&quot;:&quot;&quot;,&quot;alt&quot;:&quot;&quot;,&quot;source&quot;:&quot;library&quot;},&quot;pos_x&quot;:{&quot;unit&quot;:&quot;%&quot;,&quot;size&quot;:87,&quot;sizes&quot;:[]},&quot;pos_y&quot;:{&quot;unit&quot;:&quot;%&quot;,&quot;size&quot;:43,&quot;sizes&quot;:[]},&quot;parallax_speed&quot;:50,&quot;_id&quot;:&quot;429cc78&quot;,&quot;pos_x_tablet&quot;:{&quot;unit&quot;:&quot;px&quot;,&quot;size&quot;:-93,&quot;sizes&quot;:[]},&quot;width_type&quot;:&quot;custom&quot;,&quot;custom_width&quot;:{&quot;unit&quot;:&quot;px&quot;,&quot;size&quot;:113,&quot;sizes&quot;:[]},&quot;item_source&quot;:&quot;image&quot;,&quot;shape&quot;:null,&quot;shape_color&quot;:null,&quot;source_rotate&quot;:{&quot;unit&quot;:&quot;deg&quot;,&quot;size&quot;:0,&quot;sizes&quot;:[]},&quot;parallax_blur_effect&quot;:{&quot;unit&quot;:&quot;px&quot;,&quot;size&quot;:0,&quot;sizes&quot;:[]},&quot;animation&quot;:null,&quot;animation_tablet&quot;:null,&quot;animation_mobile&quot;:null,&quot;item_opacity&quot;:&quot;1&quot;,&quot;animation_speed&quot;:null,&quot;animation_iteration_count&quot;:null,&quot;animation_direction&quot;:null,&quot;parallax_transform&quot;:null,&quot;parallax_transform_value&quot;:null,&quot;smoothness&quot;:null,&quot;offsettop&quot;:null,&quot;offsetbottom&quot;:null,&quot;maxtilt&quot;:null,&quot;scale&quot;:null,&quot;disableaxis&quot;:null,&quot;zindex&quot;:&quot;2&quot;},{&quot;parallax_style&quot;:&quot;mousemove&quot;,&quot;image&quot;:{&quot;url&quot;:&quot;https:\\\/\\\/2024.adventupuli.hr\\\/wp-content\\\/uploads\\\/2024\\\/10\\\/9.png&quot;,&quot;id&quot;:15628,&quot;size&quot;:&quot;&quot;,&quot;alt&quot;:&quot;&quot;,&quot;source&quot;:&quot;library&quot;},&quot;pos_x&quot;:{&quot;unit&quot;:&quot;%&quot;,&quot;size&quot;:92,&quot;sizes&quot;:[]},&quot;pos_y&quot;:{&quot;unit&quot;:&quot;%&quot;,&quot;size&quot;:29,&quot;sizes&quot;:[]},&quot;parallax_speed&quot;:60,&quot;_id&quot;:&quot;a474946&quot;,&quot;pos_x_tablet&quot;:{&quot;unit&quot;:&quot;px&quot;,&quot;size&quot;:-360,&quot;sizes&quot;:[]},&quot;width_type&quot;:&quot;custom&quot;,&quot;custom_width&quot;:{&quot;unit&quot;:&quot;px&quot;,&quot;size&quot;:121,&quot;sizes&quot;:[]},&quot;item_opacity&quot;:1,&quot;item_source&quot;:&quot;image&quot;,&quot;shape&quot;:null,&quot;shape_color&quot;:null,&quot;source_rotate&quot;:{&quot;unit&quot;:&quot;deg&quot;,&quot;size&quot;:0,&quot;sizes&quot;:[]},&quot;parallax_blur_effect&quot;:{&quot;unit&quot;:&quot;px&quot;,&quot;size&quot;:0,&quot;sizes&quot;:[]},&quot;animation&quot;:null,&quot;animation_tablet&quot;:null,&quot;animation_mobile&quot;:null,&quot;animation_speed&quot;:null,&quot;animation_iteration_count&quot;:null,&quot;animation_direction&quot;:null,&quot;parallax_transform&quot;:null,&quot;parallax_transform_value&quot;:null,&quot;smoothness&quot;:null,&quot;offsettop&quot;:null,&quot;offsetbottom&quot;:null,&quot;maxtilt&quot;:null,&quot;scale&quot;:null,&quot;disableaxis&quot;:null,&quot;zindex&quot;:&quot;2&quot;},{&quot;parallax_style&quot;:&quot;mousemove&quot;,&quot;image&quot;:{&quot;url&quot;:&quot;https:\\\/\\\/2024.adventupuli.hr\\\/wp-content\\\/uploads\\\/2023\\\/11\\\/12.png&quot;,&quot;id&quot;:11795,&quot;size&quot;:&quot;&quot;,&quot;alt&quot;:&quot;&quot;,&quot;source&quot;:&quot;library&quot;},&quot;pos_x&quot;:{&quot;unit&quot;:&quot;%&quot;,&quot;size&quot;:90,&quot;sizes&quot;:[]},&quot;pos_y&quot;:{&quot;unit&quot;:&quot;%&quot;,&quot;size&quot;:66,&quot;sizes&quot;:[]},&quot;parallax_speed&quot;:60,&quot;zindex&quot;:3,&quot;_id&quot;:&quot;94cb6f3&quot;,&quot;pos_x_tablet&quot;:{&quot;unit&quot;:&quot;px&quot;,&quot;size&quot;:-291,&quot;sizes&quot;:[]},&quot;width_type&quot;:&quot;custom&quot;,&quot;custom_width&quot;:{&quot;unit&quot;:&quot;px&quot;,&quot;size&quot;:146,&quot;sizes&quot;:[]},&quot;item_source&quot;:&quot;image&quot;,&quot;shape&quot;:null,&quot;shape_color&quot;:null,&quot;source_rotate&quot;:{&quot;unit&quot;:&quot;deg&quot;,&quot;size&quot;:0,&quot;sizes&quot;:[]},&quot;parallax_blur_effect&quot;:{&quot;unit&quot;:&quot;px&quot;,&quot;size&quot;:0,&quot;sizes&quot;:[]},&quot;animation&quot;:null,&quot;animation_tablet&quot;:null,&quot;animation_mobile&quot;:null,&quot;item_opacity&quot;:&quot;1&quot;,&quot;animation_speed&quot;:null,&quot;animation_iteration_count&quot;:null,&quot;animation_direction&quot;:null,&quot;parallax_transform&quot;:null,&quot;parallax_transform_value&quot;:null,&quot;smoothness&quot;:null,&quot;offsettop&quot;:null,&quot;offsetbottom&quot;:null,&quot;maxtilt&quot;:null,&quot;scale&quot;:null,&quot;disableaxis&quot;:null},{&quot;_id&quot;:&quot;7818cb1&quot;,&quot;parallax_style&quot;:&quot;mousemove&quot;,&quot;image&quot;:{&quot;url&quot;:&quot;https:\\\/\\\/2024.adventupuli.hr\\\/wp-content\\\/uploads\\\/2024\\\/10\\\/101.png&quot;,&quot;id&quot;:15630,&quot;size&quot;:&quot;&quot;,&quot;alt&quot;:&quot;&quot;,&quot;source&quot;:&quot;library&quot;},&quot;pos_x&quot;:{&quot;unit&quot;:&quot;%&quot;,&quot;size&quot;:79,&quot;sizes&quot;:[]},&quot;pos_x_tablet&quot;:{&quot;unit&quot;:&quot;px&quot;,&quot;size&quot;:1000,&quot;sizes&quot;:[]},&quot;pos_y&quot;:{&quot;unit&quot;:&quot;%&quot;,&quot;size&quot;:57,&quot;sizes&quot;:[]},&quot;width_type&quot;:&quot;custom&quot;,&quot;custom_width&quot;:{&quot;unit&quot;:&quot;px&quot;,&quot;size&quot;:128,&quot;sizes&quot;:[]},&quot;source_rotate&quot;:{&quot;unit&quot;:&quot;deg&quot;,&quot;size&quot;:-28,&quot;sizes&quot;:[]},&quot;item_source&quot;:&quot;image&quot;,&quot;shape&quot;:null,&quot;shape_color&quot;:null,&quot;parallax_blur_effect&quot;:{&quot;unit&quot;:&quot;px&quot;,&quot;size&quot;:0,&quot;sizes&quot;:[]},&quot;animation&quot;:null,&quot;animation_tablet&quot;:null,&quot;animation_mobile&quot;:null,&quot;item_opacity&quot;:&quot;1&quot;,&quot;animation_speed&quot;:null,&quot;animation_iteration_count&quot;:null,&quot;animation_direction&quot;:null,&quot;parallax_speed&quot;:40,&quot;parallax_transform&quot;:null,&quot;parallax_transform_value&quot;:null,&quot;smoothness&quot;:null,&quot;offsettop&quot;:null,&quot;offsetbottom&quot;:null,&quot;maxtilt&quot;:null,&quot;scale&quot;:null,&quot;disableaxis&quot;:null,&quot;zindex&quot;:&quot;2&quot;}],&quot;background_background&quot;:&quot;classic&quot;}\">\n\t\t\t\t\t\t\t<div class=\"elementor-background-overlay\"><\/div>\n\t\t\t\t\t\t\t<div class=\"elementor-container elementor-column-gap-default\">\n\t\t\t\t\t<div class=\"elementor-column elementor-col-100 elementor-top-column elementor-element elementor-element-37cd4359\" data-id=\"37cd4359\" data-element_type=\"column\">\n\t\t\t<div class=\"elementor-widget-wrap elementor-element-populated\">\n\t\t\t\t\t\t<div class=\"elementor-element elementor-element-56ea7878 elementor-widget elementor-widget-heading\" data-id=\"56ea7878\" data-element_type=\"widget\" data-settings=\"{&quot;ekit_we_effect_on&quot;:&quot;none&quot;}\" data-widget_type=\"heading.default\">\n\t\t\t\t<div class=\"elementor-widget-container\">\n\t\t\t<h2 class=\"elementor-heading-title elementor-size-default\">dal 1 dicembre 2024 fino all\u2019 6 gennaio 2025\n<\/h2>\t\t<\/div>\n\t\t\t\t<\/div>\n\t\t\t\t<div class=\"elementor-element elementor-element-3cb556b4 elementor-widget elementor-widget-image\" data-id=\"3cb556b4\" data-element_type=\"widget\" data-settings=\"{&quot;ekit_we_effect_on&quot;:&quot;none&quot;}\" data-widget_type=\"image.default\">\n\t\t\t\t<div class=\"elementor-widget-container\">\n\t\t\t\t\t\t\t\t\t\t\t\t\t<img fetchpriority=\"high\" decoding=\"async\" width=\"800\" height=\"121\" src=\"https:\/\/2024.adventupuli.hr\/wp-content\/uploads\/2023\/10\/logo-advent-2023-ital-1024x155.png\" class=\"attachment-large size-large wp-image-11737\" alt=\"\" srcset=\"https:\/\/2024.adventupuli.hr\/wp-content\/uploads\/2023\/10\/logo-advent-2023-ital-1024x155.png 1024w, https:\/\/2024.adventupuli.hr\/wp-content\/uploads\/2023\/10\/logo-advent-2023-ital-300x45.png 300w, https:\/\/2024.adventupuli.hr\/wp-content\/uploads\/2023\/10\/logo-advent-2023-ital-768x116.png 768w, https:\/\/2024.adventupuli.hr\/wp-content\/uploads\/2023\/10\/logo-advent-2023-ital-1536x232.png 1536w, https:\/\/2024.adventupuli.hr\/wp-content\/uploads\/2023\/10\/logo-advent-2023-ital.png 1920w\" sizes=\"(max-width: 800px) 100vw, 800px\" \/>\t\t\t\t\t\t\t\t\t\t\t\t\t<\/div>\n\t\t\t\t<\/div>\n\t\t\t\t<div class=\"elementor-element elementor-element-217c4984 elementor-widget elementor-widget-text-editor\" data-id=\"217c4984\" data-element_type=\"widget\" data-settings=\"{&quot;ekit_we_effect_on&quot;:&quot;none&quot;}\" data-widget_type=\"text-editor.default\">\n\t\t\t\t<div class=\"elementor-widget-container\">\n\t\t\t\t\t\t\t<p>tutto sull&#8217;Avvento a Pola in un unico posto<\/p>\t\t\t\t\t\t<\/div>\n\t\t\t\t<\/div>\n\t\t\t\t\t<\/div>\n\t\t<\/div>\n\t\t\t\t\t<\/div>\n\t\t<\/section>\n\t\t\t\t<section class=\"elementor-section elementor-top-section elementor-element elementor-element-4fcab5d elementor-section-boxed elementor-section-height-default elementor-section-height-default\" data-id=\"4fcab5d\" data-element_type=\"section\">\n\t\t\t\t\t\t<div class=\"elementor-container elementor-column-gap-default\">\n\t\t\t\t\t<div class=\"elementor-column elementor-col-100 elementor-top-column elementor-element elementor-element-86663e6\" data-id=\"86663e6\" data-element_type=\"column\">\n\t\t\t<div class=\"elementor-widget-wrap elementor-element-populated\">\n\t\t\t\t\t\t<div class=\"elementor-element elementor-element-ff1eb9b elementor-widget elementor-widget-heading\" data-id=\"ff1eb9b\" data-element_type=\"widget\" data-settings=\"{&quot;ekit_we_effect_on&quot;:&quot;none&quot;}\" data-widget_type=\"heading.default\">\n\t\t\t\t<div class=\"elementor-widget-container\">\n\t\t\t<h2 class=\"elementor-heading-title elementor-size-default\">NOTIZIE<\/h2>\t\t<\/div>\n\t\t\t\t<\/div>\n\t\t\t\t<div class=\"elementor-element elementor-element-931d729 premium-blog-align-left elementor-widget elementor-widget-premium-addon-blog\" data-id=\"931d729\" data-element_type=\"widget\" data-settings=\"{&quot;premium_blog_carousel&quot;:&quot;yes&quot;,&quot;force_height&quot;:&quot;true&quot;,&quot;premium_blog_columns_number&quot;:&quot;33.33%&quot;,&quot;premium_blog_grid&quot;:&quot;yes&quot;,&quot;premium_blog_layout&quot;:&quot;even&quot;,&quot;premium_blog_columns_number_tablet&quot;:&quot;50%&quot;,&quot;premium_blog_columns_number_mobile&quot;:&quot;100%&quot;,&quot;carousel_speed&quot;:300,&quot;premium_blog_carousel_spacing&quot;:&quot;15&quot;,&quot;premium_blog_carousel_arrows&quot;:&quot;yes&quot;,&quot;ekit_we_effect_on&quot;:&quot;none&quot;}\" data-widget_type=\"premium-addon-blog.default\">\n\t\t\t\t<div class=\"elementor-widget-container\">\n\t\t\t\r\n\t\t\t\t<div class=\"premium-blog-wrap  premium-blog-even premium-carousel-hidden\" data-page=\"7650\">\r\n\t\t\t\t\t<div class=\"premium-blog-post-outer-container\" data-total=\"2\">\r\n\t\t\t<div class=\"premium-blog-post-container premium-blog-skin-cards\">\r\n\t\t\t\t\t\t\t\t\t<div class=\"premium-blog-thumb-effect-wrapper\">\r\n\t\t\t\t\t\t<div class=\"premium-blog-thumbnail-container premium-blog-zoomin-effect\">\r\n\t\t\t\t\t\t\t\t\t\t\t<a href=\"https:\/\/2024.adventupuli.hr\/it\/mnostvo-zabave-prije-velike-zavrsnice\/\" target=\"_blank\">\r\n\t\t\t\t<img decoding=\"async\" width=\"750\" height=\"465\" src=\"https:\/\/2024.adventupuli.hr\/wp-content\/uploads\/2024\/12\/Portarata1-750x465.jpg\" class=\"attachment-post-thumbnail size-post-thumbnail wp-image-20208\" alt=\"\" \/>\t\t\t\t<\/a>\r\n\t\t\t\t\t\t\t\t\t\t<\/div>\r\n\t\t\t\t\t\t\t\t\t\t\t\t\t<div class=\"premium-blog-effect-container premium-blog-framed-effect\">\r\n\t\t\t\t\t\t\t\t<a class=\"premium-blog-post-link\" href=\"https:\/\/2024.adventupuli.hr\/it\/mnostvo-zabave-prije-velike-zavrsnice\/\" target=\"_blank\"><span>Tanto divertimento prima del gran finale<\/span><\/a>\r\n\t\t\t\t\t\t\t\t\t\t\t\t\t\t\t<\/div>\r\n\t\t\t\t\t\t\t\t\t\t\t<\/div>\r\n\t\t\t\t\t\t\t\t\t\t\t\t\t\t\t\t\t\t\t\t\t<div class=\"premium-blog-content-wrapper \">\r\n\r\n\t\t\t\t\t<div class=\"premium-blog-inner-container\">\r\n\r\n\t\t\t\t\t\t\t\t\t\t\t\t\t\t<h2 class=\"premium-blog-entry-title\">\r\n\t\t\t<a href=\"https:\/\/2024.adventupuli.hr\/it\/mnostvo-zabave-prije-velike-zavrsnice\/\" target=\"_blank\">\r\n\t\t\t\tTanto divertimento prima del gran finale\t\t\t<\/a>\r\n\t\t<\/h2>\r\n\t\t\r\n\t\t\t\t\t<\/div>\r\n\r\n\t\t\t\t\t\t\t<div class=\"premium-blog-content-inner-wrapper\">\r\n\t\t<p class=\"premium-blog-post-content\">La prossima settimana dell&#8217;Avvento promette un ricco calendario di eventi imperdibili, con pomeriggi e serate animate da una variet\u00e0 di \u2026<\/p>\t\t<\/div>\r\n\t\t\t\t<div class=\"premium-blog-entry-meta\">\r\n\t\t\t\r\n\t\t\t\t\t\t\t<span class=\"premium-blog-meta-separator\">\u2022<\/span>\r\n\t\t\t\t<div class=\"premium-blog-post-time premium-blog-meta-data\">\r\n\t\t\t\t\t<i class=\"fa fa-calendar-alt\" aria-hidden=\"true\"><\/i>\r\n\t\t\t\t\t<span>23. Dicembre 2024.<\/span>\r\n\t\t\t\t<\/div>\r\n\t\t\t\r\n\t\t\t\t\t\t\t<span class=\"premium-blog-meta-separator\">\u2022<\/span>\r\n\t\t\t\t<div class=\"premium-blog-post-categories premium-blog-meta-data\">\r\n\t\t\t\t\t<i class=\"fa fa-align-left fa-fw\" aria-hidden=\"true\"><\/i>\r\n\t\t\t\t\t<a href=\"https:\/\/2024.adventupuli.hr\/it\/category\/notizie\/\" rel=\"category tag\">Notizie<\/a>\t\t\t\t<\/div>\r\n\t\t\t\r\n\t\t\t\t\t<\/div>\r\n\t\t\t\t\t\t\t\r\n\t\t\t\t<\/div>\r\n\t\t\t<\/div>\r\n\t\t<\/div>\r\n\r\n\t\t\t\t<div class=\"premium-blog-post-outer-container\" data-total=\"2\">\r\n\t\t\t<div class=\"premium-blog-post-container premium-blog-skin-cards\">\r\n\t\t\t\t\t\t\t\t\t<div class=\"premium-blog-thumb-effect-wrapper\">\r\n\t\t\t\t\t\t<div class=\"premium-blog-thumbnail-container premium-blog-zoomin-effect\">\r\n\t\t\t\t\t\t\t\t\t\t\t<a href=\"https:\/\/2024.adventupuli.hr\/it\/advent-u-puli-odgadaju-se-programi-zbog-dana-zalosti\/\" target=\"_blank\">\r\n\t\t\t\t<img decoding=\"async\" width=\"750\" height=\"465\" src=\"https:\/\/2024.adventupuli.hr\/wp-content\/uploads\/2024\/12\/crna-750x465.jpg\" class=\"attachment-post-thumbnail size-post-thumbnail wp-image-19883\" alt=\"\" \/>\t\t\t\t<\/a>\r\n\t\t\t\t\t\t\t\t\t\t<\/div>\r\n\t\t\t\t\t\t\t\t\t\t\t\t\t<div class=\"premium-blog-effect-container premium-blog-framed-effect\">\r\n\t\t\t\t\t\t\t\t<a class=\"premium-blog-post-link\" href=\"https:\/\/2024.adventupuli.hr\/it\/advent-u-puli-odgadaju-se-programi-zbog-dana-zalosti\/\" target=\"_blank\"><span>Avvento a Pola \u2013 Programmi modificati per la Giornata del Lutto<\/span><\/a>\r\n\t\t\t\t\t\t\t\t\t\t\t\t\t\t\t<\/div>\r\n\t\t\t\t\t\t\t\t\t\t\t<\/div>\r\n\t\t\t\t\t\t\t\t\t\t\t\t\t\t\t\t\t\t\t\t\t<div class=\"premium-blog-content-wrapper \">\r\n\r\n\t\t\t\t\t<div class=\"premium-blog-inner-container\">\r\n\r\n\t\t\t\t\t\t\t\t\t\t\t\t\t\t<h2 class=\"premium-blog-entry-title\">\r\n\t\t\t<a href=\"https:\/\/2024.adventupuli.hr\/it\/advent-u-puli-odgadaju-se-programi-zbog-dana-zalosti\/\" target=\"_blank\">\r\n\t\t\t\tAvvento a Pola \u2013 Programmi modificati per la Giornata del Lutto\t\t\t<\/a>\r\n\t\t<\/h2>\r\n\t\t\r\n\t\t\t\t\t<\/div>\r\n\r\n\t\t\t\t\t\t\t<div class=\"premium-blog-content-inner-wrapper\">\r\n\t\t<p class=\"premium-blog-post-content\">A seguito del tragico evento verificatosi oggi a Zagabria, esprimiamo la nostra pi\u00f9 profonda solidariet\u00e0 alle vittime e alle loro \u2026<\/p>\t\t<\/div>\r\n\t\t\t\t<div class=\"premium-blog-entry-meta\">\r\n\t\t\t\r\n\t\t\t\t\t\t\t<span class=\"premium-blog-meta-separator\">\u2022<\/span>\r\n\t\t\t\t<div class=\"premium-blog-post-time premium-blog-meta-data\">\r\n\t\t\t\t\t<i class=\"fa fa-calendar-alt\" aria-hidden=\"true\"><\/i>\r\n\t\t\t\t\t<span>20. Dicembre 2024.<\/span>\r\n\t\t\t\t<\/div>\r\n\t\t\t\r\n\t\t\t\t\t\t\t<span class=\"premium-blog-meta-separator\">\u2022<\/span>\r\n\t\t\t\t<div class=\"premium-blog-post-categories premium-blog-meta-data\">\r\n\t\t\t\t\t<i class=\"fa fa-align-left fa-fw\" aria-hidden=\"true\"><\/i>\r\n\t\t\t\t\t<a href=\"https:\/\/2024.adventupuli.hr\/it\/category\/notizie\/\" rel=\"category tag\">Notizie<\/a>\t\t\t\t<\/div>\r\n\t\t\t\r\n\t\t\t\t\t<\/div>\r\n\t\t\t\t\t\t\t\r\n\t\t\t\t<\/div>\r\n\t\t\t<\/div>\r\n\t\t<\/div>\r\n\r\n\t\t\t\t<div class=\"premium-blog-post-outer-container\" data-total=\"2\">\r\n\t\t\t<div class=\"premium-blog-post-container premium-blog-skin-cards\">\r\n\t\t\t\t\t\t\t\t\t<div class=\"premium-blog-thumb-effect-wrapper\">\r\n\t\t\t\t\t\t<div class=\"premium-blog-thumbnail-container premium-blog-zoomin-effect\">\r\n\t\t\t\t\t\t\t\t\t\t\t<a href=\"https:\/\/2024.adventupuli.hr\/it\/bozicne-jaslice-u-opcoj-bolnici-pula\/\" target=\"_blank\">\r\n\t\t\t\t<img loading=\"lazy\" decoding=\"async\" width=\"750\" height=\"465\" src=\"https:\/\/2024.adventupuli.hr\/wp-content\/uploads\/2024\/12\/4-750x465.png\" class=\"attachment-post-thumbnail size-post-thumbnail wp-image-19856\" alt=\"\" \/>\t\t\t\t<\/a>\r\n\t\t\t\t\t\t\t\t\t\t<\/div>\r\n\t\t\t\t\t\t\t\t\t\t\t\t\t<div class=\"premium-blog-effect-container premium-blog-framed-effect\">\r\n\t\t\t\t\t\t\t\t<a class=\"premium-blog-post-link\" href=\"https:\/\/2024.adventupuli.hr\/it\/bozicne-jaslice-u-opcoj-bolnici-pula\/\" target=\"_blank\"><span>Il presepe natalizio all\u2019ospedale di Pola<\/span><\/a>\r\n\t\t\t\t\t\t\t\t\t\t\t\t\t\t\t<\/div>\r\n\t\t\t\t\t\t\t\t\t\t\t<\/div>\r\n\t\t\t\t\t\t\t\t\t\t\t\t\t\t\t\t\t\t\t\t\t<div class=\"premium-blog-content-wrapper \">\r\n\r\n\t\t\t\t\t<div class=\"premium-blog-inner-container\">\r\n\r\n\t\t\t\t\t\t\t\t\t\t\t\t\t\t<h2 class=\"premium-blog-entry-title\">\r\n\t\t\t<a href=\"https:\/\/2024.adventupuli.hr\/it\/bozicne-jaslice-u-opcoj-bolnici-pula\/\" target=\"_blank\">\r\n\t\t\t\tIl presepe natalizio all\u2019ospedale di Pola\t\t\t<\/a>\r\n\t\t<\/h2>\r\n\t\t\r\n\t\t\t\t\t<\/div>\r\n\r\n\t\t\t\t\t\t\t<div class=\"premium-blog-content-inner-wrapper\">\r\n\t\t<p class=\"premium-blog-post-content\">Un gesto di grande sensibilit\u00e0 da parte degli organizzatori di Avvento in Arena! Da oggi, l\u2019ospedale generale di Pola accoglie \u2026<\/p>\t\t<\/div>\r\n\t\t\t\t<div class=\"premium-blog-entry-meta\">\r\n\t\t\t\r\n\t\t\t\t\t\t\t<span class=\"premium-blog-meta-separator\">\u2022<\/span>\r\n\t\t\t\t<div class=\"premium-blog-post-time premium-blog-meta-data\">\r\n\t\t\t\t\t<i class=\"fa fa-calendar-alt\" aria-hidden=\"true\"><\/i>\r\n\t\t\t\t\t<span>19. Dicembre 2024.<\/span>\r\n\t\t\t\t<\/div>\r\n\t\t\t\r\n\t\t\t\t\t\t\t<span class=\"premium-blog-meta-separator\">\u2022<\/span>\r\n\t\t\t\t<div class=\"premium-blog-post-categories premium-blog-meta-data\">\r\n\t\t\t\t\t<i class=\"fa fa-align-left fa-fw\" aria-hidden=\"true\"><\/i>\r\n\t\t\t\t\t<a href=\"https:\/\/2024.adventupuli.hr\/it\/category\/notizie\/\" rel=\"category tag\">Notizie<\/a>\t\t\t\t<\/div>\r\n\t\t\t\r\n\t\t\t\t\t<\/div>\r\n\t\t\t\t\t\t\t\r\n\t\t\t\t<\/div>\r\n\t\t\t<\/div>\r\n\t\t<\/div>\r\n\r\n\t\t\t\t<div class=\"premium-blog-post-outer-container\" data-total=\"2\">\r\n\t\t\t<div class=\"premium-blog-post-container premium-blog-skin-cards\">\r\n\t\t\t\t\t\t\t\t\t<div class=\"premium-blog-thumb-effect-wrapper\">\r\n\t\t\t\t\t\t<div class=\"premium-blog-thumbnail-container premium-blog-zoomin-effect\">\r\n\t\t\t\t\t\t\t\t\t\t\t<a href=\"https:\/\/2024.adventupuli.hr\/it\/izuzetni-programi-i-glazba-za-sve-ukuse\/\" target=\"_blank\">\r\n\t\t\t\t<img loading=\"lazy\" decoding=\"async\" width=\"750\" height=\"465\" src=\"https:\/\/2024.adventupuli.hr\/wp-content\/uploads\/2024\/12\/Animacijsko-zabavni-program-na-klizalistu-750x465.jpg\" class=\"attachment-post-thumbnail size-post-thumbnail wp-image-19766\" alt=\"\" \/>\t\t\t\t<\/a>\r\n\t\t\t\t\t\t\t\t\t\t<\/div>\r\n\t\t\t\t\t\t\t\t\t\t\t\t\t<div class=\"premium-blog-effect-container premium-blog-framed-effect\">\r\n\t\t\t\t\t\t\t\t<a class=\"premium-blog-post-link\" href=\"https:\/\/2024.adventupuli.hr\/it\/izuzetni-programi-i-glazba-za-sve-ukuse\/\" target=\"_blank\"><span>Programmi straordinari e musica per tutti i gusti<\/span><\/a>\r\n\t\t\t\t\t\t\t\t\t\t\t\t\t\t\t<\/div>\r\n\t\t\t\t\t\t\t\t\t\t\t<\/div>\r\n\t\t\t\t\t\t\t\t\t\t\t\t\t\t\t\t\t\t\t\t\t<div class=\"premium-blog-content-wrapper \">\r\n\r\n\t\t\t\t\t<div class=\"premium-blog-inner-container\">\r\n\r\n\t\t\t\t\t\t\t\t\t\t\t\t\t\t<h2 class=\"premium-blog-entry-title\">\r\n\t\t\t<a href=\"https:\/\/2024.adventupuli.hr\/it\/izuzetni-programi-i-glazba-za-sve-ukuse\/\" target=\"_blank\">\r\n\t\t\t\tProgrammi straordinari e musica per tutti i gusti\t\t\t<\/a>\r\n\t\t<\/h2>\r\n\t\t\r\n\t\t\t\t\t<\/div>\r\n\r\n\t\t\t\t\t\t\t<div class=\"premium-blog-content-inner-wrapper\">\r\n\t\t<p class=\"premium-blog-post-content\">La seconda met\u00e0 di dicembre sar\u00e0 ricca di eventi per tutte le et\u00e0. Oltre ai programmi quotidiani, alla Residenza di \u2026<\/p>\t\t<\/div>\r\n\t\t\t\t<div class=\"premium-blog-entry-meta\">\r\n\t\t\t\r\n\t\t\t\t\t\t\t<span class=\"premium-blog-meta-separator\">\u2022<\/span>\r\n\t\t\t\t<div class=\"premium-blog-post-time premium-blog-meta-data\">\r\n\t\t\t\t\t<i class=\"fa fa-calendar-alt\" aria-hidden=\"true\"><\/i>\r\n\t\t\t\t\t<span>17. Dicembre 2024.<\/span>\r\n\t\t\t\t<\/div>\r\n\t\t\t\r\n\t\t\t\t\t\t\t<span class=\"premium-blog-meta-separator\">\u2022<\/span>\r\n\t\t\t\t<div class=\"premium-blog-post-categories premium-blog-meta-data\">\r\n\t\t\t\t\t<i class=\"fa fa-align-left fa-fw\" aria-hidden=\"true\"><\/i>\r\n\t\t\t\t\t<a href=\"https:\/\/2024.adventupuli.hr\/it\/category\/notizie\/\" rel=\"category tag\">Notizie<\/a>\t\t\t\t<\/div>\r\n\t\t\t\r\n\t\t\t\t\t<\/div>\r\n\t\t\t\t\t\t\t\r\n\t\t\t\t<\/div>\r\n\t\t\t<\/div>\r\n\t\t<\/div>\r\n\r\n\t\t\t\t<div class=\"premium-blog-post-outer-container\" data-total=\"2\">\r\n\t\t\t<div class=\"premium-blog-post-container premium-blog-skin-cards\">\r\n\t\t\t\t\t\t\t\t\t<div class=\"premium-blog-thumb-effect-wrapper\">\r\n\t\t\t\t\t\t<div class=\"premium-blog-thumbnail-container premium-blog-zoomin-effect\">\r\n\t\t\t\t\t\t\t\t\t\t\t<a href=\"https:\/\/2024.adventupuli.hr\/it\/advent-u-puli-cajanka-na-ledu-djed-mraz-na-motoru-nika-turkovic-i-pavel\/\" target=\"_blank\">\r\n\t\t\t\t<img loading=\"lazy\" decoding=\"async\" width=\"750\" height=\"465\" src=\"https:\/\/2024.adventupuli.hr\/wp-content\/uploads\/2024\/12\/Djed-Mraz-Twin-Horn-750x465.jpg\" class=\"attachment-post-thumbnail size-post-thumbnail wp-image-18925\" alt=\"\" \/>\t\t\t\t<\/a>\r\n\t\t\t\t\t\t\t\t\t\t<\/div>\r\n\t\t\t\t\t\t\t\t\t\t\t\t\t<div class=\"premium-blog-effect-container premium-blog-framed-effect\">\r\n\t\t\t\t\t\t\t\t<a class=\"premium-blog-post-link\" href=\"https:\/\/2024.adventupuli.hr\/it\/advent-u-puli-cajanka-na-ledu-djed-mraz-na-motoru-nika-turkovic-i-pavel\/\" target=\"_blank\"><span>L\u2019Avvento a Pola \u2013 tea party sul ghiaccio, Babbo Natale in moto, Nika Turkovi\u0107 e Pavel<\/span><\/a>\r\n\t\t\t\t\t\t\t\t\t\t\t\t\t\t\t<\/div>\r\n\t\t\t\t\t\t\t\t\t\t\t<\/div>\r\n\t\t\t\t\t\t\t\t\t\t\t\t\t\t\t\t\t\t\t\t\t<div class=\"premium-blog-content-wrapper \">\r\n\r\n\t\t\t\t\t<div class=\"premium-blog-inner-container\">\r\n\r\n\t\t\t\t\t\t\t\t\t\t\t\t\t\t<h2 class=\"premium-blog-entry-title\">\r\n\t\t\t<a href=\"https:\/\/2024.adventupuli.hr\/it\/advent-u-puli-cajanka-na-ledu-djed-mraz-na-motoru-nika-turkovic-i-pavel\/\" target=\"_blank\">\r\n\t\t\t\tL\u2019Avvento a Pola \u2013 tea party sul ghiaccio, Babbo Natale in moto, Nika Turkovi\u0107 e Pavel\t\t\t<\/a>\r\n\t\t<\/h2>\r\n\t\t\r\n\t\t\t\t\t<\/div>\r\n\r\n\t\t\t\t\t\t\t<div class=\"premium-blog-content-inner-wrapper\">\r\n\t\t<p class=\"premium-blog-post-content\">La settimana dell&#8217;Avvento, dall&#8217;11 al 15 dicembre, propone una serie di eventi per tutte le et\u00e0: Mercoled\u00ec 11 dicembre, presso \u2026<\/p>\t\t<\/div>\r\n\t\t\t\t<div class=\"premium-blog-entry-meta\">\r\n\t\t\t\r\n\t\t\t\t\t\t\t<span class=\"premium-blog-meta-separator\">\u2022<\/span>\r\n\t\t\t\t<div class=\"premium-blog-post-time premium-blog-meta-data\">\r\n\t\t\t\t\t<i class=\"fa fa-calendar-alt\" aria-hidden=\"true\"><\/i>\r\n\t\t\t\t\t<span>10. Dicembre 2024.<\/span>\r\n\t\t\t\t<\/div>\r\n\t\t\t\r\n\t\t\t\t\t\t\t<span class=\"premium-blog-meta-separator\">\u2022<\/span>\r\n\t\t\t\t<div class=\"premium-blog-post-categories premium-blog-meta-data\">\r\n\t\t\t\t\t<i class=\"fa fa-align-left fa-fw\" aria-hidden=\"true\"><\/i>\r\n\t\t\t\t\t<a href=\"https:\/\/2024.adventupuli.hr\/it\/category\/notizie\/\" rel=\"category tag\">Notizie<\/a>\t\t\t\t<\/div>\r\n\t\t\t\r\n\t\t\t\t\t<\/div>\r\n\t\t\t\t\t\t\t\r\n\t\t\t\t<\/div>\r\n\t\t\t<\/div>\r\n\t\t<\/div>\r\n\r\n\t\t\t\t<div class=\"premium-blog-post-outer-container\" data-total=\"2\">\r\n\t\t\t<div class=\"premium-blog-post-container premium-blog-skin-cards\">\r\n\t\t\t\t\t\t\t\t\t<div class=\"premium-blog-thumb-effect-wrapper\">\r\n\t\t\t\t\t\t<div class=\"premium-blog-thumbnail-container premium-blog-zoomin-effect\">\r\n\t\t\t\t\t\t\t\t\t\t\t<a href=\"https:\/\/2024.adventupuli.hr\/it\/nestvarni-prizori-i-prvi-klizaci-na-ledu-otvoren-je-prvi-advent-u-areni\/\" target=\"_blank\">\r\n\t\t\t\t<img loading=\"lazy\" decoding=\"async\" width=\"750\" height=\"465\" src=\"https:\/\/2024.adventupuli.hr\/wp-content\/uploads\/2024\/12\/Arena-750x465.jpg\" class=\"attachment-post-thumbnail size-post-thumbnail wp-image-18396\" alt=\"\" \/>\t\t\t\t<\/a>\r\n\t\t\t\t\t\t\t\t\t\t<\/div>\r\n\t\t\t\t\t\t\t\t\t\t\t\t\t<div class=\"premium-blog-effect-container premium-blog-framed-effect\">\r\n\t\t\t\t\t\t\t\t<a class=\"premium-blog-post-link\" href=\"https:\/\/2024.adventupuli.hr\/it\/nestvarni-prizori-i-prvi-klizaci-na-ledu-otvoren-je-prvi-advent-u-areni\/\" target=\"_blank\"><span>Scene fiabesche e pattinatori sul ghiaccio: inaugurato il primo Avvento all\u2019Arena!<\/span><\/a>\r\n\t\t\t\t\t\t\t\t\t\t\t\t\t\t\t<\/div>\r\n\t\t\t\t\t\t\t\t\t\t\t<\/div>\r\n\t\t\t\t\t\t\t\t\t\t\t\t\t\t\t\t\t\t\t\t\t<div class=\"premium-blog-content-wrapper \">\r\n\r\n\t\t\t\t\t<div class=\"premium-blog-inner-container\">\r\n\r\n\t\t\t\t\t\t\t\t\t\t\t\t\t\t<h2 class=\"premium-blog-entry-title\">\r\n\t\t\t<a href=\"https:\/\/2024.adventupuli.hr\/it\/nestvarni-prizori-i-prvi-klizaci-na-ledu-otvoren-je-prvi-advent-u-areni\/\" target=\"_blank\">\r\n\t\t\t\tScene fiabesche e pattinatori sul ghiaccio: inaugurato il primo Avvento all\u2019Arena!\t\t\t<\/a>\r\n\t\t<\/h2>\r\n\t\t\r\n\t\t\t\t\t<\/div>\r\n\r\n\t\t\t\t\t\t\t<div class=\"premium-blog-content-inner-wrapper\">\r\n\t\t<p class=\"premium-blog-post-content\">O Questo venerd\u00ec, l\u2019Arena di Pola ha brillato per la prima volta nel suo splendore natalizio, accogliendo un folto pubblico. \u2026<\/p>\t\t<\/div>\r\n\t\t\t\t<div class=\"premium-blog-entry-meta\">\r\n\t\t\t\r\n\t\t\t\t\t\t\t<span class=\"premium-blog-meta-separator\">\u2022<\/span>\r\n\t\t\t\t<div class=\"premium-blog-post-time premium-blog-meta-data\">\r\n\t\t\t\t\t<i class=\"fa fa-calendar-alt\" aria-hidden=\"true\"><\/i>\r\n\t\t\t\t\t<span>7. Dicembre 2024.<\/span>\r\n\t\t\t\t<\/div>\r\n\t\t\t\r\n\t\t\t\t\t\t\t<span class=\"premium-blog-meta-separator\">\u2022<\/span>\r\n\t\t\t\t<div class=\"premium-blog-post-categories premium-blog-meta-data\">\r\n\t\t\t\t\t<i class=\"fa fa-align-left fa-fw\" aria-hidden=\"true\"><\/i>\r\n\t\t\t\t\t<a href=\"https:\/\/2024.adventupuli.hr\/it\/category\/notizie\/\" rel=\"category tag\">Notizie<\/a>\t\t\t\t<\/div>\r\n\t\t\t\r\n\t\t\t\t\t<\/div>\r\n\t\t\t\t\t\t\t\r\n\t\t\t\t<\/div>\r\n\t\t\t<\/div>\r\n\t\t<\/div>\r\n\r\n\t\t\t\t<div class=\"premium-blog-post-outer-container\" data-total=\"2\">\r\n\t\t\t<div class=\"premium-blog-post-container premium-blog-skin-cards\">\r\n\t\t\t\t\t\t\t\t\t<div class=\"premium-blog-thumb-effect-wrapper\">\r\n\t\t\t\t\t\t<div class=\"premium-blog-thumbnail-container premium-blog-zoomin-effect\">\r\n\t\t\t\t\t\t\t\t\t\t\t<a href=\"https:\/\/2024.adventupuli.hr\/it\/sve-je-spremno-za-prvi-advent-u-areni-uz-do-sada-nevidene-prizore\/\" target=\"_blank\">\r\n\t\t\t\t<img loading=\"lazy\" decoding=\"async\" width=\"750\" height=\"465\" src=\"https:\/\/2024.adventupuli.hr\/wp-content\/uploads\/2024\/12\/Arena-3-750x465.jpg\" class=\"attachment-post-thumbnail size-post-thumbnail wp-image-17942\" alt=\"\" \/>\t\t\t\t<\/a>\r\n\t\t\t\t\t\t\t\t\t\t<\/div>\r\n\t\t\t\t\t\t\t\t\t\t\t\t\t<div class=\"premium-blog-effect-container premium-blog-framed-effect\">\r\n\t\t\t\t\t\t\t\t<a class=\"premium-blog-post-link\" href=\"https:\/\/2024.adventupuli.hr\/it\/sve-je-spremno-za-prvi-advent-u-areni-uz-do-sada-nevidene-prizore\/\" target=\"_blank\"><span>Tutto \u00e8 pronto per il primo Avvento in Arena con scenografie inedite!<\/span><\/a>\r\n\t\t\t\t\t\t\t\t\t\t\t\t\t\t\t<\/div>\r\n\t\t\t\t\t\t\t\t\t\t\t<\/div>\r\n\t\t\t\t\t\t\t\t\t\t\t\t\t\t\t\t\t\t\t\t\t<div class=\"premium-blog-content-wrapper \">\r\n\r\n\t\t\t\t\t<div class=\"premium-blog-inner-container\">\r\n\r\n\t\t\t\t\t\t\t\t\t\t\t\t\t\t<h2 class=\"premium-blog-entry-title\">\r\n\t\t\t<a href=\"https:\/\/2024.adventupuli.hr\/it\/sve-je-spremno-za-prvi-advent-u-areni-uz-do-sada-nevidene-prizore\/\" target=\"_blank\">\r\n\t\t\t\tTutto \u00e8 pronto per il primo Avvento in Arena con scenografie inedite!\t\t\t<\/a>\r\n\t\t<\/h2>\r\n\t\t\r\n\t\t\t\t\t<\/div>\r\n\r\n\t\t\t\t\t\t\t<div class=\"premium-blog-content-inner-wrapper\">\r\n\t\t<p class=\"premium-blog-post-content\">Dietro le antiche mura dell\u2019anfiteatro fervono gli ultimi preparativi affinch\u00e9, dal 6 dicembre, la magia del Natale possa diventare protagonista. \u2026<\/p>\t\t<\/div>\r\n\t\t\t\t<div class=\"premium-blog-entry-meta\">\r\n\t\t\t\r\n\t\t\t\t\t\t\t<span class=\"premium-blog-meta-separator\">\u2022<\/span>\r\n\t\t\t\t<div class=\"premium-blog-post-time premium-blog-meta-data\">\r\n\t\t\t\t\t<i class=\"fa fa-calendar-alt\" aria-hidden=\"true\"><\/i>\r\n\t\t\t\t\t<span>4. Dicembre 2024.<\/span>\r\n\t\t\t\t<\/div>\r\n\t\t\t\r\n\t\t\t\t\t\t\t<span class=\"premium-blog-meta-separator\">\u2022<\/span>\r\n\t\t\t\t<div class=\"premium-blog-post-categories premium-blog-meta-data\">\r\n\t\t\t\t\t<i class=\"fa fa-align-left fa-fw\" aria-hidden=\"true\"><\/i>\r\n\t\t\t\t\t<a href=\"https:\/\/2024.adventupuli.hr\/it\/category\/notizie\/\" rel=\"category tag\">Notizie<\/a>\t\t\t\t<\/div>\r\n\t\t\t\r\n\t\t\t\t\t<\/div>\r\n\t\t\t\t\t\t\t\r\n\t\t\t\t<\/div>\r\n\t\t\t<\/div>\r\n\t\t<\/div>\r\n\r\n\t\t\t\t<div class=\"premium-blog-post-outer-container\" data-total=\"2\">\r\n\t\t\t<div class=\"premium-blog-post-container premium-blog-skin-cards\">\r\n\t\t\t\t\t\t\t\t\t<div class=\"premium-blog-thumb-effect-wrapper\">\r\n\t\t\t\t\t\t<div class=\"premium-blog-thumbnail-container premium-blog-zoomin-effect\">\r\n\t\t\t\t\t\t\t\t\t\t\t<a href=\"https:\/\/2024.adventupuli.hr\/it\/obilje-djecjih-programa-docek-svetog-nikole-i-rambo-amadeus\/\" target=\"_blank\">\r\n\t\t\t\t<img loading=\"lazy\" decoding=\"async\" width=\"750\" height=\"465\" src=\"https:\/\/2024.adventupuli.hr\/wp-content\/uploads\/2024\/12\/1-Park-grada-Graza-750x465.jpg\" class=\"attachment-post-thumbnail size-post-thumbnail wp-image-17893\" alt=\"\" \/>\t\t\t\t<\/a>\r\n\t\t\t\t\t\t\t\t\t\t<\/div>\r\n\t\t\t\t\t\t\t\t\t\t\t\t\t<div class=\"premium-blog-effect-container premium-blog-framed-effect\">\r\n\t\t\t\t\t\t\t\t<a class=\"premium-blog-post-link\" href=\"https:\/\/2024.adventupuli.hr\/it\/obilje-djecjih-programa-docek-svetog-nikole-i-rambo-amadeus\/\" target=\"_blank\"><span>Un&#8217;abbondanza di programmi per bambini, l&#8217;arrivo di San Nicol\u00f2 e Rambo Amadeus<\/span><\/a>\r\n\t\t\t\t\t\t\t\t\t\t\t\t\t\t\t<\/div>\r\n\t\t\t\t\t\t\t\t\t\t\t<\/div>\r\n\t\t\t\t\t\t\t\t\t\t\t\t\t\t\t\t\t\t\t\t\t<div class=\"premium-blog-content-wrapper \">\r\n\r\n\t\t\t\t\t<div class=\"premium-blog-inner-container\">\r\n\r\n\t\t\t\t\t\t\t\t\t\t\t\t\t\t<h2 class=\"premium-blog-entry-title\">\r\n\t\t\t<a href=\"https:\/\/2024.adventupuli.hr\/it\/obilje-djecjih-programa-docek-svetog-nikole-i-rambo-amadeus\/\" target=\"_blank\">\r\n\t\t\t\tUn&#8217;abbondanza di programmi per bambini, l&#8217;arrivo di San Nicol\u00f2 e Rambo Amadeus\t\t\t<\/a>\r\n\t\t<\/h2>\r\n\t\t\r\n\t\t\t\t\t<\/div>\r\n\r\n\t\t\t\t\t\t\t<div class=\"premium-blog-content-inner-wrapper\">\r\n\t\t<p class=\"premium-blog-post-content\">La prossima settimana dell&#8217;Avvento offrir\u00e0 numerosi eventi per bambini, l\u2019arrivo di San Nicol\u00f2 e la spettacolare inaugurazione della pista di \u2026<\/p>\t\t<\/div>\r\n\t\t\t\t<div class=\"premium-blog-entry-meta\">\r\n\t\t\t\r\n\t\t\t\t\t\t\t<span class=\"premium-blog-meta-separator\">\u2022<\/span>\r\n\t\t\t\t<div class=\"premium-blog-post-time premium-blog-meta-data\">\r\n\t\t\t\t\t<i class=\"fa fa-calendar-alt\" aria-hidden=\"true\"><\/i>\r\n\t\t\t\t\t<span>3. Dicembre 2024.<\/span>\r\n\t\t\t\t<\/div>\r\n\t\t\t\r\n\t\t\t\t\t\t\t<span class=\"premium-blog-meta-separator\">\u2022<\/span>\r\n\t\t\t\t<div class=\"premium-blog-post-categories premium-blog-meta-data\">\r\n\t\t\t\t\t<i class=\"fa fa-align-left fa-fw\" aria-hidden=\"true\"><\/i>\r\n\t\t\t\t\t<a href=\"https:\/\/2024.adventupuli.hr\/it\/category\/notizie\/\" rel=\"category tag\">Notizie<\/a>\t\t\t\t<\/div>\r\n\t\t\t\r\n\t\t\t\t\t<\/div>\r\n\t\t\t\t\t\t\t\r\n\t\t\t\t<\/div>\r\n\t\t\t<\/div>\r\n\t\t<\/div>\r\n\r\n\t\t\t\t<div class=\"premium-blog-post-outer-container\" data-total=\"2\">\r\n\t\t\t<div class=\"premium-blog-post-container premium-blog-skin-cards\">\r\n\t\t\t\t\t\t\t\t\t<div class=\"premium-blog-thumb-effect-wrapper\">\r\n\t\t\t\t\t\t<div class=\"premium-blog-thumbnail-container premium-blog-zoomin-effect\">\r\n\t\t\t\t\t\t\t\t\t\t\t<a href=\"https:\/\/2024.adventupuli.hr\/it\/privremeno-zatvaranje-prometa\/\" target=\"_blank\">\r\n\t\t\t\t<img loading=\"lazy\" decoding=\"async\" width=\"750\" height=\"465\" src=\"https:\/\/2024.adventupuli.hr\/wp-content\/uploads\/2024\/11\/Advent-u-Puli1-750x465.jpg\" class=\"attachment-post-thumbnail size-post-thumbnail wp-image-17459\" alt=\"\" \/>\t\t\t\t<\/a>\r\n\t\t\t\t\t\t\t\t\t\t<\/div>\r\n\t\t\t\t\t\t\t\t\t\t\t\t\t<div class=\"premium-blog-effect-container premium-blog-framed-effect\">\r\n\t\t\t\t\t\t\t\t<a class=\"premium-blog-post-link\" href=\"https:\/\/2024.adventupuli.hr\/it\/privremeno-zatvaranje-prometa\/\" target=\"_blank\"><span>AVVISO DI CHIUSURA TEMPORANEA DEL TRAFFICO<\/span><\/a>\r\n\t\t\t\t\t\t\t\t\t\t\t\t\t\t\t<\/div>\r\n\t\t\t\t\t\t\t\t\t\t\t<\/div>\r\n\t\t\t\t\t\t\t\t\t\t\t\t\t\t\t\t\t\t\t\t\t<div class=\"premium-blog-content-wrapper \">\r\n\r\n\t\t\t\t\t<div class=\"premium-blog-inner-container\">\r\n\r\n\t\t\t\t\t\t\t\t\t\t\t\t\t\t<h2 class=\"premium-blog-entry-title\">\r\n\t\t\t<a href=\"https:\/\/2024.adventupuli.hr\/it\/privremeno-zatvaranje-prometa\/\" target=\"_blank\">\r\n\t\t\t\tAVVISO DI CHIUSURA TEMPORANEA DEL TRAFFICO\t\t\t<\/a>\r\n\t\t<\/h2>\r\n\t\t\r\n\t\t\t\t\t<\/div>\r\n\r\n\t\t\t\t\t\t\t<div class=\"premium-blog-content-inner-wrapper\">\r\n\t\t<p class=\"premium-blog-post-content\">Informiamo il pubblico sugli orari della chiusura temporanea del traffico in occasione della manifestazione &#8220;Avvento a Pola \u2013 L\u2019avvento a \u2026<\/p>\t\t<\/div>\r\n\t\t\t\t<div class=\"premium-blog-entry-meta\">\r\n\t\t\t\r\n\t\t\t\t\t\t\t<span class=\"premium-blog-meta-separator\">\u2022<\/span>\r\n\t\t\t\t<div class=\"premium-blog-post-time premium-blog-meta-data\">\r\n\t\t\t\t\t<i class=\"fa fa-calendar-alt\" aria-hidden=\"true\"><\/i>\r\n\t\t\t\t\t<span>29. Novembre 2024.<\/span>\r\n\t\t\t\t<\/div>\r\n\t\t\t\r\n\t\t\t\t\t\t\t<span class=\"premium-blog-meta-separator\">\u2022<\/span>\r\n\t\t\t\t<div class=\"premium-blog-post-categories premium-blog-meta-data\">\r\n\t\t\t\t\t<i class=\"fa fa-align-left fa-fw\" aria-hidden=\"true\"><\/i>\r\n\t\t\t\t\t<a href=\"https:\/\/2024.adventupuli.hr\/it\/category\/notizie\/\" rel=\"category tag\">Notizie<\/a>\t\t\t\t<\/div>\r\n\t\t\t\r\n\t\t\t\t\t<\/div>\r\n\t\t\t\t\t\t\t\r\n\t\t\t\t<\/div>\r\n\t\t\t<\/div>\r\n\t\t<\/div>\r\n\r\n\t\t\t\t<div class=\"premium-blog-post-outer-container\" data-total=\"2\">\r\n\t\t\t<div class=\"premium-blog-post-container premium-blog-skin-cards\">\r\n\t\t\t\t\t\t\t\t\t<div class=\"premium-blog-thumb-effect-wrapper\">\r\n\t\t\t\t\t\t<div class=\"premium-blog-thumbnail-container premium-blog-zoomin-effect\">\r\n\t\t\t\t\t\t\t\t\t\t\t<a href=\"https:\/\/2024.adventupuli.hr\/it\/bogat-program-zapocinje-vec-1-prosinca\/\" target=\"_blank\">\r\n\t\t\t\t<img loading=\"lazy\" decoding=\"async\" width=\"750\" height=\"465\" src=\"https:\/\/2024.adventupuli.hr\/wp-content\/uploads\/2024\/11\/Advent-u-Puli-750x465.jpg\" class=\"attachment-post-thumbnail size-post-thumbnail wp-image-17336\" alt=\"\" \/>\t\t\t\t<\/a>\r\n\t\t\t\t\t\t\t\t\t\t<\/div>\r\n\t\t\t\t\t\t\t\t\t\t\t\t\t<div class=\"premium-blog-effect-container premium-blog-framed-effect\">\r\n\t\t\t\t\t\t\t\t<a class=\"premium-blog-post-link\" href=\"https:\/\/2024.adventupuli.hr\/it\/bogat-program-zapocinje-vec-1-prosinca\/\" target=\"_blank\"><span>Il ricco programma inizia gi\u00e0 il 1\u00b0 dicembre!<\/span><\/a>\r\n\t\t\t\t\t\t\t\t\t\t\t\t\t\t\t<\/div>\r\n\t\t\t\t\t\t\t\t\t\t\t<\/div>\r\n\t\t\t\t\t\t\t\t\t\t\t\t\t\t\t\t\t\t\t\t\t<div class=\"premium-blog-content-wrapper \">\r\n\r\n\t\t\t\t\t<div class=\"premium-blog-inner-container\">\r\n\r\n\t\t\t\t\t\t\t\t\t\t\t\t\t\t<h2 class=\"premium-blog-entry-title\">\r\n\t\t\t<a href=\"https:\/\/2024.adventupuli.hr\/it\/bogat-program-zapocinje-vec-1-prosinca\/\" target=\"_blank\">\r\n\t\t\t\tIl ricco programma inizia gi\u00e0 il 1\u00b0 dicembre!\t\t\t<\/a>\r\n\t\t<\/h2>\r\n\t\t\r\n\t\t\t\t\t<\/div>\r\n\r\n\t\t\t\t\t\t\t<div class=\"premium-blog-content-inner-wrapper\">\r\n\t\t<p class=\"premium-blog-post-content\">Mentre i preparativi per la magia natalizia nell\u2019Arena sono in pieno svolgimento, tutte le altre location sono pronte per l\u2019apertura \u2026<\/p>\t\t<\/div>\r\n\t\t\t\t<div class=\"premium-blog-entry-meta\">\r\n\t\t\t\r\n\t\t\t\t\t\t\t<span class=\"premium-blog-meta-separator\">\u2022<\/span>\r\n\t\t\t\t<div class=\"premium-blog-post-time premium-blog-meta-data\">\r\n\t\t\t\t\t<i class=\"fa fa-calendar-alt\" aria-hidden=\"true\"><\/i>\r\n\t\t\t\t\t<span>27. Novembre 2024.<\/span>\r\n\t\t\t\t<\/div>\r\n\t\t\t\r\n\t\t\t\t\t\t\t<span class=\"premium-blog-meta-separator\">\u2022<\/span>\r\n\t\t\t\t<div class=\"premium-blog-post-categories premium-blog-meta-data\">\r\n\t\t\t\t\t<i class=\"fa fa-align-left fa-fw\" aria-hidden=\"true\"><\/i>\r\n\t\t\t\t\t<a href=\"https:\/\/2024.adventupuli.hr\/it\/category\/notizie\/\" rel=\"category tag\">Notizie<\/a>\t\t\t\t<\/div>\r\n\t\t\t\r\n\t\t\t\t\t<\/div>\r\n\t\t\t\t\t\t\t\r\n\t\t\t\t<\/div>\r\n\t\t\t<\/div>\r\n\t\t<\/div>\r\n\r\n\t\t\t\t<div class=\"premium-blog-post-outer-container\" data-total=\"2\">\r\n\t\t\t<div class=\"premium-blog-post-container premium-blog-skin-cards\">\r\n\t\t\t\t\t\t\t\t\t<div class=\"premium-blog-thumb-effect-wrapper\">\r\n\t\t\t\t\t\t<div class=\"premium-blog-thumbnail-container premium-blog-zoomin-effect\">\r\n\t\t\t\t\t\t\t\t\t\t\t<a href=\"https:\/\/2024.adventupuli.hr\/it\/za-vrijeme-adventa-besplatno-parkiranje-od-17-sati\/\" target=\"_blank\">\r\n\t\t\t\t<img loading=\"lazy\" decoding=\"async\" width=\"750\" height=\"465\" src=\"https:\/\/2024.adventupuli.hr\/wp-content\/uploads\/2024\/11\/Grad-5-750x465.jpg\" class=\"attachment-post-thumbnail size-post-thumbnail wp-image-16514\" alt=\"\" \/>\t\t\t\t<\/a>\r\n\t\t\t\t\t\t\t\t\t\t<\/div>\r\n\t\t\t\t\t\t\t\t\t\t\t\t\t<div class=\"premium-blog-effect-container premium-blog-framed-effect\">\r\n\t\t\t\t\t\t\t\t<a class=\"premium-blog-post-link\" href=\"https:\/\/2024.adventupuli.hr\/it\/za-vrijeme-adventa-besplatno-parkiranje-od-17-sati\/\" target=\"_blank\"><span>Durante l&#8217;Avvento parcheggio gratuito dalle ore 17.00<\/span><\/a>\r\n\t\t\t\t\t\t\t\t\t\t\t\t\t\t\t<\/div>\r\n\t\t\t\t\t\t\t\t\t\t\t<\/div>\r\n\t\t\t\t\t\t\t\t\t\t\t\t\t\t\t\t\t\t\t\t\t<div class=\"premium-blog-content-wrapper \">\r\n\r\n\t\t\t\t\t<div class=\"premium-blog-inner-container\">\r\n\r\n\t\t\t\t\t\t\t\t\t\t\t\t\t\t<h2 class=\"premium-blog-entry-title\">\r\n\t\t\t<a href=\"https:\/\/2024.adventupuli.hr\/it\/za-vrijeme-adventa-besplatno-parkiranje-od-17-sati\/\" target=\"_blank\">\r\n\t\t\t\tDurante l&#8217;Avvento parcheggio gratuito dalle ore 17.00\t\t\t<\/a>\r\n\t\t<\/h2>\r\n\t\t\r\n\t\t\t\t\t<\/div>\r\n\r\n\t\t\t\t\t\t\t<div class=\"premium-blog-content-inner-wrapper\">\r\n\t\t<p class=\"premium-blog-post-content\">Dal 1 dicembre al 6 gennaio In occasione dell&#8217;Avvento a Pola \u2013 Advent u Puli, la Citt\u00e0 di Pola promuove \u2026<\/p>\t\t<\/div>\r\n\t\t\t\t<div class=\"premium-blog-entry-meta\">\r\n\t\t\t\r\n\t\t\t\t\t\t\t<span class=\"premium-blog-meta-separator\">\u2022<\/span>\r\n\t\t\t\t<div class=\"premium-blog-post-time premium-blog-meta-data\">\r\n\t\t\t\t\t<i class=\"fa fa-calendar-alt\" aria-hidden=\"true\"><\/i>\r\n\t\t\t\t\t<span>19. Novembre 2024.<\/span>\r\n\t\t\t\t<\/div>\r\n\t\t\t\r\n\t\t\t\t\t\t\t<span class=\"premium-blog-meta-separator\">\u2022<\/span>\r\n\t\t\t\t<div class=\"premium-blog-post-categories premium-blog-meta-data\">\r\n\t\t\t\t\t<i class=\"fa fa-align-left fa-fw\" aria-hidden=\"true\"><\/i>\r\n\t\t\t\t\t<a href=\"https:\/\/2024.adventupuli.hr\/it\/category\/notizie\/\" rel=\"category tag\">Notizie<\/a>\t\t\t\t<\/div>\r\n\t\t\t\r\n\t\t\t\t\t<\/div>\r\n\t\t\t\t\t\t\t\r\n\t\t\t\t<\/div>\r\n\t\t\t<\/div>\r\n\t\t<\/div>\r\n\r\n\t\t\t\t<div class=\"premium-blog-post-outer-container\" data-total=\"2\">\r\n\t\t\t<div class=\"premium-blog-post-container premium-blog-skin-cards\">\r\n\t\t\t\t\t\t\t\t\t<div class=\"premium-blog-thumb-effect-wrapper\">\r\n\t\t\t\t\t\t<div class=\"premium-blog-thumbnail-container premium-blog-zoomin-effect\">\r\n\t\t\t\t\t\t\t\t\t\t\t<a href=\"https:\/\/2024.adventupuli.hr\/it\/javni-poziv-na-dostavu-ponuda-za-preostale-adventske-kucice\/\" target=\"_blank\">\r\n\t\t\t\t<img loading=\"lazy\" decoding=\"async\" width=\"750\" height=\"465\" src=\"https:\/\/2024.adventupuli.hr\/wp-content\/uploads\/2024\/10\/aRENA-UNUTRA-750x465.png\" class=\"attachment-post-thumbnail size-post-thumbnail wp-image-15731\" alt=\"\" \/>\t\t\t\t<\/a>\r\n\t\t\t\t\t\t\t\t\t\t<\/div>\r\n\t\t\t\t\t\t\t\t\t\t\t\t\t<div class=\"premium-blog-effect-container premium-blog-framed-effect\">\r\n\t\t\t\t\t\t\t\t<a class=\"premium-blog-post-link\" href=\"https:\/\/2024.adventupuli.hr\/it\/javni-poziv-na-dostavu-ponuda-za-preostale-adventske-kucice\/\" target=\"_blank\"><span>Gara d&#8217;appalto pubblica per le rimanenti case dell&#8217;Avvento<\/span><\/a>\r\n\t\t\t\t\t\t\t\t\t\t\t\t\t\t\t<\/div>\r\n\t\t\t\t\t\t\t\t\t\t\t<\/div>\r\n\t\t\t\t\t\t\t\t\t\t\t\t\t\t\t\t\t\t\t\t\t<div class=\"premium-blog-content-wrapper \">\r\n\r\n\t\t\t\t\t<div class=\"premium-blog-inner-container\">\r\n\r\n\t\t\t\t\t\t\t\t\t\t\t\t\t\t<h2 class=\"premium-blog-entry-title\">\r\n\t\t\t<a href=\"https:\/\/2024.adventupuli.hr\/it\/javni-poziv-na-dostavu-ponuda-za-preostale-adventske-kucice\/\" target=\"_blank\">\r\n\t\t\t\tGara d&#8217;appalto pubblica per le rimanenti case dell&#8217;Avvento\t\t\t<\/a>\r\n\t\t<\/h2>\r\n\t\t\r\n\t\t\t\t\t<\/div>\r\n\r\n\t\t\t\t\t\t\t<div class=\"premium-blog-content-inner-wrapper\">\r\n\t\t<p class=\"premium-blog-post-content\">Ai sensi della Decisione del Consiglio d\u2019amministrazione del Pula Film Festival adottata nella riunione del 21 ottobre 2024 nonch\u00e9 del \u2026<\/p>\t\t<\/div>\r\n\t\t\t\t<div class=\"premium-blog-entry-meta\">\r\n\t\t\t\r\n\t\t\t\t\t\t\t<span class=\"premium-blog-meta-separator\">\u2022<\/span>\r\n\t\t\t\t<div class=\"premium-blog-post-time premium-blog-meta-data\">\r\n\t\t\t\t\t<i class=\"fa fa-calendar-alt\" aria-hidden=\"true\"><\/i>\r\n\t\t\t\t\t<span>15. Novembre 2024.<\/span>\r\n\t\t\t\t<\/div>\r\n\t\t\t\r\n\t\t\t\t\t\t\t<span class=\"premium-blog-meta-separator\">\u2022<\/span>\r\n\t\t\t\t<div class=\"premium-blog-post-categories premium-blog-meta-data\">\r\n\t\t\t\t\t<i class=\"fa fa-align-left fa-fw\" aria-hidden=\"true\"><\/i>\r\n\t\t\t\t\t<a href=\"https:\/\/2024.adventupuli.hr\/it\/category\/notizie\/\" rel=\"category tag\">Notizie<\/a>\t\t\t\t<\/div>\r\n\t\t\t\r\n\t\t\t\t\t<\/div>\r\n\t\t\t\t\t\t\t\r\n\t\t\t\t<\/div>\r\n\t\t\t<\/div>\r\n\t\t<\/div>\r\n\r\n\t\t\t\t<\/div>\r\n\r\n\t\t\t\t<\/div>\n\t\t\t\t<\/div>\n\t\t\t\t\t<\/div>\n\t\t<\/div>\n\t\t\t\t\t<\/div>\n\t\t<\/section>\n\t\t\t\t<section class=\"elementor-section elementor-top-section elementor-element elementor-element-5e4b4100 elementor-section-boxed elementor-section-height-default elementor-section-height-default\" data-id=\"5e4b4100\" data-element_type=\"section\">\n\t\t\t\t\t\t<div class=\"elementor-container elementor-column-gap-default\">\n\t\t\t\t\t<div class=\"elementor-column elementor-col-100 elementor-top-column elementor-element elementor-element-4fd2b6aa\" data-id=\"4fd2b6aa\" data-element_type=\"column\">\n\t\t\t<div class=\"elementor-widget-wrap elementor-element-populated\">\n\t\t\t\t\t\t<div class=\"elementor-element elementor-element-7af238e9 elementor-widget elementor-widget-etn-upcoming-expire-tab\" data-id=\"7af238e9\" data-element_type=\"widget\" data-settings=\"{&quot;ekit_we_effect_on&quot;:&quot;none&quot;}\" data-widget_type=\"etn-upcoming-expire-tab.default\">\n\t\t\t\t<div class=\"elementor-widget-container\">\n\t\t\t<!-- schedule tab start -->\n<div class=\"event-tab-wrapper etn-tab-wrapper event-tab-1\">\n\t<ul class='etn-nav'>\n\t\t\t\t\t\t\t\t<li>\n\t\t\t\t\t\t\t\t<a href='#' class='etn-tab-a etn-active' data-id='tab7af238e9-1'>\n\t\t\t\t\t\t\t\t\t\tPROGRAMMI DI OGNI GIORNO\t\t\t\t\t\t\t\t<\/a>\n\t\t\t\t\t\t<\/li>\n\t\t\t\t\t\t\t<\/ul>\n\n\t<div class='etn-tab-content clearfix etn-schedule-wrap'>\n\t\t\t\t\t\t\t<div class=\"etn-tab tab-active\" data-id='tab7af238e9-1'>\n\t\t\t\t\t\t\t<div class='etn-row etn-event-wrapper'>\n        <div class=\"etn-col-md-6 etn-col-lg-6\">\n        <div class=\"etn-event-item\">\n            <!-- thumbnail -->\n                        <div class=\"etn-event-thumb\">\n                <a \n                    href=\"https:\/\/2024.adventupuli.hr\/it\/dogadaj\/kucica-bake-i-djeda-mraza\/\" \n                    aria-label=\"Gara d&#8217;appalto pubblica per le rimanenti case dell&#8217;Avvento\"\n                >\n                    <img loading=\"lazy\" decoding=\"async\" width=\"800\" height=\"534\" src=\"https:\/\/2024.adventupuli.hr\/wp-content\/uploads\/2024\/11\/kucica-1024x683.jpg\" class=\"attachment-large size-large wp-post-image\" alt=\"\" srcset=\"https:\/\/2024.adventupuli.hr\/wp-content\/uploads\/2024\/11\/kucica-1024x683.jpg 1024w, https:\/\/2024.adventupuli.hr\/wp-content\/uploads\/2024\/11\/kucica-300x200.jpg 300w, https:\/\/2024.adventupuli.hr\/wp-content\/uploads\/2024\/11\/kucica-768x512.jpg 768w, https:\/\/2024.adventupuli.hr\/wp-content\/uploads\/2024\/11\/kucica-1536x1024.jpg 1536w, https:\/\/2024.adventupuli.hr\/wp-content\/uploads\/2024\/11\/kucica.jpg 1620w\" sizes=\"(max-width: 800px) 100vw, 800px\" \/>                <\/a>\n                <div class=\"etn-event-category\">\n                    <span>Programma giornaliero<\/span>                 <\/div>\n                            <\/div>\n                        <!-- thumbnail start-->\n\n            <!-- content start-->\n            <div class=\"etn-event-content\">\n                                                                                        \n                <h3 class=\"etn-title etn-event-title\"><a href=\"https:\/\/2024.adventupuli.hr\/it\/dogadaj\/kucica-bake-i-djeda-mraza\/\">\n                    La Casetta di Mamma e Babbo Natale<\/a>\n                <\/h3>\n                                    <p>\n                        Nel Parco Magico i bambini troveranno tante sorprese! Nel cuore della citt\u00e0, nel Parco della Citt\u00e0 di Graz, ogni giorno risuoneranno le voci allegre degli elfi e le risate della                    <\/p>\n                                \n                <div class=\"etn-event-footer\">\n                    <div class=\"etn-event-date\">\n                                    <span>\n\t\t\t\t<i class=\"etn-icon etn-calendar\"><\/i>\n                1\/12\/2024            <\/span>\n\t\t\t                    <\/div>\n                   \n                <\/div>\n            <\/div>\n            <!-- content end-->\n        <\/div>\n        <!-- etn event item end-->\n    <\/div>\n        <div class=\"etn-col-md-6 etn-col-lg-6\">\n        <div class=\"etn-event-item\">\n            <!-- thumbnail -->\n                        <div class=\"etn-event-thumb\">\n                <a \n                    href=\"https:\/\/2024.adventupuli.hr\/it\/dogadaj\/advent-u-areni\/\" \n                    aria-label=\"Gara d&#8217;appalto pubblica per le rimanenti case dell&#8217;Avvento\"\n                >\n                    <img loading=\"lazy\" decoding=\"async\" width=\"800\" height=\"534\" src=\"https:\/\/2024.adventupuli.hr\/wp-content\/uploads\/2024\/11\/facew-1024x683.jpg\" class=\"attachment-large size-large wp-post-image\" alt=\"\" srcset=\"https:\/\/2024.adventupuli.hr\/wp-content\/uploads\/2024\/11\/facew-1024x683.jpg 1024w, https:\/\/2024.adventupuli.hr\/wp-content\/uploads\/2024\/11\/facew-300x200.jpg 300w, https:\/\/2024.adventupuli.hr\/wp-content\/uploads\/2024\/11\/facew-768x512.jpg 768w, https:\/\/2024.adventupuli.hr\/wp-content\/uploads\/2024\/11\/facew-1536x1024.jpg 1536w, https:\/\/2024.adventupuli.hr\/wp-content\/uploads\/2024\/11\/facew.jpg 1620w\" sizes=\"(max-width: 800px) 100vw, 800px\" \/>                <\/a>\n                <div class=\"etn-event-category\">\n                    <span>Programma giornaliero<\/span>                 <\/div>\n                            <\/div>\n                        <!-- thumbnail start-->\n\n            <!-- content start-->\n            <div class=\"etn-event-content\">\n                                                                                        \n                <h3 class=\"etn-title etn-event-title\"><a href=\"https:\/\/2024.adventupuli.hr\/it\/dogadaj\/advent-u-areni\/\">\n                    L&#8217;Avvento nell&#8217;Arena<\/a>\n                <\/h3>\n                                    <p>\n                        Lasciatevi incantare da una spettacolare vista di 1200 m\u00b2 di gradinate di pietra innevate, arricchite da 111 alberi di Natale illuminati! Per far risplendere questo luogo unico durante l\u2019Avvento, l&#8217;intera                    <\/p>\n                                \n                <div class=\"etn-event-footer\">\n                    <div class=\"etn-event-date\">\n                                    <span>\n\t\t\t\t<i class=\"etn-icon etn-calendar\"><\/i>\n                6\/12\/2024            <\/span>\n\t\t\t                    <\/div>\n                   \n                <\/div>\n            <\/div>\n            <!-- content end-->\n        <\/div>\n        <!-- etn event item end-->\n    <\/div>\n        <div class=\"etn-col-md-6 etn-col-lg-6\">\n        <div class=\"etn-event-item\">\n            <!-- thumbnail -->\n                        <div class=\"etn-event-thumb\">\n                <a \n                    href=\"https:\/\/2024.adventupuli.hr\/it\/dogadaj\/samsung-blagdanska-kucica\/\" \n                    aria-label=\"Gara d&#8217;appalto pubblica per le rimanenti case dell&#8217;Avvento\"\n                >\n                    <img loading=\"lazy\" decoding=\"async\" width=\"800\" height=\"534\" src=\"https:\/\/2024.adventupuli.hr\/wp-content\/uploads\/2024\/12\/Blagdanska_Carolija_PULA_B1-1024x683.jpg\" class=\"attachment-large size-large wp-post-image\" alt=\"\" srcset=\"https:\/\/2024.adventupuli.hr\/wp-content\/uploads\/2024\/12\/Blagdanska_Carolija_PULA_B1-1024x683.jpg 1024w, https:\/\/2024.adventupuli.hr\/wp-content\/uploads\/2024\/12\/Blagdanska_Carolija_PULA_B1-300x200.jpg 300w, https:\/\/2024.adventupuli.hr\/wp-content\/uploads\/2024\/12\/Blagdanska_Carolija_PULA_B1-768x512.jpg 768w, https:\/\/2024.adventupuli.hr\/wp-content\/uploads\/2024\/12\/Blagdanska_Carolija_PULA_B1.jpg 1200w\" sizes=\"(max-width: 800px) 100vw, 800px\" \/>                <\/a>\n                <div class=\"etn-event-category\">\n                    <span>Programma giornaliero<\/span>                 <\/div>\n                            <\/div>\n                        <!-- thumbnail start-->\n\n            <!-- content start-->\n            <div class=\"etn-event-content\">\n                                                                                        \n                <h3 class=\"etn-title etn-event-title\"><a href=\"https:\/\/2024.adventupuli.hr\/it\/dogadaj\/samsung-blagdanska-kucica\/\">\n                    Samsung casetta natalizia<\/a>\n                <\/h3>\n                                    <p>\n                        Qui ti aspettano momenti pieni di gioia e creativit\u00e0, perch\u00e9 abbiamo preparato incontri indimenticabili, una manciata di attivit\u00e0, regali e momenti che ricorderete per sempre. &nbsp; Non perdete i seguenti                    <\/p>\n                                \n                <div class=\"etn-event-footer\">\n                    <div class=\"etn-event-date\">\n                                    <span>\n\t\t\t\t<i class=\"etn-icon etn-calendar\"><\/i>\n                12\/12\/2024            <\/span>\n\t\t\t                    <\/div>\n                   \n                <\/div>\n            <\/div>\n            <!-- content end-->\n        <\/div>\n        <!-- etn event item end-->\n    <\/div>\n        <div class=\"etn-col-md-6 etn-col-lg-6\">\n        <div class=\"etn-event-item\">\n            <!-- thumbnail -->\n                        <div class=\"etn-event-thumb\">\n                <a \n                    href=\"https:\/\/2024.adventupuli.hr\/it\/dogadaj\/veseli-vlakic\/\" \n                    aria-label=\"Gara d&#8217;appalto pubblica per le rimanenti case dell&#8217;Avvento\"\n                >\n                    <img loading=\"lazy\" decoding=\"async\" width=\"800\" height=\"534\" src=\"https:\/\/2024.adventupuli.hr\/wp-content\/uploads\/2024\/10\/IMG_5629-1024x683.jpg\" class=\"attachment-large size-large wp-post-image\" alt=\"\" srcset=\"https:\/\/2024.adventupuli.hr\/wp-content\/uploads\/2024\/10\/IMG_5629-1024x683.jpg 1024w, https:\/\/2024.adventupuli.hr\/wp-content\/uploads\/2024\/10\/IMG_5629-300x200.jpg 300w, https:\/\/2024.adventupuli.hr\/wp-content\/uploads\/2024\/10\/IMG_5629-768x512.jpg 768w, https:\/\/2024.adventupuli.hr\/wp-content\/uploads\/2024\/10\/IMG_5629-1536x1024.jpg 1536w, https:\/\/2024.adventupuli.hr\/wp-content\/uploads\/2024\/10\/IMG_5629.jpg 1620w\" sizes=\"(max-width: 800px) 100vw, 800px\" \/>                <\/a>\n                <div class=\"etn-event-category\">\n                    <span>Programma giornaliero<\/span>                 <\/div>\n                            <\/div>\n                        <!-- thumbnail start-->\n\n            <!-- content start-->\n            <div class=\"etn-event-content\">\n                                                                                        \n                <h3 class=\"etn-title etn-event-title\"><a href=\"https:\/\/2024.adventupuli.hr\/it\/dogadaj\/veseli-vlakic\/\">\n                    Il trenino felice<\/a>\n                <\/h3>\n                                    <p>\n                        Data e orario: Dal 21 al 30 dicembre Giorni feriali e festivi: dalle ore16:00 alle ore 20:00 Sabato e domenica: dalle ore 10:00 alle ore 13:00 e dalle ore 16:00                    <\/p>\n                                \n                <div class=\"etn-event-footer\">\n                    <div class=\"etn-event-date\">\n                                    <span>\n\t\t\t\t<i class=\"etn-icon etn-calendar\"><\/i>\n                21\/12\/2024            <\/span>\n\t\t\t                    <\/div>\n                   \n                <\/div>\n            <\/div>\n            <!-- content end-->\n        <\/div>\n        <!-- etn event item end-->\n    <\/div>\n    <\/div>\t\t\t\t\t<\/div>\n\n\t\t\t\t<\/div>\n<\/div>\t\t<\/div>\n\t\t\t\t<\/div>\n\t\t\t\t\t<\/div>\n\t\t<\/div>\n\t\t\t\t\t<\/div>\n\t\t<\/section>\n\t\t\t\t<section class=\"elementor-section elementor-top-section elementor-element elementor-element-22d48bec elementor-section-boxed elementor-section-height-default elementor-section-height-default\" data-id=\"22d48bec\" data-element_type=\"section\" data-settings=\"{&quot;background_background&quot;:&quot;classic&quot;}\">\n\t\t\t\t\t\t<div class=\"elementor-container elementor-column-gap-default\">\n\t\t\t\t\t<div class=\"elementor-column elementor-col-100 elementor-top-column elementor-element elementor-element-36a541a8\" data-id=\"36a541a8\" data-element_type=\"column\">\n\t\t\t<div class=\"elementor-widget-wrap elementor-element-populated\">\n\t\t\t\t\t\t<div class=\"elementor-element elementor-element-7bd28e63 elementor-widget elementor-widget-heading\" data-id=\"7bd28e63\" data-element_type=\"widget\" data-settings=\"{&quot;ekit_we_effect_on&quot;:&quot;none&quot;}\" data-widget_type=\"heading.default\">\n\t\t\t\t<div class=\"elementor-widget-container\">\n\t\t\t<h2 class=\"elementor-heading-title elementor-size-default\">TUTTI I PROGRAMMI<\/h2>\t\t<\/div>\n\t\t\t\t<\/div>\n\t\t\t\t<div class=\"elementor-element elementor-element-5407ab0d elementor-widget elementor-widget-heading\" data-id=\"5407ab0d\" data-element_type=\"widget\" data-settings=\"{&quot;ekit_we_effect_on&quot;:&quot;none&quot;}\" data-widget_type=\"heading.default\">\n\t\t\t\t<div class=\"elementor-widget-container\">\n\t\t\t<h2 class=\"elementor-heading-title elementor-size-default\">DI QUEST'ANNO<\/h2>\t\t<\/div>\n\t\t\t\t<\/div>\n\t\t\t\t<div class=\"elementor-element elementor-element-f8074f9 elementor-widget elementor-widget-etn-upcoming-expire-tab\" data-id=\"f8074f9\" data-element_type=\"widget\" data-settings=\"{&quot;ekit_we_effect_on&quot;:&quot;none&quot;}\" data-widget_type=\"etn-upcoming-expire-tab.default\">\n\t\t\t\t<div class=\"elementor-widget-container\">\n\t\t\t<!-- schedule tab start -->\n<div class=\"event-tab-wrapper etn-tab-wrapper event-tab-1\">\n\t<ul class='etn-nav'>\n\t\t\t\t\t\t\t\t<li>\n\t\t\t\t\t\t\t\t<a href='#' class='etn-tab-a etn-active' data-id='tabf8074f9-1'>\n\t\t\t\t\t\t\t\t\t\t\t\t\t\t\t\t\t\t<\/a>\n\t\t\t\t\t\t<\/li>\n\t\t\t\t\t\t\t<\/ul>\n\n\t<div class='etn-tab-content clearfix etn-schedule-wrap'>\n\t\t\t\t\t\t\t<div class=\"etn-tab tab-active\" data-id='tabf8074f9-1'>\n\t\t\t\t\t\t\t<div class='etn-row etn-event-wrapper'>\n        <div class=\"etn-col-md-6 etn-col-lg-4\">\n        <div class=\"etn-event-item\">\n            <!-- thumbnail -->\n                        <div class=\"etn-event-thumb\">\n                <a \n                    href=\"https:\/\/2024.adventupuli.hr\/it\/dogadaj\/sound-fusion-dub-to-electronic-nye-laseech-mr-m-manscream\/\" \n                    aria-label=\"Gara d&#8217;appalto pubblica per le rimanenti case dell&#8217;Avvento\"\n                >\n                    <img loading=\"lazy\" decoding=\"async\" width=\"800\" height=\"534\" src=\"https:\/\/2024.adventupuli.hr\/wp-content\/uploads\/2024\/11\/FocusPocus-295-1024x683.jpg\" class=\"attachment-large size-large wp-post-image\" alt=\"\" srcset=\"https:\/\/2024.adventupuli.hr\/wp-content\/uploads\/2024\/11\/FocusPocus-295-1024x683.jpg 1024w, https:\/\/2024.adventupuli.hr\/wp-content\/uploads\/2024\/11\/FocusPocus-295-300x200.jpg 300w, https:\/\/2024.adventupuli.hr\/wp-content\/uploads\/2024\/11\/FocusPocus-295-768x512.jpg 768w, https:\/\/2024.adventupuli.hr\/wp-content\/uploads\/2024\/11\/FocusPocus-295.jpg 1200w\" sizes=\"(max-width: 800px) 100vw, 800px\" \/>                <\/a>\n                <div class=\"etn-event-category\">\n                    <span>Programma musicale<\/span>                 <\/div>\n                            <\/div>\n                        <!-- thumbnail start-->\n\n            <!-- content start-->\n            <div class=\"etn-event-content\">\n                                                                                        \n                <h3 class=\"etn-title etn-event-title\"><a href=\"https:\/\/2024.adventupuli.hr\/it\/dogadaj\/sound-fusion-dub-to-electronic-nye-laseech-mr-m-manscream\/\">\n                    Sound Fusion: Dub to Electronic NYE (Laseech, Mr. M, Manscream)<\/a>\n                <\/h3>\n                                \n                <div class=\"etn-event-footer\">\n                    <div class=\"etn-event-date\">\n                                    <span>\n\t\t\t\t<i class=\"etn-icon etn-calendar\"><\/i>\n                31\/12\/2024            <\/span>\n\t\t\t                    <\/div>\n                   \n                <\/div>\n            <\/div>\n            <!-- content end-->\n        <\/div>\n        <!-- etn event item end-->\n    <\/div>\n        <div class=\"etn-col-md-6 etn-col-lg-4\">\n        <div class=\"etn-event-item\">\n            <!-- thumbnail -->\n                        <div class=\"etn-event-thumb\">\n                <a \n                    href=\"https:\/\/2024.adventupuli.hr\/it\/dogadaj\/docek-nove-godine-dj-sword-petar-graso\/\" \n                    aria-label=\"Gara d&#8217;appalto pubblica per le rimanenti case dell&#8217;Avvento\"\n                >\n                    <img loading=\"lazy\" decoding=\"async\" width=\"800\" height=\"534\" src=\"https:\/\/2024.adventupuli.hr\/wp-content\/uploads\/2024\/10\/Graso-1024x683.jpg\" class=\"attachment-large size-large wp-post-image\" alt=\"\" srcset=\"https:\/\/2024.adventupuli.hr\/wp-content\/uploads\/2024\/10\/Graso-1024x683.jpg 1024w, https:\/\/2024.adventupuli.hr\/wp-content\/uploads\/2024\/10\/Graso-300x200.jpg 300w, https:\/\/2024.adventupuli.hr\/wp-content\/uploads\/2024\/10\/Graso-768x512.jpg 768w, https:\/\/2024.adventupuli.hr\/wp-content\/uploads\/2024\/10\/Graso.jpg 1200w\" sizes=\"(max-width: 800px) 100vw, 800px\" \/>                <\/a>\n                <div class=\"etn-event-category\">\n                    <span>Programma musicale<\/span>                 <\/div>\n                            <\/div>\n                        <!-- thumbnail start-->\n\n            <!-- content start-->\n            <div class=\"etn-event-content\">\n                                                                                        \n                <h3 class=\"etn-title etn-event-title\"><a href=\"https:\/\/2024.adventupuli.hr\/it\/dogadaj\/docek-nove-godine-dj-sword-petar-graso\/\">\n                    Capodanno: Petar Gra\u0161o<\/a>\n                <\/h3>\n                                \n                <div class=\"etn-event-footer\">\n                    <div class=\"etn-event-date\">\n                                    <span>\n\t\t\t\t<i class=\"etn-icon etn-calendar\"><\/i>\n                31\/12\/2024            <\/span>\n\t\t\t                    <\/div>\n                   \n                <\/div>\n            <\/div>\n            <!-- content end-->\n        <\/div>\n        <!-- etn event item end-->\n    <\/div>\n        <div class=\"etn-col-md-6 etn-col-lg-4\">\n        <div class=\"etn-event-item\">\n            <!-- thumbnail -->\n                        <div class=\"etn-event-thumb\">\n                <a \n                    href=\"https:\/\/2024.adventupuli.hr\/it\/dogadaj\/docek-nove-godine-elemental\/\" \n                    aria-label=\"Gara d&#8217;appalto pubblica per le rimanenti case dell&#8217;Avvento\"\n                >\n                    <img loading=\"lazy\" decoding=\"async\" width=\"800\" height=\"534\" src=\"https:\/\/2024.adventupuli.hr\/wp-content\/uploads\/2024\/10\/MG_9782-1024x683.jpg\" class=\"attachment-large size-large wp-post-image\" alt=\"\" srcset=\"https:\/\/2024.adventupuli.hr\/wp-content\/uploads\/2024\/10\/MG_9782-1024x683.jpg 1024w, https:\/\/2024.adventupuli.hr\/wp-content\/uploads\/2024\/10\/MG_9782-300x200.jpg 300w, https:\/\/2024.adventupuli.hr\/wp-content\/uploads\/2024\/10\/MG_9782-768x512.jpg 768w, https:\/\/2024.adventupuli.hr\/wp-content\/uploads\/2024\/10\/MG_9782.jpg 1200w\" sizes=\"(max-width: 800px) 100vw, 800px\" \/>                <\/a>\n                <div class=\"etn-event-category\">\n                    <span>Programma musicale<\/span>                 <\/div>\n                            <\/div>\n                        <!-- thumbnail start-->\n\n            <!-- content start-->\n            <div class=\"etn-event-content\">\n                                                                                        \n                <h3 class=\"etn-title etn-event-title\"><a href=\"https:\/\/2024.adventupuli.hr\/it\/dogadaj\/docek-nove-godine-elemental\/\">\n                    Capodanno: Elemental<\/a>\n                <\/h3>\n                                \n                <div class=\"etn-event-footer\">\n                    <div class=\"etn-event-date\">\n                                    <span>\n\t\t\t\t<i class=\"etn-icon etn-calendar\"><\/i>\n                31\/12\/2024            <\/span>\n\t\t\t                    <\/div>\n                   \n                <\/div>\n            <\/div>\n            <!-- content end-->\n        <\/div>\n        <!-- etn event item end-->\n    <\/div>\n        <div class=\"etn-col-md-6 etn-col-lg-4\">\n        <div class=\"etn-event-item\">\n            <!-- thumbnail -->\n                        <div class=\"etn-event-thumb\">\n                <a \n                    href=\"https:\/\/2024.adventupuli.hr\/it\/dogadaj\/docek-u-podne-mrle-ivanka-kisni-razdraganci\/\" \n                    aria-label=\"Gara d&#8217;appalto pubblica per le rimanenti case dell&#8217;Avvento\"\n                >\n                    <img loading=\"lazy\" decoding=\"async\" width=\"800\" height=\"534\" src=\"https:\/\/2024.adventupuli.hr\/wp-content\/uploads\/2024\/10\/4-1024x683.jpg\" class=\"attachment-large size-large wp-post-image\" alt=\"\" srcset=\"https:\/\/2024.adventupuli.hr\/wp-content\/uploads\/2024\/10\/4-1024x683.jpg 1024w, https:\/\/2024.adventupuli.hr\/wp-content\/uploads\/2024\/10\/4-300x200.jpg 300w, https:\/\/2024.adventupuli.hr\/wp-content\/uploads\/2024\/10\/4-768x512.jpg 768w, https:\/\/2024.adventupuli.hr\/wp-content\/uploads\/2024\/10\/4.jpg 1200w\" sizes=\"(max-width: 800px) 100vw, 800px\" \/>                <\/a>\n                <div class=\"etn-event-category\">\n                    <span>Programma musicale<\/span>                 <\/div>\n                            <\/div>\n                        <!-- thumbnail start-->\n\n            <!-- content start-->\n            <div class=\"etn-event-content\">\n                                                                                        \n                <h3 class=\"etn-title etn-event-title\"><a href=\"https:\/\/2024.adventupuli.hr\/it\/dogadaj\/docek-u-podne-mrle-ivanka-kisni-razdraganci\/\">\n                    Capodanno a mezzogiorno: Mrle &#038; Ivanka: Ki\u0161ni razdraganci<\/a>\n                <\/h3>\n                                \n                <div class=\"etn-event-footer\">\n                    <div class=\"etn-event-date\">\n                                    <span>\n\t\t\t\t<i class=\"etn-icon etn-calendar\"><\/i>\n                31\/12\/2024            <\/span>\n\t\t\t                    <\/div>\n                   \n                <\/div>\n            <\/div>\n            <!-- content end-->\n        <\/div>\n        <!-- etn event item end-->\n    <\/div>\n        <div class=\"etn-col-md-6 etn-col-lg-4\">\n        <div class=\"etn-event-item\">\n            <!-- thumbnail -->\n                        <div class=\"etn-event-thumb\">\n                <a \n                    href=\"https:\/\/2024.adventupuli.hr\/it\/dogadaj\/big-band-pula-velika-padela\/\" \n                    aria-label=\"Gara d&#8217;appalto pubblica per le rimanenti case dell&#8217;Avvento\"\n                >\n                    <img loading=\"lazy\" decoding=\"async\" width=\"800\" height=\"534\" src=\"https:\/\/2024.adventupuli.hr\/wp-content\/uploads\/2024\/10\/461400175_555974633609678_5159352067961291672_n-1024x683.jpg\" class=\"attachment-large size-large wp-post-image\" alt=\"\" srcset=\"https:\/\/2024.adventupuli.hr\/wp-content\/uploads\/2024\/10\/461400175_555974633609678_5159352067961291672_n-1024x683.jpg 1024w, https:\/\/2024.adventupuli.hr\/wp-content\/uploads\/2024\/10\/461400175_555974633609678_5159352067961291672_n-300x200.jpg 300w, https:\/\/2024.adventupuli.hr\/wp-content\/uploads\/2024\/10\/461400175_555974633609678_5159352067961291672_n-768x512.jpg 768w, https:\/\/2024.adventupuli.hr\/wp-content\/uploads\/2024\/10\/461400175_555974633609678_5159352067961291672_n.jpg 1200w\" sizes=\"(max-width: 800px) 100vw, 800px\" \/>                <\/a>\n                <div class=\"etn-event-category\">\n                    <span>Programma musicale<\/span>                 <\/div>\n                            <\/div>\n                        <!-- thumbnail start-->\n\n            <!-- content start-->\n            <div class=\"etn-event-content\">\n                                                                                        \n                <h3 class=\"etn-title etn-event-title\"><a href=\"https:\/\/2024.adventupuli.hr\/it\/dogadaj\/big-band-pula-velika-padela\/\">\n                    Big Band Pola + grande padella<\/a>\n                <\/h3>\n                                \n                <div class=\"etn-event-footer\">\n                    <div class=\"etn-event-date\">\n                                    <span>\n\t\t\t\t<i class=\"etn-icon etn-calendar\"><\/i>\n                31\/12\/2024            <\/span>\n\t\t\t                    <\/div>\n                   \n                <\/div>\n            <\/div>\n            <!-- content end-->\n        <\/div>\n        <!-- etn event item end-->\n    <\/div>\n        <div class=\"etn-col-md-6 etn-col-lg-4\">\n        <div class=\"etn-event-item\">\n            <!-- thumbnail -->\n                        <div class=\"etn-event-thumb\">\n                <a \n                    href=\"https:\/\/2024.adventupuli.hr\/it\/dogadaj\/s-puno-ljubavi-za-bozic-zimska-prica-jednog-snjegovica\/\" \n                    aria-label=\"Gara d&#8217;appalto pubblica per le rimanenti case dell&#8217;Avvento\"\n                >\n                    <img loading=\"lazy\" decoding=\"async\" width=\"800\" height=\"534\" src=\"https:\/\/2024.adventupuli.hr\/wp-content\/uploads\/2024\/11\/GKC-1024x683.jpg\" class=\"attachment-large size-large wp-post-image\" alt=\"\" srcset=\"https:\/\/2024.adventupuli.hr\/wp-content\/uploads\/2024\/11\/GKC-1024x683.jpg 1024w, https:\/\/2024.adventupuli.hr\/wp-content\/uploads\/2024\/11\/GKC-300x200.jpg 300w, https:\/\/2024.adventupuli.hr\/wp-content\/uploads\/2024\/11\/GKC-768x512.jpg 768w, https:\/\/2024.adventupuli.hr\/wp-content\/uploads\/2024\/11\/GKC.jpg 1200w\" sizes=\"(max-width: 800px) 100vw, 800px\" \/>                <\/a>\n                <div class=\"etn-event-category\">\n                    <span>Programmi di biblioteca<\/span>                 <\/div>\n                            <\/div>\n                        <!-- thumbnail start-->\n\n            <!-- content start-->\n            <div class=\"etn-event-content\">\n                                                                                        \n                <h3 class=\"etn-title etn-event-title\"><a href=\"https:\/\/2024.adventupuli.hr\/it\/dogadaj\/s-puno-ljubavi-za-bozic-zimska-prica-jednog-snjegovica\/\">\n                    Con tanto affetto per Natale! &#8211; Una storia invernale di un pupazzo di neve<\/a>\n                <\/h3>\n                                \n                <div class=\"etn-event-footer\">\n                    <div class=\"etn-event-date\">\n                                    <span>\n\t\t\t\t<i class=\"etn-icon etn-calendar\"><\/i>\n                31\/12\/2024            <\/span>\n\t\t\t                    <\/div>\n                   \n                <\/div>\n            <\/div>\n            <!-- content end-->\n        <\/div>\n        <!-- etn event item end-->\n    <\/div>\n        <div class=\"etn-col-md-6 etn-col-lg-4\">\n        <div class=\"etn-event-item\">\n            <!-- thumbnail -->\n                        <div class=\"etn-event-thumb\">\n                <a \n                    href=\"https:\/\/2024.adventupuli.hr\/it\/dogadaj\/sound-fusion-dub-to-electronic-nye-pulap-reggae-station-dubcat-heavy-duty-munchies\/\" \n                    aria-label=\"Gara d&#8217;appalto pubblica per le rimanenti case dell&#8217;Avvento\"\n                >\n                    <img loading=\"lazy\" decoding=\"async\" width=\"800\" height=\"534\" src=\"https:\/\/2024.adventupuli.hr\/wp-content\/uploads\/2024\/11\/FocusPocus-295-1024x683.jpg\" class=\"attachment-large size-large wp-post-image\" alt=\"\" srcset=\"https:\/\/2024.adventupuli.hr\/wp-content\/uploads\/2024\/11\/FocusPocus-295-1024x683.jpg 1024w, https:\/\/2024.adventupuli.hr\/wp-content\/uploads\/2024\/11\/FocusPocus-295-300x200.jpg 300w, https:\/\/2024.adventupuli.hr\/wp-content\/uploads\/2024\/11\/FocusPocus-295-768x512.jpg 768w, https:\/\/2024.adventupuli.hr\/wp-content\/uploads\/2024\/11\/FocusPocus-295.jpg 1200w\" sizes=\"(max-width: 800px) 100vw, 800px\" \/>                <\/a>\n                <div class=\"etn-event-category\">\n                    <span>Programma musicale<\/span>                 <\/div>\n                            <\/div>\n                        <!-- thumbnail start-->\n\n            <!-- content start-->\n            <div class=\"etn-event-content\">\n                                                                                        \n                <h3 class=\"etn-title etn-event-title\"><a href=\"https:\/\/2024.adventupuli.hr\/it\/dogadaj\/sound-fusion-dub-to-electronic-nye-pulap-reggae-station-dubcat-heavy-duty-munchies\/\">\n                    Sound Fusion: Dub to Electronic NYE (Pulap Reggae Station, Dubcat, Heavy duty, Munchies)<\/a>\n                <\/h3>\n                                \n                <div class=\"etn-event-footer\">\n                    <div class=\"etn-event-date\">\n                                    <span>\n\t\t\t\t<i class=\"etn-icon etn-calendar\"><\/i>\n                30\/12\/2024            <\/span>\n\t\t\t                    <\/div>\n                   \n                <\/div>\n            <\/div>\n            <!-- content end-->\n        <\/div>\n        <!-- etn event item end-->\n    <\/div>\n        <div class=\"etn-col-md-6 etn-col-lg-4\">\n        <div class=\"etn-event-item\">\n            <!-- thumbnail -->\n                        <div class=\"etn-event-thumb\">\n                <a \n                    href=\"https:\/\/2024.adventupuli.hr\/it\/dogadaj\/let-3\/\" \n                    aria-label=\"Gara d&#8217;appalto pubblica per le rimanenti case dell&#8217;Avvento\"\n                >\n                    <img loading=\"lazy\" decoding=\"async\" width=\"800\" height=\"533\" src=\"https:\/\/2024.adventupuli.hr\/wp-content\/uploads\/2024\/10\/Let-3_photo-credit-Franko-Kelam-1024x682.jpg\" class=\"attachment-large size-large wp-post-image\" alt=\"\" srcset=\"https:\/\/2024.adventupuli.hr\/wp-content\/uploads\/2024\/10\/Let-3_photo-credit-Franko-Kelam-1024x682.jpg 1024w, https:\/\/2024.adventupuli.hr\/wp-content\/uploads\/2024\/10\/Let-3_photo-credit-Franko-Kelam-300x200.jpg 300w, https:\/\/2024.adventupuli.hr\/wp-content\/uploads\/2024\/10\/Let-3_photo-credit-Franko-Kelam-768x512.jpg 768w, https:\/\/2024.adventupuli.hr\/wp-content\/uploads\/2024\/10\/Let-3_photo-credit-Franko-Kelam-1536x1023.jpg 1536w, https:\/\/2024.adventupuli.hr\/wp-content\/uploads\/2024\/10\/Let-3_photo-credit-Franko-Kelam.jpg 1600w\" sizes=\"(max-width: 800px) 100vw, 800px\" \/>                <\/a>\n                <div class=\"etn-event-category\">\n                    <span>Programma musicale<\/span>                 <\/div>\n                            <\/div>\n                        <!-- thumbnail start-->\n\n            <!-- content start-->\n            <div class=\"etn-event-content\">\n                                                                                        \n                <h3 class=\"etn-title etn-event-title\"><a href=\"https:\/\/2024.adventupuli.hr\/it\/dogadaj\/let-3\/\">\n                    Let 3<\/a>\n                <\/h3>\n                                \n                <div class=\"etn-event-footer\">\n                    <div class=\"etn-event-date\">\n                                    <span>\n\t\t\t\t<i class=\"etn-icon etn-calendar\"><\/i>\n                30\/12\/2024            <\/span>\n\t\t\t                    <\/div>\n                   \n                <\/div>\n            <\/div>\n            <!-- content end-->\n        <\/div>\n        <!-- etn event item end-->\n    <\/div>\n        <div class=\"etn-col-md-6 etn-col-lg-4\">\n        <div class=\"etn-event-item\">\n            <!-- thumbnail -->\n                        <div class=\"etn-event-thumb\">\n                <a \n                    href=\"https:\/\/2024.adventupuli.hr\/it\/dogadaj\/medea-i-tedi-grubica-2\/\" \n                    aria-label=\"Gara d&#8217;appalto pubblica per le rimanenti case dell&#8217;Avvento\"\n                >\n                    <img loading=\"lazy\" decoding=\"async\" width=\"800\" height=\"534\" src=\"https:\/\/2024.adventupuli.hr\/wp-content\/uploads\/2024\/11\/ADVENT-LOGO-2024-1024x683.jpg\" class=\"attachment-large size-large wp-post-image\" alt=\"\" srcset=\"https:\/\/2024.adventupuli.hr\/wp-content\/uploads\/2024\/11\/ADVENT-LOGO-2024-1024x683.jpg 1024w, https:\/\/2024.adventupuli.hr\/wp-content\/uploads\/2024\/11\/ADVENT-LOGO-2024-300x200.jpg 300w, https:\/\/2024.adventupuli.hr\/wp-content\/uploads\/2024\/11\/ADVENT-LOGO-2024-768x512.jpg 768w, https:\/\/2024.adventupuli.hr\/wp-content\/uploads\/2024\/11\/ADVENT-LOGO-2024.jpg 1200w\" sizes=\"(max-width: 800px) 100vw, 800px\" \/>                <\/a>\n                <div class=\"etn-event-category\">\n                    <span>Programma musicale<\/span>                 <\/div>\n                            <\/div>\n                        <!-- thumbnail start-->\n\n            <!-- content start-->\n            <div class=\"etn-event-content\">\n                                                                                        \n                <h3 class=\"etn-title etn-event-title\"><a href=\"https:\/\/2024.adventupuli.hr\/it\/dogadaj\/medea-i-tedi-grubica-2\/\">\n                    Medea i Tedi Grubica<\/a>\n                <\/h3>\n                                \n                <div class=\"etn-event-footer\">\n                    <div class=\"etn-event-date\">\n                                    <span>\n\t\t\t\t<i class=\"etn-icon etn-calendar\"><\/i>\n                30\/12\/2024            <\/span>\n\t\t\t                    <\/div>\n                   \n                <\/div>\n            <\/div>\n            <!-- content end-->\n        <\/div>\n        <!-- etn event item end-->\n    <\/div>\n        <div class=\"etn-col-md-6 etn-col-lg-4\">\n        <div class=\"etn-event-item\">\n            <!-- thumbnail -->\n                        <div class=\"etn-event-thumb\">\n                <a \n                    href=\"https:\/\/2024.adventupuli.hr\/it\/dogadaj\/dj-alex-2\/\" \n                    aria-label=\"Gara d&#8217;appalto pubblica per le rimanenti case dell&#8217;Avvento\"\n                >\n                    <img loading=\"lazy\" decoding=\"async\" width=\"800\" height=\"831\" src=\"https:\/\/2024.adventupuli.hr\/wp-content\/uploads\/2024\/12\/DJ-Alex-986x1024.jpg\" class=\"attachment-large size-large wp-post-image\" alt=\"\" srcset=\"https:\/\/2024.adventupuli.hr\/wp-content\/uploads\/2024\/12\/DJ-Alex-986x1024.jpg 986w, https:\/\/2024.adventupuli.hr\/wp-content\/uploads\/2024\/12\/DJ-Alex-289x300.jpg 289w, https:\/\/2024.adventupuli.hr\/wp-content\/uploads\/2024\/12\/DJ-Alex-768x797.jpg 768w, https:\/\/2024.adventupuli.hr\/wp-content\/uploads\/2024\/12\/DJ-Alex.jpg 1200w\" sizes=\"(max-width: 800px) 100vw, 800px\" \/>                <\/a>\n                <div class=\"etn-event-category\">\n                    <span>Programma musicale<\/span>                 <\/div>\n                            <\/div>\n                        <!-- thumbnail start-->\n\n            <!-- content start-->\n            <div class=\"etn-event-content\">\n                                                                                        \n                <h3 class=\"etn-title etn-event-title\"><a href=\"https:\/\/2024.adventupuli.hr\/it\/dogadaj\/dj-alex-2\/\">\n                    DJ Alex<\/a>\n                <\/h3>\n                                \n                <div class=\"etn-event-footer\">\n                    <div class=\"etn-event-date\">\n                                    <span>\n\t\t\t\t<i class=\"etn-icon etn-calendar\"><\/i>\n                30\/12\/2024            <\/span>\n\t\t\t                    <\/div>\n                   \n                <\/div>\n            <\/div>\n            <!-- content end-->\n        <\/div>\n        <!-- etn event item end-->\n    <\/div>\n        <div class=\"etn-col-md-6 etn-col-lg-4\">\n        <div class=\"etn-event-item\">\n            <!-- thumbnail -->\n                        <div class=\"etn-event-thumb\">\n                <a \n                    href=\"https:\/\/2024.adventupuli.hr\/it\/dogadaj\/bor-dobrih-prica-gdje-su-nestale-cokoladice\/\" \n                    aria-label=\"Gara d&#8217;appalto pubblica per le rimanenti case dell&#8217;Avvento\"\n                >\n                    <img loading=\"lazy\" decoding=\"async\" width=\"800\" height=\"534\" src=\"https:\/\/2024.adventupuli.hr\/wp-content\/uploads\/2024\/11\/Djecja_knjiznica-1024x683.jpg\" class=\"attachment-large size-large wp-post-image\" alt=\"\" srcset=\"https:\/\/2024.adventupuli.hr\/wp-content\/uploads\/2024\/11\/Djecja_knjiznica-1024x683.jpg 1024w, https:\/\/2024.adventupuli.hr\/wp-content\/uploads\/2024\/11\/Djecja_knjiznica-300x200.jpg 300w, https:\/\/2024.adventupuli.hr\/wp-content\/uploads\/2024\/11\/Djecja_knjiznica-768x512.jpg 768w, https:\/\/2024.adventupuli.hr\/wp-content\/uploads\/2024\/11\/Djecja_knjiznica.jpg 1200w\" sizes=\"(max-width: 800px) 100vw, 800px\" \/>                <\/a>\n                <div class=\"etn-event-category\">\n                    <span>Programmi di biblioteca<\/span>                 <\/div>\n                            <\/div>\n                        <!-- thumbnail start-->\n\n            <!-- content start-->\n            <div class=\"etn-event-content\">\n                                                                                        \n                <h3 class=\"etn-title etn-event-title\"><a href=\"https:\/\/2024.adventupuli.hr\/it\/dogadaj\/bor-dobrih-prica-gdje-su-nestale-cokoladice\/\">\n                    Albero di Natale delle belle storie &#8211; Dove sono finiti i cioccolatini?<\/a>\n                <\/h3>\n                                \n                <div class=\"etn-event-footer\">\n                    <div class=\"etn-event-date\">\n                                    <span>\n\t\t\t\t<i class=\"etn-icon etn-calendar\"><\/i>\n                30\/12\/2024            <\/span>\n\t\t\t                    <\/div>\n                   \n                <\/div>\n            <\/div>\n            <!-- content end-->\n        <\/div>\n        <!-- etn event item end-->\n    <\/div>\n        <div class=\"etn-col-md-6 etn-col-lg-4\">\n        <div class=\"etn-event-item\">\n            <!-- thumbnail -->\n                        <div class=\"etn-event-thumb\">\n                <a \n                    href=\"https:\/\/2024.adventupuli.hr\/it\/dogadaj\/udruga-birikina-pula-2\/\" \n                    aria-label=\"Gara d&#8217;appalto pubblica per le rimanenti case dell&#8217;Avvento\"\n                >\n                    <img loading=\"lazy\" decoding=\"async\" width=\"800\" height=\"534\" src=\"https:\/\/2024.adventupuli.hr\/wp-content\/uploads\/2024\/11\/Birikina-1024x684.jpg\" class=\"attachment-large size-large wp-post-image\" alt=\"\" srcset=\"https:\/\/2024.adventupuli.hr\/wp-content\/uploads\/2024\/11\/Birikina-1024x684.jpg 1024w, https:\/\/2024.adventupuli.hr\/wp-content\/uploads\/2024\/11\/Birikina-300x200.jpg 300w, https:\/\/2024.adventupuli.hr\/wp-content\/uploads\/2024\/11\/Birikina-768x513.jpg 768w, https:\/\/2024.adventupuli.hr\/wp-content\/uploads\/2024\/11\/Birikina.jpg 1200w\" sizes=\"(max-width: 800px) 100vw, 800px\" \/>                <\/a>\n                <div class=\"etn-event-category\">\n                    <span>Programma per bambini<\/span>                 <\/div>\n                            <\/div>\n                        <!-- thumbnail start-->\n\n            <!-- content start-->\n            <div class=\"etn-event-content\">\n                                                                                        \n                <h3 class=\"etn-title etn-event-title\"><a href=\"https:\/\/2024.adventupuli.hr\/it\/dogadaj\/udruga-birikina-pula-2\/\">\n                    Associazione Birikina<\/a>\n                <\/h3>\n                                \n                <div class=\"etn-event-footer\">\n                    <div class=\"etn-event-date\">\n                                    <span>\n\t\t\t\t<i class=\"etn-icon etn-calendar\"><\/i>\n                30\/12\/2024            <\/span>\n\t\t\t                    <\/div>\n                   \n                <\/div>\n            <\/div>\n            <!-- content end-->\n        <\/div>\n        <!-- etn event item end-->\n    <\/div>\n        <div class=\"etn-col-md-6 etn-col-lg-4\">\n        <div class=\"etn-event-item\">\n            <!-- thumbnail -->\n                        <div class=\"etn-event-thumb\">\n                <a \n                    href=\"https:\/\/2024.adventupuli.hr\/it\/dogadaj\/klapa-cambi-sa-triom\/\" \n                    aria-label=\"Gara d&#8217;appalto pubblica per le rimanenti case dell&#8217;Avvento\"\n                >\n                    <img loading=\"lazy\" decoding=\"async\" width=\"800\" height=\"537\" src=\"https:\/\/2024.adventupuli.hr\/wp-content\/uploads\/2024\/10\/Final-28-of-43-1024x687.jpg\" class=\"attachment-large size-large wp-post-image\" alt=\"\" srcset=\"https:\/\/2024.adventupuli.hr\/wp-content\/uploads\/2024\/10\/Final-28-of-43-1024x687.jpg 1024w, https:\/\/2024.adventupuli.hr\/wp-content\/uploads\/2024\/10\/Final-28-of-43-300x201.jpg 300w, https:\/\/2024.adventupuli.hr\/wp-content\/uploads\/2024\/10\/Final-28-of-43-768x515.jpg 768w, https:\/\/2024.adventupuli.hr\/wp-content\/uploads\/2024\/10\/Final-28-of-43.jpg 1200w\" sizes=\"(max-width: 800px) 100vw, 800px\" \/>                <\/a>\n                <div class=\"etn-event-category\">\n                    <span>Programma musicale<\/span>                 <\/div>\n                            <\/div>\n                        <!-- thumbnail start-->\n\n            <!-- content start-->\n            <div class=\"etn-event-content\">\n                                                                                        \n                <h3 class=\"etn-title etn-event-title\"><a href=\"https:\/\/2024.adventupuli.hr\/it\/dogadaj\/klapa-cambi-sa-triom\/\">\n                    Klapa Cambi<\/a>\n                <\/h3>\n                                \n                <div class=\"etn-event-footer\">\n                    <div class=\"etn-event-date\">\n                                    <span>\n\t\t\t\t<i class=\"etn-icon etn-calendar\"><\/i>\n                29\/12\/2024            <\/span>\n\t\t\t                    <\/div>\n                   \n                <\/div>\n            <\/div>\n            <!-- content end-->\n        <\/div>\n        <!-- etn event item end-->\n    <\/div>\n        <div class=\"etn-col-md-6 etn-col-lg-4\">\n        <div class=\"etn-event-item\">\n            <!-- thumbnail -->\n                        <div class=\"etn-event-thumb\">\n                <a \n                    href=\"https:\/\/2024.adventupuli.hr\/it\/dogadaj\/dj-alex\/\" \n                    aria-label=\"Gara d&#8217;appalto pubblica per le rimanenti case dell&#8217;Avvento\"\n                >\n                    <img loading=\"lazy\" decoding=\"async\" width=\"800\" height=\"831\" src=\"https:\/\/2024.adventupuli.hr\/wp-content\/uploads\/2024\/12\/DJ-Alex-986x1024.jpg\" class=\"attachment-large size-large wp-post-image\" alt=\"\" srcset=\"https:\/\/2024.adventupuli.hr\/wp-content\/uploads\/2024\/12\/DJ-Alex-986x1024.jpg 986w, https:\/\/2024.adventupuli.hr\/wp-content\/uploads\/2024\/12\/DJ-Alex-289x300.jpg 289w, https:\/\/2024.adventupuli.hr\/wp-content\/uploads\/2024\/12\/DJ-Alex-768x797.jpg 768w, https:\/\/2024.adventupuli.hr\/wp-content\/uploads\/2024\/12\/DJ-Alex.jpg 1200w\" sizes=\"(max-width: 800px) 100vw, 800px\" \/>                <\/a>\n                <div class=\"etn-event-category\">\n                    <span>Programma musicale<\/span>                 <\/div>\n                            <\/div>\n                        <!-- thumbnail start-->\n\n            <!-- content start-->\n            <div class=\"etn-event-content\">\n                                                                                        \n                <h3 class=\"etn-title etn-event-title\"><a href=\"https:\/\/2024.adventupuli.hr\/it\/dogadaj\/dj-alex\/\">\n                    DJ Alex<\/a>\n                <\/h3>\n                                \n                <div class=\"etn-event-footer\">\n                    <div class=\"etn-event-date\">\n                                    <span>\n\t\t\t\t<i class=\"etn-icon etn-calendar\"><\/i>\n                29\/12\/2024            <\/span>\n\t\t\t                    <\/div>\n                   \n                <\/div>\n            <\/div>\n            <!-- content end-->\n        <\/div>\n        <!-- etn event item end-->\n    <\/div>\n        <div class=\"etn-col-md-6 etn-col-lg-4\">\n        <div class=\"etn-event-item\">\n            <!-- thumbnail -->\n                        <div class=\"etn-event-thumb\">\n                <a \n                    href=\"https:\/\/2024.adventupuli.hr\/it\/dogadaj\/gugumello-bozicna-carolija\/\" \n                    aria-label=\"Gara d&#8217;appalto pubblica per le rimanenti case dell&#8217;Avvento\"\n                >\n                    <img loading=\"lazy\" decoding=\"async\" width=\"800\" height=\"533\" src=\"https:\/\/2024.adventupuli.hr\/wp-content\/uploads\/2024\/11\/2024-11-15-14_01_07-Koncept.docx-Word-1024x682.jpg\" class=\"attachment-large size-large wp-post-image\" alt=\"\" srcset=\"https:\/\/2024.adventupuli.hr\/wp-content\/uploads\/2024\/11\/2024-11-15-14_01_07-Koncept.docx-Word-1024x682.jpg 1024w, https:\/\/2024.adventupuli.hr\/wp-content\/uploads\/2024\/11\/2024-11-15-14_01_07-Koncept.docx-Word-300x200.jpg 300w, https:\/\/2024.adventupuli.hr\/wp-content\/uploads\/2024\/11\/2024-11-15-14_01_07-Koncept.docx-Word-768x512.jpg 768w, https:\/\/2024.adventupuli.hr\/wp-content\/uploads\/2024\/11\/2024-11-15-14_01_07-Koncept.docx-Word.jpg 1201w\" sizes=\"(max-width: 800px) 100vw, 800px\" \/>                <\/a>\n                <div class=\"etn-event-category\">\n                    <span>Programma per bambini<\/span>                 <\/div>\n                            <\/div>\n                        <!-- thumbnail start-->\n\n            <!-- content start-->\n            <div class=\"etn-event-content\">\n                                                                                        \n                <h3 class=\"etn-title etn-event-title\"><a href=\"https:\/\/2024.adventupuli.hr\/it\/dogadaj\/gugumello-bozicna-carolija\/\">\n                    Gugumello Natale Magico<\/a>\n                <\/h3>\n                                \n                <div class=\"etn-event-footer\">\n                    <div class=\"etn-event-date\">\n                                    <span>\n\t\t\t\t<i class=\"etn-icon etn-calendar\"><\/i>\n                29\/12\/2024            <\/span>\n\t\t\t                    <\/div>\n                   \n                <\/div>\n            <\/div>\n            <!-- content end-->\n        <\/div>\n        <!-- etn event item end-->\n    <\/div>\n        <div class=\"etn-col-md-6 etn-col-lg-4\">\n        <div class=\"etn-event-item\">\n            <!-- thumbnail -->\n                        <div class=\"etn-event-thumb\">\n                <a \n                    href=\"https:\/\/2024.adventupuli.hr\/it\/dogadaj\/urban-4\/\" \n                    aria-label=\"Gara d&#8217;appalto pubblica per le rimanenti case dell&#8217;Avvento\"\n                >\n                    <img loading=\"lazy\" decoding=\"async\" width=\"800\" height=\"534\" src=\"https:\/\/2024.adventupuli.hr\/wp-content\/uploads\/2024\/10\/314A8585-2-1024x683.jpg\" class=\"attachment-large size-large wp-post-image\" alt=\"\" srcset=\"https:\/\/2024.adventupuli.hr\/wp-content\/uploads\/2024\/10\/314A8585-2-1024x683.jpg 1024w, https:\/\/2024.adventupuli.hr\/wp-content\/uploads\/2024\/10\/314A8585-2-300x200.jpg 300w, https:\/\/2024.adventupuli.hr\/wp-content\/uploads\/2024\/10\/314A8585-2-768x512.jpg 768w, https:\/\/2024.adventupuli.hr\/wp-content\/uploads\/2024\/10\/314A8585-2.jpg 1200w\" sizes=\"(max-width: 800px) 100vw, 800px\" \/>                <\/a>\n                <div class=\"etn-event-category\">\n                    <span>Programma musicale<\/span>                 <\/div>\n                            <\/div>\n                        <!-- thumbnail start-->\n\n            <!-- content start-->\n            <div class=\"etn-event-content\">\n                                                                                        \n                <h3 class=\"etn-title etn-event-title\"><a href=\"https:\/\/2024.adventupuli.hr\/it\/dogadaj\/urban-4\/\">\n                    Urban &#038; 4<\/a>\n                <\/h3>\n                                \n                <div class=\"etn-event-footer\">\n                    <div class=\"etn-event-date\">\n                                    <span>\n\t\t\t\t<i class=\"etn-icon etn-calendar\"><\/i>\n                28\/12\/2024            <\/span>\n\t\t\t                    <\/div>\n                   \n                <\/div>\n            <\/div>\n            <!-- content end-->\n        <\/div>\n        <!-- etn event item end-->\n    <\/div>\n        <div class=\"etn-col-md-6 etn-col-lg-4\">\n        <div class=\"etn-event-item\">\n            <!-- thumbnail -->\n                        <div class=\"etn-event-thumb\">\n                <a \n                    href=\"https:\/\/2024.adventupuli.hr\/it\/dogadaj\/baka-libric-u-gostima-prica-za-laku-noc\/\" \n                    aria-label=\"Gara d&#8217;appalto pubblica per le rimanenti case dell&#8217;Avvento\"\n                >\n                    <img loading=\"lazy\" decoding=\"async\" width=\"800\" height=\"675\" src=\"https:\/\/2024.adventupuli.hr\/wp-content\/uploads\/2024\/11\/Baka-Libric-min-800x675-1.jpg\" class=\"attachment-large size-large wp-post-image\" alt=\"\" srcset=\"https:\/\/2024.adventupuli.hr\/wp-content\/uploads\/2024\/11\/Baka-Libric-min-800x675-1.jpg 800w, https:\/\/2024.adventupuli.hr\/wp-content\/uploads\/2024\/11\/Baka-Libric-min-800x675-1-300x253.jpg 300w, https:\/\/2024.adventupuli.hr\/wp-content\/uploads\/2024\/11\/Baka-Libric-min-800x675-1-768x648.jpg 768w\" sizes=\"(max-width: 800px) 100vw, 800px\" \/>                <\/a>\n                <div class=\"etn-event-category\">\n                    <span>Programma per bambini<\/span>                 <\/div>\n                            <\/div>\n                        <!-- thumbnail start-->\n\n            <!-- content start-->\n            <div class=\"etn-event-content\">\n                                                                                        \n                <h3 class=\"etn-title etn-event-title\"><a href=\"https:\/\/2024.adventupuli.hr\/it\/dogadaj\/baka-libric-u-gostima-prica-za-laku-noc\/\">\n                    Storie con Mamma Natale<\/a>\n                <\/h3>\n                                \n                <div class=\"etn-event-footer\">\n                    <div class=\"etn-event-date\">\n                                    <span>\n\t\t\t\t<i class=\"etn-icon etn-calendar\"><\/i>\n                28\/12\/2024            <\/span>\n\t\t\t                    <\/div>\n                   \n                <\/div>\n            <\/div>\n            <!-- content end-->\n        <\/div>\n        <!-- etn event item end-->\n    <\/div>\n        <div class=\"etn-col-md-6 etn-col-lg-4\">\n        <div class=\"etn-event-item\">\n            <!-- thumbnail -->\n                        <div class=\"etn-event-thumb\">\n                <a \n                    href=\"https:\/\/2024.adventupuli.hr\/it\/dogadaj\/tvornica-djeda-bozicnjaka-pahuljica-mrazic\/\" \n                    aria-label=\"Gara d&#8217;appalto pubblica per le rimanenti case dell&#8217;Avvento\"\n                >\n                    <img loading=\"lazy\" decoding=\"async\" width=\"800\" height=\"534\" src=\"https:\/\/2024.adventupuli.hr\/wp-content\/uploads\/2024\/11\/GKC-1024x683.jpg\" class=\"attachment-large size-large wp-post-image\" alt=\"\" srcset=\"https:\/\/2024.adventupuli.hr\/wp-content\/uploads\/2024\/11\/GKC-1024x683.jpg 1024w, https:\/\/2024.adventupuli.hr\/wp-content\/uploads\/2024\/11\/GKC-300x200.jpg 300w, https:\/\/2024.adventupuli.hr\/wp-content\/uploads\/2024\/11\/GKC-768x512.jpg 768w, https:\/\/2024.adventupuli.hr\/wp-content\/uploads\/2024\/11\/GKC.jpg 1200w\" sizes=\"(max-width: 800px) 100vw, 800px\" \/>                <\/a>\n                <div class=\"etn-event-category\">\n                    <span>Programmi di biblioteca<\/span>                 <\/div>\n                            <\/div>\n                        <!-- thumbnail start-->\n\n            <!-- content start-->\n            <div class=\"etn-event-content\">\n                                                                                        \n                <h3 class=\"etn-title etn-event-title\"><a href=\"https:\/\/2024.adventupuli.hr\/it\/dogadaj\/tvornica-djeda-bozicnjaka-pahuljica-mrazic\/\">\n                    La fabbrica di Babbo Natale &#8211; Fiocca Mrazi\u0107<\/a>\n                <\/h3>\n                                \n                <div class=\"etn-event-footer\">\n                    <div class=\"etn-event-date\">\n                                    <span>\n\t\t\t\t<i class=\"etn-icon etn-calendar\"><\/i>\n                28\/12\/2024            <\/span>\n\t\t\t                    <\/div>\n                   \n                <\/div>\n            <\/div>\n            <!-- content end-->\n        <\/div>\n        <!-- etn event item end-->\n    <\/div>\n        <div class=\"etn-col-md-6 etn-col-lg-4\">\n        <div class=\"etn-event-item\">\n            <!-- thumbnail -->\n                        <div class=\"etn-event-thumb\">\n                <a \n                    href=\"https:\/\/2024.adventupuli.hr\/it\/dogadaj\/baka-libric-u-gostima-prica-za-dobro-jutro\/\" \n                    aria-label=\"Gara d&#8217;appalto pubblica per le rimanenti case dell&#8217;Avvento\"\n                >\n                    <img loading=\"lazy\" decoding=\"async\" width=\"750\" height=\"465\" src=\"https:\/\/2024.adventupuli.hr\/wp-content\/uploads\/2024\/11\/Pupetta-750x465-1.jpg\" class=\"attachment-large size-large wp-post-image\" alt=\"\" srcset=\"https:\/\/2024.adventupuli.hr\/wp-content\/uploads\/2024\/11\/Pupetta-750x465-1.jpg 750w, https:\/\/2024.adventupuli.hr\/wp-content\/uploads\/2024\/11\/Pupetta-750x465-1-300x186.jpg 300w\" sizes=\"(max-width: 750px) 100vw, 750px\" \/>                <\/a>\n                <div class=\"etn-event-category\">\n                    <span>Programma per bambini<\/span>                 <\/div>\n                            <\/div>\n                        <!-- thumbnail start-->\n\n            <!-- content start-->\n            <div class=\"etn-event-content\">\n                                                                                        \n                <h3 class=\"etn-title etn-event-title\"><a href=\"https:\/\/2024.adventupuli.hr\/it\/dogadaj\/baka-libric-u-gostima-prica-za-dobro-jutro\/\">\n                    Associazione Puppeta, Marionette di Natale, Laboratorio di Marionette<\/a>\n                <\/h3>\n                                \n                <div class=\"etn-event-footer\">\n                    <div class=\"etn-event-date\">\n                                    <span>\n\t\t\t\t<i class=\"etn-icon etn-calendar\"><\/i>\n                28\/12\/2024            <\/span>\n\t\t\t                    <\/div>\n                   \n                <\/div>\n            <\/div>\n            <!-- content end-->\n        <\/div>\n        <!-- etn event item end-->\n    <\/div>\n        <div class=\"etn-col-md-6 etn-col-lg-4\">\n        <div class=\"etn-event-item\">\n            <!-- thumbnail -->\n                        <div class=\"etn-event-thumb\">\n                <a \n                    href=\"https:\/\/2024.adventupuli.hr\/it\/dogadaj\/kawasaki-3p\/\" \n                    aria-label=\"Gara d&#8217;appalto pubblica per le rimanenti case dell&#8217;Avvento\"\n                >\n                    <img loading=\"lazy\" decoding=\"async\" width=\"800\" height=\"533\" src=\"https:\/\/2024.adventupuli.hr\/wp-content\/uploads\/2024\/10\/kawasaki3P_2-1024x682.jpg\" class=\"attachment-large size-large wp-post-image\" alt=\"\" srcset=\"https:\/\/2024.adventupuli.hr\/wp-content\/uploads\/2024\/10\/kawasaki3P_2-1024x682.jpg 1024w, https:\/\/2024.adventupuli.hr\/wp-content\/uploads\/2024\/10\/kawasaki3P_2-300x200.jpg 300w, https:\/\/2024.adventupuli.hr\/wp-content\/uploads\/2024\/10\/kawasaki3P_2-768x511.jpg 768w, https:\/\/2024.adventupuli.hr\/wp-content\/uploads\/2024\/10\/kawasaki3P_2.jpg 1200w\" sizes=\"(max-width: 800px) 100vw, 800px\" \/>                <\/a>\n                <div class=\"etn-event-category\">\n                    <span>Programma musicale<\/span>                 <\/div>\n                            <\/div>\n                        <!-- thumbnail start-->\n\n            <!-- content start-->\n            <div class=\"etn-event-content\">\n                                                                                        \n                <h3 class=\"etn-title etn-event-title\"><a href=\"https:\/\/2024.adventupuli.hr\/it\/dogadaj\/kawasaki-3p\/\">\n                    Kawasaki 3P<\/a>\n                <\/h3>\n                                \n                <div class=\"etn-event-footer\">\n                    <div class=\"etn-event-date\">\n                                    <span>\n\t\t\t\t<i class=\"etn-icon etn-calendar\"><\/i>\n                27\/12\/2024            <\/span>\n\t\t\t                    <\/div>\n                   \n                <\/div>\n            <\/div>\n            <!-- content end-->\n        <\/div>\n        <!-- etn event item end-->\n    <\/div>\n        <div class=\"etn-col-md-6 etn-col-lg-4\">\n        <div class=\"etn-event-item\">\n            <!-- thumbnail -->\n                        <div class=\"etn-event-thumb\">\n                <a \n                    href=\"https:\/\/2024.adventupuli.hr\/it\/dogadaj\/st-thomas-quintet-feat-ivona-fabris\/\" \n                    aria-label=\"Gara d&#8217;appalto pubblica per le rimanenti case dell&#8217;Avvento\"\n                >\n                    <img loading=\"lazy\" decoding=\"async\" width=\"800\" height=\"534\" src=\"https:\/\/2024.adventupuli.hr\/wp-content\/uploads\/2024\/11\/ADVENT-LOGO-2024-1024x683.jpg\" class=\"attachment-large size-large wp-post-image\" alt=\"\" srcset=\"https:\/\/2024.adventupuli.hr\/wp-content\/uploads\/2024\/11\/ADVENT-LOGO-2024-1024x683.jpg 1024w, https:\/\/2024.adventupuli.hr\/wp-content\/uploads\/2024\/11\/ADVENT-LOGO-2024-300x200.jpg 300w, https:\/\/2024.adventupuli.hr\/wp-content\/uploads\/2024\/11\/ADVENT-LOGO-2024-768x512.jpg 768w, https:\/\/2024.adventupuli.hr\/wp-content\/uploads\/2024\/11\/ADVENT-LOGO-2024.jpg 1200w\" sizes=\"(max-width: 800px) 100vw, 800px\" \/>                <\/a>\n                <div class=\"etn-event-category\">\n                    <span>Programma musicale<\/span>                 <\/div>\n                            <\/div>\n                        <!-- thumbnail start-->\n\n            <!-- content start-->\n            <div class=\"etn-event-content\">\n                                                                                        \n                <h3 class=\"etn-title etn-event-title\"><a href=\"https:\/\/2024.adventupuli.hr\/it\/dogadaj\/st-thomas-quintet-feat-ivona-fabris\/\">\n                    St. Thomas Quintet feat. Ivona Fabris<\/a>\n                <\/h3>\n                                \n                <div class=\"etn-event-footer\">\n                    <div class=\"etn-event-date\">\n                                    <span>\n\t\t\t\t<i class=\"etn-icon etn-calendar\"><\/i>\n                27\/12\/2024            <\/span>\n\t\t\t                    <\/div>\n                   \n                <\/div>\n            <\/div>\n            <!-- content end-->\n        <\/div>\n        <!-- etn event item end-->\n    <\/div>\n        <div class=\"etn-col-md-6 etn-col-lg-4\">\n        <div class=\"etn-event-item\">\n            <!-- thumbnail -->\n                        <div class=\"etn-event-thumb\">\n                <a \n                    href=\"https:\/\/2024.adventupuli.hr\/it\/dogadaj\/dj-sosa-2\/\" \n                    aria-label=\"Gara d&#8217;appalto pubblica per le rimanenti case dell&#8217;Avvento\"\n                >\n                    <img loading=\"lazy\" decoding=\"async\" width=\"768\" height=\"768\" src=\"https:\/\/2024.adventupuli.hr\/wp-content\/uploads\/2024\/12\/DJ-Sosa.jpg\" class=\"attachment-large size-large wp-post-image\" alt=\"\" srcset=\"https:\/\/2024.adventupuli.hr\/wp-content\/uploads\/2024\/12\/DJ-Sosa.jpg 768w, https:\/\/2024.adventupuli.hr\/wp-content\/uploads\/2024\/12\/DJ-Sosa-300x300.jpg 300w, https:\/\/2024.adventupuli.hr\/wp-content\/uploads\/2024\/12\/DJ-Sosa-150x150.jpg 150w\" sizes=\"(max-width: 768px) 100vw, 768px\" \/>                <\/a>\n                <div class=\"etn-event-category\">\n                    <span>Programma musicale<\/span>                 <\/div>\n                            <\/div>\n                        <!-- thumbnail start-->\n\n            <!-- content start-->\n            <div class=\"etn-event-content\">\n                                                                                        \n                <h3 class=\"etn-title etn-event-title\"><a href=\"https:\/\/2024.adventupuli.hr\/it\/dogadaj\/dj-sosa-2\/\">\n                    DJ Sosa<\/a>\n                <\/h3>\n                                \n                <div class=\"etn-event-footer\">\n                    <div class=\"etn-event-date\">\n                                    <span>\n\t\t\t\t<i class=\"etn-icon etn-calendar\"><\/i>\n                27\/12\/2024            <\/span>\n\t\t\t                    <\/div>\n                   \n                <\/div>\n            <\/div>\n            <!-- content end-->\n        <\/div>\n        <!-- etn event item end-->\n    <\/div>\n        <div class=\"etn-col-md-6 etn-col-lg-4\">\n        <div class=\"etn-event-item\">\n            <!-- thumbnail -->\n                        <div class=\"etn-event-thumb\">\n                <a \n                    href=\"https:\/\/2024.adventupuli.hr\/it\/dogadaj\/price-u-prosincu-eko-radionica-zrak-voda-i-cista-priroda-kako-mudric-cuva-prirodu\/\" \n                    aria-label=\"Gara d&#8217;appalto pubblica per le rimanenti case dell&#8217;Avvento\"\n                >\n                    <img loading=\"lazy\" decoding=\"async\" width=\"800\" height=\"534\" src=\"https:\/\/2024.adventupuli.hr\/wp-content\/uploads\/2024\/11\/GKC-1024x683.jpg\" class=\"attachment-large size-large wp-post-image\" alt=\"\" srcset=\"https:\/\/2024.adventupuli.hr\/wp-content\/uploads\/2024\/11\/GKC-1024x683.jpg 1024w, https:\/\/2024.adventupuli.hr\/wp-content\/uploads\/2024\/11\/GKC-300x200.jpg 300w, https:\/\/2024.adventupuli.hr\/wp-content\/uploads\/2024\/11\/GKC-768x512.jpg 768w, https:\/\/2024.adventupuli.hr\/wp-content\/uploads\/2024\/11\/GKC.jpg 1200w\" sizes=\"(max-width: 800px) 100vw, 800px\" \/>                <\/a>\n                <div class=\"etn-event-category\">\n                    <span>Programmi di biblioteca<\/span>                 <\/div>\n                            <\/div>\n                        <!-- thumbnail start-->\n\n            <!-- content start-->\n            <div class=\"etn-event-content\">\n                                                                                        \n                <h3 class=\"etn-title etn-event-title\"><a href=\"https:\/\/2024.adventupuli.hr\/it\/dogadaj\/price-u-prosincu-eko-radionica-zrak-voda-i-cista-priroda-kako-mudric-cuva-prirodu\/\">\n                    Racconti di dicembre &#8211; Laboratorio ecologico &#8211; Aria, acqua&#8230; e natura pura: come Mudri\u0107 preserva la natura<\/a>\n                <\/h3>\n                                \n                <div class=\"etn-event-footer\">\n                    <div class=\"etn-event-date\">\n                                    <span>\n\t\t\t\t<i class=\"etn-icon etn-calendar\"><\/i>\n                27\/12\/2024            <\/span>\n\t\t\t                    <\/div>\n                   \n                <\/div>\n            <\/div>\n            <!-- content end-->\n        <\/div>\n        <!-- etn event item end-->\n    <\/div>\n        <div class=\"etn-col-md-6 etn-col-lg-4\">\n        <div class=\"etn-event-item\">\n            <!-- thumbnail -->\n                        <div class=\"etn-event-thumb\">\n                <a \n                    href=\"https:\/\/2024.adventupuli.hr\/it\/dogadaj\/la-la-land-theatre\/\" \n                    aria-label=\"Gara d&#8217;appalto pubblica per le rimanenti case dell&#8217;Avvento\"\n                >\n                    <img loading=\"lazy\" decoding=\"async\" width=\"800\" height=\"535\" src=\"https:\/\/2024.adventupuli.hr\/wp-content\/uploads\/2024\/11\/La_La_Land-1024x685.jpg\" class=\"attachment-large size-large wp-post-image\" alt=\"\" srcset=\"https:\/\/2024.adventupuli.hr\/wp-content\/uploads\/2024\/11\/La_La_Land-1024x685.jpg 1024w, https:\/\/2024.adventupuli.hr\/wp-content\/uploads\/2024\/11\/La_La_Land-300x201.jpg 300w, https:\/\/2024.adventupuli.hr\/wp-content\/uploads\/2024\/11\/La_La_Land-768x514.jpg 768w, https:\/\/2024.adventupuli.hr\/wp-content\/uploads\/2024\/11\/La_La_Land.jpg 1197w\" sizes=\"(max-width: 800px) 100vw, 800px\" \/>                <\/a>\n                <div class=\"etn-event-category\">\n                    <span>Programma per bambini<\/span>                 <\/div>\n                            <\/div>\n                        <!-- thumbnail start-->\n\n            <!-- content start-->\n            <div class=\"etn-event-content\">\n                                                                                        \n                <h3 class=\"etn-title etn-event-title\"><a href=\"https:\/\/2024.adventupuli.hr\/it\/dogadaj\/la-la-land-theatre\/\">\n                    La La Land Theatre<\/a>\n                <\/h3>\n                                \n                <div class=\"etn-event-footer\">\n                    <div class=\"etn-event-date\">\n                                    <span>\n\t\t\t\t<i class=\"etn-icon etn-calendar\"><\/i>\n                27\/12\/2024            <\/span>\n\t\t\t                    <\/div>\n                   \n                <\/div>\n            <\/div>\n            <!-- content end-->\n        <\/div>\n        <!-- etn event item end-->\n    <\/div>\n        <div class=\"etn-col-md-6 etn-col-lg-4\">\n        <div class=\"etn-event-item\">\n            <!-- thumbnail -->\n                        <div class=\"etn-event-thumb\">\n                <a \n                    href=\"https:\/\/2024.adventupuli.hr\/it\/dogadaj\/freaktion-pocket-palma\/\" \n                    aria-label=\"Gara d&#8217;appalto pubblica per le rimanenti case dell&#8217;Avvento\"\n                >\n                    <img loading=\"lazy\" decoding=\"async\" width=\"800\" height=\"534\" src=\"https:\/\/2024.adventupuli.hr\/wp-content\/uploads\/2024\/10\/Pocket-Palma-1024x683.jpg\" class=\"attachment-large size-large wp-post-image\" alt=\"\" srcset=\"https:\/\/2024.adventupuli.hr\/wp-content\/uploads\/2024\/10\/Pocket-Palma-1024x683.jpg 1024w, https:\/\/2024.adventupuli.hr\/wp-content\/uploads\/2024\/10\/Pocket-Palma-300x200.jpg 300w, https:\/\/2024.adventupuli.hr\/wp-content\/uploads\/2024\/10\/Pocket-Palma-768x512.jpg 768w, https:\/\/2024.adventupuli.hr\/wp-content\/uploads\/2024\/10\/Pocket-Palma.jpg 1200w\" sizes=\"(max-width: 800px) 100vw, 800px\" \/>                <\/a>\n                <div class=\"etn-event-category\">\n                    <span>Programma musicale<\/span>                 <\/div>\n                            <\/div>\n                        <!-- thumbnail start-->\n\n            <!-- content start-->\n            <div class=\"etn-event-content\">\n                                                                                        \n                <h3 class=\"etn-title etn-event-title\"><a href=\"https:\/\/2024.adventupuli.hr\/it\/dogadaj\/freaktion-pocket-palma\/\">\n                    Freaktion \/ Pocket Palma<\/a>\n                <\/h3>\n                                \n                <div class=\"etn-event-footer\">\n                    <div class=\"etn-event-date\">\n                                    <span>\n\t\t\t\t<i class=\"etn-icon etn-calendar\"><\/i>\n                26\/12\/2024            <\/span>\n\t\t\t                    <\/div>\n                   \n                <\/div>\n            <\/div>\n            <!-- content end-->\n        <\/div>\n        <!-- etn event item end-->\n    <\/div>\n        <div class=\"etn-col-md-6 etn-col-lg-4\">\n        <div class=\"etn-event-item\">\n            <!-- thumbnail -->\n                        <div class=\"etn-event-thumb\">\n                <a \n                    href=\"https:\/\/2024.adventupuli.hr\/it\/dogadaj\/dj-sosa\/\" \n                    aria-label=\"Gara d&#8217;appalto pubblica per le rimanenti case dell&#8217;Avvento\"\n                >\n                    <img loading=\"lazy\" decoding=\"async\" width=\"768\" height=\"768\" src=\"https:\/\/2024.adventupuli.hr\/wp-content\/uploads\/2024\/12\/DJ-Sosa.jpg\" class=\"attachment-large size-large wp-post-image\" alt=\"\" srcset=\"https:\/\/2024.adventupuli.hr\/wp-content\/uploads\/2024\/12\/DJ-Sosa.jpg 768w, https:\/\/2024.adventupuli.hr\/wp-content\/uploads\/2024\/12\/DJ-Sosa-300x300.jpg 300w, https:\/\/2024.adventupuli.hr\/wp-content\/uploads\/2024\/12\/DJ-Sosa-150x150.jpg 150w\" sizes=\"(max-width: 768px) 100vw, 768px\" \/>                <\/a>\n                <div class=\"etn-event-category\">\n                    <span>Programma musicale<\/span>                 <\/div>\n                            <\/div>\n                        <!-- thumbnail start-->\n\n            <!-- content start-->\n            <div class=\"etn-event-content\">\n                                                                                        \n                <h3 class=\"etn-title etn-event-title\"><a href=\"https:\/\/2024.adventupuli.hr\/it\/dogadaj\/dj-sosa\/\">\n                    DJ Sosa<\/a>\n                <\/h3>\n                                \n                <div class=\"etn-event-footer\">\n                    <div class=\"etn-event-date\">\n                                    <span>\n\t\t\t\t<i class=\"etn-icon etn-calendar\"><\/i>\n                26\/12\/2024            <\/span>\n\t\t\t                    <\/div>\n                   \n                <\/div>\n            <\/div>\n            <!-- content end-->\n        <\/div>\n        <!-- etn event item end-->\n    <\/div>\n        <div class=\"etn-col-md-6 etn-col-lg-4\">\n        <div class=\"etn-event-item\">\n            <!-- thumbnail -->\n                        <div class=\"etn-event-thumb\">\n                <a \n                    href=\"https:\/\/2024.adventupuli.hr\/it\/dogadaj\/zoe-sestan\/\" \n                    aria-label=\"Gara d&#8217;appalto pubblica per le rimanenti case dell&#8217;Avvento\"\n                >\n                    <img loading=\"lazy\" decoding=\"async\" width=\"800\" height=\"534\" src=\"https:\/\/2024.adventupuli.hr\/wp-content\/uploads\/2024\/11\/Zoe-Sestan-1024x683.jpg\" class=\"attachment-large size-large wp-post-image\" alt=\"\" srcset=\"https:\/\/2024.adventupuli.hr\/wp-content\/uploads\/2024\/11\/Zoe-Sestan-1024x683.jpg 1024w, https:\/\/2024.adventupuli.hr\/wp-content\/uploads\/2024\/11\/Zoe-Sestan-300x200.jpg 300w, https:\/\/2024.adventupuli.hr\/wp-content\/uploads\/2024\/11\/Zoe-Sestan-768x512.jpg 768w, https:\/\/2024.adventupuli.hr\/wp-content\/uploads\/2024\/11\/Zoe-Sestan.jpg 1200w\" sizes=\"(max-width: 800px) 100vw, 800px\" \/>                <\/a>\n                <div class=\"etn-event-category\">\n                    <span>Programma musicale<\/span>                 <\/div>\n                            <\/div>\n                        <!-- thumbnail start-->\n\n            <!-- content start-->\n            <div class=\"etn-event-content\">\n                                                                                        \n                <h3 class=\"etn-title etn-event-title\"><a href=\"https:\/\/2024.adventupuli.hr\/it\/dogadaj\/zoe-sestan\/\">\n                    Zoe \u0160estan<\/a>\n                <\/h3>\n                                \n                <div class=\"etn-event-footer\">\n                    <div class=\"etn-event-date\">\n                                    <span>\n\t\t\t\t<i class=\"etn-icon etn-calendar\"><\/i>\n                26\/12\/2024            <\/span>\n\t\t\t                    <\/div>\n                   \n                <\/div>\n            <\/div>\n            <!-- content end-->\n        <\/div>\n        <!-- etn event item end-->\n    <\/div>\n        <div class=\"etn-col-md-6 etn-col-lg-4\">\n        <div class=\"etn-event-item\">\n            <!-- thumbnail -->\n                        <div class=\"etn-event-thumb\">\n                <a \n                    href=\"https:\/\/2024.adventupuli.hr\/it\/dogadaj\/queen-real-tribute\/\" \n                    aria-label=\"Gara d&#8217;appalto pubblica per le rimanenti case dell&#8217;Avvento\"\n                >\n                    <img loading=\"lazy\" decoding=\"async\" width=\"800\" height=\"534\" src=\"https:\/\/2024.adventupuli.hr\/wp-content\/uploads\/2024\/10\/Queen-Sensation-1-1024x683.jpg\" class=\"attachment-large size-large wp-post-image\" alt=\"\" srcset=\"https:\/\/2024.adventupuli.hr\/wp-content\/uploads\/2024\/10\/Queen-Sensation-1-1024x683.jpg 1024w, https:\/\/2024.adventupuli.hr\/wp-content\/uploads\/2024\/10\/Queen-Sensation-1-300x200.jpg 300w, https:\/\/2024.adventupuli.hr\/wp-content\/uploads\/2024\/10\/Queen-Sensation-1-768x512.jpg 768w, https:\/\/2024.adventupuli.hr\/wp-content\/uploads\/2024\/10\/Queen-Sensation-1.jpg 1200w\" sizes=\"(max-width: 800px) 100vw, 800px\" \/>                <\/a>\n                <div class=\"etn-event-category\">\n                    <span>Programma musicale<\/span>                 <\/div>\n                            <\/div>\n                        <!-- thumbnail start-->\n\n            <!-- content start-->\n            <div class=\"etn-event-content\">\n                                                                                        \n                <h3 class=\"etn-title etn-event-title\"><a href=\"https:\/\/2024.adventupuli.hr\/it\/dogadaj\/queen-real-tribute\/\">\n                    Queen Sensation<\/a>\n                <\/h3>\n                                \n                <div class=\"etn-event-footer\">\n                    <div class=\"etn-event-date\">\n                                    <span>\n\t\t\t\t<i class=\"etn-icon etn-calendar\"><\/i>\n                25\/12\/2024            <\/span>\n\t\t\t                    <\/div>\n                   \n                <\/div>\n            <\/div>\n            <!-- content end-->\n        <\/div>\n        <!-- etn event item end-->\n    <\/div>\n        <div class=\"etn-col-md-6 etn-col-lg-4\">\n        <div class=\"etn-event-item\">\n            <!-- thumbnail -->\n                        <div class=\"etn-event-thumb\">\n                <a \n                    href=\"https:\/\/2024.adventupuli.hr\/it\/dogadaj\/side-effects-2\/\" \n                    aria-label=\"Gara d&#8217;appalto pubblica per le rimanenti case dell&#8217;Avvento\"\n                >\n                    <img loading=\"lazy\" decoding=\"async\" width=\"800\" height=\"534\" src=\"https:\/\/2024.adventupuli.hr\/wp-content\/uploads\/2024\/11\/ADVENT-LOGO-2024-1024x683.jpg\" class=\"attachment-large size-large wp-post-image\" alt=\"\" srcset=\"https:\/\/2024.adventupuli.hr\/wp-content\/uploads\/2024\/11\/ADVENT-LOGO-2024-1024x683.jpg 1024w, https:\/\/2024.adventupuli.hr\/wp-content\/uploads\/2024\/11\/ADVENT-LOGO-2024-300x200.jpg 300w, https:\/\/2024.adventupuli.hr\/wp-content\/uploads\/2024\/11\/ADVENT-LOGO-2024-768x512.jpg 768w, https:\/\/2024.adventupuli.hr\/wp-content\/uploads\/2024\/11\/ADVENT-LOGO-2024.jpg 1200w\" sizes=\"(max-width: 800px) 100vw, 800px\" \/>                <\/a>\n                <div class=\"etn-event-category\">\n                    <span>Programma musicale<\/span>                 <\/div>\n                            <\/div>\n                        <!-- thumbnail start-->\n\n            <!-- content start-->\n            <div class=\"etn-event-content\">\n                                                                                        \n                <h3 class=\"etn-title etn-event-title\"><a href=\"https:\/\/2024.adventupuli.hr\/it\/dogadaj\/side-effects-2\/\">\n                    Side Effects<\/a>\n                <\/h3>\n                                \n                <div class=\"etn-event-footer\">\n                    <div class=\"etn-event-date\">\n                                    <span>\n\t\t\t\t<i class=\"etn-icon etn-calendar\"><\/i>\n                25\/12\/2024            <\/span>\n\t\t\t                    <\/div>\n                   \n                <\/div>\n            <\/div>\n            <!-- content end-->\n        <\/div>\n        <!-- etn event item end-->\n    <\/div>\n        <div class=\"etn-col-md-6 etn-col-lg-4\">\n        <div class=\"etn-event-item\">\n            <!-- thumbnail -->\n                        <div class=\"etn-event-thumb\">\n                <a \n                    href=\"https:\/\/2024.adventupuli.hr\/it\/dogadaj\/denis-denis\/\" \n                    aria-label=\"Gara d&#8217;appalto pubblica per le rimanenti case dell&#8217;Avvento\"\n                >\n                    <img loading=\"lazy\" decoding=\"async\" width=\"800\" height=\"534\" src=\"https:\/\/2024.adventupuli.hr\/wp-content\/uploads\/2024\/10\/22-1024x684.jpg\" class=\"attachment-large size-large wp-post-image\" alt=\"\" srcset=\"https:\/\/2024.adventupuli.hr\/wp-content\/uploads\/2024\/10\/22-1024x684.jpg 1024w, https:\/\/2024.adventupuli.hr\/wp-content\/uploads\/2024\/10\/22-300x201.jpg 300w, https:\/\/2024.adventupuli.hr\/wp-content\/uploads\/2024\/10\/22-768x513.jpg 768w, https:\/\/2024.adventupuli.hr\/wp-content\/uploads\/2024\/10\/22.jpg 1200w\" sizes=\"(max-width: 800px) 100vw, 800px\" \/>                <\/a>\n                <div class=\"etn-event-category\">\n                    <span>Programma musicale<\/span>                 <\/div>\n                            <\/div>\n                        <!-- thumbnail start-->\n\n            <!-- content start-->\n            <div class=\"etn-event-content\">\n                                                                                        \n                <h3 class=\"etn-title etn-event-title\"><a href=\"https:\/\/2024.adventupuli.hr\/it\/dogadaj\/denis-denis\/\">\n                    Denis &#038; Denis<\/a>\n                <\/h3>\n                                \n                <div class=\"etn-event-footer\">\n                    <div class=\"etn-event-date\">\n                                    <span>\n\t\t\t\t<i class=\"etn-icon etn-calendar\"><\/i>\n                24\/12\/2024            <\/span>\n\t\t\t                    <\/div>\n                   \n                <\/div>\n            <\/div>\n            <!-- content end-->\n        <\/div>\n        <!-- etn event item end-->\n    <\/div>\n        <div class=\"etn-col-md-6 etn-col-lg-4\">\n        <div class=\"etn-event-item\">\n            <!-- thumbnail -->\n                        <div class=\"etn-event-thumb\">\n                <a \n                    href=\"https:\/\/2024.adventupuli.hr\/it\/dogadaj\/branko-sterpin-timo-lassy-quintet\/\" \n                    aria-label=\"Gara d&#8217;appalto pubblica per le rimanenti case dell&#8217;Avvento\"\n                >\n                    <img loading=\"lazy\" decoding=\"async\" width=\"800\" height=\"533\" src=\"https:\/\/2024.adventupuli.hr\/wp-content\/uploads\/2024\/12\/Timo-1024x682.jpg\" class=\"attachment-large size-large wp-post-image\" alt=\"\" srcset=\"https:\/\/2024.adventupuli.hr\/wp-content\/uploads\/2024\/12\/Timo-1024x682.jpg 1024w, https:\/\/2024.adventupuli.hr\/wp-content\/uploads\/2024\/12\/Timo-300x200.jpg 300w, https:\/\/2024.adventupuli.hr\/wp-content\/uploads\/2024\/12\/Timo-768x512.jpg 768w, https:\/\/2024.adventupuli.hr\/wp-content\/uploads\/2024\/12\/Timo.jpg 1199w\" sizes=\"(max-width: 800px) 100vw, 800px\" \/>                <\/a>\n                <div class=\"etn-event-category\">\n                    <span>Programma musicale<\/span>                 <\/div>\n                            <\/div>\n                        <!-- thumbnail start-->\n\n            <!-- content start-->\n            <div class=\"etn-event-content\">\n                                                                                        \n                <h3 class=\"etn-title etn-event-title\"><a href=\"https:\/\/2024.adventupuli.hr\/it\/dogadaj\/branko-sterpin-timo-lassy-quintet\/\">\n                    Branko Sterpin &#8211; Timo Lassy Quintet<\/a>\n                <\/h3>\n                                \n                <div class=\"etn-event-footer\">\n                    <div class=\"etn-event-date\">\n                                    <span>\n\t\t\t\t<i class=\"etn-icon etn-calendar\"><\/i>\n                24\/12\/2024            <\/span>\n\t\t\t                    <\/div>\n                   \n                <\/div>\n            <\/div>\n            <!-- content end-->\n        <\/div>\n        <!-- etn event item end-->\n    <\/div>\n        <div class=\"etn-col-md-6 etn-col-lg-4\">\n        <div class=\"etn-event-item\">\n            <!-- thumbnail -->\n                        <div class=\"etn-event-thumb\">\n                <a \n                    href=\"https:\/\/2024.adventupuli.hr\/it\/dogadaj\/vesna-nezic-ruzic-anelidi-velika-padela\/\" \n                    aria-label=\"Gara d&#8217;appalto pubblica per le rimanenti case dell&#8217;Avvento\"\n                >\n                    <img loading=\"lazy\" decoding=\"async\" width=\"800\" height=\"534\" src=\"https:\/\/2024.adventupuli.hr\/wp-content\/uploads\/2024\/10\/P1060275-1024x684.jpg\" class=\"attachment-large size-large wp-post-image\" alt=\"\" srcset=\"https:\/\/2024.adventupuli.hr\/wp-content\/uploads\/2024\/10\/P1060275-1024x684.jpg 1024w, https:\/\/2024.adventupuli.hr\/wp-content\/uploads\/2024\/10\/P1060275-300x201.jpg 300w, https:\/\/2024.adventupuli.hr\/wp-content\/uploads\/2024\/10\/P1060275-768x513.jpg 768w, https:\/\/2024.adventupuli.hr\/wp-content\/uploads\/2024\/10\/P1060275.jpg 1200w\" sizes=\"(max-width: 800px) 100vw, 800px\" \/>                <\/a>\n                <div class=\"etn-event-category\">\n                    <span>Programma musicale<\/span>                 <\/div>\n                            <\/div>\n                        <!-- thumbnail start-->\n\n            <!-- content start-->\n            <div class=\"etn-event-content\">\n                                                                                        \n                <h3 class=\"etn-title etn-event-title\"><a href=\"https:\/\/2024.adventupuli.hr\/it\/dogadaj\/vesna-nezic-ruzic-anelidi-velika-padela\/\">\n                    Vesna Ne\u017ei\u0107 Ru\u017ei\u0107 &#038; Anelidi + grande padella<\/a>\n                <\/h3>\n                                \n                <div class=\"etn-event-footer\">\n                    <div class=\"etn-event-date\">\n                                    <span>\n\t\t\t\t<i class=\"etn-icon etn-calendar\"><\/i>\n                24\/12\/2024            <\/span>\n\t\t\t                    <\/div>\n                   \n                <\/div>\n            <\/div>\n            <!-- content end-->\n        <\/div>\n        <!-- etn event item end-->\n    <\/div>\n        <div class=\"etn-col-md-6 etn-col-lg-4\">\n        <div class=\"etn-event-item\">\n            <!-- thumbnail -->\n                        <div class=\"etn-event-thumb\">\n                <a \n                    href=\"https:\/\/2024.adventupuli.hr\/it\/dogadaj\/s-puno-ljubavi-za-bozic-dragi-djedice-napisi-pismo-djedu-bozicnjaku\/\" \n                    aria-label=\"Gara d&#8217;appalto pubblica per le rimanenti case dell&#8217;Avvento\"\n                >\n                    <img loading=\"lazy\" decoding=\"async\" width=\"800\" height=\"534\" src=\"https:\/\/2024.adventupuli.hr\/wp-content\/uploads\/2024\/11\/GKC-1024x683.jpg\" class=\"attachment-large size-large wp-post-image\" alt=\"\" srcset=\"https:\/\/2024.adventupuli.hr\/wp-content\/uploads\/2024\/11\/GKC-1024x683.jpg 1024w, https:\/\/2024.adventupuli.hr\/wp-content\/uploads\/2024\/11\/GKC-300x200.jpg 300w, https:\/\/2024.adventupuli.hr\/wp-content\/uploads\/2024\/11\/GKC-768x512.jpg 768w, https:\/\/2024.adventupuli.hr\/wp-content\/uploads\/2024\/11\/GKC.jpg 1200w\" sizes=\"(max-width: 800px) 100vw, 800px\" \/>                <\/a>\n                <div class=\"etn-event-category\">\n                    <span>Programmi di biblioteca<\/span>                 <\/div>\n                            <\/div>\n                        <!-- thumbnail start-->\n\n            <!-- content start-->\n            <div class=\"etn-event-content\">\n                                                                                        \n                <h3 class=\"etn-title etn-event-title\"><a href=\"https:\/\/2024.adventupuli.hr\/it\/dogadaj\/s-puno-ljubavi-za-bozic-dragi-djedice-napisi-pismo-djedu-bozicnjaku\/\">\n                    Con tanto affetto per Natale! &#8211; Caro Babbo Natale: scrivi una lettera a Babbo Natale<\/a>\n                <\/h3>\n                                \n                <div class=\"etn-event-footer\">\n                    <div class=\"etn-event-date\">\n                                    <span>\n\t\t\t\t<i class=\"etn-icon etn-calendar\"><\/i>\n                24\/12\/2024            <\/span>\n\t\t\t                    <\/div>\n                   \n                <\/div>\n            <\/div>\n            <!-- content end-->\n        <\/div>\n        <!-- etn event item end-->\n    <\/div>\n        <div class=\"etn-col-md-6 etn-col-lg-4\">\n        <div class=\"etn-event-item\">\n            <!-- thumbnail -->\n                        <div class=\"etn-event-thumb\">\n                <a \n                    href=\"https:\/\/2024.adventupuli.hr\/it\/dogadaj\/sonja-i-6-mamurluka\/\" \n                    aria-label=\"Gara d&#8217;appalto pubblica per le rimanenti case dell&#8217;Avvento\"\n                >\n                    <img loading=\"lazy\" decoding=\"async\" width=\"800\" height=\"534\" src=\"https:\/\/2024.adventupuli.hr\/wp-content\/uploads\/2024\/12\/Sonja2-1024x683.jpg\" class=\"attachment-large size-large wp-post-image\" alt=\"\" srcset=\"https:\/\/2024.adventupuli.hr\/wp-content\/uploads\/2024\/12\/Sonja2-1024x683.jpg 1024w, https:\/\/2024.adventupuli.hr\/wp-content\/uploads\/2024\/12\/Sonja2-300x200.jpg 300w, https:\/\/2024.adventupuli.hr\/wp-content\/uploads\/2024\/12\/Sonja2-768x512.jpg 768w, https:\/\/2024.adventupuli.hr\/wp-content\/uploads\/2024\/12\/Sonja2.jpg 1200w\" sizes=\"(max-width: 800px) 100vw, 800px\" \/>                <\/a>\n                <div class=\"etn-event-category\">\n                    <span>Programma musicale<\/span>                 <\/div>\n                            <\/div>\n                        <!-- thumbnail start-->\n\n            <!-- content start-->\n            <div class=\"etn-event-content\">\n                                                                                        \n                <h3 class=\"etn-title etn-event-title\"><a href=\"https:\/\/2024.adventupuli.hr\/it\/dogadaj\/sonja-i-6-mamurluka\/\">\n                    Sonja i 6 Mamurluka<\/a>\n                <\/h3>\n                                \n                <div class=\"etn-event-footer\">\n                    <div class=\"etn-event-date\">\n                                    <span>\n\t\t\t\t<i class=\"etn-icon etn-calendar\"><\/i>\n                23\/12\/2024            <\/span>\n\t\t\t                    <\/div>\n                   \n                <\/div>\n            <\/div>\n            <!-- content end-->\n        <\/div>\n        <!-- etn event item end-->\n    <\/div>\n        <div class=\"etn-col-md-6 etn-col-lg-4\">\n        <div class=\"etn-event-item\">\n            <!-- thumbnail -->\n                        <div class=\"etn-event-thumb\">\n                <a \n                    href=\"https:\/\/2024.adventupuli.hr\/it\/dogadaj\/bozicni-koncert-zbora-i-solista-opere-hnk-ivana-pl-zajca-rijeka\/\" \n                    aria-label=\"Gara d&#8217;appalto pubblica per le rimanenti case dell&#8217;Avvento\"\n                >\n                    <img loading=\"lazy\" decoding=\"async\" width=\"800\" height=\"534\" src=\"https:\/\/2024.adventupuli.hr\/wp-content\/uploads\/2024\/11\/ADVENT-LOGO-2024-1024x683.jpg\" class=\"attachment-large size-large wp-post-image\" alt=\"\" srcset=\"https:\/\/2024.adventupuli.hr\/wp-content\/uploads\/2024\/11\/ADVENT-LOGO-2024-1024x683.jpg 1024w, https:\/\/2024.adventupuli.hr\/wp-content\/uploads\/2024\/11\/ADVENT-LOGO-2024-300x200.jpg 300w, https:\/\/2024.adventupuli.hr\/wp-content\/uploads\/2024\/11\/ADVENT-LOGO-2024-768x512.jpg 768w, https:\/\/2024.adventupuli.hr\/wp-content\/uploads\/2024\/11\/ADVENT-LOGO-2024.jpg 1200w\" sizes=\"(max-width: 800px) 100vw, 800px\" \/>                <\/a>\n                <div class=\"etn-event-category\">\n                    <span>Programma musicale<\/span>                 <\/div>\n                            <\/div>\n                        <!-- thumbnail start-->\n\n            <!-- content start-->\n            <div class=\"etn-event-content\">\n                                                                                        \n                <h3 class=\"etn-title etn-event-title\"><a href=\"https:\/\/2024.adventupuli.hr\/it\/dogadaj\/bozicni-koncert-zbora-i-solista-opere-hnk-ivana-pl-zajca-rijeka\/\">\n                    Concerto di Natale del coro e dei solisti dell&#8217;Opera del Teatro Nazionale Croato Ivana pl. Zajca di Fiume<\/a>\n                <\/h3>\n                                \n                <div class=\"etn-event-footer\">\n                    <div class=\"etn-event-date\">\n                                    <span>\n\t\t\t\t<i class=\"etn-icon etn-calendar\"><\/i>\n                23\/12\/2024            <\/span>\n\t\t\t                    <\/div>\n                   \n                <\/div>\n            <\/div>\n            <!-- content end-->\n        <\/div>\n        <!-- etn event item end-->\n    <\/div>\n        <div class=\"etn-col-md-6 etn-col-lg-4\">\n        <div class=\"etn-event-item\">\n            <!-- thumbnail -->\n                        <div class=\"etn-event-thumb\">\n                <a \n                    href=\"https:\/\/2024.adventupuli.hr\/it\/dogadaj\/ab-original\/\" \n                    aria-label=\"Gara d&#8217;appalto pubblica per le rimanenti case dell&#8217;Avvento\"\n                >\n                    <img loading=\"lazy\" decoding=\"async\" width=\"800\" height=\"534\" src=\"https:\/\/2024.adventupuli.hr\/wp-content\/uploads\/2024\/11\/ABOriginal-1024x683.jpg\" class=\"attachment-large size-large wp-post-image\" alt=\"\" srcset=\"https:\/\/2024.adventupuli.hr\/wp-content\/uploads\/2024\/11\/ABOriginal-1024x683.jpg 1024w, https:\/\/2024.adventupuli.hr\/wp-content\/uploads\/2024\/11\/ABOriginal-300x200.jpg 300w, https:\/\/2024.adventupuli.hr\/wp-content\/uploads\/2024\/11\/ABOriginal-768x512.jpg 768w, https:\/\/2024.adventupuli.hr\/wp-content\/uploads\/2024\/11\/ABOriginal.jpg 1200w\" sizes=\"(max-width: 800px) 100vw, 800px\" \/>                <\/a>\n                <div class=\"etn-event-category\">\n                    <span>Programma di danza<\/span>                 <\/div>\n                            <\/div>\n                        <!-- thumbnail start-->\n\n            <!-- content start-->\n            <div class=\"etn-event-content\">\n                                                                                        \n                <h3 class=\"etn-title etn-event-title\"><a href=\"https:\/\/2024.adventupuli.hr\/it\/dogadaj\/ab-original\/\">\n                    AB Original<\/a>\n                <\/h3>\n                                \n                <div class=\"etn-event-footer\">\n                    <div class=\"etn-event-date\">\n                                    <span>\n\t\t\t\t<i class=\"etn-icon etn-calendar\"><\/i>\n                23\/12\/2024            <\/span>\n\t\t\t                    <\/div>\n                   \n                <\/div>\n            <\/div>\n            <!-- content end-->\n        <\/div>\n        <!-- etn event item end-->\n    <\/div>\n        <div class=\"etn-col-md-6 etn-col-lg-4\">\n        <div class=\"etn-event-item\">\n            <!-- thumbnail -->\n                        <div class=\"etn-event-thumb\">\n                <a \n                    href=\"https:\/\/2024.adventupuli.hr\/it\/dogadaj\/bor-dobrih-prica-carolija-bozicnog-svjetla-i-zvukova\/\" \n                    aria-label=\"Gara d&#8217;appalto pubblica per le rimanenti case dell&#8217;Avvento\"\n                >\n                    <img loading=\"lazy\" decoding=\"async\" width=\"800\" height=\"534\" src=\"https:\/\/2024.adventupuli.hr\/wp-content\/uploads\/2024\/11\/Djecja_knjiznica-1024x683.jpg\" class=\"attachment-large size-large wp-post-image\" alt=\"\" srcset=\"https:\/\/2024.adventupuli.hr\/wp-content\/uploads\/2024\/11\/Djecja_knjiznica-1024x683.jpg 1024w, https:\/\/2024.adventupuli.hr\/wp-content\/uploads\/2024\/11\/Djecja_knjiznica-300x200.jpg 300w, https:\/\/2024.adventupuli.hr\/wp-content\/uploads\/2024\/11\/Djecja_knjiznica-768x512.jpg 768w, https:\/\/2024.adventupuli.hr\/wp-content\/uploads\/2024\/11\/Djecja_knjiznica.jpg 1200w\" sizes=\"(max-width: 800px) 100vw, 800px\" \/>                <\/a>\n                <div class=\"etn-event-category\">\n                    <span>Programmi di biblioteca<\/span>                 <\/div>\n                            <\/div>\n                        <!-- thumbnail start-->\n\n            <!-- content start-->\n            <div class=\"etn-event-content\">\n                                                                                        \n                <h3 class=\"etn-title etn-event-title\"><a href=\"https:\/\/2024.adventupuli.hr\/it\/dogadaj\/bor-dobrih-prica-carolija-bozicnog-svjetla-i-zvukova\/\">\n                    Albero di Natale delle belle storie -La magia delle luci e dei suoni del Natale<\/a>\n                <\/h3>\n                                \n                <div class=\"etn-event-footer\">\n                    <div class=\"etn-event-date\">\n                                    <span>\n\t\t\t\t<i class=\"etn-icon etn-calendar\"><\/i>\n                23\/12\/2024            <\/span>\n\t\t\t                    <\/div>\n                   \n                <\/div>\n            <\/div>\n            <!-- content end-->\n        <\/div>\n        <!-- etn event item end-->\n    <\/div>\n        <div class=\"etn-col-md-6 etn-col-lg-4\">\n        <div class=\"etn-event-item\">\n            <!-- thumbnail -->\n                        <div class=\"etn-event-thumb\">\n                <a \n                    href=\"https:\/\/2024.adventupuli.hr\/it\/dogadaj\/adventski-vijenac-slovensko-kulturno-drustvo-pula-3\/\" \n                    aria-label=\"Gara d&#8217;appalto pubblica per le rimanenti case dell&#8217;Avvento\"\n                >\n                    <img loading=\"lazy\" decoding=\"async\" width=\"800\" height=\"533\" src=\"https:\/\/2024.adventupuli.hr\/wp-content\/uploads\/2024\/11\/Glazubeni_vijenac-1024x682.jpg\" class=\"attachment-large size-large wp-post-image\" alt=\"\" srcset=\"https:\/\/2024.adventupuli.hr\/wp-content\/uploads\/2024\/11\/Glazubeni_vijenac-1024x682.jpg 1024w, https:\/\/2024.adventupuli.hr\/wp-content\/uploads\/2024\/11\/Glazubeni_vijenac-300x200.jpg 300w, https:\/\/2024.adventupuli.hr\/wp-content\/uploads\/2024\/11\/Glazubeni_vijenac-768x511.jpg 768w, https:\/\/2024.adventupuli.hr\/wp-content\/uploads\/2024\/11\/Glazubeni_vijenac.jpg 1200w\" sizes=\"(max-width: 800px) 100vw, 800px\" \/>                <\/a>\n                <div class=\"etn-event-category\">\n                    <span>Programma musicale<\/span>                 <\/div>\n                            <\/div>\n                        <!-- thumbnail start-->\n\n            <!-- content start-->\n            <div class=\"etn-event-content\">\n                                                                                        \n                <h3 class=\"etn-title etn-event-title\"><a href=\"https:\/\/2024.adventupuli.hr\/it\/dogadaj\/adventski-vijenac-slovensko-kulturno-drustvo-pula-3\/\">\n                    La corona musicale &#8211; SAC Lino Mariani<\/a>\n                <\/h3>\n                                \n                <div class=\"etn-event-footer\">\n                    <div class=\"etn-event-date\">\n                                    <span>\n\t\t\t\t<i class=\"etn-icon etn-calendar\"><\/i>\n                22\/12\/2024            <\/span>\n\t\t\t                    <\/div>\n                   \n                <\/div>\n            <\/div>\n            <!-- content end-->\n        <\/div>\n        <!-- etn event item end-->\n    <\/div>\n        <div class=\"etn-col-md-6 etn-col-lg-4\">\n        <div class=\"etn-event-item\">\n            <!-- thumbnail -->\n                        <div class=\"etn-event-thumb\">\n                <a \n                    href=\"https:\/\/2024.adventupuli.hr\/it\/dogadaj\/udruga-puppeta-2\/\" \n                    aria-label=\"Gara d&#8217;appalto pubblica per le rimanenti case dell&#8217;Avvento\"\n                >\n                    <img loading=\"lazy\" decoding=\"async\" width=\"800\" height=\"534\" src=\"https:\/\/2024.adventupuli.hr\/wp-content\/uploads\/2024\/11\/Puppeta-1024x683.jpg\" class=\"attachment-large size-large wp-post-image\" alt=\"\" srcset=\"https:\/\/2024.adventupuli.hr\/wp-content\/uploads\/2024\/11\/Puppeta-1024x683.jpg 1024w, https:\/\/2024.adventupuli.hr\/wp-content\/uploads\/2024\/11\/Puppeta-300x200.jpg 300w, https:\/\/2024.adventupuli.hr\/wp-content\/uploads\/2024\/11\/Puppeta-768x512.jpg 768w, https:\/\/2024.adventupuli.hr\/wp-content\/uploads\/2024\/11\/Puppeta.jpg 1199w\" sizes=\"(max-width: 800px) 100vw, 800px\" \/>                <\/a>\n                <div class=\"etn-event-category\">\n                    <span>Programma per bambini<\/span>                 <\/div>\n                            <\/div>\n                        <!-- thumbnail start-->\n\n            <!-- content start-->\n            <div class=\"etn-event-content\">\n                                                                                        \n                <h3 class=\"etn-title etn-event-title\"><a href=\"https:\/\/2024.adventupuli.hr\/it\/dogadaj\/udruga-puppeta-2\/\">\n                    Associazione Puppeta<\/a>\n                <\/h3>\n                                \n                <div class=\"etn-event-footer\">\n                    <div class=\"etn-event-date\">\n                                    <span>\n\t\t\t\t<i class=\"etn-icon etn-calendar\"><\/i>\n                22\/12\/2024            <\/span>\n\t\t\t                    <\/div>\n                   \n                <\/div>\n            <\/div>\n            <!-- content end-->\n        <\/div>\n        <!-- etn event item end-->\n    <\/div>\n        <div class=\"etn-col-md-6 etn-col-lg-4\">\n        <div class=\"etn-event-item\">\n            <!-- thumbnail -->\n                        <div class=\"etn-event-thumb\">\n                <a \n                    href=\"https:\/\/2024.adventupuli.hr\/it\/dogadaj\/teatar-naranca-bozicni-dar\/\" \n                    aria-label=\"Gara d&#8217;appalto pubblica per le rimanenti case dell&#8217;Avvento\"\n                >\n                    <img loading=\"lazy\" decoding=\"async\" width=\"700\" height=\"980\" src=\"https:\/\/2024.adventupuli.hr\/wp-content\/uploads\/2024\/12\/image0031.jpg\" class=\"attachment-large size-large wp-post-image\" alt=\"\" srcset=\"https:\/\/2024.adventupuli.hr\/wp-content\/uploads\/2024\/12\/image0031.jpg 700w, https:\/\/2024.adventupuli.hr\/wp-content\/uploads\/2024\/12\/image0031-214x300.jpg 214w\" sizes=\"(max-width: 700px) 100vw, 700px\" \/>                <\/a>\n                <div class=\"etn-event-category\">\n                    <span>Programma per bambini<\/span>                 <\/div>\n                            <\/div>\n                        <!-- thumbnail start-->\n\n            <!-- content start-->\n            <div class=\"etn-event-content\">\n                                                                                        \n                <h3 class=\"etn-title etn-event-title\"><a href=\"https:\/\/2024.adventupuli.hr\/it\/dogadaj\/teatar-naranca-bozicni-dar\/\">\n                    Teatar Naran\u010da; Regalo di Natale<\/a>\n                <\/h3>\n                                \n                <div class=\"etn-event-footer\">\n                    <div class=\"etn-event-date\">\n                                    <span>\n\t\t\t\t<i class=\"etn-icon etn-calendar\"><\/i>\n                22\/12\/2024            <\/span>\n\t\t\t                    <\/div>\n                   \n                <\/div>\n            <\/div>\n            <!-- content end-->\n        <\/div>\n        <!-- etn event item end-->\n    <\/div>\n        <div class=\"etn-col-md-6 etn-col-lg-4\">\n        <div class=\"etn-event-item\">\n            <!-- thumbnail -->\n                        <div class=\"etn-event-thumb\">\n                <a \n                    href=\"https:\/\/2024.adventupuli.hr\/it\/dogadaj\/andrija-milosevic-idem-putem-pa-zagrlim-drvo\/\" \n                    aria-label=\"Gara d&#8217;appalto pubblica per le rimanenti case dell&#8217;Avvento\"\n                >\n                    <img loading=\"lazy\" decoding=\"async\" width=\"800\" height=\"534\" src=\"https:\/\/2024.adventupuli.hr\/wp-content\/uploads\/2024\/11\/ADVENT-LOGO-2024-1024x683.jpg\" class=\"attachment-large size-large wp-post-image\" alt=\"\" srcset=\"https:\/\/2024.adventupuli.hr\/wp-content\/uploads\/2024\/11\/ADVENT-LOGO-2024-1024x683.jpg 1024w, https:\/\/2024.adventupuli.hr\/wp-content\/uploads\/2024\/11\/ADVENT-LOGO-2024-300x200.jpg 300w, https:\/\/2024.adventupuli.hr\/wp-content\/uploads\/2024\/11\/ADVENT-LOGO-2024-768x512.jpg 768w, https:\/\/2024.adventupuli.hr\/wp-content\/uploads\/2024\/11\/ADVENT-LOGO-2024.jpg 1200w\" sizes=\"(max-width: 800px) 100vw, 800px\" \/>                <\/a>\n                <div class=\"etn-event-category\">\n                    <span>Spettacolo<\/span>                 <\/div>\n                            <\/div>\n                        <!-- thumbnail start-->\n\n            <!-- content start-->\n            <div class=\"etn-event-content\">\n                                                                                        \n                <h3 class=\"etn-title etn-event-title\"><a href=\"https:\/\/2024.adventupuli.hr\/it\/dogadaj\/andrija-milosevic-idem-putem-pa-zagrlim-drvo\/\">\n                    Andrija Milo\u0161evi\u0107: Vado per la strada e abbraccio un albero<\/a>\n                <\/h3>\n                                \n                <div class=\"etn-event-footer\">\n                    <div class=\"etn-event-date\">\n                                    <span>\n\t\t\t\t<i class=\"etn-icon etn-calendar\"><\/i>\n                19\/12\/2024            <\/span>\n\t\t\t                    <\/div>\n                   \n                <\/div>\n            <\/div>\n            <!-- content end-->\n        <\/div>\n        <!-- etn event item end-->\n    <\/div>\n        <div class=\"etn-col-md-6 etn-col-lg-4\">\n        <div class=\"etn-event-item\">\n            <!-- thumbnail -->\n                        <div class=\"etn-event-thumb\">\n                <a \n                    href=\"https:\/\/2024.adventupuli.hr\/it\/dogadaj\/ps-cool-step\/\" \n                    aria-label=\"Gara d&#8217;appalto pubblica per le rimanenti case dell&#8217;Avvento\"\n                >\n                    <img loading=\"lazy\" decoding=\"async\" width=\"800\" height=\"533\" src=\"https:\/\/2024.adventupuli.hr\/wp-content\/uploads\/2024\/11\/Cool-Step-1024x682.jpg\" class=\"attachment-large size-large wp-post-image\" alt=\"\" srcset=\"https:\/\/2024.adventupuli.hr\/wp-content\/uploads\/2024\/11\/Cool-Step-1024x682.jpg 1024w, https:\/\/2024.adventupuli.hr\/wp-content\/uploads\/2024\/11\/Cool-Step-300x200.jpg 300w, https:\/\/2024.adventupuli.hr\/wp-content\/uploads\/2024\/11\/Cool-Step-768x511.jpg 768w, https:\/\/2024.adventupuli.hr\/wp-content\/uploads\/2024\/11\/Cool-Step.jpg 1200w\" sizes=\"(max-width: 800px) 100vw, 800px\" \/>                <\/a>\n                <div class=\"etn-event-category\">\n                    <span>Programma di danza<\/span>                 <\/div>\n                            <\/div>\n                        <!-- thumbnail start-->\n\n            <!-- content start-->\n            <div class=\"etn-event-content\">\n                                                                                        \n                <h3 class=\"etn-title etn-event-title\"><a href=\"https:\/\/2024.adventupuli.hr\/it\/dogadaj\/ps-cool-step\/\">\n                    Christmas Musical by PS Cool Step<\/a>\n                <\/h3>\n                                \n                <div class=\"etn-event-footer\">\n                    <div class=\"etn-event-date\">\n                                    <span>\n\t\t\t\t<i class=\"etn-icon etn-calendar\"><\/i>\n                19\/12\/2024            <\/span>\n\t\t\t                    <\/div>\n                   \n                <\/div>\n            <\/div>\n            <!-- content end-->\n        <\/div>\n        <!-- etn event item end-->\n    <\/div>\n        <div class=\"etn-col-md-6 etn-col-lg-4\">\n        <div class=\"etn-event-item\">\n            <!-- thumbnail -->\n                        <div class=\"etn-event-thumb\">\n                <a \n                    href=\"https:\/\/2024.adventupuli.hr\/it\/dogadaj\/plesni-studio-pirueta-medulin-pula\/\" \n                    aria-label=\"Gara d&#8217;appalto pubblica per le rimanenti case dell&#8217;Avvento\"\n                >\n                    <img loading=\"lazy\" decoding=\"async\" width=\"800\" height=\"533\" src=\"https:\/\/2024.adventupuli.hr\/wp-content\/uploads\/2024\/11\/Pirueta-1024x682.jpg\" class=\"attachment-large size-large wp-post-image\" alt=\"\" srcset=\"https:\/\/2024.adventupuli.hr\/wp-content\/uploads\/2024\/11\/Pirueta-1024x682.jpg 1024w, https:\/\/2024.adventupuli.hr\/wp-content\/uploads\/2024\/11\/Pirueta-300x200.jpg 300w, https:\/\/2024.adventupuli.hr\/wp-content\/uploads\/2024\/11\/Pirueta-768x511.jpg 768w, https:\/\/2024.adventupuli.hr\/wp-content\/uploads\/2024\/11\/Pirueta.jpg 1200w\" sizes=\"(max-width: 800px) 100vw, 800px\" \/>                <\/a>\n                <div class=\"etn-event-category\">\n                    <span>Programma di danza<\/span>                 <\/div>\n                            <\/div>\n                        <!-- thumbnail start-->\n\n            <!-- content start-->\n            <div class=\"etn-event-content\">\n                                                                                        \n                <h3 class=\"etn-title etn-event-title\"><a href=\"https:\/\/2024.adventupuli.hr\/it\/dogadaj\/plesni-studio-pirueta-medulin-pula\/\">\n                    La magia della danza natalizia &#8211; Piroetta<\/a>\n                <\/h3>\n                                \n                <div class=\"etn-event-footer\">\n                    <div class=\"etn-event-date\">\n                                    <span>\n\t\t\t\t<i class=\"etn-icon etn-calendar\"><\/i>\n                19\/12\/2024            <\/span>\n\t\t\t                    <\/div>\n                   \n                <\/div>\n            <\/div>\n            <!-- content end-->\n        <\/div>\n        <!-- etn event item end-->\n    <\/div>\n        <div class=\"etn-col-md-6 etn-col-lg-4\">\n        <div class=\"etn-event-item\">\n            <!-- thumbnail -->\n                        <div class=\"etn-event-thumb\">\n                <a \n                    href=\"https:\/\/2024.adventupuli.hr\/it\/dogadaj\/plesni-studio-saltatrix\/\" \n                    aria-label=\"Gara d&#8217;appalto pubblica per le rimanenti case dell&#8217;Avvento\"\n                >\n                    <img loading=\"lazy\" decoding=\"async\" width=\"800\" height=\"533\" src=\"https:\/\/2024.adventupuli.hr\/wp-content\/uploads\/2024\/11\/Saltatrix-1024x682.jpg\" class=\"attachment-large size-large wp-post-image\" alt=\"\" srcset=\"https:\/\/2024.adventupuli.hr\/wp-content\/uploads\/2024\/11\/Saltatrix-1024x682.jpg 1024w, https:\/\/2024.adventupuli.hr\/wp-content\/uploads\/2024\/11\/Saltatrix-300x200.jpg 300w, https:\/\/2024.adventupuli.hr\/wp-content\/uploads\/2024\/11\/Saltatrix-768x511.jpg 768w, https:\/\/2024.adventupuli.hr\/wp-content\/uploads\/2024\/11\/Saltatrix.jpg 1200w\" sizes=\"(max-width: 800px) 100vw, 800px\" \/>                <\/a>\n                <div class=\"etn-event-category\">\n                    <span>Programma di danza<\/span>                 <\/div>\n                            <\/div>\n                        <!-- thumbnail start-->\n\n            <!-- content start-->\n            <div class=\"etn-event-content\">\n                                                                                        \n                <h3 class=\"etn-title etn-event-title\"><a href=\"https:\/\/2024.adventupuli.hr\/it\/dogadaj\/plesni-studio-saltatrix\/\">\n                    Spettacolo dell\u2019Avvento del Saltatrix Dance Studio<\/a>\n                <\/h3>\n                                \n                <div class=\"etn-event-footer\">\n                    <div class=\"etn-event-date\">\n                                    <span>\n\t\t\t\t<i class=\"etn-icon etn-calendar\"><\/i>\n                19\/12\/2024            <\/span>\n\t\t\t                    <\/div>\n                   \n                <\/div>\n            <\/div>\n            <!-- content end-->\n        <\/div>\n        <!-- etn event item end-->\n    <\/div>\n        <div class=\"etn-col-md-6 etn-col-lg-4\">\n        <div class=\"etn-event-item\">\n            <!-- thumbnail -->\n                        <div class=\"etn-event-thumb\">\n                <a \n                    href=\"https:\/\/2024.adventupuli.hr\/it\/dogadaj\/izlozba-zajedno-2024\/\" \n                    aria-label=\"Gara d&#8217;appalto pubblica per le rimanenti case dell&#8217;Avvento\"\n                >\n                    <img loading=\"lazy\" decoding=\"async\" width=\"800\" height=\"534\" src=\"https:\/\/2024.adventupuli.hr\/wp-content\/uploads\/2024\/11\/Djecja_knjiznica-1024x683.jpg\" class=\"attachment-large size-large wp-post-image\" alt=\"\" srcset=\"https:\/\/2024.adventupuli.hr\/wp-content\/uploads\/2024\/11\/Djecja_knjiznica-1024x683.jpg 1024w, https:\/\/2024.adventupuli.hr\/wp-content\/uploads\/2024\/11\/Djecja_knjiznica-300x200.jpg 300w, https:\/\/2024.adventupuli.hr\/wp-content\/uploads\/2024\/11\/Djecja_knjiznica-768x512.jpg 768w, https:\/\/2024.adventupuli.hr\/wp-content\/uploads\/2024\/11\/Djecja_knjiznica.jpg 1200w\" sizes=\"(max-width: 800px) 100vw, 800px\" \/>                <\/a>\n                <div class=\"etn-event-category\">\n                    <span>Programmi di biblioteca<\/span>                 <\/div>\n                            <\/div>\n                        <!-- thumbnail start-->\n\n            <!-- content start-->\n            <div class=\"etn-event-content\">\n                                                                                        \n                <h3 class=\"etn-title etn-event-title\"><a href=\"https:\/\/2024.adventupuli.hr\/it\/dogadaj\/izlozba-zajedno-2024\/\">\n                    Mostra \u201cInsieme  2024\u201d<\/a>\n                <\/h3>\n                                \n                <div class=\"etn-event-footer\">\n                    <div class=\"etn-event-date\">\n                                    <span>\n\t\t\t\t<i class=\"etn-icon etn-calendar\"><\/i>\n                19\/12\/2024            <\/span>\n\t\t\t                    <\/div>\n                   \n                <\/div>\n            <\/div>\n            <!-- content end-->\n        <\/div>\n        <!-- etn event item end-->\n    <\/div>\n        <div class=\"etn-col-md-6 etn-col-lg-4\">\n        <div class=\"etn-event-item\">\n            <!-- thumbnail -->\n                        <div class=\"etn-event-thumb\">\n                <a \n                    href=\"https:\/\/2024.adventupuli.hr\/it\/dogadaj\/yamaha-music-school-yms-pula-za-pulu-koncert\/\" \n                    aria-label=\"Gara d&#8217;appalto pubblica per le rimanenti case dell&#8217;Avvento\"\n                >\n                    <img loading=\"lazy\" decoding=\"async\" width=\"800\" height=\"533\" src=\"https:\/\/2024.adventupuli.hr\/wp-content\/uploads\/2024\/11\/GRAZ-1024x682.jpg\" class=\"attachment-large size-large wp-post-image\" alt=\"\" srcset=\"https:\/\/2024.adventupuli.hr\/wp-content\/uploads\/2024\/11\/GRAZ-1024x682.jpg 1024w, https:\/\/2024.adventupuli.hr\/wp-content\/uploads\/2024\/11\/GRAZ-300x200.jpg 300w, https:\/\/2024.adventupuli.hr\/wp-content\/uploads\/2024\/11\/GRAZ-768x511.jpg 768w, https:\/\/2024.adventupuli.hr\/wp-content\/uploads\/2024\/11\/GRAZ.jpg 1200w\" sizes=\"(max-width: 800px) 100vw, 800px\" \/>                <\/a>\n                <div class=\"etn-event-category\">\n                    <span>Programma per bambini<\/span> <span>Programma musicale<\/span>                 <\/div>\n                            <\/div>\n                        <!-- thumbnail start-->\n\n            <!-- content start-->\n            <div class=\"etn-event-content\">\n                                                                                        \n                <h3 class=\"etn-title etn-event-title\"><a href=\"https:\/\/2024.adventupuli.hr\/it\/dogadaj\/yamaha-music-school-yms-pula-za-pulu-koncert\/\">\n                    Yamaha Music School; YMS Pola per Pola, concerto<\/a>\n                <\/h3>\n                                \n                <div class=\"etn-event-footer\">\n                    <div class=\"etn-event-date\">\n                                    <span>\n\t\t\t\t<i class=\"etn-icon etn-calendar\"><\/i>\n                18\/12\/2024            <\/span>\n\t\t\t                    <\/div>\n                   \n                <\/div>\n            <\/div>\n            <!-- content end-->\n        <\/div>\n        <!-- etn event item end-->\n    <\/div>\n        <div class=\"etn-col-md-6 etn-col-lg-4\">\n        <div class=\"etn-event-item\">\n            <!-- thumbnail -->\n                        <div class=\"etn-event-thumb\">\n                <a \n                    href=\"https:\/\/2024.adventupuli.hr\/it\/dogadaj\/bozicna-produkcija-plesnog-studija-saltatrix-vremeplov\/\" \n                    aria-label=\"Gara d&#8217;appalto pubblica per le rimanenti case dell&#8217;Avvento\"\n                >\n                    <img loading=\"lazy\" decoding=\"async\" width=\"800\" height=\"534\" src=\"https:\/\/2024.adventupuli.hr\/wp-content\/uploads\/2024\/11\/ADVENT-LOGO-2024-1024x683.jpg\" class=\"attachment-large size-large wp-post-image\" alt=\"\" srcset=\"https:\/\/2024.adventupuli.hr\/wp-content\/uploads\/2024\/11\/ADVENT-LOGO-2024-1024x683.jpg 1024w, https:\/\/2024.adventupuli.hr\/wp-content\/uploads\/2024\/11\/ADVENT-LOGO-2024-300x200.jpg 300w, https:\/\/2024.adventupuli.hr\/wp-content\/uploads\/2024\/11\/ADVENT-LOGO-2024-768x512.jpg 768w, https:\/\/2024.adventupuli.hr\/wp-content\/uploads\/2024\/11\/ADVENT-LOGO-2024.jpg 1200w\" sizes=\"(max-width: 800px) 100vw, 800px\" \/>                <\/a>\n                <div class=\"etn-event-category\">\n                    <span>Programma di danza<\/span>                 <\/div>\n                            <\/div>\n                        <!-- thumbnail start-->\n\n            <!-- content start-->\n            <div class=\"etn-event-content\">\n                                                                                        \n                <h3 class=\"etn-title etn-event-title\"><a href=\"https:\/\/2024.adventupuli.hr\/it\/dogadaj\/bozicna-produkcija-plesnog-studija-saltatrix-vremeplov\/\">\n                    Spettalcolo Natalizio del Saltatrix dance studio<\/a>\n                <\/h3>\n                                \n                <div class=\"etn-event-footer\">\n                    <div class=\"etn-event-date\">\n                                    <span>\n\t\t\t\t<i class=\"etn-icon etn-calendar\"><\/i>\n                18\/12\/2024            <\/span>\n\t\t\t                    <\/div>\n                   \n                <\/div>\n            <\/div>\n            <!-- content end-->\n        <\/div>\n        <!-- etn event item end-->\n    <\/div>\n        <div class=\"etn-col-md-6 etn-col-lg-4\">\n        <div class=\"etn-event-item\">\n            <!-- thumbnail -->\n                        <div class=\"etn-event-thumb\">\n                <a \n                    href=\"https:\/\/2024.adventupuli.hr\/it\/dogadaj\/raspjevani-bozic\/\" \n                    aria-label=\"Gara d&#8217;appalto pubblica per le rimanenti case dell&#8217;Avvento\"\n                >\n                    <img loading=\"lazy\" decoding=\"async\" width=\"800\" height=\"534\" src=\"https:\/\/2024.adventupuli.hr\/wp-content\/uploads\/2024\/11\/Djecja_knjiznica-1024x683.jpg\" class=\"attachment-large size-large wp-post-image\" alt=\"\" srcset=\"https:\/\/2024.adventupuli.hr\/wp-content\/uploads\/2024\/11\/Djecja_knjiznica-1024x683.jpg 1024w, https:\/\/2024.adventupuli.hr\/wp-content\/uploads\/2024\/11\/Djecja_knjiznica-300x200.jpg 300w, https:\/\/2024.adventupuli.hr\/wp-content\/uploads\/2024\/11\/Djecja_knjiznica-768x512.jpg 768w, https:\/\/2024.adventupuli.hr\/wp-content\/uploads\/2024\/11\/Djecja_knjiznica.jpg 1200w\" sizes=\"(max-width: 800px) 100vw, 800px\" \/>                <\/a>\n                <div class=\"etn-event-category\">\n                    <span>Programmi di biblioteca<\/span>                 <\/div>\n                            <\/div>\n                        <!-- thumbnail start-->\n\n            <!-- content start-->\n            <div class=\"etn-event-content\">\n                                                                                        \n                <h3 class=\"etn-title etn-event-title\"><a href=\"https:\/\/2024.adventupuli.hr\/it\/dogadaj\/raspjevani-bozic\/\">\n                    Canti di Natale<\/a>\n                <\/h3>\n                                \n                <div class=\"etn-event-footer\">\n                    <div class=\"etn-event-date\">\n                                    <span>\n\t\t\t\t<i class=\"etn-icon etn-calendar\"><\/i>\n                18\/12\/2024            <\/span>\n\t\t\t                    <\/div>\n                   \n                <\/div>\n            <\/div>\n            <!-- content end-->\n        <\/div>\n        <!-- etn event item end-->\n    <\/div>\n        <div class=\"etn-col-md-6 etn-col-lg-4\">\n        <div class=\"etn-event-item\">\n            <!-- thumbnail -->\n                        <div class=\"etn-event-thumb\">\n                <a \n                    href=\"https:\/\/2024.adventupuli.hr\/it\/dogadaj\/p-i-cajkovski-orasar\/\" \n                    aria-label=\"Gara d&#8217;appalto pubblica per le rimanenti case dell&#8217;Avvento\"\n                >\n                    <img loading=\"lazy\" decoding=\"async\" width=\"800\" height=\"534\" src=\"https:\/\/2024.adventupuli.hr\/wp-content\/uploads\/2024\/11\/ADVENT-LOGO-2024-1024x683.jpg\" class=\"attachment-large size-large wp-post-image\" alt=\"\" srcset=\"https:\/\/2024.adventupuli.hr\/wp-content\/uploads\/2024\/11\/ADVENT-LOGO-2024-1024x683.jpg 1024w, https:\/\/2024.adventupuli.hr\/wp-content\/uploads\/2024\/11\/ADVENT-LOGO-2024-300x200.jpg 300w, https:\/\/2024.adventupuli.hr\/wp-content\/uploads\/2024\/11\/ADVENT-LOGO-2024-768x512.jpg 768w, https:\/\/2024.adventupuli.hr\/wp-content\/uploads\/2024\/11\/ADVENT-LOGO-2024.jpg 1200w\" sizes=\"(max-width: 800px) 100vw, 800px\" \/>                <\/a>\n                <div class=\"etn-event-category\">\n                    <span>Programma di danza<\/span>                 <\/div>\n                            <\/div>\n                        <!-- thumbnail start-->\n\n            <!-- content start-->\n            <div class=\"etn-event-content\">\n                                                                                        \n                <h3 class=\"etn-title etn-event-title\"><a href=\"https:\/\/2024.adventupuli.hr\/it\/dogadaj\/p-i-cajkovski-orasar\/\">\n                    P. I. Tchaikovsky: Lo Schiaccianoci<\/a>\n                <\/h3>\n                                \n                <div class=\"etn-event-footer\">\n                    <div class=\"etn-event-date\">\n                                    <span>\n\t\t\t\t<i class=\"etn-icon etn-calendar\"><\/i>\n                17\/12\/2024            <\/span>\n\t\t\t                    <\/div>\n                   \n                <\/div>\n            <\/div>\n            <!-- content end-->\n        <\/div>\n        <!-- etn event item end-->\n    <\/div>\n        <div class=\"etn-col-md-6 etn-col-lg-4\">\n        <div class=\"etn-event-item\">\n            <!-- thumbnail -->\n                        <div class=\"etn-event-thumb\">\n                <a \n                    href=\"https:\/\/2024.adventupuli.hr\/it\/dogadaj\/s-puno-ljubavi-za-bozic-bozicna-potraga-se-nastavlja\/\" \n                    aria-label=\"Gara d&#8217;appalto pubblica per le rimanenti case dell&#8217;Avvento\"\n                >\n                    <img loading=\"lazy\" decoding=\"async\" width=\"800\" height=\"534\" src=\"https:\/\/2024.adventupuli.hr\/wp-content\/uploads\/2024\/11\/GKC-1024x683.jpg\" class=\"attachment-large size-large wp-post-image\" alt=\"\" srcset=\"https:\/\/2024.adventupuli.hr\/wp-content\/uploads\/2024\/11\/GKC-1024x683.jpg 1024w, https:\/\/2024.adventupuli.hr\/wp-content\/uploads\/2024\/11\/GKC-300x200.jpg 300w, https:\/\/2024.adventupuli.hr\/wp-content\/uploads\/2024\/11\/GKC-768x512.jpg 768w, https:\/\/2024.adventupuli.hr\/wp-content\/uploads\/2024\/11\/GKC.jpg 1200w\" sizes=\"(max-width: 800px) 100vw, 800px\" \/>                <\/a>\n                <div class=\"etn-event-category\">\n                    <span>Programmi di biblioteca<\/span>                 <\/div>\n                            <\/div>\n                        <!-- thumbnail start-->\n\n            <!-- content start-->\n            <div class=\"etn-event-content\">\n                                                                                        \n                <h3 class=\"etn-title etn-event-title\"><a href=\"https:\/\/2024.adventupuli.hr\/it\/dogadaj\/s-puno-ljubavi-za-bozic-bozicna-potraga-se-nastavlja\/\">\n                    Con tanto affetto per Natale! &#8211; La ricerca del Natale continua<\/a>\n                <\/h3>\n                                \n                <div class=\"etn-event-footer\">\n                    <div class=\"etn-event-date\">\n                                    <span>\n\t\t\t\t<i class=\"etn-icon etn-calendar\"><\/i>\n                17\/12\/2024            <\/span>\n\t\t\t                    <\/div>\n                   \n                <\/div>\n            <\/div>\n            <!-- content end-->\n        <\/div>\n        <!-- etn event item end-->\n    <\/div>\n        <div class=\"etn-col-md-6 etn-col-lg-4\">\n        <div class=\"etn-event-item\">\n            <!-- thumbnail -->\n                        <div class=\"etn-event-thumb\">\n                <a \n                    href=\"https:\/\/2024.adventupuli.hr\/it\/dogadaj\/sorry\/\" \n                    aria-label=\"Gara d&#8217;appalto pubblica per le rimanenti case dell&#8217;Avvento\"\n                >\n                    <img loading=\"lazy\" decoding=\"async\" width=\"800\" height=\"534\" src=\"https:\/\/2024.adventupuli.hr\/wp-content\/uploads\/2024\/11\/ADVENT-LOGO-2024-1024x683.jpg\" class=\"attachment-large size-large wp-post-image\" alt=\"\" srcset=\"https:\/\/2024.adventupuli.hr\/wp-content\/uploads\/2024\/11\/ADVENT-LOGO-2024-1024x683.jpg 1024w, https:\/\/2024.adventupuli.hr\/wp-content\/uploads\/2024\/11\/ADVENT-LOGO-2024-300x200.jpg 300w, https:\/\/2024.adventupuli.hr\/wp-content\/uploads\/2024\/11\/ADVENT-LOGO-2024-768x512.jpg 768w, https:\/\/2024.adventupuli.hr\/wp-content\/uploads\/2024\/11\/ADVENT-LOGO-2024.jpg 1200w\" sizes=\"(max-width: 800px) 100vw, 800px\" \/>                <\/a>\n                <div class=\"etn-event-category\">\n                    <span>Spettacolo<\/span>                 <\/div>\n                            <\/div>\n                        <!-- thumbnail start-->\n\n            <!-- content start-->\n            <div class=\"etn-event-content\">\n                                                                                        \n                <h3 class=\"etn-title etn-event-title\"><a href=\"https:\/\/2024.adventupuli.hr\/it\/dogadaj\/sorry\/\">\n                    Sorry<\/a>\n                <\/h3>\n                                \n                <div class=\"etn-event-footer\">\n                    <div class=\"etn-event-date\">\n                                    <span>\n\t\t\t\t<i class=\"etn-icon etn-calendar\"><\/i>\n                16\/12\/2024            <\/span>\n\t\t\t                    <\/div>\n                   \n                <\/div>\n            <\/div>\n            <!-- content end-->\n        <\/div>\n        <!-- etn event item end-->\n    <\/div>\n        <div class=\"etn-col-md-6 etn-col-lg-4\">\n        <div class=\"etn-event-item\">\n            <!-- thumbnail -->\n                        <div class=\"etn-event-thumb\">\n                <a \n                    href=\"https:\/\/2024.adventupuli.hr\/it\/dogadaj\/betlehemsko-svjetlo\/\" \n                    aria-label=\"Gara d&#8217;appalto pubblica per le rimanenti case dell&#8217;Avvento\"\n                >\n                    <img loading=\"lazy\" decoding=\"async\" width=\"800\" height=\"533\" src=\"https:\/\/2024.adventupuli.hr\/wp-content\/uploads\/2024\/11\/Izvidaci-1024x682.jpg\" class=\"attachment-large size-large wp-post-image\" alt=\"\" srcset=\"https:\/\/2024.adventupuli.hr\/wp-content\/uploads\/2024\/11\/Izvidaci-1024x682.jpg 1024w, https:\/\/2024.adventupuli.hr\/wp-content\/uploads\/2024\/11\/Izvidaci-300x200.jpg 300w, https:\/\/2024.adventupuli.hr\/wp-content\/uploads\/2024\/11\/Izvidaci-768x512.jpg 768w, https:\/\/2024.adventupuli.hr\/wp-content\/uploads\/2024\/11\/Izvidaci-1536x1024.jpg 1536w, https:\/\/2024.adventupuli.hr\/wp-content\/uploads\/2024\/11\/Izvidaci.jpg 2000w\" sizes=\"(max-width: 800px) 100vw, 800px\" \/>                <\/a>\n                <div class=\"etn-event-category\">\n                    <span>Programma per bambini<\/span>                 <\/div>\n                            <\/div>\n                        <!-- thumbnail start-->\n\n            <!-- content start-->\n            <div class=\"etn-event-content\">\n                                                                                        \n                <h3 class=\"etn-title etn-event-title\"><a href=\"https:\/\/2024.adventupuli.hr\/it\/dogadaj\/betlehemsko-svjetlo\/\">\n                    Luce di Betlemme<\/a>\n                <\/h3>\n                                \n                <div class=\"etn-event-footer\">\n                    <div class=\"etn-event-date\">\n                                    <span>\n\t\t\t\t<i class=\"etn-icon etn-calendar\"><\/i>\n                16\/12\/2024            <\/span>\n\t\t\t                    <\/div>\n                   \n                <\/div>\n            <\/div>\n            <!-- content end-->\n        <\/div>\n        <!-- etn event item end-->\n    <\/div>\n        <div class=\"etn-col-md-6 etn-col-lg-4\">\n        <div class=\"etn-event-item\">\n            <!-- thumbnail -->\n                        <div class=\"etn-event-thumb\">\n                <a \n                    href=\"https:\/\/2024.adventupuli.hr\/it\/dogadaj\/bor-dobrih-prica-pismo-djedu-mrazu\/\" \n                    aria-label=\"Gara d&#8217;appalto pubblica per le rimanenti case dell&#8217;Avvento\"\n                >\n                    <img loading=\"lazy\" decoding=\"async\" width=\"800\" height=\"534\" src=\"https:\/\/2024.adventupuli.hr\/wp-content\/uploads\/2024\/11\/Djecja_knjiznica-1024x683.jpg\" class=\"attachment-large size-large wp-post-image\" alt=\"\" srcset=\"https:\/\/2024.adventupuli.hr\/wp-content\/uploads\/2024\/11\/Djecja_knjiznica-1024x683.jpg 1024w, https:\/\/2024.adventupuli.hr\/wp-content\/uploads\/2024\/11\/Djecja_knjiznica-300x200.jpg 300w, https:\/\/2024.adventupuli.hr\/wp-content\/uploads\/2024\/11\/Djecja_knjiznica-768x512.jpg 768w, https:\/\/2024.adventupuli.hr\/wp-content\/uploads\/2024\/11\/Djecja_knjiznica.jpg 1200w\" sizes=\"(max-width: 800px) 100vw, 800px\" \/>                <\/a>\n                <div class=\"etn-event-category\">\n                    <span>Programmi di biblioteca<\/span>                 <\/div>\n                            <\/div>\n                        <!-- thumbnail start-->\n\n            <!-- content start-->\n            <div class=\"etn-event-content\">\n                                                                                        \n                <h3 class=\"etn-title etn-event-title\"><a href=\"https:\/\/2024.adventupuli.hr\/it\/dogadaj\/bor-dobrih-prica-pismo-djedu-mrazu\/\">\n                    Albero di Natale delle belle storie &#8211; Lettera a Babbo Natale<\/a>\n                <\/h3>\n                                \n                <div class=\"etn-event-footer\">\n                    <div class=\"etn-event-date\">\n                                    <span>\n\t\t\t\t<i class=\"etn-icon etn-calendar\"><\/i>\n                16\/12\/2024            <\/span>\n\t\t\t                    <\/div>\n                   \n                <\/div>\n            <\/div>\n            <!-- content end-->\n        <\/div>\n        <!-- etn event item end-->\n    <\/div>\n        <div class=\"etn-col-md-6 etn-col-lg-4\">\n        <div class=\"etn-event-item\">\n            <!-- thumbnail -->\n                        <div class=\"etn-event-thumb\">\n                <a \n                    href=\"https:\/\/2024.adventupuli.hr\/it\/dogadaj\/blagdanska-cajanka-s-knjigom-ne-dobijes-za-bozic-bas-sve-sto-zelis-ali-ipak-se-veselis\/\" \n                    aria-label=\"Gara d&#8217;appalto pubblica per le rimanenti case dell&#8217;Avvento\"\n                >\n                    <img loading=\"lazy\" decoding=\"async\" width=\"800\" height=\"534\" src=\"https:\/\/2024.adventupuli.hr\/wp-content\/uploads\/2024\/11\/Djecja_knjiznica-1024x683.jpg\" class=\"attachment-large size-large wp-post-image\" alt=\"\" srcset=\"https:\/\/2024.adventupuli.hr\/wp-content\/uploads\/2024\/11\/Djecja_knjiznica-1024x683.jpg 1024w, https:\/\/2024.adventupuli.hr\/wp-content\/uploads\/2024\/11\/Djecja_knjiznica-300x200.jpg 300w, https:\/\/2024.adventupuli.hr\/wp-content\/uploads\/2024\/11\/Djecja_knjiznica-768x512.jpg 768w, https:\/\/2024.adventupuli.hr\/wp-content\/uploads\/2024\/11\/Djecja_knjiznica.jpg 1200w\" sizes=\"(max-width: 800px) 100vw, 800px\" \/>                <\/a>\n                <div class=\"etn-event-category\">\n                    <span>Programmi di biblioteca<\/span>                 <\/div>\n                            <\/div>\n                        <!-- thumbnail start-->\n\n            <!-- content start-->\n            <div class=\"etn-event-content\">\n                                                                                        \n                <h3 class=\"etn-title etn-event-title\"><a href=\"https:\/\/2024.adventupuli.hr\/it\/dogadaj\/blagdanska-cajanka-s-knjigom-ne-dobijes-za-bozic-bas-sve-sto-zelis-ali-ipak-se-veselis\/\">\n                    Un t\u00e8 festivo con un libro: a Natale non si ottiene tutto ci\u00f2 che si desidera, ma si \u00e8 felici lo stesso!<\/a>\n                <\/h3>\n                                \n                <div class=\"etn-event-footer\">\n                    <div class=\"etn-event-date\">\n                                    <span>\n\t\t\t\t<i class=\"etn-icon etn-calendar\"><\/i>\n                16\/12\/2024            <\/span>\n\t\t\t                    <\/div>\n                   \n                <\/div>\n            <\/div>\n            <!-- content end-->\n        <\/div>\n        <!-- etn event item end-->\n    <\/div>\n        <div class=\"etn-col-md-6 etn-col-lg-4\">\n        <div class=\"etn-event-item\">\n            <!-- thumbnail -->\n                        <div class=\"etn-event-thumb\">\n                <a \n                    href=\"https:\/\/2024.adventupuli.hr\/it\/dogadaj\/docek-ronilackog-djeda-mraza\/\" \n                    aria-label=\"Gara d&#8217;appalto pubblica per le rimanenti case dell&#8217;Avvento\"\n                >\n                    <img loading=\"lazy\" decoding=\"async\" width=\"800\" height=\"534\" src=\"https:\/\/2024.adventupuli.hr\/wp-content\/uploads\/2024\/11\/ADVENT-LOGO-2024-1024x683.jpg\" class=\"attachment-large size-large wp-post-image\" alt=\"\" srcset=\"https:\/\/2024.adventupuli.hr\/wp-content\/uploads\/2024\/11\/ADVENT-LOGO-2024-1024x683.jpg 1024w, https:\/\/2024.adventupuli.hr\/wp-content\/uploads\/2024\/11\/ADVENT-LOGO-2024-300x200.jpg 300w, https:\/\/2024.adventupuli.hr\/wp-content\/uploads\/2024\/11\/ADVENT-LOGO-2024-768x512.jpg 768w, https:\/\/2024.adventupuli.hr\/wp-content\/uploads\/2024\/11\/ADVENT-LOGO-2024.jpg 1200w\" sizes=\"(max-width: 800px) 100vw, 800px\" \/>                <\/a>\n                <div class=\"etn-event-category\">\n                    <span>Programma per bambini<\/span>                 <\/div>\n                            <\/div>\n                        <!-- thumbnail start-->\n\n            <!-- content start-->\n            <div class=\"etn-event-content\">\n                                                                                        \n                <h3 class=\"etn-title etn-event-title\"><a href=\"https:\/\/2024.adventupuli.hr\/it\/dogadaj\/docek-ronilackog-djeda-mraza\/\">\n                    Immersione Natalizia dell\u2019albero di Natale e benvenuto del Babbo Natale Subacqueo<\/a>\n                <\/h3>\n                                \n                <div class=\"etn-event-footer\">\n                    <div class=\"etn-event-date\">\n                                    <span>\n\t\t\t\t<i class=\"etn-icon etn-calendar\"><\/i>\n                15\/12\/2024            <\/span>\n\t\t\t                    <\/div>\n                   \n                <\/div>\n            <\/div>\n            <!-- content end-->\n        <\/div>\n        <!-- etn event item end-->\n    <\/div>\n        <div class=\"etn-col-md-6 etn-col-lg-4\">\n        <div class=\"etn-event-item\">\n            <!-- thumbnail -->\n                        <div class=\"etn-event-thumb\">\n                <a \n                    href=\"https:\/\/2024.adventupuli.hr\/it\/dogadaj\/veseli-autobus\/\" \n                    aria-label=\"Gara d&#8217;appalto pubblica per le rimanenti case dell&#8217;Avvento\"\n                >\n                    <img loading=\"lazy\" decoding=\"async\" width=\"800\" height=\"376\" src=\"https:\/\/2024.adventupuli.hr\/wp-content\/uploads\/2024\/11\/plakat-Dumbirko-1024x481.png\" class=\"attachment-large size-large wp-post-image\" alt=\"\" srcset=\"https:\/\/2024.adventupuli.hr\/wp-content\/uploads\/2024\/11\/plakat-Dumbirko-1024x481.png 1024w, https:\/\/2024.adventupuli.hr\/wp-content\/uploads\/2024\/11\/plakat-Dumbirko-300x141.png 300w, https:\/\/2024.adventupuli.hr\/wp-content\/uploads\/2024\/11\/plakat-Dumbirko-768x361.png 768w, https:\/\/2024.adventupuli.hr\/wp-content\/uploads\/2024\/11\/plakat-Dumbirko.png 1192w\" sizes=\"(max-width: 800px) 100vw, 800px\" \/>                <\/a>\n                <div class=\"etn-event-category\">\n                    <span>Programma per bambini<\/span>                 <\/div>\n                            <\/div>\n                        <!-- thumbnail start-->\n\n            <!-- content start-->\n            <div class=\"etn-event-content\">\n                                                                                        \n                <h3 class=\"etn-title etn-event-title\"><a href=\"https:\/\/2024.adventupuli.hr\/it\/dogadaj\/veseli-autobus\/\">\n                    L&#8217;Autobus Allegro<\/a>\n                <\/h3>\n                                \n                <div class=\"etn-event-footer\">\n                    <div class=\"etn-event-date\">\n                                    <span>\n\t\t\t\t<i class=\"etn-icon etn-calendar\"><\/i>\n                14\/12\/2024            <\/span>\n\t\t\t                    <\/div>\n                   \n                <\/div>\n            <\/div>\n            <!-- content end-->\n        <\/div>\n        <!-- etn event item end-->\n    <\/div>\n        <div class=\"etn-col-md-6 etn-col-lg-4\">\n        <div class=\"etn-event-item\">\n            <!-- thumbnail -->\n                        <div class=\"etn-event-thumb\">\n                <a \n                    href=\"https:\/\/2024.adventupuli.hr\/it\/dogadaj\/adventski-vijenac-slovensko-kulturno-drustvo-pula-2\/\" \n                    aria-label=\"Gara d&#8217;appalto pubblica per le rimanenti case dell&#8217;Avvento\"\n                >\n                    <img loading=\"lazy\" decoding=\"async\" width=\"800\" height=\"533\" src=\"https:\/\/2024.adventupuli.hr\/wp-content\/uploads\/2024\/11\/Glazubeni_vijenac-1024x682.jpg\" class=\"attachment-large size-large wp-post-image\" alt=\"\" srcset=\"https:\/\/2024.adventupuli.hr\/wp-content\/uploads\/2024\/11\/Glazubeni_vijenac-1024x682.jpg 1024w, https:\/\/2024.adventupuli.hr\/wp-content\/uploads\/2024\/11\/Glazubeni_vijenac-300x200.jpg 300w, https:\/\/2024.adventupuli.hr\/wp-content\/uploads\/2024\/11\/Glazubeni_vijenac-768x511.jpg 768w, https:\/\/2024.adventupuli.hr\/wp-content\/uploads\/2024\/11\/Glazubeni_vijenac.jpg 1200w\" sizes=\"(max-width: 800px) 100vw, 800px\" \/>                <\/a>\n                <div class=\"etn-event-category\">\n                    <span>Programma musicale<\/span>                 <\/div>\n                            <\/div>\n                        <!-- thumbnail start-->\n\n            <!-- content start-->\n            <div class=\"etn-event-content\">\n                                                                                        \n                <h3 class=\"etn-title etn-event-title\"><a href=\"https:\/\/2024.adventupuli.hr\/it\/dogadaj\/adventski-vijenac-slovensko-kulturno-drustvo-pula-2\/\">\n                    La corona musicale &#8211; SAC Matko Braj\u0161a Ra\u0161an<\/a>\n                <\/h3>\n                                \n                <div class=\"etn-event-footer\">\n                    <div class=\"etn-event-date\">\n                                    <span>\n\t\t\t\t<i class=\"etn-icon etn-calendar\"><\/i>\n                15\/12\/2024            <\/span>\n\t\t\t                    <\/div>\n                   \n                <\/div>\n            <\/div>\n            <!-- content end-->\n        <\/div>\n        <!-- etn event item end-->\n    <\/div>\n        <div class=\"etn-col-md-6 etn-col-lg-4\">\n        <div class=\"etn-event-item\">\n            <!-- thumbnail -->\n                        <div class=\"etn-event-thumb\">\n                <a \n                    href=\"https:\/\/2024.adventupuli.hr\/it\/dogadaj\/pavel\/\" \n                    aria-label=\"Gara d&#8217;appalto pubblica per le rimanenti case dell&#8217;Avvento\"\n                >\n                    <img loading=\"lazy\" decoding=\"async\" width=\"800\" height=\"534\" src=\"https:\/\/2024.adventupuli.hr\/wp-content\/uploads\/2024\/10\/pavel1-1024x683.jpg\" class=\"attachment-large size-large wp-post-image\" alt=\"\" srcset=\"https:\/\/2024.adventupuli.hr\/wp-content\/uploads\/2024\/10\/pavel1-1024x683.jpg 1024w, https:\/\/2024.adventupuli.hr\/wp-content\/uploads\/2024\/10\/pavel1-300x200.jpg 300w, https:\/\/2024.adventupuli.hr\/wp-content\/uploads\/2024\/10\/pavel1-768x512.jpg 768w, https:\/\/2024.adventupuli.hr\/wp-content\/uploads\/2024\/10\/pavel1.jpg 1200w\" sizes=\"(max-width: 800px) 100vw, 800px\" \/>                <\/a>\n                <div class=\"etn-event-category\">\n                    <span>Programma musicale<\/span>                 <\/div>\n                            <\/div>\n                        <!-- thumbnail start-->\n\n            <!-- content start-->\n            <div class=\"etn-event-content\">\n                                                                                        \n                <h3 class=\"etn-title etn-event-title\"><a href=\"https:\/\/2024.adventupuli.hr\/it\/dogadaj\/pavel\/\">\n                    Pavel<\/a>\n                <\/h3>\n                                \n                <div class=\"etn-event-footer\">\n                    <div class=\"etn-event-date\">\n                                    <span>\n\t\t\t\t<i class=\"etn-icon etn-calendar\"><\/i>\n                14\/12\/2024            <\/span>\n\t\t\t                    <\/div>\n                   \n                <\/div>\n            <\/div>\n            <!-- content end-->\n        <\/div>\n        <!-- etn event item end-->\n    <\/div>\n        <div class=\"etn-col-md-6 etn-col-lg-4\">\n        <div class=\"etn-event-item\">\n            <!-- thumbnail -->\n                        <div class=\"etn-event-thumb\">\n                <a \n                    href=\"https:\/\/2024.adventupuli.hr\/it\/dogadaj\/side-effects\/\" \n                    aria-label=\"Gara d&#8217;appalto pubblica per le rimanenti case dell&#8217;Avvento\"\n                >\n                    <img loading=\"lazy\" decoding=\"async\" width=\"800\" height=\"800\" src=\"https:\/\/2024.adventupuli.hr\/wp-content\/uploads\/2024\/12\/Untitled-1024x1024.jpg\" class=\"attachment-large size-large wp-post-image\" alt=\"\" srcset=\"https:\/\/2024.adventupuli.hr\/wp-content\/uploads\/2024\/12\/Untitled-1024x1024.jpg 1024w, https:\/\/2024.adventupuli.hr\/wp-content\/uploads\/2024\/12\/Untitled-300x300.jpg 300w, https:\/\/2024.adventupuli.hr\/wp-content\/uploads\/2024\/12\/Untitled-150x150.jpg 150w, https:\/\/2024.adventupuli.hr\/wp-content\/uploads\/2024\/12\/Untitled-768x768.jpg 768w, https:\/\/2024.adventupuli.hr\/wp-content\/uploads\/2024\/12\/Untitled.jpg 1500w\" sizes=\"(max-width: 800px) 100vw, 800px\" \/>                <\/a>\n                <div class=\"etn-event-category\">\n                    <span>Programma musicale<\/span>                 <\/div>\n                            <\/div>\n                        <!-- thumbnail start-->\n\n            <!-- content start-->\n            <div class=\"etn-event-content\">\n                                                                                        \n                <h3 class=\"etn-title etn-event-title\"><a href=\"https:\/\/2024.adventupuli.hr\/it\/dogadaj\/side-effects\/\">\n                    Side Effects<\/a>\n                <\/h3>\n                                \n                <div class=\"etn-event-footer\">\n                    <div class=\"etn-event-date\">\n                                    <span>\n\t\t\t\t<i class=\"etn-icon etn-calendar\"><\/i>\n                14\/12\/2024            <\/span>\n\t\t\t                    <\/div>\n                   \n                <\/div>\n            <\/div>\n            <!-- content end-->\n        <\/div>\n        <!-- etn event item end-->\n    <\/div>\n        <div class=\"etn-col-md-6 etn-col-lg-4\">\n        <div class=\"etn-event-item\">\n            <!-- thumbnail -->\n                        <div class=\"etn-event-thumb\">\n                <a \n                    href=\"https:\/\/2024.adventupuli.hr\/it\/dogadaj\/vecer-tradicijske-glazbe-i-plesa\/\" \n                    aria-label=\"Gara d&#8217;appalto pubblica per le rimanenti case dell&#8217;Avvento\"\n                >\n                    <img loading=\"lazy\" decoding=\"async\" width=\"800\" height=\"534\" src=\"https:\/\/2024.adventupuli.hr\/wp-content\/uploads\/2024\/11\/ADVENT-LOGO-2024-1024x683.jpg\" class=\"attachment-large size-large wp-post-image\" alt=\"\" srcset=\"https:\/\/2024.adventupuli.hr\/wp-content\/uploads\/2024\/11\/ADVENT-LOGO-2024-1024x683.jpg 1024w, https:\/\/2024.adventupuli.hr\/wp-content\/uploads\/2024\/11\/ADVENT-LOGO-2024-300x200.jpg 300w, https:\/\/2024.adventupuli.hr\/wp-content\/uploads\/2024\/11\/ADVENT-LOGO-2024-768x512.jpg 768w, https:\/\/2024.adventupuli.hr\/wp-content\/uploads\/2024\/11\/ADVENT-LOGO-2024.jpg 1200w\" sizes=\"(max-width: 800px) 100vw, 800px\" \/>                <\/a>\n                <div class=\"etn-event-category\">\n                    <span>Plesni program<\/span> <span>Programma di danza<\/span>                 <\/div>\n                            <\/div>\n                        <!-- thumbnail start-->\n\n            <!-- content start-->\n            <div class=\"etn-event-content\">\n                                                                                        \n                <h3 class=\"etn-title etn-event-title\"><a href=\"https:\/\/2024.adventupuli.hr\/it\/dogadaj\/vecer-tradicijske-glazbe-i-plesa\/\">\n                    Una serata di musica e balli tradizionali<\/a>\n                <\/h3>\n                                \n                <div class=\"etn-event-footer\">\n                    <div class=\"etn-event-date\">\n                                    <span>\n\t\t\t\t<i class=\"etn-icon etn-calendar\"><\/i>\n                14\/12\/2024            <\/span>\n\t\t\t                    <\/div>\n                   \n                <\/div>\n            <\/div>\n            <!-- content end-->\n        <\/div>\n        <!-- etn event item end-->\n    <\/div>\n        <div class=\"etn-col-md-6 etn-col-lg-4\">\n        <div class=\"etn-event-item\">\n            <!-- thumbnail -->\n                        <div class=\"etn-event-thumb\">\n                <a \n                    href=\"https:\/\/2024.adventupuli.hr\/it\/dogadaj\/udruga-puppeta\/\" \n                    aria-label=\"Gara d&#8217;appalto pubblica per le rimanenti case dell&#8217;Avvento\"\n                >\n                    <img loading=\"lazy\" decoding=\"async\" width=\"800\" height=\"534\" src=\"https:\/\/2024.adventupuli.hr\/wp-content\/uploads\/2024\/11\/Puppeta-1024x683.jpg\" class=\"attachment-large size-large wp-post-image\" alt=\"\" srcset=\"https:\/\/2024.adventupuli.hr\/wp-content\/uploads\/2024\/11\/Puppeta-1024x683.jpg 1024w, https:\/\/2024.adventupuli.hr\/wp-content\/uploads\/2024\/11\/Puppeta-300x200.jpg 300w, https:\/\/2024.adventupuli.hr\/wp-content\/uploads\/2024\/11\/Puppeta-768x512.jpg 768w, https:\/\/2024.adventupuli.hr\/wp-content\/uploads\/2024\/11\/Puppeta.jpg 1199w\" sizes=\"(max-width: 800px) 100vw, 800px\" \/>                <\/a>\n                <div class=\"etn-event-category\">\n                    <span>Programma per bambini<\/span>                 <\/div>\n                            <\/div>\n                        <!-- thumbnail start-->\n\n            <!-- content start-->\n            <div class=\"etn-event-content\">\n                                                                                        \n                <h3 class=\"etn-title etn-event-title\"><a href=\"https:\/\/2024.adventupuli.hr\/it\/dogadaj\/udruga-puppeta\/\">\n                    Associazione Puppeta<\/a>\n                <\/h3>\n                                \n                <div class=\"etn-event-footer\">\n                    <div class=\"etn-event-date\">\n                                    <span>\n\t\t\t\t<i class=\"etn-icon etn-calendar\"><\/i>\n                14\/12\/2024            <\/span>\n\t\t\t                    <\/div>\n                   \n                <\/div>\n            <\/div>\n            <!-- content end-->\n        <\/div>\n        <!-- etn event item end-->\n    <\/div>\n        <div class=\"etn-col-md-6 etn-col-lg-4\">\n        <div class=\"etn-event-item\">\n            <!-- thumbnail -->\n                        <div class=\"etn-event-thumb\">\n                <a \n                    href=\"https:\/\/2024.adventupuli.hr\/it\/dogadaj\/twin-horn-docek-djeda-mraza\/\" \n                    aria-label=\"Gara d&#8217;appalto pubblica per le rimanenti case dell&#8217;Avvento\"\n                >\n                    <img loading=\"lazy\" decoding=\"async\" width=\"800\" height=\"534\" src=\"https:\/\/2024.adventupuli.hr\/wp-content\/uploads\/2024\/11\/Twin_HORN-1024x683.jpg\" class=\"attachment-large size-large wp-post-image\" alt=\"\" srcset=\"https:\/\/2024.adventupuli.hr\/wp-content\/uploads\/2024\/11\/Twin_HORN-1024x683.jpg 1024w, https:\/\/2024.adventupuli.hr\/wp-content\/uploads\/2024\/11\/Twin_HORN-300x200.jpg 300w, https:\/\/2024.adventupuli.hr\/wp-content\/uploads\/2024\/11\/Twin_HORN-768x512.jpg 768w, https:\/\/2024.adventupuli.hr\/wp-content\/uploads\/2024\/11\/Twin_HORN.jpg 1200w\" sizes=\"(max-width: 800px) 100vw, 800px\" \/>                <\/a>\n                <div class=\"etn-event-category\">\n                    <span>Programma per bambini<\/span>                 <\/div>\n                            <\/div>\n                        <!-- thumbnail start-->\n\n            <!-- content start-->\n            <div class=\"etn-event-content\">\n                                                                                        \n                <h3 class=\"etn-title etn-event-title\"><a href=\"https:\/\/2024.adventupuli.hr\/it\/dogadaj\/twin-horn-docek-djeda-mraza\/\">\n                    Twin Horn &#8211; L&#8217;Arrivo di Babbo Natale + \u010carobna frula<\/a>\n                <\/h3>\n                                \n                <div class=\"etn-event-footer\">\n                    <div class=\"etn-event-date\">\n                                    <span>\n\t\t\t\t<i class=\"etn-icon etn-calendar\"><\/i>\n                14\/12\/2024            <\/span>\n\t\t\t                    <\/div>\n                   \n                <\/div>\n            <\/div>\n            <!-- content end-->\n        <\/div>\n        <!-- etn event item end-->\n    <\/div>\n        <div class=\"etn-col-md-6 etn-col-lg-4\">\n        <div class=\"etn-event-item\">\n            <!-- thumbnail -->\n                        <div class=\"etn-event-thumb\">\n                <a \n                    href=\"https:\/\/2024.adventupuli.hr\/it\/dogadaj\/jazz-christmas-leon-brenko-quartet-feat-ivona-fabris\/\" \n                    aria-label=\"Gara d&#8217;appalto pubblica per le rimanenti case dell&#8217;Avvento\"\n                >\n                    <img loading=\"lazy\" decoding=\"async\" width=\"800\" height=\"533\" src=\"https:\/\/2024.adventupuli.hr\/wp-content\/uploads\/2024\/11\/Trznica-1024x682.jpg\" class=\"attachment-large size-large wp-post-image\" alt=\"\" srcset=\"https:\/\/2024.adventupuli.hr\/wp-content\/uploads\/2024\/11\/Trznica-1024x682.jpg 1024w, https:\/\/2024.adventupuli.hr\/wp-content\/uploads\/2024\/11\/Trznica-300x200.jpg 300w, https:\/\/2024.adventupuli.hr\/wp-content\/uploads\/2024\/11\/Trznica-768x511.jpg 768w, https:\/\/2024.adventupuli.hr\/wp-content\/uploads\/2024\/11\/Trznica.jpg 1200w\" sizes=\"(max-width: 800px) 100vw, 800px\" \/>                <\/a>\n                <div class=\"etn-event-category\">\n                    <span>Programma musicale<\/span>                 <\/div>\n                            <\/div>\n                        <!-- thumbnail start-->\n\n            <!-- content start-->\n            <div class=\"etn-event-content\">\n                                                                                        \n                <h3 class=\"etn-title etn-event-title\"><a href=\"https:\/\/2024.adventupuli.hr\/it\/dogadaj\/jazz-christmas-leon-brenko-quartet-feat-ivona-fabris\/\">\n                    Jazz Christmas Leon Brenko Quartet feat. Ivona Fabris<\/a>\n                <\/h3>\n                                \n                <div class=\"etn-event-footer\">\n                    <div class=\"etn-event-date\">\n                                    <span>\n\t\t\t\t<i class=\"etn-icon etn-calendar\"><\/i>\n                14\/12\/2024            <\/span>\n\t\t\t                    <\/div>\n                   \n                <\/div>\n            <\/div>\n            <!-- content end-->\n        <\/div>\n        <!-- etn event item end-->\n    <\/div>\n        <div class=\"etn-col-md-6 etn-col-lg-4\">\n        <div class=\"etn-event-item\">\n            <!-- thumbnail -->\n                        <div class=\"etn-event-thumb\">\n                <a \n                    href=\"https:\/\/2024.adventupuli.hr\/it\/dogadaj\/tvornica-djeda-bozicnjaka-djecji-bozic\/\" \n                    aria-label=\"Gara d&#8217;appalto pubblica per le rimanenti case dell&#8217;Avvento\"\n                >\n                    <img loading=\"lazy\" decoding=\"async\" width=\"800\" height=\"534\" src=\"https:\/\/2024.adventupuli.hr\/wp-content\/uploads\/2024\/11\/GKC-1024x683.jpg\" class=\"attachment-large size-large wp-post-image\" alt=\"\" srcset=\"https:\/\/2024.adventupuli.hr\/wp-content\/uploads\/2024\/11\/GKC-1024x683.jpg 1024w, https:\/\/2024.adventupuli.hr\/wp-content\/uploads\/2024\/11\/GKC-300x200.jpg 300w, https:\/\/2024.adventupuli.hr\/wp-content\/uploads\/2024\/11\/GKC-768x512.jpg 768w, https:\/\/2024.adventupuli.hr\/wp-content\/uploads\/2024\/11\/GKC.jpg 1200w\" sizes=\"(max-width: 800px) 100vw, 800px\" \/>                <\/a>\n                <div class=\"etn-event-category\">\n                    <span>Programmi di biblioteca<\/span>                 <\/div>\n                            <\/div>\n                        <!-- thumbnail start-->\n\n            <!-- content start-->\n            <div class=\"etn-event-content\">\n                                                                                        \n                <h3 class=\"etn-title etn-event-title\"><a href=\"https:\/\/2024.adventupuli.hr\/it\/dogadaj\/tvornica-djeda-bozicnjaka-djecji-bozic\/\">\n                    La fabbrica di Babbo Natale &#8211; Natale dei bambini<\/a>\n                <\/h3>\n                                \n                <div class=\"etn-event-footer\">\n                    <div class=\"etn-event-date\">\n                                    <span>\n\t\t\t\t<i class=\"etn-icon etn-calendar\"><\/i>\n                14\/12\/2024            <\/span>\n\t\t\t                    <\/div>\n                   \n                <\/div>\n            <\/div>\n            <!-- content end-->\n        <\/div>\n        <!-- etn event item end-->\n    <\/div>\n        <div class=\"etn-col-md-6 etn-col-lg-4\">\n        <div class=\"etn-event-item\">\n            <!-- thumbnail -->\n                        <div class=\"etn-event-thumb\">\n                <a \n                    href=\"https:\/\/2024.adventupuli.hr\/it\/dogadaj\/zuti-kisobran-2\/\" \n                    aria-label=\"Gara d&#8217;appalto pubblica per le rimanenti case dell&#8217;Avvento\"\n                >\n                    <img loading=\"lazy\" decoding=\"async\" width=\"800\" height=\"535\" src=\"https:\/\/2024.adventupuli.hr\/wp-content\/uploads\/2024\/11\/Zuti_kisobran-1024x685.jpg\" class=\"attachment-large size-large wp-post-image\" alt=\"\" srcset=\"https:\/\/2024.adventupuli.hr\/wp-content\/uploads\/2024\/11\/Zuti_kisobran-1024x685.jpg 1024w, https:\/\/2024.adventupuli.hr\/wp-content\/uploads\/2024\/11\/Zuti_kisobran-300x201.jpg 300w, https:\/\/2024.adventupuli.hr\/wp-content\/uploads\/2024\/11\/Zuti_kisobran-768x514.jpg 768w, https:\/\/2024.adventupuli.hr\/wp-content\/uploads\/2024\/11\/Zuti_kisobran.jpg 1197w\" sizes=\"(max-width: 800px) 100vw, 800px\" \/>                <\/a>\n                <div class=\"etn-event-category\">\n                    <span>Programma per bambini<\/span>                 <\/div>\n                            <\/div>\n                        <!-- thumbnail start-->\n\n            <!-- content start-->\n            <div class=\"etn-event-content\">\n                                                                                        \n                <h3 class=\"etn-title etn-event-title\"><a href=\"https:\/\/2024.adventupuli.hr\/it\/dogadaj\/zuti-kisobran-2\/\">\n                    L&#8217;ombrello giallo<\/a>\n                <\/h3>\n                                \n                <div class=\"etn-event-footer\">\n                    <div class=\"etn-event-date\">\n                                    <span>\n\t\t\t\t<i class=\"etn-icon etn-calendar\"><\/i>\n                14\/12\/2024            <\/span>\n\t\t\t                    <\/div>\n                   \n                <\/div>\n            <\/div>\n            <!-- content end-->\n        <\/div>\n        <!-- etn event item end-->\n    <\/div>\n        <div class=\"etn-col-md-6 etn-col-lg-4\">\n        <div class=\"etn-event-item\">\n            <!-- thumbnail -->\n                        <div class=\"etn-event-thumb\">\n                <a \n                    href=\"https:\/\/2024.adventupuli.hr\/it\/dogadaj\/dj-nice-3\/\" \n                    aria-label=\"Gara d&#8217;appalto pubblica per le rimanenti case dell&#8217;Avvento\"\n                >\n                    <img loading=\"lazy\" decoding=\"async\" width=\"800\" height=\"534\" src=\"https:\/\/2024.adventupuli.hr\/wp-content\/uploads\/2024\/11\/IMG_6771-1024x683.jpg\" class=\"attachment-large size-large wp-post-image\" alt=\"\" srcset=\"https:\/\/2024.adventupuli.hr\/wp-content\/uploads\/2024\/11\/IMG_6771-1024x683.jpg 1024w, https:\/\/2024.adventupuli.hr\/wp-content\/uploads\/2024\/11\/IMG_6771-300x200.jpg 300w, https:\/\/2024.adventupuli.hr\/wp-content\/uploads\/2024\/11\/IMG_6771-768x512.jpg 768w, https:\/\/2024.adventupuli.hr\/wp-content\/uploads\/2024\/11\/IMG_6771-1536x1024.jpg 1536w, https:\/\/2024.adventupuli.hr\/wp-content\/uploads\/2024\/11\/IMG_6771.jpg 1620w\" sizes=\"(max-width: 800px) 100vw, 800px\" \/>                <\/a>\n                <div class=\"etn-event-category\">\n                    <span>Programma musicale<\/span>                 <\/div>\n                            <\/div>\n                        <!-- thumbnail start-->\n\n            <!-- content start-->\n            <div class=\"etn-event-content\">\n                                                                                        \n                <h3 class=\"etn-title etn-event-title\"><a href=\"https:\/\/2024.adventupuli.hr\/it\/dogadaj\/dj-nice-3\/\">\n                    DJ Nice<\/a>\n                <\/h3>\n                                \n                <div class=\"etn-event-footer\">\n                    <div class=\"etn-event-date\">\n                                    <span>\n\t\t\t\t<i class=\"etn-icon etn-calendar\"><\/i>\n                13\/12\/2024            <\/span>\n\t\t\t                    <\/div>\n                   \n                <\/div>\n            <\/div>\n            <!-- content end-->\n        <\/div>\n        <!-- etn event item end-->\n    <\/div>\n        <div class=\"etn-col-md-6 etn-col-lg-4\">\n        <div class=\"etn-event-item\">\n            <!-- thumbnail -->\n                        <div class=\"etn-event-thumb\">\n                <a \n                    href=\"https:\/\/2024.adventupuli.hr\/it\/dogadaj\/bozic-u-ink-marko-skugor\/\" \n                    aria-label=\"Gara d&#8217;appalto pubblica per le rimanenti case dell&#8217;Avvento\"\n                >\n                    <img loading=\"lazy\" decoding=\"async\" width=\"800\" height=\"534\" src=\"https:\/\/2024.adventupuli.hr\/wp-content\/uploads\/2024\/11\/Bozic-u-INK-foto-1024x683.jpg\" class=\"attachment-large size-large wp-post-image\" alt=\"\" srcset=\"https:\/\/2024.adventupuli.hr\/wp-content\/uploads\/2024\/11\/Bozic-u-INK-foto-1024x683.jpg 1024w, https:\/\/2024.adventupuli.hr\/wp-content\/uploads\/2024\/11\/Bozic-u-INK-foto-300x200.jpg 300w, https:\/\/2024.adventupuli.hr\/wp-content\/uploads\/2024\/11\/Bozic-u-INK-foto-768x512.jpg 768w, https:\/\/2024.adventupuli.hr\/wp-content\/uploads\/2024\/11\/Bozic-u-INK-foto.jpg 1200w\" sizes=\"(max-width: 800px) 100vw, 800px\" \/>                <\/a>\n                <div class=\"etn-event-category\">\n                    <span>Programma musicale<\/span>                 <\/div>\n                            <\/div>\n                        <!-- thumbnail start-->\n\n            <!-- content start-->\n            <div class=\"etn-event-content\">\n                                                                                        \n                <h3 class=\"etn-title etn-event-title\"><a href=\"https:\/\/2024.adventupuli.hr\/it\/dogadaj\/bozic-u-ink-marko-skugor\/\">\n                    Natale a Teatro &#8211; Marko \u0160kugor<\/a>\n                <\/h3>\n                                \n                <div class=\"etn-event-footer\">\n                    <div class=\"etn-event-date\">\n                                    <span>\n\t\t\t\t<i class=\"etn-icon etn-calendar\"><\/i>\n                13\/12\/2024            <\/span>\n\t\t\t                    <\/div>\n                   \n                <\/div>\n            <\/div>\n            <!-- content end-->\n        <\/div>\n        <!-- etn event item end-->\n    <\/div>\n        <div class=\"etn-col-md-6 etn-col-lg-4\">\n        <div class=\"etn-event-item\">\n            <!-- thumbnail -->\n                        <div class=\"etn-event-thumb\">\n                <a \n                    href=\"https:\/\/2024.adventupuli.hr\/it\/dogadaj\/nika-turkovic\/\" \n                    aria-label=\"Gara d&#8217;appalto pubblica per le rimanenti case dell&#8217;Avvento\"\n                >\n                    <img loading=\"lazy\" decoding=\"async\" width=\"800\" height=\"534\" src=\"https:\/\/2024.adventupuli.hr\/wp-content\/uploads\/2024\/10\/NikaT_0597-1-1024x683.jpg\" class=\"attachment-large size-large wp-post-image\" alt=\"\" srcset=\"https:\/\/2024.adventupuli.hr\/wp-content\/uploads\/2024\/10\/NikaT_0597-1-1024x683.jpg 1024w, https:\/\/2024.adventupuli.hr\/wp-content\/uploads\/2024\/10\/NikaT_0597-1-300x200.jpg 300w, https:\/\/2024.adventupuli.hr\/wp-content\/uploads\/2024\/10\/NikaT_0597-1-768x512.jpg 768w, https:\/\/2024.adventupuli.hr\/wp-content\/uploads\/2024\/10\/NikaT_0597-1.jpg 1200w\" sizes=\"(max-width: 800px) 100vw, 800px\" \/>                <\/a>\n                <div class=\"etn-event-category\">\n                    <span>Programma musicale<\/span>                 <\/div>\n                            <\/div>\n                        <!-- thumbnail start-->\n\n            <!-- content start-->\n            <div class=\"etn-event-content\">\n                                                                                        \n                <h3 class=\"etn-title etn-event-title\"><a href=\"https:\/\/2024.adventupuli.hr\/it\/dogadaj\/nika-turkovic\/\">\n                    Nika Turkovi\u0107<\/a>\n                <\/h3>\n                                \n                <div class=\"etn-event-footer\">\n                    <div class=\"etn-event-date\">\n                                    <span>\n\t\t\t\t<i class=\"etn-icon etn-calendar\"><\/i>\n                13\/12\/2024            <\/span>\n\t\t\t                    <\/div>\n                   \n                <\/div>\n            <\/div>\n            <!-- content end-->\n        <\/div>\n        <!-- etn event item end-->\n    <\/div>\n        <div class=\"etn-col-md-6 etn-col-lg-4\">\n        <div class=\"etn-event-item\">\n            <!-- thumbnail -->\n                        <div class=\"etn-event-thumb\">\n                <a \n                    href=\"https:\/\/2024.adventupuli.hr\/it\/dogadaj\/bolerosi-feat-pato-nuno-tellez\/\" \n                    aria-label=\"Gara d&#8217;appalto pubblica per le rimanenti case dell&#8217;Avvento\"\n                >\n                    <img loading=\"lazy\" decoding=\"async\" width=\"724\" height=\"1024\" src=\"https:\/\/2024.adventupuli.hr\/wp-content\/uploads\/2024\/12\/image-724x1024.png\" class=\"attachment-large size-large wp-post-image\" alt=\"\" srcset=\"https:\/\/2024.adventupuli.hr\/wp-content\/uploads\/2024\/12\/image-724x1024.png 724w, https:\/\/2024.adventupuli.hr\/wp-content\/uploads\/2024\/12\/image-212x300.png 212w, https:\/\/2024.adventupuli.hr\/wp-content\/uploads\/2024\/12\/image-768x1086.png 768w, https:\/\/2024.adventupuli.hr\/wp-content\/uploads\/2024\/12\/image-1086x1536.png 1086w, https:\/\/2024.adventupuli.hr\/wp-content\/uploads\/2024\/12\/image.png 1131w\" sizes=\"(max-width: 724px) 100vw, 724px\" \/>                <\/a>\n                <div class=\"etn-event-category\">\n                    <span>Programma musicale<\/span>                 <\/div>\n                            <\/div>\n                        <!-- thumbnail start-->\n\n            <!-- content start-->\n            <div class=\"etn-event-content\">\n                                                                                        \n                <h3 class=\"etn-title etn-event-title\"><a href=\"https:\/\/2024.adventupuli.hr\/it\/dogadaj\/bolerosi-feat-pato-nuno-tellez\/\">\n                    Bolerosi feat. Pato Nuno Tellez<\/a>\n                <\/h3>\n                                \n                <div class=\"etn-event-footer\">\n                    <div class=\"etn-event-date\">\n                                    <span>\n\t\t\t\t<i class=\"etn-icon etn-calendar\"><\/i>\n                13\/12\/2024            <\/span>\n\t\t\t                    <\/div>\n                   \n                <\/div>\n            <\/div>\n            <!-- content end-->\n        <\/div>\n        <!-- etn event item end-->\n    <\/div>\n        <div class=\"etn-col-md-6 etn-col-lg-4\">\n        <div class=\"etn-event-item\">\n            <!-- thumbnail -->\n                        <div class=\"etn-event-thumb\">\n                <a \n                    href=\"https:\/\/2024.adventupuli.hr\/it\/dogadaj\/price-u-prosincu-prica-o-tri-snjegovica\/\" \n                    aria-label=\"Gara d&#8217;appalto pubblica per le rimanenti case dell&#8217;Avvento\"\n                >\n                    <img loading=\"lazy\" decoding=\"async\" width=\"800\" height=\"534\" src=\"https:\/\/2024.adventupuli.hr\/wp-content\/uploads\/2024\/11\/GKC-1024x683.jpg\" class=\"attachment-large size-large wp-post-image\" alt=\"\" srcset=\"https:\/\/2024.adventupuli.hr\/wp-content\/uploads\/2024\/11\/GKC-1024x683.jpg 1024w, https:\/\/2024.adventupuli.hr\/wp-content\/uploads\/2024\/11\/GKC-300x200.jpg 300w, https:\/\/2024.adventupuli.hr\/wp-content\/uploads\/2024\/11\/GKC-768x512.jpg 768w, https:\/\/2024.adventupuli.hr\/wp-content\/uploads\/2024\/11\/GKC.jpg 1200w\" sizes=\"(max-width: 800px) 100vw, 800px\" \/>                <\/a>\n                <div class=\"etn-event-category\">\n                    <span>Programmi di biblioteca<\/span>                 <\/div>\n                            <\/div>\n                        <!-- thumbnail start-->\n\n            <!-- content start-->\n            <div class=\"etn-event-content\">\n                                                                                        \n                <h3 class=\"etn-title etn-event-title\"><a href=\"https:\/\/2024.adventupuli.hr\/it\/dogadaj\/price-u-prosincu-prica-o-tri-snjegovica\/\">\n                    Racconti di dicembre &#8211; La storia di tre pupazzi di neve<\/a>\n                <\/h3>\n                                \n                <div class=\"etn-event-footer\">\n                    <div class=\"etn-event-date\">\n                                    <span>\n\t\t\t\t<i class=\"etn-icon etn-calendar\"><\/i>\n                13\/12\/2024            <\/span>\n\t\t\t                    <\/div>\n                   \n                <\/div>\n            <\/div>\n            <!-- content end-->\n        <\/div>\n        <!-- etn event item end-->\n    <\/div>\n        <div class=\"etn-col-md-6 etn-col-lg-4\">\n        <div class=\"etn-event-item\">\n            <!-- thumbnail -->\n                        <div class=\"etn-event-thumb\">\n                <a \n                    href=\"https:\/\/2024.adventupuli.hr\/it\/dogadaj\/koncert-studenata-muzicke-akademije-na-blagdan-sv-lucije\/\" \n                    aria-label=\"Gara d&#8217;appalto pubblica per le rimanenti case dell&#8217;Avvento\"\n                >\n                    <img loading=\"lazy\" decoding=\"async\" width=\"800\" height=\"534\" src=\"https:\/\/2024.adventupuli.hr\/wp-content\/uploads\/2024\/11\/GKC-1024x683.jpg\" class=\"attachment-large size-large wp-post-image\" alt=\"\" srcset=\"https:\/\/2024.adventupuli.hr\/wp-content\/uploads\/2024\/11\/GKC-1024x683.jpg 1024w, https:\/\/2024.adventupuli.hr\/wp-content\/uploads\/2024\/11\/GKC-300x200.jpg 300w, https:\/\/2024.adventupuli.hr\/wp-content\/uploads\/2024\/11\/GKC-768x512.jpg 768w, https:\/\/2024.adventupuli.hr\/wp-content\/uploads\/2024\/11\/GKC.jpg 1200w\" sizes=\"(max-width: 800px) 100vw, 800px\" \/>                <\/a>\n                <div class=\"etn-event-category\">\n                    <span>Programmi di biblioteca<\/span>                 <\/div>\n                            <\/div>\n                        <!-- thumbnail start-->\n\n            <!-- content start-->\n            <div class=\"etn-event-content\">\n                                                                                        \n                <h3 class=\"etn-title etn-event-title\"><a href=\"https:\/\/2024.adventupuli.hr\/it\/dogadaj\/koncert-studenata-muzicke-akademije-na-blagdan-sv-lucije\/\">\n                    Concerto degli studenti dell&#8217;Accademia di musica  in occasione della festa di Santa Lucia.<\/a>\n                <\/h3>\n                                \n                <div class=\"etn-event-footer\">\n                    <div class=\"etn-event-date\">\n                                    <span>\n\t\t\t\t<i class=\"etn-icon etn-calendar\"><\/i>\n                13\/12\/2024            <\/span>\n\t\t\t                    <\/div>\n                   \n                <\/div>\n            <\/div>\n            <!-- content end-->\n        <\/div>\n        <!-- etn event item end-->\n    <\/div>\n        <div class=\"etn-col-md-6 etn-col-lg-4\">\n        <div class=\"etn-event-item\">\n            <!-- thumbnail -->\n                        <div class=\"etn-event-thumb\">\n                <a \n                    href=\"https:\/\/2024.adventupuli.hr\/it\/dogadaj\/udruga-birikina-pula\/\" \n                    aria-label=\"Gara d&#8217;appalto pubblica per le rimanenti case dell&#8217;Avvento\"\n                >\n                    <img loading=\"lazy\" decoding=\"async\" width=\"800\" height=\"534\" src=\"https:\/\/2024.adventupuli.hr\/wp-content\/uploads\/2024\/11\/Birikina-1024x684.jpg\" class=\"attachment-large size-large wp-post-image\" alt=\"\" srcset=\"https:\/\/2024.adventupuli.hr\/wp-content\/uploads\/2024\/11\/Birikina-1024x684.jpg 1024w, https:\/\/2024.adventupuli.hr\/wp-content\/uploads\/2024\/11\/Birikina-300x200.jpg 300w, https:\/\/2024.adventupuli.hr\/wp-content\/uploads\/2024\/11\/Birikina-768x513.jpg 768w, https:\/\/2024.adventupuli.hr\/wp-content\/uploads\/2024\/11\/Birikina.jpg 1200w\" sizes=\"(max-width: 800px) 100vw, 800px\" \/>                <\/a>\n                <div class=\"etn-event-category\">\n                    <span>Programma per bambini<\/span>                 <\/div>\n                            <\/div>\n                        <!-- thumbnail start-->\n\n            <!-- content start-->\n            <div class=\"etn-event-content\">\n                                                                                        \n                <h3 class=\"etn-title etn-event-title\"><a href=\"https:\/\/2024.adventupuli.hr\/it\/dogadaj\/udruga-birikina-pula\/\">\n                    Associazione Birikina<\/a>\n                <\/h3>\n                                \n                <div class=\"etn-event-footer\">\n                    <div class=\"etn-event-date\">\n                                    <span>\n\t\t\t\t<i class=\"etn-icon etn-calendar\"><\/i>\n                13\/12\/2024            <\/span>\n\t\t\t                    <\/div>\n                   \n                <\/div>\n            <\/div>\n            <!-- content end-->\n        <\/div>\n        <!-- etn event item end-->\n    <\/div>\n        <div class=\"etn-col-md-6 etn-col-lg-4\">\n        <div class=\"etn-event-item\">\n            <!-- thumbnail -->\n                        <div class=\"etn-event-thumb\">\n                <a \n                    href=\"https:\/\/2024.adventupuli.hr\/it\/dogadaj\/dj-nice-4\/\" \n                    aria-label=\"Gara d&#8217;appalto pubblica per le rimanenti case dell&#8217;Avvento\"\n                >\n                    <img loading=\"lazy\" decoding=\"async\" width=\"800\" height=\"534\" src=\"https:\/\/2024.adventupuli.hr\/wp-content\/uploads\/2024\/11\/IMG_6771-1024x683.jpg\" class=\"attachment-large size-large wp-post-image\" alt=\"\" srcset=\"https:\/\/2024.adventupuli.hr\/wp-content\/uploads\/2024\/11\/IMG_6771-1024x683.jpg 1024w, https:\/\/2024.adventupuli.hr\/wp-content\/uploads\/2024\/11\/IMG_6771-300x200.jpg 300w, https:\/\/2024.adventupuli.hr\/wp-content\/uploads\/2024\/11\/IMG_6771-768x512.jpg 768w, https:\/\/2024.adventupuli.hr\/wp-content\/uploads\/2024\/11\/IMG_6771-1536x1024.jpg 1536w, https:\/\/2024.adventupuli.hr\/wp-content\/uploads\/2024\/11\/IMG_6771.jpg 1620w\" sizes=\"(max-width: 800px) 100vw, 800px\" \/>                <\/a>\n                <div class=\"etn-event-category\">\n                    <span>Programma musicale<\/span>                 <\/div>\n                            <\/div>\n                        <!-- thumbnail start-->\n\n            <!-- content start-->\n            <div class=\"etn-event-content\">\n                                                                                        \n                <h3 class=\"etn-title etn-event-title\"><a href=\"https:\/\/2024.adventupuli.hr\/it\/dogadaj\/dj-nice-4\/\">\n                    DJ Nice<\/a>\n                <\/h3>\n                                \n                <div class=\"etn-event-footer\">\n                    <div class=\"etn-event-date\">\n                                    <span>\n\t\t\t\t<i class=\"etn-icon etn-calendar\"><\/i>\n                12\/12\/2024            <\/span>\n\t\t\t                    <\/div>\n                   \n                <\/div>\n            <\/div>\n            <!-- content end-->\n        <\/div>\n        <!-- etn event item end-->\n    <\/div>\n        <div class=\"etn-col-md-6 etn-col-lg-4\">\n        <div class=\"etn-event-item\">\n            <!-- thumbnail -->\n                        <div class=\"etn-event-thumb\">\n                <a \n                    href=\"https:\/\/2024.adventupuli.hr\/it\/dogadaj\/smooth-jazz-quartet\/\" \n                    aria-label=\"Gara d&#8217;appalto pubblica per le rimanenti case dell&#8217;Avvento\"\n                >\n                    <img loading=\"lazy\" decoding=\"async\" width=\"800\" height=\"534\" src=\"https:\/\/2024.adventupuli.hr\/wp-content\/uploads\/2024\/11\/ADVENT-LOGO-2024-1024x683.jpg\" class=\"attachment-large size-large wp-post-image\" alt=\"\" srcset=\"https:\/\/2024.adventupuli.hr\/wp-content\/uploads\/2024\/11\/ADVENT-LOGO-2024-1024x683.jpg 1024w, https:\/\/2024.adventupuli.hr\/wp-content\/uploads\/2024\/11\/ADVENT-LOGO-2024-300x200.jpg 300w, https:\/\/2024.adventupuli.hr\/wp-content\/uploads\/2024\/11\/ADVENT-LOGO-2024-768x512.jpg 768w, https:\/\/2024.adventupuli.hr\/wp-content\/uploads\/2024\/11\/ADVENT-LOGO-2024.jpg 1200w\" sizes=\"(max-width: 800px) 100vw, 800px\" \/>                <\/a>\n                <div class=\"etn-event-category\">\n                    <span>Programma musicale<\/span>                 <\/div>\n                            <\/div>\n                        <!-- thumbnail start-->\n\n            <!-- content start-->\n            <div class=\"etn-event-content\">\n                                                                                        \n                <h3 class=\"etn-title etn-event-title\"><a href=\"https:\/\/2024.adventupuli.hr\/it\/dogadaj\/smooth-jazz-quartet\/\">\n                    Smooth Jazz Quartet<\/a>\n                <\/h3>\n                                \n                <div class=\"etn-event-footer\">\n                    <div class=\"etn-event-date\">\n                                    <span>\n\t\t\t\t<i class=\"etn-icon etn-calendar\"><\/i>\n                12\/12\/2024            <\/span>\n\t\t\t                    <\/div>\n                   \n                <\/div>\n            <\/div>\n            <!-- content end-->\n        <\/div>\n        <!-- etn event item end-->\n    <\/div>\n        <div class=\"etn-col-md-6 etn-col-lg-4\">\n        <div class=\"etn-event-item\">\n            <!-- thumbnail -->\n                        <div class=\"etn-event-thumb\">\n                <a \n                    href=\"https:\/\/2024.adventupuli.hr\/it\/dogadaj\/plesna-udruga-sense-dance\/\" \n                    aria-label=\"Gara d&#8217;appalto pubblica per le rimanenti case dell&#8217;Avvento\"\n                >\n                    <img loading=\"lazy\" decoding=\"async\" width=\"800\" height=\"533\" src=\"https:\/\/2024.adventupuli.hr\/wp-content\/uploads\/2024\/11\/Sense-1024x682.jpg\" class=\"attachment-large size-large wp-post-image\" alt=\"\" srcset=\"https:\/\/2024.adventupuli.hr\/wp-content\/uploads\/2024\/11\/Sense-1024x682.jpg 1024w, https:\/\/2024.adventupuli.hr\/wp-content\/uploads\/2024\/11\/Sense-300x200.jpg 300w, https:\/\/2024.adventupuli.hr\/wp-content\/uploads\/2024\/11\/Sense-768x511.jpg 768w, https:\/\/2024.adventupuli.hr\/wp-content\/uploads\/2024\/11\/Sense.jpg 1200w\" sizes=\"(max-width: 800px) 100vw, 800px\" \/>                <\/a>\n                <div class=\"etn-event-category\">\n                    <span>Programma di danza<\/span>                 <\/div>\n                            <\/div>\n                        <!-- thumbnail start-->\n\n            <!-- content start-->\n            <div class=\"etn-event-content\">\n                                                                                        \n                <h3 class=\"etn-title etn-event-title\"><a href=\"https:\/\/2024.adventupuli.hr\/it\/dogadaj\/plesna-udruga-sense-dance\/\">\n                    Sense &#038; dance<\/a>\n                <\/h3>\n                                \n                <div class=\"etn-event-footer\">\n                    <div class=\"etn-event-date\">\n                                    <span>\n\t\t\t\t<i class=\"etn-icon etn-calendar\"><\/i>\n                12\/12\/2024            <\/span>\n\t\t\t                    <\/div>\n                   \n                <\/div>\n            <\/div>\n            <!-- content end-->\n        <\/div>\n        <!-- etn event item end-->\n    <\/div>\n        <div class=\"etn-col-md-6 etn-col-lg-4\">\n        <div class=\"etn-event-item\">\n            <!-- thumbnail -->\n                        <div class=\"etn-event-thumb\">\n                <a \n                    href=\"https:\/\/2024.adventupuli.hr\/it\/dogadaj\/plesni-klub-infinity\/\" \n                    aria-label=\"Gara d&#8217;appalto pubblica per le rimanenti case dell&#8217;Avvento\"\n                >\n                    <img loading=\"lazy\" decoding=\"async\" width=\"800\" height=\"534\" src=\"https:\/\/2024.adventupuli.hr\/wp-content\/uploads\/2024\/11\/Infinity-1024x683.jpg\" class=\"attachment-large size-large wp-post-image\" alt=\"\" srcset=\"https:\/\/2024.adventupuli.hr\/wp-content\/uploads\/2024\/11\/Infinity-1024x683.jpg 1024w, https:\/\/2024.adventupuli.hr\/wp-content\/uploads\/2024\/11\/Infinity-300x200.jpg 300w, https:\/\/2024.adventupuli.hr\/wp-content\/uploads\/2024\/11\/Infinity-768x512.jpg 768w, https:\/\/2024.adventupuli.hr\/wp-content\/uploads\/2024\/11\/Infinity.jpg 1200w\" sizes=\"(max-width: 800px) 100vw, 800px\" \/>                <\/a>\n                <div class=\"etn-event-category\">\n                    <span>Programma di danza<\/span>                 <\/div>\n                            <\/div>\n                        <!-- thumbnail start-->\n\n            <!-- content start-->\n            <div class=\"etn-event-content\">\n                                                                                        \n                <h3 class=\"etn-title etn-event-title\"><a href=\"https:\/\/2024.adventupuli.hr\/it\/dogadaj\/plesni-klub-infinity\/\">\n                    Infinity<\/a>\n                <\/h3>\n                                \n                <div class=\"etn-event-footer\">\n                    <div class=\"etn-event-date\">\n                                    <span>\n\t\t\t\t<i class=\"etn-icon etn-calendar\"><\/i>\n                12\/12\/2024            <\/span>\n\t\t\t                    <\/div>\n                   \n                <\/div>\n            <\/div>\n            <!-- content end-->\n        <\/div>\n        <!-- etn event item end-->\n    <\/div>\n        <div class=\"etn-col-md-6 etn-col-lg-4\">\n        <div class=\"etn-event-item\">\n            <!-- thumbnail -->\n                        <div class=\"etn-event-thumb\">\n                <a \n                    href=\"https:\/\/2024.adventupuli.hr\/it\/dogadaj\/tepih-na-raznju-3\/\" \n                    aria-label=\"Gara d&#8217;appalto pubblica per le rimanenti case dell&#8217;Avvento\"\n                >\n                    <img loading=\"lazy\" decoding=\"async\" width=\"800\" height=\"534\" src=\"https:\/\/2024.adventupuli.hr\/wp-content\/uploads\/2024\/11\/FB-event-1024x683.jpg\" class=\"attachment-large size-large wp-post-image\" alt=\"\" srcset=\"https:\/\/2024.adventupuli.hr\/wp-content\/uploads\/2024\/11\/FB-event-1024x683.jpg 1024w, https:\/\/2024.adventupuli.hr\/wp-content\/uploads\/2024\/11\/FB-event-300x200.jpg 300w, https:\/\/2024.adventupuli.hr\/wp-content\/uploads\/2024\/11\/FB-event-768x512.jpg 768w, https:\/\/2024.adventupuli.hr\/wp-content\/uploads\/2024\/11\/FB-event.jpg 1200w\" sizes=\"(max-width: 800px) 100vw, 800px\" \/>                <\/a>\n                <div class=\"etn-event-category\">\n                    <span>Spettacolo<\/span>                 <\/div>\n                            <\/div>\n                        <!-- thumbnail start-->\n\n            <!-- content start-->\n            <div class=\"etn-event-content\">\n                                                                                        \n                <h3 class=\"etn-title etn-event-title\"><a href=\"https:\/\/2024.adventupuli.hr\/it\/dogadaj\/tepih-na-raznju-3\/\">\n                    Tappetto sulla griglia<\/a>\n                <\/h3>\n                                \n                <div class=\"etn-event-footer\">\n                    <div class=\"etn-event-date\">\n                                    <span>\n\t\t\t\t<i class=\"etn-icon etn-calendar\"><\/i>\n                11\/12\/2024            <\/span>\n\t\t\t                    <\/div>\n                   \n                <\/div>\n            <\/div>\n            <!-- content end-->\n        <\/div>\n        <!-- etn event item end-->\n    <\/div>\n        <div class=\"etn-col-md-6 etn-col-lg-4\">\n        <div class=\"etn-event-item\">\n            <!-- thumbnail -->\n                        <div class=\"etn-event-thumb\">\n                <a \n                    href=\"https:\/\/2024.adventupuli.hr\/it\/dogadaj\/birikina-u-gostima-radionica-s-vilenjakom\/\" \n                    aria-label=\"Gara d&#8217;appalto pubblica per le rimanenti case dell&#8217;Avvento\"\n                >\n                    <img loading=\"lazy\" decoding=\"async\" width=\"800\" height=\"534\" src=\"https:\/\/2024.adventupuli.hr\/wp-content\/uploads\/2024\/11\/GKC-1024x683.jpg\" class=\"attachment-large size-large wp-post-image\" alt=\"\" srcset=\"https:\/\/2024.adventupuli.hr\/wp-content\/uploads\/2024\/11\/GKC-1024x683.jpg 1024w, https:\/\/2024.adventupuli.hr\/wp-content\/uploads\/2024\/11\/GKC-300x200.jpg 300w, https:\/\/2024.adventupuli.hr\/wp-content\/uploads\/2024\/11\/GKC-768x512.jpg 768w, https:\/\/2024.adventupuli.hr\/wp-content\/uploads\/2024\/11\/GKC.jpg 1200w\" sizes=\"(max-width: 800px) 100vw, 800px\" \/>                <\/a>\n                <div class=\"etn-event-category\">\n                    <span>Programmi di biblioteca<\/span>                 <\/div>\n                            <\/div>\n                        <!-- thumbnail start-->\n\n            <!-- content start-->\n            <div class=\"etn-event-content\">\n                                                                                        \n                <h3 class=\"etn-title etn-event-title\"><a href=\"https:\/\/2024.adventupuli.hr\/it\/dogadaj\/birikina-u-gostima-radionica-s-vilenjakom\/\">\n                    Birikina negli ospiti &#8211; Laboratorio con l&#8217;Elfo<\/a>\n                <\/h3>\n                                \n                <div class=\"etn-event-footer\">\n                    <div class=\"etn-event-date\">\n                                    <span>\n\t\t\t\t<i class=\"etn-icon etn-calendar\"><\/i>\n                11\/12\/2024            <\/span>\n\t\t\t                    <\/div>\n                   \n                <\/div>\n            <\/div>\n            <!-- content end-->\n        <\/div>\n        <!-- etn event item end-->\n    <\/div>\n        <div class=\"etn-col-md-6 etn-col-lg-4\">\n        <div class=\"etn-event-item\">\n            <!-- thumbnail -->\n                        <div class=\"etn-event-thumb\">\n                <a \n                    href=\"https:\/\/2024.adventupuli.hr\/it\/dogadaj\/djed-bozicnjak-i-tri-medvjeda\/\" \n                    aria-label=\"Gara d&#8217;appalto pubblica per le rimanenti case dell&#8217;Avvento\"\n                >\n                    <img loading=\"lazy\" decoding=\"async\" width=\"800\" height=\"534\" src=\"https:\/\/2024.adventupuli.hr\/wp-content\/uploads\/2024\/11\/Djecja_knjiznica-1024x683.jpg\" class=\"attachment-large size-large wp-post-image\" alt=\"\" srcset=\"https:\/\/2024.adventupuli.hr\/wp-content\/uploads\/2024\/11\/Djecja_knjiznica-1024x683.jpg 1024w, https:\/\/2024.adventupuli.hr\/wp-content\/uploads\/2024\/11\/Djecja_knjiznica-300x200.jpg 300w, https:\/\/2024.adventupuli.hr\/wp-content\/uploads\/2024\/11\/Djecja_knjiznica-768x512.jpg 768w, https:\/\/2024.adventupuli.hr\/wp-content\/uploads\/2024\/11\/Djecja_knjiznica.jpg 1200w\" sizes=\"(max-width: 800px) 100vw, 800px\" \/>                <\/a>\n                <div class=\"etn-event-category\">\n                    <span>Programmi di biblioteca<\/span>                 <\/div>\n                            <\/div>\n                        <!-- thumbnail start-->\n\n            <!-- content start-->\n            <div class=\"etn-event-content\">\n                                                                                        \n                <h3 class=\"etn-title etn-event-title\"><a href=\"https:\/\/2024.adventupuli.hr\/it\/dogadaj\/djed-bozicnjak-i-tri-medvjeda\/\">\n                    Babbo Natale e i tre orsi<\/a>\n                <\/h3>\n                                \n                <div class=\"etn-event-footer\">\n                    <div class=\"etn-event-date\">\n                                    <span>\n\t\t\t\t<i class=\"etn-icon etn-calendar\"><\/i>\n                11\/12\/2024            <\/span>\n\t\t\t                    <\/div>\n                   \n                <\/div>\n            <\/div>\n            <!-- content end-->\n        <\/div>\n        <!-- etn event item end-->\n    <\/div>\n        <div class=\"etn-col-md-6 etn-col-lg-4\">\n        <div class=\"etn-event-item\">\n            <!-- thumbnail -->\n                        <div class=\"etn-event-thumb\">\n                <a \n                    href=\"https:\/\/2024.adventupuli.hr\/it\/dogadaj\/zemlja-zabave\/\" \n                    aria-label=\"Gara d&#8217;appalto pubblica per le rimanenti case dell&#8217;Avvento\"\n                >\n                    <img loading=\"lazy\" decoding=\"async\" width=\"800\" height=\"533\" src=\"https:\/\/2024.adventupuli.hr\/wp-content\/uploads\/2024\/11\/Kuhinja-Bake-Mraz-1024x682.jpg\" class=\"attachment-large size-large wp-post-image\" alt=\"\" srcset=\"https:\/\/2024.adventupuli.hr\/wp-content\/uploads\/2024\/11\/Kuhinja-Bake-Mraz-1024x682.jpg 1024w, https:\/\/2024.adventupuli.hr\/wp-content\/uploads\/2024\/11\/Kuhinja-Bake-Mraz-300x200.jpg 300w, https:\/\/2024.adventupuli.hr\/wp-content\/uploads\/2024\/11\/Kuhinja-Bake-Mraz-768x511.jpg 768w, https:\/\/2024.adventupuli.hr\/wp-content\/uploads\/2024\/11\/Kuhinja-Bake-Mraz-1536x1022.jpg 1536w, https:\/\/2024.adventupuli.hr\/wp-content\/uploads\/2024\/11\/Kuhinja-Bake-Mraz.jpg 2048w\" sizes=\"(max-width: 800px) 100vw, 800px\" \/>                <\/a>\n                <div class=\"etn-event-category\">\n                    <span>Programma per bambini<\/span>                 <\/div>\n                            <\/div>\n                        <!-- thumbnail start-->\n\n            <!-- content start-->\n            <div class=\"etn-event-content\">\n                                                                                        \n                <h3 class=\"etn-title etn-event-title\"><a href=\"https:\/\/2024.adventupuli.hr\/it\/dogadaj\/zemlja-zabave\/\">\n                    Terra di divertimento<\/a>\n                <\/h3>\n                                \n                <div class=\"etn-event-footer\">\n                    <div class=\"etn-event-date\">\n                                    <span>\n\t\t\t\t<i class=\"etn-icon etn-calendar\"><\/i>\n                11\/12\/2024            <\/span>\n\t\t\t                    <\/div>\n                   \n                <\/div>\n            <\/div>\n            <!-- content end-->\n        <\/div>\n        <!-- etn event item end-->\n    <\/div>\n        <div class=\"etn-col-md-6 etn-col-lg-4\">\n        <div class=\"etn-event-item\">\n            <!-- thumbnail -->\n                        <div class=\"etn-event-thumb\">\n                <a \n                    href=\"https:\/\/2024.adventupuli.hr\/it\/dogadaj\/s-puno-ljubavi-za-bozic-bozicna-potraga\/\" \n                    aria-label=\"Gara d&#8217;appalto pubblica per le rimanenti case dell&#8217;Avvento\"\n                >\n                    <img loading=\"lazy\" decoding=\"async\" width=\"800\" height=\"534\" src=\"https:\/\/2024.adventupuli.hr\/wp-content\/uploads\/2024\/11\/GKC-1024x683.jpg\" class=\"attachment-large size-large wp-post-image\" alt=\"\" srcset=\"https:\/\/2024.adventupuli.hr\/wp-content\/uploads\/2024\/11\/GKC-1024x683.jpg 1024w, https:\/\/2024.adventupuli.hr\/wp-content\/uploads\/2024\/11\/GKC-300x200.jpg 300w, https:\/\/2024.adventupuli.hr\/wp-content\/uploads\/2024\/11\/GKC-768x512.jpg 768w, https:\/\/2024.adventupuli.hr\/wp-content\/uploads\/2024\/11\/GKC.jpg 1200w\" sizes=\"(max-width: 800px) 100vw, 800px\" \/>                <\/a>\n                <div class=\"etn-event-category\">\n                    <span>Programmi di biblioteca<\/span>                 <\/div>\n                            <\/div>\n                        <!-- thumbnail start-->\n\n            <!-- content start-->\n            <div class=\"etn-event-content\">\n                                                                                        \n                <h3 class=\"etn-title etn-event-title\"><a href=\"https:\/\/2024.adventupuli.hr\/it\/dogadaj\/s-puno-ljubavi-za-bozic-bozicna-potraga\/\">\n                    Con tanto affetto per Natale! &#8211; Ricerca di Natale<\/a>\n                <\/h3>\n                                \n                <div class=\"etn-event-footer\">\n                    <div class=\"etn-event-date\">\n                                    <span>\n\t\t\t\t<i class=\"etn-icon etn-calendar\"><\/i>\n                10\/12\/2024            <\/span>\n\t\t\t                    <\/div>\n                   \n                <\/div>\n            <\/div>\n            <!-- content end-->\n        <\/div>\n        <!-- etn event item end-->\n    <\/div>\n        <div class=\"etn-col-md-6 etn-col-lg-4\">\n        <div class=\"etn-event-item\">\n            <!-- thumbnail -->\n                        <div class=\"etn-event-thumb\">\n                <a \n                    href=\"https:\/\/2024.adventupuli.hr\/it\/dogadaj\/bor-dobrih-prica-pip-i-popi-bozicno-drvce\/\" \n                    aria-label=\"Gara d&#8217;appalto pubblica per le rimanenti case dell&#8217;Avvento\"\n                >\n                    <img loading=\"lazy\" decoding=\"async\" width=\"800\" height=\"534\" src=\"https:\/\/2024.adventupuli.hr\/wp-content\/uploads\/2024\/11\/Djecja_knjiznica-1024x683.jpg\" class=\"attachment-large size-large wp-post-image\" alt=\"\" srcset=\"https:\/\/2024.adventupuli.hr\/wp-content\/uploads\/2024\/11\/Djecja_knjiznica-1024x683.jpg 1024w, https:\/\/2024.adventupuli.hr\/wp-content\/uploads\/2024\/11\/Djecja_knjiznica-300x200.jpg 300w, https:\/\/2024.adventupuli.hr\/wp-content\/uploads\/2024\/11\/Djecja_knjiznica-768x512.jpg 768w, https:\/\/2024.adventupuli.hr\/wp-content\/uploads\/2024\/11\/Djecja_knjiznica.jpg 1200w\" sizes=\"(max-width: 800px) 100vw, 800px\" \/>                <\/a>\n                <div class=\"etn-event-category\">\n                    <span>Programmi di biblioteca<\/span>                 <\/div>\n                            <\/div>\n                        <!-- thumbnail start-->\n\n            <!-- content start-->\n            <div class=\"etn-event-content\">\n                                                                                        \n                <h3 class=\"etn-title etn-event-title\"><a href=\"https:\/\/2024.adventupuli.hr\/it\/dogadaj\/bor-dobrih-prica-pip-i-popi-bozicno-drvce\/\">\n                    Albero di Natale delle belle storie &#8211; Lettera a Babbo Natale<\/a>\n                <\/h3>\n                                \n                <div class=\"etn-event-footer\">\n                    <div class=\"etn-event-date\">\n                                    <span>\n\t\t\t\t<i class=\"etn-icon etn-calendar\"><\/i>\n                9\/12\/2024            <\/span>\n\t\t\t                    <\/div>\n                   \n                <\/div>\n            <\/div>\n            <!-- content end-->\n        <\/div>\n        <!-- etn event item end-->\n    <\/div>\n        <div class=\"etn-col-md-6 etn-col-lg-4\">\n        <div class=\"etn-event-item\">\n            <!-- thumbnail -->\n                        <div class=\"etn-event-thumb\">\n                <a \n                    href=\"https:\/\/2024.adventupuli.hr\/it\/dogadaj\/adventski-vijenac-slovensko-kulturno-drustvo-pula\/\" \n                    aria-label=\"Gara d&#8217;appalto pubblica per le rimanenti case dell&#8217;Avvento\"\n                >\n                    <img loading=\"lazy\" decoding=\"async\" width=\"800\" height=\"533\" src=\"https:\/\/2024.adventupuli.hr\/wp-content\/uploads\/2024\/11\/Glazubeni_vijenac-1024x682.jpg\" class=\"attachment-large size-large wp-post-image\" alt=\"\" srcset=\"https:\/\/2024.adventupuli.hr\/wp-content\/uploads\/2024\/11\/Glazubeni_vijenac-1024x682.jpg 1024w, https:\/\/2024.adventupuli.hr\/wp-content\/uploads\/2024\/11\/Glazubeni_vijenac-300x200.jpg 300w, https:\/\/2024.adventupuli.hr\/wp-content\/uploads\/2024\/11\/Glazubeni_vijenac-768x511.jpg 768w, https:\/\/2024.adventupuli.hr\/wp-content\/uploads\/2024\/11\/Glazubeni_vijenac.jpg 1200w\" sizes=\"(max-width: 800px) 100vw, 800px\" \/>                <\/a>\n                <div class=\"etn-event-category\">\n                    <span>Programma musicale<\/span>                 <\/div>\n                            <\/div>\n                        <!-- thumbnail start-->\n\n            <!-- content start-->\n            <div class=\"etn-event-content\">\n                                                                                        \n                <h3 class=\"etn-title etn-event-title\"><a href=\"https:\/\/2024.adventupuli.hr\/it\/dogadaj\/adventski-vijenac-slovensko-kulturno-drustvo-pula\/\">\n                    La corona musicale &#8211; Esibizione del violinista Sre\u0107ko Savreti\u0107<\/a>\n                <\/h3>\n                                \n                <div class=\"etn-event-footer\">\n                    <div class=\"etn-event-date\">\n                                    <span>\n\t\t\t\t<i class=\"etn-icon etn-calendar\"><\/i>\n                8\/12\/2024            <\/span>\n\t\t\t                    <\/div>\n                   \n                <\/div>\n            <\/div>\n            <!-- content end-->\n        <\/div>\n        <!-- etn event item end-->\n    <\/div>\n        <div class=\"etn-col-md-6 etn-col-lg-4\">\n        <div class=\"etn-event-item\">\n            <!-- thumbnail -->\n                        <div class=\"etn-event-thumb\">\n                <a \n                    href=\"https:\/\/2024.adventupuli.hr\/it\/dogadaj\/livio-morosin-band\/\" \n                    aria-label=\"Gara d&#8217;appalto pubblica per le rimanenti case dell&#8217;Avvento\"\n                >\n                    <img loading=\"lazy\" decoding=\"async\" width=\"800\" height=\"536\" src=\"https:\/\/2024.adventupuli.hr\/wp-content\/uploads\/2024\/10\/Livio-Morosin-Band-1024x686.jpg\" class=\"attachment-large size-large wp-post-image\" alt=\"\" srcset=\"https:\/\/2024.adventupuli.hr\/wp-content\/uploads\/2024\/10\/Livio-Morosin-Band-1024x686.jpg 1024w, https:\/\/2024.adventupuli.hr\/wp-content\/uploads\/2024\/10\/Livio-Morosin-Band-300x201.jpg 300w, https:\/\/2024.adventupuli.hr\/wp-content\/uploads\/2024\/10\/Livio-Morosin-Band-768x515.jpg 768w, https:\/\/2024.adventupuli.hr\/wp-content\/uploads\/2024\/10\/Livio-Morosin-Band.jpg 1192w\" sizes=\"(max-width: 800px) 100vw, 800px\" \/>                <\/a>\n                <div class=\"etn-event-category\">\n                    <span>Programma musicale<\/span>                 <\/div>\n                            <\/div>\n                        <!-- thumbnail start-->\n\n            <!-- content start-->\n            <div class=\"etn-event-content\">\n                                                                                        \n                <h3 class=\"etn-title etn-event-title\"><a href=\"https:\/\/2024.adventupuli.hr\/it\/dogadaj\/livio-morosin-band\/\">\n                    Livio Morosin Band<\/a>\n                <\/h3>\n                                \n                <div class=\"etn-event-footer\">\n                    <div class=\"etn-event-date\">\n                                    <span>\n\t\t\t\t<i class=\"etn-icon etn-calendar\"><\/i>\n                7\/12\/2024            <\/span>\n\t\t\t                    <\/div>\n                   \n                <\/div>\n            <\/div>\n            <!-- content end-->\n        <\/div>\n        <!-- etn event item end-->\n    <\/div>\n        <div class=\"etn-col-md-6 etn-col-lg-4\">\n        <div class=\"etn-event-item\">\n            <!-- thumbnail -->\n                        <div class=\"etn-event-thumb\">\n                <a \n                    href=\"https:\/\/2024.adventupuli.hr\/it\/dogadaj\/30-sanjam-knjige-u-istri-propulzor-partitura-za-brod-galeb\/\" \n                    aria-label=\"Gara d&#8217;appalto pubblica per le rimanenti case dell&#8217;Avvento\"\n                >\n                    <img loading=\"lazy\" decoding=\"async\" width=\"800\" height=\"534\" src=\"https:\/\/2024.adventupuli.hr\/wp-content\/uploads\/2024\/11\/ADVENT-LOGO-2024-1024x683.jpg\" class=\"attachment-large size-large wp-post-image\" alt=\"\" srcset=\"https:\/\/2024.adventupuli.hr\/wp-content\/uploads\/2024\/11\/ADVENT-LOGO-2024-1024x683.jpg 1024w, https:\/\/2024.adventupuli.hr\/wp-content\/uploads\/2024\/11\/ADVENT-LOGO-2024-300x200.jpg 300w, https:\/\/2024.adventupuli.hr\/wp-content\/uploads\/2024\/11\/ADVENT-LOGO-2024-768x512.jpg 768w, https:\/\/2024.adventupuli.hr\/wp-content\/uploads\/2024\/11\/ADVENT-LOGO-2024.jpg 1200w\" sizes=\"(max-width: 800px) 100vw, 800px\" \/>                <\/a>\n                <div class=\"etn-event-category\">\n                    <span>Programma musicale<\/span>                 <\/div>\n                            <\/div>\n                        <!-- thumbnail start-->\n\n            <!-- content start-->\n            <div class=\"etn-event-content\">\n                                                                                        \n                <h3 class=\"etn-title etn-event-title\"><a href=\"https:\/\/2024.adventupuli.hr\/it\/dogadaj\/30-sanjam-knjige-u-istri-propulzor-partitura-za-brod-galeb\/\">\n                    30esima Fiera del libro in Istria  Propulsore \u2013 la partiura per la nave Galeb<\/a>\n                <\/h3>\n                                \n                <div class=\"etn-event-footer\">\n                    <div class=\"etn-event-date\">\n                                    <span>\n\t\t\t\t<i class=\"etn-icon etn-calendar\"><\/i>\n                7\/12\/2024            <\/span>\n\t\t\t                    <\/div>\n                   \n                <\/div>\n            <\/div>\n            <!-- content end-->\n        <\/div>\n        <!-- etn event item end-->\n    <\/div>\n        <div class=\"etn-col-md-6 etn-col-lg-4\">\n        <div class=\"etn-event-item\">\n            <!-- thumbnail -->\n                        <div class=\"etn-event-thumb\">\n                <a \n                    href=\"https:\/\/2024.adventupuli.hr\/it\/dogadaj\/zuti-kisobran\/\" \n                    aria-label=\"Gara d&#8217;appalto pubblica per le rimanenti case dell&#8217;Avvento\"\n                >\n                    <img loading=\"lazy\" decoding=\"async\" width=\"800\" height=\"535\" src=\"https:\/\/2024.adventupuli.hr\/wp-content\/uploads\/2024\/11\/Zuti_kisobran-1024x685.jpg\" class=\"attachment-large size-large wp-post-image\" alt=\"\" srcset=\"https:\/\/2024.adventupuli.hr\/wp-content\/uploads\/2024\/11\/Zuti_kisobran-1024x685.jpg 1024w, https:\/\/2024.adventupuli.hr\/wp-content\/uploads\/2024\/11\/Zuti_kisobran-300x201.jpg 300w, https:\/\/2024.adventupuli.hr\/wp-content\/uploads\/2024\/11\/Zuti_kisobran-768x514.jpg 768w, https:\/\/2024.adventupuli.hr\/wp-content\/uploads\/2024\/11\/Zuti_kisobran.jpg 1197w\" sizes=\"(max-width: 800px) 100vw, 800px\" \/>                <\/a>\n                <div class=\"etn-event-category\">\n                    <span>Programma per bambini<\/span>                 <\/div>\n                            <\/div>\n                        <!-- thumbnail start-->\n\n            <!-- content start-->\n            <div class=\"etn-event-content\">\n                                                                                        \n                <h3 class=\"etn-title etn-event-title\"><a href=\"https:\/\/2024.adventupuli.hr\/it\/dogadaj\/zuti-kisobran\/\">\n                    L&#8217;ombrello giallo<\/a>\n                <\/h3>\n                                \n                <div class=\"etn-event-footer\">\n                    <div class=\"etn-event-date\">\n                                    <span>\n\t\t\t\t<i class=\"etn-icon etn-calendar\"><\/i>\n                7\/12\/2024            <\/span>\n\t\t\t                    <\/div>\n                   \n                <\/div>\n            <\/div>\n            <!-- content end-->\n        <\/div>\n        <!-- etn event item end-->\n    <\/div>\n        <div class=\"etn-col-md-6 etn-col-lg-4\">\n        <div class=\"etn-event-item\">\n            <!-- thumbnail -->\n                        <div class=\"etn-event-thumb\">\n                <a \n                    href=\"https:\/\/2024.adventupuli.hr\/it\/dogadaj\/tepih-na-raznju-2\/\" \n                    aria-label=\"Gara d&#8217;appalto pubblica per le rimanenti case dell&#8217;Avvento\"\n                >\n                    <img loading=\"lazy\" decoding=\"async\" width=\"800\" height=\"534\" src=\"https:\/\/2024.adventupuli.hr\/wp-content\/uploads\/2024\/11\/FB-event-1024x683.jpg\" class=\"attachment-large size-large wp-post-image\" alt=\"\" srcset=\"https:\/\/2024.adventupuli.hr\/wp-content\/uploads\/2024\/11\/FB-event-1024x683.jpg 1024w, https:\/\/2024.adventupuli.hr\/wp-content\/uploads\/2024\/11\/FB-event-300x200.jpg 300w, https:\/\/2024.adventupuli.hr\/wp-content\/uploads\/2024\/11\/FB-event-768x512.jpg 768w, https:\/\/2024.adventupuli.hr\/wp-content\/uploads\/2024\/11\/FB-event.jpg 1200w\" sizes=\"(max-width: 800px) 100vw, 800px\" \/>                <\/a>\n                <div class=\"etn-event-category\">\n                    <span>Spettacolo<\/span>                 <\/div>\n                            <\/div>\n                        <!-- thumbnail start-->\n\n            <!-- content start-->\n            <div class=\"etn-event-content\">\n                                                                                        \n                <h3 class=\"etn-title etn-event-title\"><a href=\"https:\/\/2024.adventupuli.hr\/it\/dogadaj\/tepih-na-raznju-2\/\">\n                    Tappetto sulla griglia<\/a>\n                <\/h3>\n                                \n                <div class=\"etn-event-footer\">\n                    <div class=\"etn-event-date\">\n                                    <span>\n\t\t\t\t<i class=\"etn-icon etn-calendar\"><\/i>\n                7\/12\/2024            <\/span>\n\t\t\t                    <\/div>\n                   \n                <\/div>\n            <\/div>\n            <!-- content end-->\n        <\/div>\n        <!-- etn event item end-->\n    <\/div>\n        <div class=\"etn-col-md-6 etn-col-lg-4\">\n        <div class=\"etn-event-item\">\n            <!-- thumbnail -->\n                        <div class=\"etn-event-thumb\">\n                <a \n                    href=\"https:\/\/2024.adventupuli.hr\/it\/dogadaj\/madionicar-stefano\/\" \n                    aria-label=\"Gara d&#8217;appalto pubblica per le rimanenti case dell&#8217;Avvento\"\n                >\n                    <img loading=\"lazy\" decoding=\"async\" width=\"800\" height=\"534\" src=\"https:\/\/2024.adventupuli.hr\/wp-content\/uploads\/2024\/11\/Madionicar_Stefano-1024x683.jpg\" class=\"attachment-large size-large wp-post-image\" alt=\"\" srcset=\"https:\/\/2024.adventupuli.hr\/wp-content\/uploads\/2024\/11\/Madionicar_Stefano-1024x683.jpg 1024w, https:\/\/2024.adventupuli.hr\/wp-content\/uploads\/2024\/11\/Madionicar_Stefano-300x200.jpg 300w, https:\/\/2024.adventupuli.hr\/wp-content\/uploads\/2024\/11\/Madionicar_Stefano-768x512.jpg 768w, https:\/\/2024.adventupuli.hr\/wp-content\/uploads\/2024\/11\/Madionicar_Stefano.jpg 1200w\" sizes=\"(max-width: 800px) 100vw, 800px\" \/>                <\/a>\n                <div class=\"etn-event-category\">\n                    <span>Programma per bambini<\/span>                 <\/div>\n                            <\/div>\n                        <!-- thumbnail start-->\n\n            <!-- content start-->\n            <div class=\"etn-event-content\">\n                                                                                        \n                <h3 class=\"etn-title etn-event-title\"><a href=\"https:\/\/2024.adventupuli.hr\/it\/dogadaj\/madionicar-stefano\/\">\n                    Il mago Stefano<\/a>\n                <\/h3>\n                                \n                <div class=\"etn-event-footer\">\n                    <div class=\"etn-event-date\">\n                                    <span>\n\t\t\t\t<i class=\"etn-icon etn-calendar\"><\/i>\n                7\/12\/2024            <\/span>\n\t\t\t                    <\/div>\n                   \n                <\/div>\n            <\/div>\n            <!-- content end-->\n        <\/div>\n        <!-- etn event item end-->\n    <\/div>\n        <div class=\"etn-col-md-6 etn-col-lg-4\">\n        <div class=\"etn-event-item\">\n            <!-- thumbnail -->\n                        <div class=\"etn-event-thumb\">\n                <a \n                    href=\"https:\/\/2024.adventupuli.hr\/it\/dogadaj\/tvornica-djeda-bozicnjaka-petar-marz-i-popis-zloceste-djece\/\" \n                    aria-label=\"Gara d&#8217;appalto pubblica per le rimanenti case dell&#8217;Avvento\"\n                >\n                    <img loading=\"lazy\" decoding=\"async\" width=\"800\" height=\"534\" src=\"https:\/\/2024.adventupuli.hr\/wp-content\/uploads\/2024\/11\/GKC-1024x683.jpg\" class=\"attachment-large size-large wp-post-image\" alt=\"\" srcset=\"https:\/\/2024.adventupuli.hr\/wp-content\/uploads\/2024\/11\/GKC-1024x683.jpg 1024w, https:\/\/2024.adventupuli.hr\/wp-content\/uploads\/2024\/11\/GKC-300x200.jpg 300w, https:\/\/2024.adventupuli.hr\/wp-content\/uploads\/2024\/11\/GKC-768x512.jpg 768w, https:\/\/2024.adventupuli.hr\/wp-content\/uploads\/2024\/11\/GKC.jpg 1200w\" sizes=\"(max-width: 800px) 100vw, 800px\" \/>                <\/a>\n                <div class=\"etn-event-category\">\n                    <span>Programmi di biblioteca<\/span>                 <\/div>\n                            <\/div>\n                        <!-- thumbnail start-->\n\n            <!-- content start-->\n            <div class=\"etn-event-content\">\n                                                                                        \n                <h3 class=\"etn-title etn-event-title\"><a href=\"https:\/\/2024.adventupuli.hr\/it\/dogadaj\/tvornica-djeda-bozicnjaka-petar-marz-i-popis-zloceste-djece\/\">\n                    La fabbrica di Babbo Natale &#8211; Petar Marz e la lista dei cattivi<\/a>\n                <\/h3>\n                                \n                <div class=\"etn-event-footer\">\n                    <div class=\"etn-event-date\">\n                                    <span>\n\t\t\t\t<i class=\"etn-icon etn-calendar\"><\/i>\n                7\/12\/2024            <\/span>\n\t\t\t                    <\/div>\n                   \n                <\/div>\n            <\/div>\n            <!-- content end-->\n        <\/div>\n        <!-- etn event item end-->\n    <\/div>\n        <div class=\"etn-col-md-6 etn-col-lg-4\">\n        <div class=\"etn-event-item\">\n            <!-- thumbnail -->\n                        <div class=\"etn-event-thumb\">\n                <a \n                    href=\"https:\/\/2024.adventupuli.hr\/it\/dogadaj\/cajanka-s-articima\/\" \n                    aria-label=\"Gara d&#8217;appalto pubblica per le rimanenti case dell&#8217;Avvento\"\n                >\n                    <img loading=\"lazy\" decoding=\"async\" width=\"800\" height=\"534\" src=\"https:\/\/2024.adventupuli.hr\/wp-content\/uploads\/2024\/11\/Djecja_knjiznica-1024x683.jpg\" class=\"attachment-large size-large wp-post-image\" alt=\"\" srcset=\"https:\/\/2024.adventupuli.hr\/wp-content\/uploads\/2024\/11\/Djecja_knjiznica-1024x683.jpg 1024w, https:\/\/2024.adventupuli.hr\/wp-content\/uploads\/2024\/11\/Djecja_knjiznica-300x200.jpg 300w, https:\/\/2024.adventupuli.hr\/wp-content\/uploads\/2024\/11\/Djecja_knjiznica-768x512.jpg 768w, https:\/\/2024.adventupuli.hr\/wp-content\/uploads\/2024\/11\/Djecja_knjiznica.jpg 1200w\" sizes=\"(max-width: 800px) 100vw, 800px\" \/>                <\/a>\n                <div class=\"etn-event-category\">\n                    <span>Programmi di biblioteca<\/span>                 <\/div>\n                            <\/div>\n                        <!-- thumbnail start-->\n\n            <!-- content start-->\n            <div class=\"etn-event-content\">\n                                                                                        \n                <h3 class=\"etn-title etn-event-title\"><a href=\"https:\/\/2024.adventupuli.hr\/it\/dogadaj\/cajanka-s-articima\/\">\n                    Un t\u00e8 con i Arti\u0107i<\/a>\n                <\/h3>\n                                \n                <div class=\"etn-event-footer\">\n                    <div class=\"etn-event-date\">\n                                    <span>\n\t\t\t\t<i class=\"etn-icon etn-calendar\"><\/i>\n                7\/12\/2024            <\/span>\n\t\t\t                    <\/div>\n                   \n                <\/div>\n            <\/div>\n            <!-- content end-->\n        <\/div>\n        <!-- etn event item end-->\n    <\/div>\n        <div class=\"etn-col-md-6 etn-col-lg-4\">\n        <div class=\"etn-event-item\">\n            <!-- thumbnail -->\n                        <div class=\"etn-event-thumb\">\n                <a \n                    href=\"https:\/\/2024.adventupuli.hr\/it\/dogadaj\/rambo-amadeus\/\" \n                    aria-label=\"Gara d&#8217;appalto pubblica per le rimanenti case dell&#8217;Avvento\"\n                >\n                    <img loading=\"lazy\" decoding=\"async\" width=\"800\" height=\"532\" src=\"https:\/\/2024.adventupuli.hr\/wp-content\/uploads\/2024\/10\/Rambo-amadeus-1024x681.jpg\" class=\"attachment-large size-large wp-post-image\" alt=\"\" srcset=\"https:\/\/2024.adventupuli.hr\/wp-content\/uploads\/2024\/10\/Rambo-amadeus-1024x681.jpg 1024w, https:\/\/2024.adventupuli.hr\/wp-content\/uploads\/2024\/10\/Rambo-amadeus-300x200.jpg 300w, https:\/\/2024.adventupuli.hr\/wp-content\/uploads\/2024\/10\/Rambo-amadeus-768x511.jpg 768w, https:\/\/2024.adventupuli.hr\/wp-content\/uploads\/2024\/10\/Rambo-amadeus.jpg 1200w\" sizes=\"(max-width: 800px) 100vw, 800px\" \/>                <\/a>\n                <div class=\"etn-event-category\">\n                    <span>Programma musicale<\/span>                 <\/div>\n                            <\/div>\n                        <!-- thumbnail start-->\n\n            <!-- content start-->\n            <div class=\"etn-event-content\">\n                                                                                        \n                <h3 class=\"etn-title etn-event-title\"><a href=\"https:\/\/2024.adventupuli.hr\/it\/dogadaj\/rambo-amadeus\/\">\n                    Regalo di compleanno dell&#8217;Avvento a Pola per la 30\u00aa Fiera del Libro &#8211; Rambo Amadeus<\/a>\n                <\/h3>\n                                \n                <div class=\"etn-event-footer\">\n                    <div class=\"etn-event-date\">\n                                    <span>\n\t\t\t\t<i class=\"etn-icon etn-calendar\"><\/i>\n                6\/12\/2024            <\/span>\n\t\t\t                    <\/div>\n                   \n                <\/div>\n            <\/div>\n            <!-- content end-->\n        <\/div>\n        <!-- etn event item end-->\n    <\/div>\n        <div class=\"etn-col-md-6 etn-col-lg-4\">\n        <div class=\"etn-event-item\">\n            <!-- thumbnail -->\n                        <div class=\"etn-event-thumb\">\n                <a \n                    href=\"https:\/\/2024.adventupuli.hr\/it\/dogadaj\/advent-u-katedrali-bruno-krajcar-klapa-luka-specijalni-gost-edin-karamazov\/\" \n                    aria-label=\"Gara d&#8217;appalto pubblica per le rimanenti case dell&#8217;Avvento\"\n                >\n                    <img loading=\"lazy\" decoding=\"async\" width=\"800\" height=\"533\" src=\"https:\/\/2024.adventupuli.hr\/wp-content\/uploads\/2024\/11\/IMG_2883-copy-1024x682.jpg\" class=\"attachment-large size-large wp-post-image\" alt=\"\" srcset=\"https:\/\/2024.adventupuli.hr\/wp-content\/uploads\/2024\/11\/IMG_2883-copy-1024x682.jpg 1024w, https:\/\/2024.adventupuli.hr\/wp-content\/uploads\/2024\/11\/IMG_2883-copy-300x200.jpg 300w, https:\/\/2024.adventupuli.hr\/wp-content\/uploads\/2024\/11\/IMG_2883-copy-768x512.jpg 768w, https:\/\/2024.adventupuli.hr\/wp-content\/uploads\/2024\/11\/IMG_2883-copy-1536x1024.jpg 1536w, https:\/\/2024.adventupuli.hr\/wp-content\/uploads\/2024\/11\/IMG_2883-copy.jpg 2000w\" sizes=\"(max-width: 800px) 100vw, 800px\" \/>                <\/a>\n                <div class=\"etn-event-category\">\n                    <span>Programma musicale<\/span>                 <\/div>\n                            <\/div>\n                        <!-- thumbnail start-->\n\n            <!-- content start-->\n            <div class=\"etn-event-content\">\n                                                                                        \n                <h3 class=\"etn-title etn-event-title\"><a href=\"https:\/\/2024.adventupuli.hr\/it\/dogadaj\/advent-u-katedrali-bruno-krajcar-klapa-luka-specijalni-gost-edin-karamazov\/\">\n                    L&#8217;Avvento al Duomo di Pola &#8211; Bruno Krajcar &#038; Radojka \u0160verko<\/a>\n                <\/h3>\n                                \n                <div class=\"etn-event-footer\">\n                    <div class=\"etn-event-date\">\n                                    <span>\n\t\t\t\t<i class=\"etn-icon etn-calendar\"><\/i>\n                6\/12\/2024            <\/span>\n\t\t\t                    <\/div>\n                   \n                <\/div>\n            <\/div>\n            <!-- content end-->\n        <\/div>\n        <!-- etn event item end-->\n    <\/div>\n        <div class=\"etn-col-md-6 etn-col-lg-4\">\n        <div class=\"etn-event-item\">\n            <!-- thumbnail -->\n                        <div class=\"etn-event-thumb\">\n                <a \n                    href=\"https:\/\/2024.adventupuli.hr\/it\/dogadaj\/svecano-otvorenje-klizalista\/\" \n                    aria-label=\"Gara d&#8217;appalto pubblica per le rimanenti case dell&#8217;Avvento\"\n                >\n                    <img loading=\"lazy\" decoding=\"async\" width=\"800\" height=\"534\" src=\"https:\/\/2024.adventupuli.hr\/wp-content\/uploads\/2024\/12\/Arena-2-1024x683.jpg\" class=\"attachment-large size-large wp-post-image\" alt=\"\" srcset=\"https:\/\/2024.adventupuli.hr\/wp-content\/uploads\/2024\/12\/Arena-2-1024x683.jpg 1024w, https:\/\/2024.adventupuli.hr\/wp-content\/uploads\/2024\/12\/Arena-2-300x200.jpg 300w, https:\/\/2024.adventupuli.hr\/wp-content\/uploads\/2024\/12\/Arena-2-768x512.jpg 768w, https:\/\/2024.adventupuli.hr\/wp-content\/uploads\/2024\/12\/Arena-2-1536x1024.jpg 1536w, https:\/\/2024.adventupuli.hr\/wp-content\/uploads\/2024\/12\/Arena-2.jpg 1620w\" sizes=\"(max-width: 800px) 100vw, 800px\" \/>                <\/a>\n                <div class=\"etn-event-category\">\n                    <span>Programma per bambini<\/span>                 <\/div>\n                            <\/div>\n                        <!-- thumbnail start-->\n\n            <!-- content start-->\n            <div class=\"etn-event-content\">\n                                                                                        \n                <h3 class=\"etn-title etn-event-title\"><a href=\"https:\/\/2024.adventupuli.hr\/it\/dogadaj\/svecano-otvorenje-klizalista\/\">\n                    L&#8217;inaugurazione ufficiale della pista di pattinaggio<\/a>\n                <\/h3>\n                                \n                <div class=\"etn-event-footer\">\n                    <div class=\"etn-event-date\">\n                                    <span>\n\t\t\t\t<i class=\"etn-icon etn-calendar\"><\/i>\n                6\/12\/2024            <\/span>\n\t\t\t                    <\/div>\n                   \n                <\/div>\n            <\/div>\n            <!-- content end-->\n        <\/div>\n        <!-- etn event item end-->\n    <\/div>\n        <div class=\"etn-col-md-6 etn-col-lg-4\">\n        <div class=\"etn-event-item\">\n            <!-- thumbnail -->\n                        <div class=\"etn-event-thumb\">\n                <a \n                    href=\"https:\/\/2024.adventupuli.hr\/it\/dogadaj\/centar-za-inkluziju-i-podrsku-u-zajednici-bozicna-priredba-predstava\/\" \n                    aria-label=\"Gara d&#8217;appalto pubblica per le rimanenti case dell&#8217;Avvento\"\n                >\n                    <img loading=\"lazy\" decoding=\"async\" width=\"800\" height=\"533\" src=\"https:\/\/2024.adventupuli.hr\/wp-content\/uploads\/2024\/11\/GRAZ-1024x682.jpg\" class=\"attachment-large size-large wp-post-image\" alt=\"\" srcset=\"https:\/\/2024.adventupuli.hr\/wp-content\/uploads\/2024\/11\/GRAZ-1024x682.jpg 1024w, https:\/\/2024.adventupuli.hr\/wp-content\/uploads\/2024\/11\/GRAZ-300x200.jpg 300w, https:\/\/2024.adventupuli.hr\/wp-content\/uploads\/2024\/11\/GRAZ-768x511.jpg 768w, https:\/\/2024.adventupuli.hr\/wp-content\/uploads\/2024\/11\/GRAZ.jpg 1200w\" sizes=\"(max-width: 800px) 100vw, 800px\" \/>                <\/a>\n                <div class=\"etn-event-category\">\n                    <span>Programma per bambini<\/span> <span>Spettacolo<\/span>                 <\/div>\n                            <\/div>\n                        <!-- thumbnail start-->\n\n            <!-- content start-->\n            <div class=\"etn-event-content\">\n                                                                                        \n                <h3 class=\"etn-title etn-event-title\"><a href=\"https:\/\/2024.adventupuli.hr\/it\/dogadaj\/centar-za-inkluziju-i-podrsku-u-zajednici-bozicna-priredba-predstava\/\">\n                    Centro per l&#8217;inclusione e il sostegno nella comunit\u00e0; Spettacolo di Natale, spettacolo<\/a>\n                <\/h3>\n                                \n                <div class=\"etn-event-footer\">\n                    <div class=\"etn-event-date\">\n                                    <span>\n\t\t\t\t<i class=\"etn-icon etn-calendar\"><\/i>\n                6\/12\/2024            <\/span>\n\t\t\t                    <\/div>\n                   \n                <\/div>\n            <\/div>\n            <!-- content end-->\n        <\/div>\n        <!-- etn event item end-->\n    <\/div>\n        <div class=\"etn-col-md-6 etn-col-lg-4\">\n        <div class=\"etn-event-item\">\n            <!-- thumbnail -->\n                        <div class=\"etn-event-thumb\">\n                <a \n                    href=\"https:\/\/2024.adventupuli.hr\/it\/dogadaj\/docek-sv-nikole-od-libri-i-mora\/\" \n                    aria-label=\"Gara d&#8217;appalto pubblica per le rimanenti case dell&#8217;Avvento\"\n                >\n                    <img loading=\"lazy\" decoding=\"async\" width=\"800\" height=\"533\" src=\"https:\/\/2024.adventupuli.hr\/wp-content\/uploads\/2024\/11\/IMG_2191-1024x682.jpg\" class=\"attachment-large size-large wp-post-image\" alt=\"\" srcset=\"https:\/\/2024.adventupuli.hr\/wp-content\/uploads\/2024\/11\/IMG_2191-1024x682.jpg 1024w, https:\/\/2024.adventupuli.hr\/wp-content\/uploads\/2024\/11\/IMG_2191-300x200.jpg 300w, https:\/\/2024.adventupuli.hr\/wp-content\/uploads\/2024\/11\/IMG_2191-768x511.jpg 768w, https:\/\/2024.adventupuli.hr\/wp-content\/uploads\/2024\/11\/IMG_2191.jpg 1200w\" sizes=\"(max-width: 800px) 100vw, 800px\" \/>                <\/a>\n                <div class=\"etn-event-category\">\n                    <span>Programma per bambini<\/span>                 <\/div>\n                            <\/div>\n                        <!-- thumbnail start-->\n\n            <!-- content start-->\n            <div class=\"etn-event-content\">\n                                                                                        \n                <h3 class=\"etn-title etn-event-title\"><a href=\"https:\/\/2024.adventupuli.hr\/it\/dogadaj\/docek-sv-nikole-od-libri-i-mora\/\">\n                    L&#8217;arrivo di San Nicol\u00f2 tra libri e mare<\/a>\n                <\/h3>\n                                \n                <div class=\"etn-event-footer\">\n                    <div class=\"etn-event-date\">\n                                    <span>\n\t\t\t\t<i class=\"etn-icon etn-calendar\"><\/i>\n                6\/12\/2024            <\/span>\n\t\t\t                    <\/div>\n                   \n                <\/div>\n            <\/div>\n            <!-- content end-->\n        <\/div>\n        <!-- etn event item end-->\n    <\/div>\n        <div class=\"etn-col-md-6 etn-col-lg-4\">\n        <div class=\"etn-event-item\">\n            <!-- thumbnail -->\n                        <div class=\"etn-event-thumb\">\n                <a \n                    href=\"https:\/\/2024.adventupuli.hr\/it\/dogadaj\/tepih-na-raznju\/\" \n                    aria-label=\"Gara d&#8217;appalto pubblica per le rimanenti case dell&#8217;Avvento\"\n                >\n                    <img loading=\"lazy\" decoding=\"async\" width=\"800\" height=\"534\" src=\"https:\/\/2024.adventupuli.hr\/wp-content\/uploads\/2024\/11\/FB-event-1024x683.jpg\" class=\"attachment-large size-large wp-post-image\" alt=\"\" srcset=\"https:\/\/2024.adventupuli.hr\/wp-content\/uploads\/2024\/11\/FB-event-1024x683.jpg 1024w, https:\/\/2024.adventupuli.hr\/wp-content\/uploads\/2024\/11\/FB-event-300x200.jpg 300w, https:\/\/2024.adventupuli.hr\/wp-content\/uploads\/2024\/11\/FB-event-768x512.jpg 768w, https:\/\/2024.adventupuli.hr\/wp-content\/uploads\/2024\/11\/FB-event.jpg 1200w\" sizes=\"(max-width: 800px) 100vw, 800px\" \/>                <\/a>\n                <div class=\"etn-event-category\">\n                    <span>Spettacolo<\/span>                 <\/div>\n                            <\/div>\n                        <!-- thumbnail start-->\n\n            <!-- content start-->\n            <div class=\"etn-event-content\">\n                                                                                        \n                <h3 class=\"etn-title etn-event-title\"><a href=\"https:\/\/2024.adventupuli.hr\/it\/dogadaj\/tepih-na-raznju\/\">\n                    Tappetto sulla griglia<\/a>\n                <\/h3>\n                                \n                <div class=\"etn-event-footer\">\n                    <div class=\"etn-event-date\">\n                                    <span>\n\t\t\t\t<i class=\"etn-icon etn-calendar\"><\/i>\n                6\/12\/2024            <\/span>\n\t\t\t                    <\/div>\n                   \n                <\/div>\n            <\/div>\n            <!-- content end-->\n        <\/div>\n        <!-- etn event item end-->\n    <\/div>\n        <div class=\"etn-col-md-6 etn-col-lg-4\">\n        <div class=\"etn-event-item\">\n            <!-- thumbnail -->\n                        <div class=\"etn-event-thumb\">\n                <a \n                    href=\"https:\/\/2024.adventupuli.hr\/it\/dogadaj\/price-u-prosincu-jupi-dosao-je-sveti-nikola\/\" \n                    aria-label=\"Gara d&#8217;appalto pubblica per le rimanenti case dell&#8217;Avvento\"\n                >\n                    <img loading=\"lazy\" decoding=\"async\" width=\"800\" height=\"534\" src=\"https:\/\/2024.adventupuli.hr\/wp-content\/uploads\/2024\/11\/GKC-1024x683.jpg\" class=\"attachment-large size-large wp-post-image\" alt=\"\" srcset=\"https:\/\/2024.adventupuli.hr\/wp-content\/uploads\/2024\/11\/GKC-1024x683.jpg 1024w, https:\/\/2024.adventupuli.hr\/wp-content\/uploads\/2024\/11\/GKC-300x200.jpg 300w, https:\/\/2024.adventupuli.hr\/wp-content\/uploads\/2024\/11\/GKC-768x512.jpg 768w, https:\/\/2024.adventupuli.hr\/wp-content\/uploads\/2024\/11\/GKC.jpg 1200w\" sizes=\"(max-width: 800px) 100vw, 800px\" \/>                <\/a>\n                <div class=\"etn-event-category\">\n                    <span>Programmi di biblioteca<\/span>                 <\/div>\n                            <\/div>\n                        <!-- thumbnail start-->\n\n            <!-- content start-->\n            <div class=\"etn-event-content\">\n                                                                                        \n                <h3 class=\"etn-title etn-event-title\"><a href=\"https:\/\/2024.adventupuli.hr\/it\/dogadaj\/price-u-prosincu-jupi-dosao-je-sveti-nikola\/\">\n                    Racconti di dicembre &#8211; Evviva! \u00c8 arrivato San Nicol\u00f2<\/a>\n                <\/h3>\n                                \n                <div class=\"etn-event-footer\">\n                    <div class=\"etn-event-date\">\n                                    <span>\n\t\t\t\t<i class=\"etn-icon etn-calendar\"><\/i>\n                6\/12\/2024            <\/span>\n\t\t\t                    <\/div>\n                   \n                <\/div>\n            <\/div>\n            <!-- content end-->\n        <\/div>\n        <!-- etn event item end-->\n    <\/div>\n        <div class=\"etn-col-md-6 etn-col-lg-4\">\n        <div class=\"etn-event-item\">\n            <!-- thumbnail -->\n                        <div class=\"etn-event-thumb\">\n                <a \n                    href=\"https:\/\/2024.adventupuli.hr\/it\/dogadaj\/autorica-u-gostima-sonja-smolec\/\" \n                    aria-label=\"Gara d&#8217;appalto pubblica per le rimanenti case dell&#8217;Avvento\"\n                >\n                    <img loading=\"lazy\" decoding=\"async\" width=\"800\" height=\"533\" src=\"https:\/\/2024.adventupuli.hr\/wp-content\/uploads\/2024\/11\/Zbor-OS-Sijana-1024x682.jpg\" class=\"attachment-large size-large wp-post-image\" alt=\"\" srcset=\"https:\/\/2024.adventupuli.hr\/wp-content\/uploads\/2024\/11\/Zbor-OS-Sijana-1024x682.jpg 1024w, https:\/\/2024.adventupuli.hr\/wp-content\/uploads\/2024\/11\/Zbor-OS-Sijana-300x200.jpg 300w, https:\/\/2024.adventupuli.hr\/wp-content\/uploads\/2024\/11\/Zbor-OS-Sijana-768x512.jpg 768w, https:\/\/2024.adventupuli.hr\/wp-content\/uploads\/2024\/11\/Zbor-OS-Sijana-1536x1023.jpg 1536w, https:\/\/2024.adventupuli.hr\/wp-content\/uploads\/2024\/11\/Zbor-OS-Sijana.jpg 1600w\" sizes=\"(max-width: 800px) 100vw, 800px\" \/>                <\/a>\n                <div class=\"etn-event-category\">\n                    <span>Programmi di biblioteca<\/span>                 <\/div>\n                            <\/div>\n                        <!-- thumbnail start-->\n\n            <!-- content start-->\n            <div class=\"etn-event-content\">\n                                                                                        \n                <h3 class=\"etn-title etn-event-title\"><a href=\"https:\/\/2024.adventupuli.hr\/it\/dogadaj\/autorica-u-gostima-sonja-smolec\/\">\n                    Autrice ospite: Sonja Smolec<\/a>\n                <\/h3>\n                                \n                <div class=\"etn-event-footer\">\n                    <div class=\"etn-event-date\">\n                                    <span>\n\t\t\t\t<i class=\"etn-icon etn-calendar\"><\/i>\n                6\/12\/2024            <\/span>\n\t\t\t                    <\/div>\n                   \n                <\/div>\n            <\/div>\n            <!-- content end-->\n        <\/div>\n        <!-- etn event item end-->\n    <\/div>\n        <div class=\"etn-col-md-6 etn-col-lg-4\">\n        <div class=\"etn-event-item\">\n            <!-- thumbnail -->\n                        <div class=\"etn-event-thumb\">\n                <a \n                    href=\"https:\/\/2024.adventupuli.hr\/it\/dogadaj\/ivan-dogic-iran-u-prezentu\/\" \n                    aria-label=\"Gara d&#8217;appalto pubblica per le rimanenti case dell&#8217;Avvento\"\n                >\n                    <img loading=\"lazy\" decoding=\"async\" width=\"800\" height=\"534\" src=\"https:\/\/2024.adventupuli.hr\/wp-content\/uploads\/2024\/11\/GKC-1024x683.jpg\" class=\"attachment-large size-large wp-post-image\" alt=\"\" srcset=\"https:\/\/2024.adventupuli.hr\/wp-content\/uploads\/2024\/11\/GKC-1024x683.jpg 1024w, https:\/\/2024.adventupuli.hr\/wp-content\/uploads\/2024\/11\/GKC-300x200.jpg 300w, https:\/\/2024.adventupuli.hr\/wp-content\/uploads\/2024\/11\/GKC-768x512.jpg 768w, https:\/\/2024.adventupuli.hr\/wp-content\/uploads\/2024\/11\/GKC.jpg 1200w\" sizes=\"(max-width: 800px) 100vw, 800px\" \/>                <\/a>\n                <div class=\"etn-event-category\">\n                    <span>Programmi di biblioteca<\/span>                 <\/div>\n                            <\/div>\n                        <!-- thumbnail start-->\n\n            <!-- content start-->\n            <div class=\"etn-event-content\">\n                                                                                        \n                <h3 class=\"etn-title etn-event-title\"><a href=\"https:\/\/2024.adventupuli.hr\/it\/dogadaj\/ivan-dogic-iran-u-prezentu\/\">\n                    Ivan \u0110ogi\u0107: L&#8217;Iran nel presente<\/a>\n                <\/h3>\n                                \n                <div class=\"etn-event-footer\">\n                    <div class=\"etn-event-date\">\n                                    <span>\n\t\t\t\t<i class=\"etn-icon etn-calendar\"><\/i>\n                6\/12\/2024            <\/span>\n\t\t\t                    <\/div>\n                   \n                <\/div>\n            <\/div>\n            <!-- content end-->\n        <\/div>\n        <!-- etn event item end-->\n    <\/div>\n        <div class=\"etn-col-md-6 etn-col-lg-4\">\n        <div class=\"etn-event-item\">\n            <!-- thumbnail -->\n                        <div class=\"etn-event-thumb\">\n                <a \n                    href=\"https:\/\/2024.adventupuli.hr\/it\/dogadaj\/karla-krizman-i-zeljka-kondic-dabo\/\" \n                    aria-label=\"Gara d&#8217;appalto pubblica per le rimanenti case dell&#8217;Avvento\"\n                >\n                    <img loading=\"lazy\" decoding=\"async\" width=\"800\" height=\"534\" src=\"https:\/\/2024.adventupuli.hr\/wp-content\/uploads\/2024\/11\/MEDVJED-1024x683.jpg\" class=\"attachment-large size-large wp-post-image\" alt=\"\" srcset=\"https:\/\/2024.adventupuli.hr\/wp-content\/uploads\/2024\/11\/MEDVJED-1024x683.jpg 1024w, https:\/\/2024.adventupuli.hr\/wp-content\/uploads\/2024\/11\/MEDVJED-300x200.jpg 300w, https:\/\/2024.adventupuli.hr\/wp-content\/uploads\/2024\/11\/MEDVJED-768x512.jpg 768w, https:\/\/2024.adventupuli.hr\/wp-content\/uploads\/2024\/11\/MEDVJED.jpg 1200w\" sizes=\"(max-width: 800px) 100vw, 800px\" \/>                <\/a>\n                <div class=\"etn-event-category\">\n                    <span>Programma per bambini<\/span>                 <\/div>\n                            <\/div>\n                        <!-- thumbnail start-->\n\n            <!-- content start-->\n            <div class=\"etn-event-content\">\n                                                                                        \n                <h3 class=\"etn-title etn-event-title\"><a href=\"https:\/\/2024.adventupuli.hr\/it\/dogadaj\/karla-krizman-i-zeljka-kondic-dabo\/\">\n                    Scuola media superiore per il turismo, la ristorazione e il commerci<\/a>\n                <\/h3>\n                                \n                <div class=\"etn-event-footer\">\n                    <div class=\"etn-event-date\">\n                                    <span>\n\t\t\t\t<i class=\"etn-icon etn-calendar\"><\/i>\n                6\/12\/2024            <\/span>\n\t\t\t                    <\/div>\n                   \n                <\/div>\n            <\/div>\n            <!-- content end-->\n        <\/div>\n        <!-- etn event item end-->\n    <\/div>\n        <div class=\"etn-col-md-6 etn-col-lg-4\">\n        <div class=\"etn-event-item\">\n            <!-- thumbnail -->\n                        <div class=\"etn-event-thumb\">\n                <a \n                    href=\"https:\/\/2024.adventupuli.hr\/it\/dogadaj\/dj-nice-2\/\" \n                    aria-label=\"Gara d&#8217;appalto pubblica per le rimanenti case dell&#8217;Avvento\"\n                >\n                    <img loading=\"lazy\" decoding=\"async\" width=\"800\" height=\"534\" src=\"https:\/\/2024.adventupuli.hr\/wp-content\/uploads\/2024\/11\/DJ-Nice-750x465-1-1024x683.jpg\" class=\"attachment-large size-large wp-post-image\" alt=\"\" srcset=\"https:\/\/2024.adventupuli.hr\/wp-content\/uploads\/2024\/11\/DJ-Nice-750x465-1-1024x683.jpg 1024w, https:\/\/2024.adventupuli.hr\/wp-content\/uploads\/2024\/11\/DJ-Nice-750x465-1-300x200.jpg 300w, https:\/\/2024.adventupuli.hr\/wp-content\/uploads\/2024\/11\/DJ-Nice-750x465-1-768x512.jpg 768w, https:\/\/2024.adventupuli.hr\/wp-content\/uploads\/2024\/11\/DJ-Nice-750x465-1.jpg 1199w\" sizes=\"(max-width: 800px) 100vw, 800px\" \/>                <\/a>\n                <div class=\"etn-event-category\">\n                    <span>Programma musicale<\/span>                 <\/div>\n                            <\/div>\n                        <!-- thumbnail start-->\n\n            <!-- content start-->\n            <div class=\"etn-event-content\">\n                                                                                        \n                <h3 class=\"etn-title etn-event-title\"><a href=\"https:\/\/2024.adventupuli.hr\/it\/dogadaj\/dj-nice-2\/\">\n                    DJ Nice<\/a>\n                <\/h3>\n                                \n                <div class=\"etn-event-footer\">\n                    <div class=\"etn-event-date\">\n                                    <span>\n\t\t\t\t<i class=\"etn-icon etn-calendar\"><\/i>\n                5\/12\/2024            <\/span>\n\t\t\t                    <\/div>\n                   \n                <\/div>\n            <\/div>\n            <!-- content end-->\n        <\/div>\n        <!-- etn event item end-->\n    <\/div>\n        <div class=\"etn-col-md-6 etn-col-lg-4\">\n        <div class=\"etn-event-item\">\n            <!-- thumbnail -->\n                        <div class=\"etn-event-thumb\">\n                <a \n                    href=\"https:\/\/2024.adventupuli.hr\/it\/dogadaj\/svilart-ensemble\/\" \n                    aria-label=\"Gara d&#8217;appalto pubblica per le rimanenti case dell&#8217;Avvento\"\n                >\n                    <img loading=\"lazy\" decoding=\"async\" width=\"800\" height=\"533\" src=\"https:\/\/2024.adventupuli.hr\/wp-content\/uploads\/2024\/11\/SvilART-1024x682.jpg\" class=\"attachment-large size-large wp-post-image\" alt=\"\" srcset=\"https:\/\/2024.adventupuli.hr\/wp-content\/uploads\/2024\/11\/SvilART-1024x682.jpg 1024w, https:\/\/2024.adventupuli.hr\/wp-content\/uploads\/2024\/11\/SvilART-300x200.jpg 300w, https:\/\/2024.adventupuli.hr\/wp-content\/uploads\/2024\/11\/SvilART-768x511.jpg 768w, https:\/\/2024.adventupuli.hr\/wp-content\/uploads\/2024\/11\/SvilART.jpg 1200w\" sizes=\"(max-width: 800px) 100vw, 800px\" \/>                <\/a>\n                <div class=\"etn-event-category\">\n                    <span>Programma di danza<\/span>                 <\/div>\n                            <\/div>\n                        <!-- thumbnail start-->\n\n            <!-- content start-->\n            <div class=\"etn-event-content\">\n                                                                                        \n                <h3 class=\"etn-title etn-event-title\"><a href=\"https:\/\/2024.adventupuli.hr\/it\/dogadaj\/svilart-ensemble\/\">\n                    SvilArt ensemble<\/a>\n                <\/h3>\n                                \n                <div class=\"etn-event-footer\">\n                    <div class=\"etn-event-date\">\n                                    <span>\n\t\t\t\t<i class=\"etn-icon etn-calendar\"><\/i>\n                5\/12\/2024            <\/span>\n\t\t\t                    <\/div>\n                   \n                <\/div>\n            <\/div>\n            <!-- content end-->\n        <\/div>\n        <!-- etn event item end-->\n    <\/div>\n        <div class=\"etn-col-md-6 etn-col-lg-4\">\n        <div class=\"etn-event-item\">\n            <!-- thumbnail -->\n                        <div class=\"etn-event-thumb\">\n                <a \n                    href=\"https:\/\/2024.adventupuli.hr\/it\/dogadaj\/dj-nice\/\" \n                    aria-label=\"Gara d&#8217;appalto pubblica per le rimanenti case dell&#8217;Avvento\"\n                >\n                    <img loading=\"lazy\" decoding=\"async\" width=\"800\" height=\"534\" src=\"https:\/\/2024.adventupuli.hr\/wp-content\/uploads\/2024\/11\/DJ-Nice-750x465-1-1024x683.jpg\" class=\"attachment-large size-large wp-post-image\" alt=\"\" srcset=\"https:\/\/2024.adventupuli.hr\/wp-content\/uploads\/2024\/11\/DJ-Nice-750x465-1-1024x683.jpg 1024w, https:\/\/2024.adventupuli.hr\/wp-content\/uploads\/2024\/11\/DJ-Nice-750x465-1-300x200.jpg 300w, https:\/\/2024.adventupuli.hr\/wp-content\/uploads\/2024\/11\/DJ-Nice-750x465-1-768x512.jpg 768w, https:\/\/2024.adventupuli.hr\/wp-content\/uploads\/2024\/11\/DJ-Nice-750x465-1.jpg 1199w\" sizes=\"(max-width: 800px) 100vw, 800px\" \/>                <\/a>\n                <div class=\"etn-event-category\">\n                    <span>Programma musicale<\/span>                 <\/div>\n                            <\/div>\n                        <!-- thumbnail start-->\n\n            <!-- content start-->\n            <div class=\"etn-event-content\">\n                                                                                        \n                <h3 class=\"etn-title etn-event-title\"><a href=\"https:\/\/2024.adventupuli.hr\/it\/dogadaj\/dj-nice\/\">\n                    DJ Nice<\/a>\n                <\/h3>\n                                \n                <div class=\"etn-event-footer\">\n                    <div class=\"etn-event-date\">\n                                    <span>\n\t\t\t\t<i class=\"etn-icon etn-calendar\"><\/i>\n                4\/12\/2024            <\/span>\n\t\t\t                    <\/div>\n                   \n                <\/div>\n            <\/div>\n            <!-- content end-->\n        <\/div>\n        <!-- etn event item end-->\n    <\/div>\n        <div class=\"etn-col-md-6 etn-col-lg-4\">\n        <div class=\"etn-event-item\">\n            <!-- thumbnail -->\n                        <div class=\"etn-event-thumb\">\n                <a \n                    href=\"https:\/\/2024.adventupuli.hr\/it\/dogadaj\/ljiljani-sv-antuna-djecji-zbor-u-susret-bozicu-koncert\/\" \n                    aria-label=\"Gara d&#8217;appalto pubblica per le rimanenti case dell&#8217;Avvento\"\n                >\n                    <img loading=\"lazy\" decoding=\"async\" width=\"800\" height=\"534\" src=\"https:\/\/2024.adventupuli.hr\/wp-content\/uploads\/2024\/11\/liljani-1024x683.jpg\" class=\"attachment-large size-large wp-post-image\" alt=\"\" srcset=\"https:\/\/2024.adventupuli.hr\/wp-content\/uploads\/2024\/11\/liljani-1024x683.jpg 1024w, https:\/\/2024.adventupuli.hr\/wp-content\/uploads\/2024\/11\/liljani-300x200.jpg 300w, https:\/\/2024.adventupuli.hr\/wp-content\/uploads\/2024\/11\/liljani-768x512.jpg 768w, https:\/\/2024.adventupuli.hr\/wp-content\/uploads\/2024\/11\/liljani.jpg 1200w\" sizes=\"(max-width: 800px) 100vw, 800px\" \/>                <\/a>\n                <div class=\"etn-event-category\">\n                    <span>Programma per bambini<\/span> <span>Programma musicale<\/span>                 <\/div>\n                            <\/div>\n                        <!-- thumbnail start-->\n\n            <!-- content start-->\n            <div class=\"etn-event-content\">\n                                                                                        \n                <h3 class=\"etn-title etn-event-title\"><a href=\"https:\/\/2024.adventupuli.hr\/it\/dogadaj\/ljiljani-sv-antuna-djecji-zbor-u-susret-bozicu-koncert\/\">\n                    Il Piccolo coro \u201eLjiljani\u201cdella Chiesa di Sant\u2019Antonio<\/a>\n                <\/h3>\n                                \n                <div class=\"etn-event-footer\">\n                    <div class=\"etn-event-date\">\n                                    <span>\n\t\t\t\t<i class=\"etn-icon etn-calendar\"><\/i>\n                4\/12\/2024            <\/span>\n\t\t\t                    <\/div>\n                   \n                <\/div>\n            <\/div>\n            <!-- content end-->\n        <\/div>\n        <!-- etn event item end-->\n    <\/div>\n        <div class=\"etn-col-md-6 etn-col-lg-4\">\n        <div class=\"etn-event-item\">\n            <!-- thumbnail -->\n                        <div class=\"etn-event-thumb\">\n                <a \n                    href=\"https:\/\/2024.adventupuli.hr\/it\/dogadaj\/udruga-birikina-pula-palcica-2\/\" \n                    aria-label=\"Gara d&#8217;appalto pubblica per le rimanenti case dell&#8217;Avvento\"\n                >\n                    <img loading=\"lazy\" decoding=\"async\" width=\"724\" height=\"1024\" src=\"https:\/\/2024.adventupuli.hr\/wp-content\/uploads\/2024\/11\/PLAKAT-PALCICA-724x1024.jpg\" class=\"attachment-large size-large wp-post-image\" alt=\"\" srcset=\"https:\/\/2024.adventupuli.hr\/wp-content\/uploads\/2024\/11\/PLAKAT-PALCICA-724x1024.jpg 724w, https:\/\/2024.adventupuli.hr\/wp-content\/uploads\/2024\/11\/PLAKAT-PALCICA-212x300.jpg 212w, https:\/\/2024.adventupuli.hr\/wp-content\/uploads\/2024\/11\/PLAKAT-PALCICA-768x1086.jpg 768w, https:\/\/2024.adventupuli.hr\/wp-content\/uploads\/2024\/11\/PLAKAT-PALCICA-1086x1536.jpg 1086w, https:\/\/2024.adventupuli.hr\/wp-content\/uploads\/2024\/11\/PLAKAT-PALCICA.jpg 1131w\" sizes=\"(max-width: 724px) 100vw, 724px\" \/>                <\/a>\n                <div class=\"etn-event-category\">\n                    <span>Programma per bambini<\/span>                 <\/div>\n                            <\/div>\n                        <!-- thumbnail start-->\n\n            <!-- content start-->\n            <div class=\"etn-event-content\">\n                                                                                        \n                <h3 class=\"etn-title etn-event-title\"><a href=\"https:\/\/2024.adventupuli.hr\/it\/dogadaj\/udruga-birikina-pula-palcica-2\/\">\n                    Associazione Birikina Pola &#8211; Pollicina<\/a>\n                <\/h3>\n                                \n                <div class=\"etn-event-footer\">\n                    <div class=\"etn-event-date\">\n                                    <span>\n\t\t\t\t<i class=\"etn-icon etn-calendar\"><\/i>\n                4\/12\/2024            <\/span>\n\t\t\t                    <\/div>\n                   \n                <\/div>\n            <\/div>\n            <!-- content end-->\n        <\/div>\n        <!-- etn event item end-->\n    <\/div>\n        <div class=\"etn-col-md-6 etn-col-lg-4\">\n        <div class=\"etn-event-item\">\n            <!-- thumbnail -->\n                        <div class=\"etn-event-thumb\">\n                <a \n                    href=\"https:\/\/2024.adventupuli.hr\/it\/dogadaj\/udruga-birikina-pula-palcica\/\" \n                    aria-label=\"Gara d&#8217;appalto pubblica per le rimanenti case dell&#8217;Avvento\"\n                >\n                    <img loading=\"lazy\" decoding=\"async\" width=\"724\" height=\"1024\" src=\"https:\/\/2024.adventupuli.hr\/wp-content\/uploads\/2024\/11\/PLAKAT-PALCICA-724x1024.jpg\" class=\"attachment-large size-large wp-post-image\" alt=\"\" srcset=\"https:\/\/2024.adventupuli.hr\/wp-content\/uploads\/2024\/11\/PLAKAT-PALCICA-724x1024.jpg 724w, https:\/\/2024.adventupuli.hr\/wp-content\/uploads\/2024\/11\/PLAKAT-PALCICA-212x300.jpg 212w, https:\/\/2024.adventupuli.hr\/wp-content\/uploads\/2024\/11\/PLAKAT-PALCICA-768x1086.jpg 768w, https:\/\/2024.adventupuli.hr\/wp-content\/uploads\/2024\/11\/PLAKAT-PALCICA-1086x1536.jpg 1086w, https:\/\/2024.adventupuli.hr\/wp-content\/uploads\/2024\/11\/PLAKAT-PALCICA.jpg 1131w\" sizes=\"(max-width: 724px) 100vw, 724px\" \/>                <\/a>\n                <div class=\"etn-event-category\">\n                    <span>Programma per bambini<\/span>                 <\/div>\n                            <\/div>\n                        <!-- thumbnail start-->\n\n            <!-- content start-->\n            <div class=\"etn-event-content\">\n                                                                                        \n                <h3 class=\"etn-title etn-event-title\"><a href=\"https:\/\/2024.adventupuli.hr\/it\/dogadaj\/udruga-birikina-pula-palcica\/\">\n                    Associazione Birikina Pola &#8211; Pollicina<\/a>\n                <\/h3>\n                                \n                <div class=\"etn-event-footer\">\n                    <div class=\"etn-event-date\">\n                                    <span>\n\t\t\t\t<i class=\"etn-icon etn-calendar\"><\/i>\n                4\/12\/2024            <\/span>\n\t\t\t                    <\/div>\n                   \n                <\/div>\n            <\/div>\n            <!-- content end-->\n        <\/div>\n        <!-- etn event item end-->\n    <\/div>\n        <div class=\"etn-col-md-6 etn-col-lg-4\">\n        <div class=\"etn-event-item\">\n            <!-- thumbnail -->\n                        <div class=\"etn-event-thumb\">\n                <a \n                    href=\"https:\/\/2024.adventupuli.hr\/it\/dogadaj\/os-monte-zaro-djecji-zbor\/\" \n                    aria-label=\"Gara d&#8217;appalto pubblica per le rimanenti case dell&#8217;Avvento\"\n                >\n                    <img loading=\"lazy\" decoding=\"async\" width=\"800\" height=\"533\" src=\"https:\/\/2024.adventupuli.hr\/wp-content\/uploads\/2024\/11\/GRAZ-1024x682.jpg\" class=\"attachment-large size-large wp-post-image\" alt=\"\" srcset=\"https:\/\/2024.adventupuli.hr\/wp-content\/uploads\/2024\/11\/GRAZ-1024x682.jpg 1024w, https:\/\/2024.adventupuli.hr\/wp-content\/uploads\/2024\/11\/GRAZ-300x200.jpg 300w, https:\/\/2024.adventupuli.hr\/wp-content\/uploads\/2024\/11\/GRAZ-768x511.jpg 768w, https:\/\/2024.adventupuli.hr\/wp-content\/uploads\/2024\/11\/GRAZ.jpg 1200w\" sizes=\"(max-width: 800px) 100vw, 800px\" \/>                <\/a>\n                <div class=\"etn-event-category\">\n                    <span>Programma per bambini<\/span> <span>Programma musicale<\/span>                 <\/div>\n                            <\/div>\n                        <!-- thumbnail start-->\n\n            <!-- content start-->\n            <div class=\"etn-event-content\">\n                                                                                        \n                <h3 class=\"etn-title etn-event-title\"><a href=\"https:\/\/2024.adventupuli.hr\/it\/dogadaj\/os-monte-zaro-djecji-zbor\/\">\n                    SE Monte Zaro, coro<\/a>\n                <\/h3>\n                                \n                <div class=\"etn-event-footer\">\n                    <div class=\"etn-event-date\">\n                                    <span>\n\t\t\t\t<i class=\"etn-icon etn-calendar\"><\/i>\n                4\/12\/2024            <\/span>\n\t\t\t                    <\/div>\n                   \n                <\/div>\n            <\/div>\n            <!-- content end-->\n        <\/div>\n        <!-- etn event item end-->\n    <\/div>\n        <div class=\"etn-col-md-6 etn-col-lg-4\">\n        <div class=\"etn-event-item\">\n            <!-- thumbnail -->\n                        <div class=\"etn-event-thumb\">\n                <a \n                    href=\"https:\/\/2024.adventupuli.hr\/it\/dogadaj\/naranca\/\" \n                    aria-label=\"Gara d&#8217;appalto pubblica per le rimanenti case dell&#8217;Avvento\"\n                >\n                    <img loading=\"lazy\" decoding=\"async\" width=\"800\" height=\"534\" src=\"https:\/\/2024.adventupuli.hr\/wp-content\/uploads\/2024\/11\/ADVENT-LOGO-2024-1024x683.jpg\" class=\"attachment-large size-large wp-post-image\" alt=\"\" srcset=\"https:\/\/2024.adventupuli.hr\/wp-content\/uploads\/2024\/11\/ADVENT-LOGO-2024-1024x683.jpg 1024w, https:\/\/2024.adventupuli.hr\/wp-content\/uploads\/2024\/11\/ADVENT-LOGO-2024-300x200.jpg 300w, https:\/\/2024.adventupuli.hr\/wp-content\/uploads\/2024\/11\/ADVENT-LOGO-2024-768x512.jpg 768w, https:\/\/2024.adventupuli.hr\/wp-content\/uploads\/2024\/11\/ADVENT-LOGO-2024.jpg 1200w\" sizes=\"(max-width: 800px) 100vw, 800px\" \/>                <\/a>\n                <div class=\"etn-event-category\">\n                    <span>Programma per bambini<\/span>                 <\/div>\n                            <\/div>\n                        <!-- thumbnail start-->\n\n            <!-- content start-->\n            <div class=\"etn-event-content\">\n                                                                                        \n                <h3 class=\"etn-title etn-event-title\"><a href=\"https:\/\/2024.adventupuli.hr\/it\/dogadaj\/naranca\/\">\n                    SE Centar,  duetti cantanti e gruppo di danza<\/a>\n                <\/h3>\n                                \n                <div class=\"etn-event-footer\">\n                    <div class=\"etn-event-date\">\n                                    <span>\n\t\t\t\t<i class=\"etn-icon etn-calendar\"><\/i>\n                4\/12\/2024            <\/span>\n\t\t\t                    <\/div>\n                   \n                <\/div>\n            <\/div>\n            <!-- content end-->\n        <\/div>\n        <!-- etn event item end-->\n    <\/div>\n        <div class=\"etn-col-md-6 etn-col-lg-4\">\n        <div class=\"etn-event-item\">\n            <!-- thumbnail -->\n                        <div class=\"etn-event-thumb\">\n                <a \n                    href=\"https:\/\/2024.adventupuli.hr\/it\/dogadaj\/bor-dobrih-zelja-emozioni-natalizie\/\" \n                    aria-label=\"Gara d&#8217;appalto pubblica per le rimanenti case dell&#8217;Avvento\"\n                >\n                    <img loading=\"lazy\" decoding=\"async\" width=\"800\" height=\"534\" src=\"https:\/\/2024.adventupuli.hr\/wp-content\/uploads\/2024\/11\/Djecja_knjiznica-1024x683.jpg\" class=\"attachment-large size-large wp-post-image\" alt=\"\" srcset=\"https:\/\/2024.adventupuli.hr\/wp-content\/uploads\/2024\/11\/Djecja_knjiznica-1024x683.jpg 1024w, https:\/\/2024.adventupuli.hr\/wp-content\/uploads\/2024\/11\/Djecja_knjiznica-300x200.jpg 300w, https:\/\/2024.adventupuli.hr\/wp-content\/uploads\/2024\/11\/Djecja_knjiznica-768x512.jpg 768w, https:\/\/2024.adventupuli.hr\/wp-content\/uploads\/2024\/11\/Djecja_knjiznica.jpg 1200w\" sizes=\"(max-width: 800px) 100vw, 800px\" \/>                <\/a>\n                <div class=\"etn-event-category\">\n                    <span>Programmi di biblioteca<\/span>                 <\/div>\n                            <\/div>\n                        <!-- thumbnail start-->\n\n            <!-- content start-->\n            <div class=\"etn-event-content\">\n                                                                                        \n                <h3 class=\"etn-title etn-event-title\"><a href=\"https:\/\/2024.adventupuli.hr\/it\/dogadaj\/bor-dobrih-zelja-emozioni-natalizie\/\">\n                    Albero di Natale delle belle storie: Emozioni Natalizie<\/a>\n                <\/h3>\n                                \n                <div class=\"etn-event-footer\">\n                    <div class=\"etn-event-date\">\n                                    <span>\n\t\t\t\t<i class=\"etn-icon etn-calendar\"><\/i>\n                4\/12\/2024            <\/span>\n\t\t\t                    <\/div>\n                   \n                <\/div>\n            <\/div>\n            <!-- content end-->\n        <\/div>\n        <!-- etn event item end-->\n    <\/div>\n        <div class=\"etn-col-md-6 etn-col-lg-4\">\n        <div class=\"etn-event-item\">\n            <!-- thumbnail -->\n                        <div class=\"etn-event-thumb\">\n                <a \n                    href=\"https:\/\/2024.adventupuli.hr\/it\/dogadaj\/eichmann-u-jeruzalemu\/\" \n                    aria-label=\"Gara d&#8217;appalto pubblica per le rimanenti case dell&#8217;Avvento\"\n                >\n                    <img loading=\"lazy\" decoding=\"async\" width=\"800\" height=\"534\" src=\"https:\/\/2024.adventupuli.hr\/wp-content\/uploads\/2024\/11\/ADVENT-LOGO-2024-1024x683.jpg\" class=\"attachment-large size-large wp-post-image\" alt=\"\" srcset=\"https:\/\/2024.adventupuli.hr\/wp-content\/uploads\/2024\/11\/ADVENT-LOGO-2024-1024x683.jpg 1024w, https:\/\/2024.adventupuli.hr\/wp-content\/uploads\/2024\/11\/ADVENT-LOGO-2024-300x200.jpg 300w, https:\/\/2024.adventupuli.hr\/wp-content\/uploads\/2024\/11\/ADVENT-LOGO-2024-768x512.jpg 768w, https:\/\/2024.adventupuli.hr\/wp-content\/uploads\/2024\/11\/ADVENT-LOGO-2024.jpg 1200w\" sizes=\"(max-width: 800px) 100vw, 800px\" \/>                <\/a>\n                <div class=\"etn-event-category\">\n                    <span>Spettacolo<\/span>                 <\/div>\n                            <\/div>\n                        <!-- thumbnail start-->\n\n            <!-- content start-->\n            <div class=\"etn-event-content\">\n                                                                                        \n                <h3 class=\"etn-title etn-event-title\"><a href=\"https:\/\/2024.adventupuli.hr\/it\/dogadaj\/eichmann-u-jeruzalemu\/\">\n                    Eichmann a Gerusalemme<\/a>\n                <\/h3>\n                                \n                <div class=\"etn-event-footer\">\n                    <div class=\"etn-event-date\">\n                                    <span>\n\t\t\t\t<i class=\"etn-icon etn-calendar\"><\/i>\n                3\/12\/2024            <\/span>\n\t\t\t                    <\/div>\n                   \n                <\/div>\n            <\/div>\n            <!-- content end-->\n        <\/div>\n        <!-- etn event item end-->\n    <\/div>\n        <div class=\"etn-col-md-6 etn-col-lg-4\">\n        <div class=\"etn-event-item\">\n            <!-- thumbnail -->\n                        <div class=\"etn-event-thumb\">\n                <a \n                    href=\"https:\/\/2024.adventupuli.hr\/it\/dogadaj\/s-puno-ljubavi-za-bozic-nestrpljiva-cizmica\/\" \n                    aria-label=\"Gara d&#8217;appalto pubblica per le rimanenti case dell&#8217;Avvento\"\n                >\n                    <img loading=\"lazy\" decoding=\"async\" width=\"800\" height=\"534\" src=\"https:\/\/2024.adventupuli.hr\/wp-content\/uploads\/2024\/11\/GKC-1024x683.jpg\" class=\"attachment-large size-large wp-post-image\" alt=\"\" srcset=\"https:\/\/2024.adventupuli.hr\/wp-content\/uploads\/2024\/11\/GKC-1024x683.jpg 1024w, https:\/\/2024.adventupuli.hr\/wp-content\/uploads\/2024\/11\/GKC-300x200.jpg 300w, https:\/\/2024.adventupuli.hr\/wp-content\/uploads\/2024\/11\/GKC-768x512.jpg 768w, https:\/\/2024.adventupuli.hr\/wp-content\/uploads\/2024\/11\/GKC.jpg 1200w\" sizes=\"(max-width: 800px) 100vw, 800px\" \/>                <\/a>\n                <div class=\"etn-event-category\">\n                    <span>Programmi di biblioteca<\/span>                 <\/div>\n                            <\/div>\n                        <!-- thumbnail start-->\n\n            <!-- content start-->\n            <div class=\"etn-event-content\">\n                                                                                        \n                <h3 class=\"etn-title etn-event-title\"><a href=\"https:\/\/2024.adventupuli.hr\/it\/dogadaj\/s-puno-ljubavi-za-bozic-nestrpljiva-cizmica\/\">\n                    Con tanto affetto per Natale! &#8211; Uno stivale impaziente<\/a>\n                <\/h3>\n                                \n                <div class=\"etn-event-footer\">\n                    <div class=\"etn-event-date\">\n                                    <span>\n\t\t\t\t<i class=\"etn-icon etn-calendar\"><\/i>\n                3\/12\/2024            <\/span>\n\t\t\t                    <\/div>\n                   \n                <\/div>\n            <\/div>\n            <!-- content end-->\n        <\/div>\n        <!-- etn event item end-->\n    <\/div>\n        <div class=\"etn-col-md-6 etn-col-lg-4\">\n        <div class=\"etn-event-item\">\n            <!-- thumbnail -->\n                        <div class=\"etn-event-thumb\">\n                <a \n                    href=\"https:\/\/2024.adventupuli.hr\/it\/dogadaj\/bor-dobrih-prica-nestrpljiva-cizmica\/\" \n                    aria-label=\"Gara d&#8217;appalto pubblica per le rimanenti case dell&#8217;Avvento\"\n                >\n                    <img loading=\"lazy\" decoding=\"async\" width=\"800\" height=\"534\" src=\"https:\/\/2024.adventupuli.hr\/wp-content\/uploads\/2024\/11\/Djecja_knjiznica-1024x683.jpg\" class=\"attachment-large size-large wp-post-image\" alt=\"\" srcset=\"https:\/\/2024.adventupuli.hr\/wp-content\/uploads\/2024\/11\/Djecja_knjiznica-1024x683.jpg 1024w, https:\/\/2024.adventupuli.hr\/wp-content\/uploads\/2024\/11\/Djecja_knjiznica-300x200.jpg 300w, https:\/\/2024.adventupuli.hr\/wp-content\/uploads\/2024\/11\/Djecja_knjiznica-768x512.jpg 768w, https:\/\/2024.adventupuli.hr\/wp-content\/uploads\/2024\/11\/Djecja_knjiznica.jpg 1200w\" sizes=\"(max-width: 800px) 100vw, 800px\" \/>                <\/a>\n                <div class=\"etn-event-category\">\n                    <span>Programmi di biblioteca<\/span>                 <\/div>\n                            <\/div>\n                        <!-- thumbnail start-->\n\n            <!-- content start-->\n            <div class=\"etn-event-content\">\n                                                                                        \n                <h3 class=\"etn-title etn-event-title\"><a href=\"https:\/\/2024.adventupuli.hr\/it\/dogadaj\/bor-dobrih-prica-nestrpljiva-cizmica\/\">\n                    Albero di Natale delle belle storie &#8211; Lo stivale impaziente<\/a>\n                <\/h3>\n                                \n                <div class=\"etn-event-footer\">\n                    <div class=\"etn-event-date\">\n                                    <span>\n\t\t\t\t<i class=\"etn-icon etn-calendar\"><\/i>\n                2\/12\/2024            <\/span>\n\t\t\t                    <\/div>\n                   \n                <\/div>\n            <\/div>\n            <!-- content end-->\n        <\/div>\n        <!-- etn event item end-->\n    <\/div>\n        <div class=\"etn-col-md-6 etn-col-lg-4\">\n        <div class=\"etn-event-item\">\n            <!-- thumbnail -->\n                        <div class=\"etn-event-thumb\">\n                <a \n                    href=\"https:\/\/2024.adventupuli.hr\/it\/dogadaj\/jelusick\/\" \n                    aria-label=\"Gara d&#8217;appalto pubblica per le rimanenti case dell&#8217;Avvento\"\n                >\n                    <img loading=\"lazy\" decoding=\"async\" width=\"800\" height=\"534\" src=\"https:\/\/2024.adventupuli.hr\/wp-content\/uploads\/2024\/10\/Photo-by-JosipMarkovic-2-1024x683.jpg\" class=\"attachment-large size-large wp-post-image\" alt=\"\" srcset=\"https:\/\/2024.adventupuli.hr\/wp-content\/uploads\/2024\/10\/Photo-by-JosipMarkovic-2-1024x683.jpg 1024w, https:\/\/2024.adventupuli.hr\/wp-content\/uploads\/2024\/10\/Photo-by-JosipMarkovic-2-300x200.jpg 300w, https:\/\/2024.adventupuli.hr\/wp-content\/uploads\/2024\/10\/Photo-by-JosipMarkovic-2-768x512.jpg 768w, https:\/\/2024.adventupuli.hr\/wp-content\/uploads\/2024\/10\/Photo-by-JosipMarkovic-2.jpg 1200w\" sizes=\"(max-width: 800px) 100vw, 800px\" \/>                <\/a>\n                <div class=\"etn-event-category\">\n                    <span>Programma musicale<\/span>                 <\/div>\n                            <\/div>\n                        <!-- thumbnail start-->\n\n            <!-- content start-->\n            <div class=\"etn-event-content\">\n                                                                                        \n                <h3 class=\"etn-title etn-event-title\"><a href=\"https:\/\/2024.adventupuli.hr\/it\/dogadaj\/jelusick\/\">\n                    Jelusick<\/a>\n                <\/h3>\n                                \n                <div class=\"etn-event-footer\">\n                    <div class=\"etn-event-date\">\n                                    <span>\n\t\t\t\t<i class=\"etn-icon etn-calendar\"><\/i>\n                1\/12\/2024            <\/span>\n\t\t\t                    <\/div>\n                   \n                <\/div>\n            <\/div>\n            <!-- content end-->\n        <\/div>\n        <!-- etn event item end-->\n    <\/div>\n        <div class=\"etn-col-md-6 etn-col-lg-4\">\n        <div class=\"etn-event-item\">\n            <!-- thumbnail -->\n                        <div class=\"etn-event-thumb\">\n                <a \n                    href=\"https:\/\/2024.adventupuli.hr\/it\/dogadaj\/martinuss-cirkus\/\" \n                    aria-label=\"Gara d&#8217;appalto pubblica per le rimanenti case dell&#8217;Avvento\"\n                >\n                    <img loading=\"lazy\" decoding=\"async\" width=\"800\" height=\"534\" src=\"https:\/\/2024.adventupuli.hr\/wp-content\/uploads\/2024\/11\/White_Angels-1024x683.jpg\" class=\"attachment-large size-large wp-post-image\" alt=\"\" srcset=\"https:\/\/2024.adventupuli.hr\/wp-content\/uploads\/2024\/11\/White_Angels-1024x683.jpg 1024w, https:\/\/2024.adventupuli.hr\/wp-content\/uploads\/2024\/11\/White_Angels-300x200.jpg 300w, https:\/\/2024.adventupuli.hr\/wp-content\/uploads\/2024\/11\/White_Angels-768x512.jpg 768w, https:\/\/2024.adventupuli.hr\/wp-content\/uploads\/2024\/11\/White_Angels.jpg 1200w\" sizes=\"(max-width: 800px) 100vw, 800px\" \/>                <\/a>\n                <div class=\"etn-event-category\">\n                    <span>Programma per bambini<\/span>                 <\/div>\n                            <\/div>\n                        <!-- thumbnail start-->\n\n            <!-- content start-->\n            <div class=\"etn-event-content\">\n                                                                                        \n                <h3 class=\"etn-title etn-event-title\"><a href=\"https:\/\/2024.adventupuli.hr\/it\/dogadaj\/martinuss-cirkus\/\">\n                    Martiniuss Cirkus<\/a>\n                <\/h3>\n                                \n                <div class=\"etn-event-footer\">\n                    <div class=\"etn-event-date\">\n                                    <span>\n\t\t\t\t<i class=\"etn-icon etn-calendar\"><\/i>\n                1\/12\/2024            <\/span>\n\t\t\t                    <\/div>\n                   \n                <\/div>\n            <\/div>\n            <!-- content end-->\n        <\/div>\n        <!-- etn event item end-->\n    <\/div>\n        <div class=\"etn-col-md-6 etn-col-lg-4\">\n        <div class=\"etn-event-item\">\n            <!-- thumbnail -->\n                        <div class=\"etn-event-thumb\">\n                <a \n                    href=\"https:\/\/2024.adventupuli.hr\/it\/dogadaj\/slovensko-kulturno-drustvo-pula\/\" \n                    aria-label=\"Gara d&#8217;appalto pubblica per le rimanenti case dell&#8217;Avvento\"\n                >\n                    <img loading=\"lazy\" decoding=\"async\" width=\"800\" height=\"533\" src=\"https:\/\/2024.adventupuli.hr\/wp-content\/uploads\/2024\/11\/Glazubeni_vijenac-1024x682.jpg\" class=\"attachment-large size-large wp-post-image\" alt=\"\" srcset=\"https:\/\/2024.adventupuli.hr\/wp-content\/uploads\/2024\/11\/Glazubeni_vijenac-1024x682.jpg 1024w, https:\/\/2024.adventupuli.hr\/wp-content\/uploads\/2024\/11\/Glazubeni_vijenac-300x200.jpg 300w, https:\/\/2024.adventupuli.hr\/wp-content\/uploads\/2024\/11\/Glazubeni_vijenac-768x511.jpg 768w, https:\/\/2024.adventupuli.hr\/wp-content\/uploads\/2024\/11\/Glazubeni_vijenac.jpg 1200w\" sizes=\"(max-width: 800px) 100vw, 800px\" \/>                <\/a>\n                <div class=\"etn-event-category\">\n                    <span>Programma musicale<\/span>                 <\/div>\n                            <\/div>\n                        <!-- thumbnail start-->\n\n            <!-- content start-->\n            <div class=\"etn-event-content\">\n                                                                                        \n                <h3 class=\"etn-title etn-event-title\"><a href=\"https:\/\/2024.adventupuli.hr\/it\/dogadaj\/slovensko-kulturno-drustvo-pula\/\">\n                    La corona musicale &#8211; Zbor Encijan, SKD Istra<\/a>\n                <\/h3>\n                                \n                <div class=\"etn-event-footer\">\n                    <div class=\"etn-event-date\">\n                                    <span>\n\t\t\t\t<i class=\"etn-icon etn-calendar\"><\/i>\n                1\/12\/2024            <\/span>\n\t\t\t                    <\/div>\n                   \n                <\/div>\n            <\/div>\n            <!-- content end-->\n        <\/div>\n        <!-- etn event item end-->\n    <\/div>\n    <\/div>\t\t\t\t\t<\/div>\n\n\t\t\t\t<\/div>\n<\/div>\t\t<\/div>\n\t\t\t\t<\/div>\n\t\t\t\t\t<\/div>\n\t\t<\/div>\n\t\t\t\t\t<\/div>\n\t\t<\/section>\n\t\t\t\t<section class=\"elementor-section elementor-top-section elementor-element elementor-element-37c1824 elementor-section-boxed elementor-section-height-default elementor-section-height-default\" data-id=\"37c1824\" data-element_type=\"section\">\n\t\t\t\t\t\t<div class=\"elementor-container elementor-column-gap-default\">\n\t\t\t\t\t<div class=\"elementor-column elementor-col-33 elementor-top-column elementor-element elementor-element-047c2ef\" data-id=\"047c2ef\" data-element_type=\"column\">\n\t\t\t<div class=\"elementor-widget-wrap elementor-element-populated\">\n\t\t\t\t\t\t<div class=\"elementor-element elementor-element-d614800 elementor-widget elementor-widget-heading\" data-id=\"d614800\" data-element_type=\"widget\" data-settings=\"{&quot;ekit_we_effect_on&quot;:&quot;none&quot;}\" data-widget_type=\"heading.default\">\n\t\t\t\t<div class=\"elementor-widget-container\">\n\t\t\t<h2 class=\"elementor-heading-title elementor-size-default\">sostenitore principale<\/h2>\t\t<\/div>\n\t\t\t\t<\/div>\n\t\t\t\t<section class=\"elementor-section elementor-inner-section elementor-element elementor-element-c9fff21 elementor-section-boxed elementor-section-height-default elementor-section-height-default\" data-id=\"c9fff21\" data-element_type=\"section\">\n\t\t\t\t\t\t<div class=\"elementor-container elementor-column-gap-default\">\n\t\t\t\t\t<div class=\"elementor-column elementor-col-33 elementor-inner-column elementor-element elementor-element-5f2f122\" data-id=\"5f2f122\" data-element_type=\"column\">\n\t\t\t<div class=\"elementor-widget-wrap\">\n\t\t\t\t\t\t\t<\/div>\n\t\t<\/div>\n\t\t\t\t<div class=\"elementor-column elementor-col-33 elementor-inner-column elementor-element elementor-element-8a4415b\" data-id=\"8a4415b\" data-element_type=\"column\">\n\t\t\t<div class=\"elementor-widget-wrap elementor-element-populated\">\n\t\t\t\t\t\t<div class=\"elementor-element elementor-element-fe994bf elementor-widget elementor-widget-image\" data-id=\"fe994bf\" data-element_type=\"widget\" data-settings=\"{&quot;ekit_we_effect_on&quot;:&quot;none&quot;}\" data-widget_type=\"image.default\">\n\t\t\t\t<div class=\"elementor-widget-container\">\n\t\t\t\t\t\t\t\t\t\t\t\t\t\t<a href=\"https:\/\/www.pula.hr\">\n\t\t\t\t\t\t\t<img loading=\"lazy\" decoding=\"async\" width=\"600\" height=\"400\" src=\"https:\/\/2024.adventupuli.hr\/wp-content\/uploads\/2022\/11\/LOGO-GRAD-PULA.png\" class=\"attachment-full size-full wp-image-7402\" alt=\"\" srcset=\"https:\/\/2024.adventupuli.hr\/wp-content\/uploads\/2022\/11\/LOGO-GRAD-PULA.png 600w, https:\/\/2024.adventupuli.hr\/wp-content\/uploads\/2022\/11\/LOGO-GRAD-PULA-300x200.png 300w\" sizes=\"(max-width: 600px) 100vw, 600px\" \/>\t\t\t\t\t\t\t\t<\/a>\n\t\t\t\t\t\t\t\t\t\t\t\t\t<\/div>\n\t\t\t\t<\/div>\n\t\t\t\t\t<\/div>\n\t\t<\/div>\n\t\t\t\t<div class=\"elementor-column elementor-col-33 elementor-inner-column elementor-element elementor-element-5c23bf2\" data-id=\"5c23bf2\" data-element_type=\"column\">\n\t\t\t<div class=\"elementor-widget-wrap\">\n\t\t\t\t\t\t\t<\/div>\n\t\t<\/div>\n\t\t\t\t\t<\/div>\n\t\t<\/section>\n\t\t\t\t\t<\/div>\n\t\t<\/div>\n\t\t\t\t<div class=\"elementor-column elementor-col-33 elementor-top-column elementor-element elementor-element-b452da0\" data-id=\"b452da0\" data-element_type=\"column\">\n\t\t\t<div class=\"elementor-widget-wrap elementor-element-populated\">\n\t\t\t\t\t\t<div class=\"elementor-element elementor-element-b829000 elementor-widget elementor-widget-heading\" data-id=\"b829000\" data-element_type=\"widget\" data-settings=\"{&quot;ekit_we_effect_on&quot;:&quot;none&quot;}\" data-widget_type=\"heading.default\">\n\t\t\t\t<div class=\"elementor-widget-container\">\n\t\t\t<h2 class=\"elementor-heading-title elementor-size-default\">organizzatore principale<\/h2>\t\t<\/div>\n\t\t\t\t<\/div>\n\t\t\t\t<section class=\"elementor-section elementor-inner-section elementor-element elementor-element-fc874a4 elementor-section-boxed elementor-section-height-default elementor-section-height-default\" data-id=\"fc874a4\" data-element_type=\"section\">\n\t\t\t\t\t\t<div class=\"elementor-container elementor-column-gap-default\">\n\t\t\t\t\t<div class=\"elementor-column elementor-col-33 elementor-inner-column elementor-element elementor-element-4608dce\" data-id=\"4608dce\" data-element_type=\"column\">\n\t\t\t<div class=\"elementor-widget-wrap\">\n\t\t\t\t\t\t\t<\/div>\n\t\t<\/div>\n\t\t\t\t<div class=\"elementor-column elementor-col-33 elementor-inner-column elementor-element elementor-element-b618d03\" data-id=\"b618d03\" data-element_type=\"column\">\n\t\t\t<div class=\"elementor-widget-wrap elementor-element-populated\">\n\t\t\t\t\t\t<div class=\"elementor-element elementor-element-fd46ad4 elementor-widget elementor-widget-image\" data-id=\"fd46ad4\" data-element_type=\"widget\" data-settings=\"{&quot;ekit_we_effect_on&quot;:&quot;none&quot;}\" data-widget_type=\"image.default\">\n\t\t\t\t<div class=\"elementor-widget-container\">\n\t\t\t\t\t\t\t\t\t\t\t\t\t\t<a href=\"https:\/\/pulafilmfestival.hr\/\">\n\t\t\t\t\t\t\t<img loading=\"lazy\" decoding=\"async\" width=\"310\" height=\"206\" src=\"https:\/\/2024.adventupuli.hr\/wp-content\/uploads\/2022\/12\/PFF-logo.jpg\" class=\"attachment-full size-full wp-image-8599\" alt=\"\" srcset=\"https:\/\/2024.adventupuli.hr\/wp-content\/uploads\/2022\/12\/PFF-logo.jpg 310w, https:\/\/2024.adventupuli.hr\/wp-content\/uploads\/2022\/12\/PFF-logo-300x199.jpg 300w\" sizes=\"(max-width: 310px) 100vw, 310px\" \/>\t\t\t\t\t\t\t\t<\/a>\n\t\t\t\t\t\t\t\t\t\t\t\t\t<\/div>\n\t\t\t\t<\/div>\n\t\t\t\t\t<\/div>\n\t\t<\/div>\n\t\t\t\t<div class=\"elementor-column elementor-col-33 elementor-inner-column elementor-element elementor-element-2acde37\" data-id=\"2acde37\" data-element_type=\"column\">\n\t\t\t<div class=\"elementor-widget-wrap\">\n\t\t\t\t\t\t\t<\/div>\n\t\t<\/div>\n\t\t\t\t\t<\/div>\n\t\t<\/section>\n\t\t\t\t\t<\/div>\n\t\t<\/div>\n\t\t\t\t<div class=\"elementor-column elementor-col-33 elementor-top-column elementor-element elementor-element-547a795\" data-id=\"547a795\" data-element_type=\"column\">\n\t\t\t<div class=\"elementor-widget-wrap elementor-element-populated\">\n\t\t\t\t\t\t<div class=\"elementor-element elementor-element-30a99bd elementor-widget elementor-widget-heading\" data-id=\"30a99bd\" data-element_type=\"widget\" data-settings=\"{&quot;ekit_we_effect_on&quot;:&quot;none&quot;}\" data-widget_type=\"heading.default\">\n\t\t\t\t<div class=\"elementor-widget-container\">\n\t\t\t<h2 class=\"elementor-heading-title elementor-size-default\">sostenitore<\/h2>\t\t<\/div>\n\t\t\t\t<\/div>\n\t\t\t\t<section class=\"elementor-section elementor-inner-section elementor-element elementor-element-0e264db elementor-section-boxed elementor-section-height-default elementor-section-height-default\" data-id=\"0e264db\" data-element_type=\"section\">\n\t\t\t\t\t\t<div class=\"elementor-container elementor-column-gap-default\">\n\t\t\t\t\t<div class=\"elementor-column elementor-col-50 elementor-inner-column elementor-element elementor-element-2473e52\" data-id=\"2473e52\" data-element_type=\"column\">\n\t\t\t<div class=\"elementor-widget-wrap elementor-element-populated\">\n\t\t\t\t\t\t<div class=\"elementor-element elementor-element-268757c elementor-widget elementor-widget-image\" data-id=\"268757c\" data-element_type=\"widget\" data-settings=\"{&quot;ekit_we_effect_on&quot;:&quot;none&quot;}\" data-widget_type=\"image.default\">\n\t\t\t\t<div class=\"elementor-widget-container\">\n\t\t\t\t\t\t\t\t\t\t\t\t\t\t<a href=\"https:\/\/www.pulainfo.hr\/hr\/\">\n\t\t\t\t\t\t\t<img loading=\"lazy\" decoding=\"async\" width=\"310\" height=\"206\" src=\"https:\/\/2024.adventupuli.hr\/wp-content\/uploads\/2022\/12\/logicTZ-Pula-1.jpg\" class=\"attachment-full size-full wp-image-8591\" alt=\"\" srcset=\"https:\/\/2024.adventupuli.hr\/wp-content\/uploads\/2022\/12\/logicTZ-Pula-1.jpg 310w, https:\/\/2024.adventupuli.hr\/wp-content\/uploads\/2022\/12\/logicTZ-Pula-1-300x199.jpg 300w\" sizes=\"(max-width: 310px) 100vw, 310px\" \/>\t\t\t\t\t\t\t\t<\/a>\n\t\t\t\t\t\t\t\t\t\t\t\t\t<\/div>\n\t\t\t\t<\/div>\n\t\t\t\t\t<\/div>\n\t\t<\/div>\n\t\t\t\t<div class=\"elementor-column elementor-col-50 elementor-inner-column elementor-element elementor-element-dfb12e1\" data-id=\"dfb12e1\" data-element_type=\"column\">\n\t\t\t<div class=\"elementor-widget-wrap elementor-element-populated\">\n\t\t\t\t\t\t<div class=\"elementor-element elementor-element-851997d elementor-widget elementor-widget-image\" data-id=\"851997d\" data-element_type=\"widget\" data-settings=\"{&quot;ekit_we_effect_on&quot;:&quot;none&quot;}\" data-widget_type=\"image.default\">\n\t\t\t\t<div class=\"elementor-widget-container\">\n\t\t\t\t\t\t\t\t\t\t\t\t\t\t<a href=\"https:\/\/www.pulaparking.hr\/\">\n\t\t\t\t\t\t\t<img loading=\"lazy\" decoding=\"async\" width=\"343\" height=\"229\" src=\"https:\/\/2024.adventupuli.hr\/wp-content\/uploads\/2023\/11\/PULA-PARKING.jpg\" class=\"attachment-full size-full wp-image-12523\" alt=\"\" srcset=\"https:\/\/2024.adventupuli.hr\/wp-content\/uploads\/2023\/11\/PULA-PARKING.jpg 343w, https:\/\/2024.adventupuli.hr\/wp-content\/uploads\/2023\/11\/PULA-PARKING-300x200.jpg 300w\" sizes=\"(max-width: 343px) 100vw, 343px\" \/>\t\t\t\t\t\t\t\t<\/a>\n\t\t\t\t\t\t\t\t\t\t\t\t\t<\/div>\n\t\t\t\t<\/div>\n\t\t\t\t\t<\/div>\n\t\t<\/div>\n\t\t\t\t\t<\/div>\n\t\t<\/section>\n\t\t\t\t\t<\/div>\n\t\t<\/div>\n\t\t\t\t\t<\/div>\n\t\t<\/section>\n\t\t\t\t<section class=\"elementor-section elementor-top-section elementor-element elementor-element-012fd95 elementor-section-boxed elementor-section-height-default elementor-section-height-default\" data-id=\"012fd95\" data-element_type=\"section\">\n\t\t\t\t\t\t<div class=\"elementor-container elementor-column-gap-default\">\n\t\t\t\t\t<div class=\"elementor-column elementor-col-100 elementor-top-column elementor-element elementor-element-9ed988f\" data-id=\"9ed988f\" data-element_type=\"column\">\n\t\t\t<div class=\"elementor-widget-wrap elementor-element-populated\">\n\t\t\t\t\t\t<div class=\"elementor-element elementor-element-1f63efd elementor-widget elementor-widget-heading\" data-id=\"1f63efd\" data-element_type=\"widget\" data-settings=\"{&quot;ekit_we_effect_on&quot;:&quot;none&quot;}\" data-widget_type=\"heading.default\">\n\t\t\t\t<div class=\"elementor-widget-container\">\n\t\t\t<h2 class=\"elementor-heading-title elementor-size-default\">con il supporto di<\/h2>\t\t<\/div>\n\t\t\t\t<\/div>\n\t\t\t\t<section class=\"elementor-section elementor-inner-section elementor-element elementor-element-ff26c8d elementor-section-boxed elementor-section-height-default elementor-section-height-default\" data-id=\"ff26c8d\" data-element_type=\"section\">\n\t\t\t\t\t\t<div class=\"elementor-container elementor-column-gap-default\">\n\t\t\t\t\t<div class=\"elementor-column elementor-col-33 elementor-inner-column elementor-element elementor-element-37643cd\" data-id=\"37643cd\" data-element_type=\"column\">\n\t\t\t<div class=\"elementor-widget-wrap elementor-element-populated\">\n\t\t\t\t\t\t<div class=\"elementor-element elementor-element-1518327 elementor-widget elementor-widget-image\" data-id=\"1518327\" data-element_type=\"widget\" data-settings=\"{&quot;ekit_we_effect_on&quot;:&quot;none&quot;}\" data-widget_type=\"image.default\">\n\t\t\t\t<div class=\"elementor-widget-container\">\n\t\t\t\t\t\t\t\t\t\t\t\t\t\t<a href=\"https:\/\/www.herculanea.hr\/hr\/\">\n\t\t\t\t\t\t\t<img loading=\"lazy\" decoding=\"async\" width=\"310\" height=\"206\" src=\"https:\/\/2024.adventupuli.hr\/wp-content\/uploads\/2023\/11\/HERC-1.jpg\" class=\"attachment-full size-full wp-image-12516\" alt=\"\" srcset=\"https:\/\/2024.adventupuli.hr\/wp-content\/uploads\/2023\/11\/HERC-1.jpg 310w, https:\/\/2024.adventupuli.hr\/wp-content\/uploads\/2023\/11\/HERC-1-300x199.jpg 300w\" sizes=\"(max-width: 310px) 100vw, 310px\" \/>\t\t\t\t\t\t\t\t<\/a>\n\t\t\t\t\t\t\t\t\t\t\t\t\t<\/div>\n\t\t\t\t<\/div>\n\t\t\t\t\t<\/div>\n\t\t<\/div>\n\t\t\t\t<div class=\"elementor-column elementor-col-33 elementor-inner-column elementor-element elementor-element-a4ffcfb\" data-id=\"a4ffcfb\" data-element_type=\"column\">\n\t\t\t<div class=\"elementor-widget-wrap elementor-element-populated\">\n\t\t\t\t\t\t<div class=\"elementor-element elementor-element-a86329e elementor-widget elementor-widget-image\" data-id=\"a86329e\" data-element_type=\"widget\" data-settings=\"{&quot;ekit_we_effect_on&quot;:&quot;none&quot;}\" data-widget_type=\"image.default\">\n\t\t\t\t<div class=\"elementor-widget-container\">\n\t\t\t\t\t\t\t\t\t\t\t\t\t\t<a href=\"https:\/\/www.pula-usluge.hr\/\">\n\t\t\t\t\t\t\t<img loading=\"lazy\" decoding=\"async\" width=\"310\" height=\"206\" src=\"https:\/\/2024.adventupuli.hr\/wp-content\/uploads\/2023\/11\/PULA-USLUGE.jpg\" class=\"attachment-full size-full wp-image-12496\" alt=\"\" srcset=\"https:\/\/2024.adventupuli.hr\/wp-content\/uploads\/2023\/11\/PULA-USLUGE.jpg 310w, https:\/\/2024.adventupuli.hr\/wp-content\/uploads\/2023\/11\/PULA-USLUGE-300x199.jpg 300w\" sizes=\"(max-width: 310px) 100vw, 310px\" \/>\t\t\t\t\t\t\t\t<\/a>\n\t\t\t\t\t\t\t\t\t\t\t\t\t<\/div>\n\t\t\t\t<\/div>\n\t\t\t\t\t<\/div>\n\t\t<\/div>\n\t\t\t\t<div class=\"elementor-column elementor-col-33 elementor-inner-column elementor-element elementor-element-46409ef\" data-id=\"46409ef\" data-element_type=\"column\">\n\t\t\t<div class=\"elementor-widget-wrap elementor-element-populated\">\n\t\t\t\t\t\t<div class=\"elementor-element elementor-element-cdd910e elementor-widget elementor-widget-image\" data-id=\"cdd910e\" data-element_type=\"widget\" data-settings=\"{&quot;ekit_we_effect_on&quot;:&quot;none&quot;}\" data-widget_type=\"image.default\">\n\t\t\t\t<div class=\"elementor-widget-container\">\n\t\t\t\t\t\t\t\t\t\t\t\t\t\t<a href=\"https:\/\/www.pulapromet.hr\/\">\n\t\t\t\t\t\t\t<img loading=\"lazy\" decoding=\"async\" width=\"310\" height=\"206\" src=\"https:\/\/2024.adventupuli.hr\/wp-content\/uploads\/2023\/11\/pulapromet-1.jpg\" class=\"attachment-full size-full wp-image-12514\" alt=\"\" srcset=\"https:\/\/2024.adventupuli.hr\/wp-content\/uploads\/2023\/11\/pulapromet-1.jpg 310w, https:\/\/2024.adventupuli.hr\/wp-content\/uploads\/2023\/11\/pulapromet-1-300x199.jpg 300w\" sizes=\"(max-width: 310px) 100vw, 310px\" \/>\t\t\t\t\t\t\t\t<\/a>\n\t\t\t\t\t\t\t\t\t\t\t\t\t<\/div>\n\t\t\t\t<\/div>\n\t\t\t\t\t<\/div>\n\t\t<\/div>\n\t\t\t\t\t<\/div>\n\t\t<\/section>\n\t\t\t\t\t<\/div>\n\t\t<\/div>\n\t\t\t\t\t<\/div>\n\t\t<\/section>\n\t\t\t\t<section class=\"elementor-section elementor-top-section elementor-element elementor-element-bbf2031 elementor-section-boxed elementor-section-height-default elementor-section-height-default\" data-id=\"bbf2031\" data-element_type=\"section\">\n\t\t\t\t\t\t<div class=\"elementor-container elementor-column-gap-default\">\n\t\t\t\t\t<div class=\"elementor-column elementor-col-100 elementor-top-column elementor-element elementor-element-635ede0\" data-id=\"635ede0\" data-element_type=\"column\">\n\t\t\t<div class=\"elementor-widget-wrap elementor-element-populated\">\n\t\t\t\t\t\t<div class=\"elementor-element elementor-element-22bd176 elementor-widget elementor-widget-heading\" data-id=\"22bd176\" data-element_type=\"widget\" data-settings=\"{&quot;ekit_we_effect_on&quot;:&quot;none&quot;}\" data-widget_type=\"heading.default\">\n\t\t\t\t<div class=\"elementor-widget-container\">\n\t\t\t<h2 class=\"elementor-heading-title elementor-size-default\">SPONSOR MEDIATICI<\/h2>\t\t<\/div>\n\t\t\t\t<\/div>\n\t\t\t\t<section class=\"elementor-section elementor-inner-section elementor-element elementor-element-ba0e3c6 elementor-section-boxed elementor-section-height-default elementor-section-height-default\" data-id=\"ba0e3c6\" data-element_type=\"section\">\n\t\t\t\t\t\t<div class=\"elementor-container elementor-column-gap-default\">\n\t\t\t\t\t<div class=\"elementor-column elementor-col-20 elementor-inner-column elementor-element elementor-element-8a28d4d\" data-id=\"8a28d4d\" data-element_type=\"column\">\n\t\t\t<div class=\"elementor-widget-wrap\">\n\t\t\t\t\t\t\t<\/div>\n\t\t<\/div>\n\t\t\t\t<div class=\"elementor-column elementor-col-20 elementor-inner-column elementor-element elementor-element-d2d97ba\" data-id=\"d2d97ba\" data-element_type=\"column\">\n\t\t\t<div class=\"elementor-widget-wrap elementor-element-populated\">\n\t\t\t\t\t\t<div class=\"elementor-element elementor-element-fab948d elementor-widget elementor-widget-image\" data-id=\"fab948d\" data-element_type=\"widget\" data-settings=\"{&quot;ekit_we_effect_on&quot;:&quot;none&quot;}\" data-widget_type=\"image.default\">\n\t\t\t\t<div class=\"elementor-widget-container\">\n\t\t\t\t\t\t\t\t\t\t\t\t\t\t<a href=\"https:\/\/www.radio-maestral.hr\/\">\n\t\t\t\t\t\t\t<img loading=\"lazy\" decoding=\"async\" width=\"310\" height=\"206\" src=\"https:\/\/2024.adventupuli.hr\/wp-content\/uploads\/2023\/11\/Radio-Maestral-final-logo-novo-2019-01.jpg\" class=\"attachment-full size-full wp-image-12471\" alt=\"\" srcset=\"https:\/\/2024.adventupuli.hr\/wp-content\/uploads\/2023\/11\/Radio-Maestral-final-logo-novo-2019-01.jpg 310w, https:\/\/2024.adventupuli.hr\/wp-content\/uploads\/2023\/11\/Radio-Maestral-final-logo-novo-2019-01-300x199.jpg 300w\" sizes=\"(max-width: 310px) 100vw, 310px\" \/>\t\t\t\t\t\t\t\t<\/a>\n\t\t\t\t\t\t\t\t\t\t\t\t\t<\/div>\n\t\t\t\t<\/div>\n\t\t\t\t\t<\/div>\n\t\t<\/div>\n\t\t\t\t<div class=\"elementor-column elementor-col-20 elementor-inner-column elementor-element elementor-element-61ec474\" data-id=\"61ec474\" data-element_type=\"column\">\n\t\t\t<div class=\"elementor-widget-wrap elementor-element-populated\">\n\t\t\t\t\t\t<div class=\"elementor-element elementor-element-6aade50 elementor-widget elementor-widget-image\" data-id=\"6aade50\" data-element_type=\"widget\" data-settings=\"{&quot;ekit_we_effect_on&quot;:&quot;none&quot;}\" data-widget_type=\"image.default\">\n\t\t\t\t<div class=\"elementor-widget-container\">\n\t\t\t\t\t\t\t\t\t\t\t\t\t\t<a href=\"https:\/\/medulinfm.com\/\">\n\t\t\t\t\t\t\t<img loading=\"lazy\" decoding=\"async\" width=\"500\" height=\"375\" src=\"https:\/\/2024.adventupuli.hr\/wp-content\/uploads\/2024\/11\/Medulin-FM-2.jpg\" class=\"attachment-full size-full wp-image-16346\" alt=\"\" srcset=\"https:\/\/2024.adventupuli.hr\/wp-content\/uploads\/2024\/11\/Medulin-FM-2.jpg 500w, https:\/\/2024.adventupuli.hr\/wp-content\/uploads\/2024\/11\/Medulin-FM-2-300x225.jpg 300w\" sizes=\"(max-width: 500px) 100vw, 500px\" \/>\t\t\t\t\t\t\t\t<\/a>\n\t\t\t\t\t\t\t\t\t\t\t\t\t<\/div>\n\t\t\t\t<\/div>\n\t\t\t\t\t<\/div>\n\t\t<\/div>\n\t\t\t\t<div class=\"elementor-column elementor-col-20 elementor-inner-column elementor-element elementor-element-804f63d\" data-id=\"804f63d\" data-element_type=\"column\">\n\t\t\t<div class=\"elementor-widget-wrap elementor-element-populated\">\n\t\t\t\t\t\t<div class=\"elementor-element elementor-element-9031cdc elementor-widget elementor-widget-image\" data-id=\"9031cdc\" data-element_type=\"widget\" data-settings=\"{&quot;ekit_we_effect_on&quot;:&quot;none&quot;}\" data-widget_type=\"image.default\">\n\t\t\t\t<div class=\"elementor-widget-container\">\n\t\t\t\t\t\t\t\t\t\t\t\t\t\t<a href=\"https:\/\/lavoce.hr\/\">\n\t\t\t\t\t\t\t<img loading=\"lazy\" decoding=\"async\" width=\"309\" height=\"203\" src=\"https:\/\/2024.adventupuli.hr\/wp-content\/uploads\/2024\/11\/la-voce-2024-logo.jpg\" class=\"attachment-full size-full wp-image-16561\" alt=\"\" srcset=\"https:\/\/2024.adventupuli.hr\/wp-content\/uploads\/2024\/11\/la-voce-2024-logo.jpg 309w, https:\/\/2024.adventupuli.hr\/wp-content\/uploads\/2024\/11\/la-voce-2024-logo-300x197.jpg 300w\" sizes=\"(max-width: 309px) 100vw, 309px\" \/>\t\t\t\t\t\t\t\t<\/a>\n\t\t\t\t\t\t\t\t\t\t\t\t\t<\/div>\n\t\t\t\t<\/div>\n\t\t\t\t\t<\/div>\n\t\t<\/div>\n\t\t\t\t<div class=\"elementor-column elementor-col-20 elementor-inner-column elementor-element elementor-element-de128d0\" data-id=\"de128d0\" data-element_type=\"column\">\n\t\t\t<div class=\"elementor-widget-wrap\">\n\t\t\t\t\t\t\t<\/div>\n\t\t<\/div>\n\t\t\t\t\t<\/div>\n\t\t<\/section>\n\t\t\t\t<section class=\"elementor-section elementor-inner-section elementor-element elementor-element-93905ef elementor-section-boxed elementor-section-height-default elementor-section-height-default\" data-id=\"93905ef\" data-element_type=\"section\">\n\t\t\t\t\t\t<div class=\"elementor-container elementor-column-gap-default\">\n\t\t\t\t\t<div class=\"elementor-column elementor-col-16 elementor-inner-column elementor-element elementor-element-b2d4a19\" data-id=\"b2d4a19\" data-element_type=\"column\">\n\t\t\t<div class=\"elementor-widget-wrap\">\n\t\t\t\t\t\t\t<\/div>\n\t\t<\/div>\n\t\t\t\t<div class=\"elementor-column elementor-col-16 elementor-inner-column elementor-element elementor-element-a75a443\" data-id=\"a75a443\" data-element_type=\"column\">\n\t\t\t<div class=\"elementor-widget-wrap elementor-element-populated\">\n\t\t\t\t\t\t<div class=\"elementor-element elementor-element-75061ae elementor-widget elementor-widget-image\" data-id=\"75061ae\" data-element_type=\"widget\" data-settings=\"{&quot;ekit_we_effect_on&quot;:&quot;none&quot;}\" data-widget_type=\"image.default\">\n\t\t\t\t<div class=\"elementor-widget-container\">\n\t\t\t\t\t\t\t\t\t\t\t\t\t\t<a href=\"https:\/\/istrain.hr\/\">\n\t\t\t\t\t\t\t<img loading=\"lazy\" decoding=\"async\" width=\"310\" height=\"206\" src=\"https:\/\/2024.adventupuli.hr\/wp-content\/uploads\/2023\/11\/ISTRAIN.jpg\" class=\"attachment-full size-full wp-image-12479\" alt=\"\" srcset=\"https:\/\/2024.adventupuli.hr\/wp-content\/uploads\/2023\/11\/ISTRAIN.jpg 310w, https:\/\/2024.adventupuli.hr\/wp-content\/uploads\/2023\/11\/ISTRAIN-300x199.jpg 300w\" sizes=\"(max-width: 310px) 100vw, 310px\" \/>\t\t\t\t\t\t\t\t<\/a>\n\t\t\t\t\t\t\t\t\t\t\t\t\t<\/div>\n\t\t\t\t<\/div>\n\t\t\t\t\t<\/div>\n\t\t<\/div>\n\t\t\t\t<div class=\"elementor-column elementor-col-16 elementor-inner-column elementor-element elementor-element-3d48f0c\" data-id=\"3d48f0c\" data-element_type=\"column\">\n\t\t\t<div class=\"elementor-widget-wrap elementor-element-populated\">\n\t\t\t\t\t\t<div class=\"elementor-element elementor-element-32dce66 elementor-widget elementor-widget-image\" data-id=\"32dce66\" data-element_type=\"widget\" data-settings=\"{&quot;ekit_we_effect_on&quot;:&quot;none&quot;}\" data-widget_type=\"image.default\">\n\t\t\t\t<div class=\"elementor-widget-container\">\n\t\t\t\t\t\t\t\t\t\t\t\t\t\t<a href=\"https:\/\/www.istra24.hr\/\">\n\t\t\t\t\t\t\t<img loading=\"lazy\" decoding=\"async\" width=\"310\" height=\"206\" src=\"https:\/\/2024.adventupuli.hr\/wp-content\/uploads\/2024\/11\/istra-24.jpg\" class=\"attachment-full size-full wp-image-15873\" alt=\"\" srcset=\"https:\/\/2024.adventupuli.hr\/wp-content\/uploads\/2024\/11\/istra-24.jpg 310w, https:\/\/2024.adventupuli.hr\/wp-content\/uploads\/2024\/11\/istra-24-300x199.jpg 300w\" sizes=\"(max-width: 310px) 100vw, 310px\" \/>\t\t\t\t\t\t\t\t<\/a>\n\t\t\t\t\t\t\t\t\t\t\t\t\t<\/div>\n\t\t\t\t<\/div>\n\t\t\t\t\t<\/div>\n\t\t<\/div>\n\t\t\t\t<div class=\"elementor-column elementor-col-16 elementor-inner-column elementor-element elementor-element-1be5d52\" data-id=\"1be5d52\" data-element_type=\"column\">\n\t\t\t<div class=\"elementor-widget-wrap elementor-element-populated\">\n\t\t\t\t\t\t<div class=\"elementor-element elementor-element-37a67d0 elementor-widget elementor-widget-image\" data-id=\"37a67d0\" data-element_type=\"widget\" data-settings=\"{&quot;ekit_we_effect_on&quot;:&quot;none&quot;}\" data-widget_type=\"image.default\">\n\t\t\t\t<div class=\"elementor-widget-container\">\n\t\t\t\t\t\t\t\t\t\t\t\t\t\t<a href=\"https:\/\/rovinj.fm\/\">\n\t\t\t\t\t\t\t<img loading=\"lazy\" decoding=\"async\" width=\"310\" height=\"206\" src=\"https:\/\/2024.adventupuli.hr\/wp-content\/uploads\/2024\/11\/rovinj.jpg\" class=\"attachment-full size-full wp-image-16452\" alt=\"\" srcset=\"https:\/\/2024.adventupuli.hr\/wp-content\/uploads\/2024\/11\/rovinj.jpg 310w, https:\/\/2024.adventupuli.hr\/wp-content\/uploads\/2024\/11\/rovinj-300x199.jpg 300w\" sizes=\"(max-width: 310px) 100vw, 310px\" \/>\t\t\t\t\t\t\t\t<\/a>\n\t\t\t\t\t\t\t\t\t\t\t\t\t<\/div>\n\t\t\t\t<\/div>\n\t\t\t\t\t<\/div>\n\t\t<\/div>\n\t\t\t\t<div class=\"elementor-column elementor-col-16 elementor-inner-column elementor-element elementor-element-fbb7ece\" data-id=\"fbb7ece\" data-element_type=\"column\">\n\t\t\t<div class=\"elementor-widget-wrap elementor-element-populated\">\n\t\t\t\t\t\t<div class=\"elementor-element elementor-element-d189e18 elementor-widget elementor-widget-image\" data-id=\"d189e18\" data-element_type=\"widget\" data-settings=\"{&quot;ekit_we_effect_on&quot;:&quot;none&quot;}\" data-widget_type=\"image.default\">\n\t\t\t\t<div class=\"elementor-widget-container\">\n\t\t\t\t\t\t\t\t\t\t\t\t\t\t<a href=\"http:\/\/www.radioistra.hr\">\n\t\t\t\t\t\t\t<img loading=\"lazy\" decoding=\"async\" width=\"314\" height=\"206\" src=\"https:\/\/2024.adventupuli.hr\/wp-content\/uploads\/2024\/12\/radio-istra.jpg\" class=\"attachment-full size-full wp-image-18953\" alt=\"\" srcset=\"https:\/\/2024.adventupuli.hr\/wp-content\/uploads\/2024\/12\/radio-istra.jpg 314w, https:\/\/2024.adventupuli.hr\/wp-content\/uploads\/2024\/12\/radio-istra-300x197.jpg 300w\" sizes=\"(max-width: 314px) 100vw, 314px\" \/>\t\t\t\t\t\t\t\t<\/a>\n\t\t\t\t\t\t\t\t\t\t\t\t\t<\/div>\n\t\t\t\t<\/div>\n\t\t\t\t\t<\/div>\n\t\t<\/div>\n\t\t\t\t<div class=\"elementor-column elementor-col-16 elementor-inner-column elementor-element elementor-element-58ebc5a\" data-id=\"58ebc5a\" data-element_type=\"column\">\n\t\t\t<div class=\"elementor-widget-wrap\">\n\t\t\t\t\t\t\t<\/div>\n\t\t<\/div>\n\t\t\t\t\t<\/div>\n\t\t<\/section>\n\t\t\t\t\t<\/div>\n\t\t<\/div>\n\t\t\t\t\t<\/div>\n\t\t<\/section>\n\t\t\t\t<section class=\"elementor-section elementor-top-section elementor-element elementor-element-713feb6 elementor-section-boxed elementor-section-height-default elementor-section-height-default\" data-id=\"713feb6\" data-element_type=\"section\">\n\t\t\t\t\t\t<div class=\"elementor-container elementor-column-gap-default\">\n\t\t\t\t\t<div class=\"elementor-column elementor-col-100 elementor-top-column elementor-element elementor-element-e9dc8f4\" data-id=\"e9dc8f4\" data-element_type=\"column\">\n\t\t\t<div class=\"elementor-widget-wrap elementor-element-populated\">\n\t\t\t\t\t\t<div class=\"elementor-element elementor-element-47fdcbb elementor-widget elementor-widget-heading\" data-id=\"47fdcbb\" data-element_type=\"widget\" data-settings=\"{&quot;ekit_we_effect_on&quot;:&quot;none&quot;}\" data-widget_type=\"heading.default\">\n\t\t\t\t<div class=\"elementor-widget-container\">\n\t\t\t<h2 class=\"elementor-heading-title elementor-size-default\">SPONSOR<\/h2>\t\t<\/div>\n\t\t\t\t<\/div>\n\t\t\t\t<section class=\"elementor-section elementor-inner-section elementor-element elementor-element-4c2c8c8 elementor-section-boxed elementor-section-height-default elementor-section-height-default\" data-id=\"4c2c8c8\" data-element_type=\"section\">\n\t\t\t\t\t\t<div class=\"elementor-container elementor-column-gap-default\">\n\t\t\t\t\t<div class=\"elementor-column elementor-col-25 elementor-inner-column elementor-element elementor-element-50e3148\" data-id=\"50e3148\" data-element_type=\"column\">\n\t\t\t<div class=\"elementor-widget-wrap elementor-element-populated\">\n\t\t\t\t\t\t<div class=\"elementor-element elementor-element-d27b4d1 elementor-widget elementor-widget-image\" data-id=\"d27b4d1\" data-element_type=\"widget\" data-settings=\"{&quot;ekit_we_effect_on&quot;:&quot;none&quot;}\" data-widget_type=\"image.default\">\n\t\t\t\t<div class=\"elementor-widget-container\">\n\t\t\t\t\t\t\t\t\t\t\t\t\t\t<a href=\"https:\/\/www.zaba.hr\/home\/\">\n\t\t\t\t\t\t\t<img loading=\"lazy\" decoding=\"async\" width=\"906\" height=\"600\" src=\"https:\/\/2024.adventupuli.hr\/wp-content\/uploads\/2022\/11\/Zagrebacka-banka-Logo.jpg\" class=\"attachment-full size-full wp-image-7426\" alt=\"\" srcset=\"https:\/\/2024.adventupuli.hr\/wp-content\/uploads\/2022\/11\/Zagrebacka-banka-Logo.jpg 906w, https:\/\/2024.adventupuli.hr\/wp-content\/uploads\/2022\/11\/Zagrebacka-banka-Logo-300x199.jpg 300w, https:\/\/2024.adventupuli.hr\/wp-content\/uploads\/2022\/11\/Zagrebacka-banka-Logo-768x509.jpg 768w\" sizes=\"(max-width: 906px) 100vw, 906px\" \/>\t\t\t\t\t\t\t\t<\/a>\n\t\t\t\t\t\t\t\t\t\t\t\t\t<\/div>\n\t\t\t\t<\/div>\n\t\t\t\t\t<\/div>\n\t\t<\/div>\n\t\t\t\t<div class=\"elementor-column elementor-col-25 elementor-inner-column elementor-element elementor-element-c6bc61d\" data-id=\"c6bc61d\" data-element_type=\"column\">\n\t\t\t<div class=\"elementor-widget-wrap elementor-element-populated\">\n\t\t\t\t\t\t<div class=\"elementor-element elementor-element-f732d8b elementor-widget elementor-widget-image\" data-id=\"f732d8b\" data-element_type=\"widget\" data-settings=\"{&quot;ekit_we_effect_on&quot;:&quot;none&quot;}\" data-widget_type=\"image.default\">\n\t\t\t\t<div class=\"elementor-widget-container\">\n\t\t\t\t\t\t\t\t\t\t\t\t\t\t<a href=\"https:\/\/www.bauhaus.hr\/\">\n\t\t\t\t\t\t\t<img loading=\"lazy\" decoding=\"async\" width=\"310\" height=\"206\" src=\"https:\/\/2024.adventupuli.hr\/wp-content\/uploads\/2024\/10\/BH_logo_transparant.png\" class=\"attachment-full size-full wp-image-15768\" alt=\"\" srcset=\"https:\/\/2024.adventupuli.hr\/wp-content\/uploads\/2024\/10\/BH_logo_transparant.png 310w, https:\/\/2024.adventupuli.hr\/wp-content\/uploads\/2024\/10\/BH_logo_transparant-300x199.png 300w\" sizes=\"(max-width: 310px) 100vw, 310px\" \/>\t\t\t\t\t\t\t\t<\/a>\n\t\t\t\t\t\t\t\t\t\t\t\t\t<\/div>\n\t\t\t\t<\/div>\n\t\t\t\t\t<\/div>\n\t\t<\/div>\n\t\t\t\t<div class=\"elementor-column elementor-col-25 elementor-inner-column elementor-element elementor-element-ddc7b5d\" data-id=\"ddc7b5d\" data-element_type=\"column\">\n\t\t\t<div class=\"elementor-widget-wrap elementor-element-populated\">\n\t\t\t\t\t\t<div class=\"elementor-element elementor-element-88ccc78 elementor-widget elementor-widget-image\" data-id=\"88ccc78\" data-element_type=\"widget\" data-settings=\"{&quot;ekit_we_effect_on&quot;:&quot;none&quot;}\" data-widget_type=\"image.default\">\n\t\t\t\t<div class=\"elementor-widget-container\">\n\t\t\t\t\t\t\t\t\t\t\t\t\t\t<a href=\"https:\/\/www.arenahospitalitygroup.com\/hr\">\n\t\t\t\t\t\t\t<img loading=\"lazy\" decoding=\"async\" width=\"906\" height=\"600\" src=\"https:\/\/2024.adventupuli.hr\/wp-content\/uploads\/2022\/11\/arena-hospitality.jpg\" class=\"attachment-full size-full wp-image-7434\" alt=\"\" srcset=\"https:\/\/2024.adventupuli.hr\/wp-content\/uploads\/2022\/11\/arena-hospitality.jpg 906w, https:\/\/2024.adventupuli.hr\/wp-content\/uploads\/2022\/11\/arena-hospitality-300x199.jpg 300w, https:\/\/2024.adventupuli.hr\/wp-content\/uploads\/2022\/11\/arena-hospitality-768x509.jpg 768w\" sizes=\"(max-width: 906px) 100vw, 906px\" \/>\t\t\t\t\t\t\t\t<\/a>\n\t\t\t\t\t\t\t\t\t\t\t\t\t<\/div>\n\t\t\t\t<\/div>\n\t\t\t\t\t<\/div>\n\t\t<\/div>\n\t\t\t\t<div class=\"elementor-column elementor-col-25 elementor-inner-column elementor-element elementor-element-a245682\" data-id=\"a245682\" data-element_type=\"column\">\n\t\t\t<div class=\"elementor-widget-wrap elementor-element-populated\">\n\t\t\t\t\t\t<div class=\"elementor-element elementor-element-1c646ff elementor-widget elementor-widget-image\" data-id=\"1c646ff\" data-element_type=\"widget\" data-settings=\"{&quot;ekit_we_effect_on&quot;:&quot;none&quot;}\" data-widget_type=\"image.default\">\n\t\t\t\t<div class=\"elementor-widget-container\">\n\t\t\t\t\t\t\t\t\t\t\t\t\t\t<a href=\"https:\/\/www.coca-cola.com\/hr\/hr\">\n\t\t\t\t\t\t\t<img loading=\"lazy\" decoding=\"async\" width=\"620\" height=\"405\" src=\"https:\/\/2024.adventupuli.hr\/wp-content\/uploads\/2024\/11\/coca-cola.jpg\" class=\"attachment-full size-full wp-image-17395\" alt=\"\" srcset=\"https:\/\/2024.adventupuli.hr\/wp-content\/uploads\/2024\/11\/coca-cola.jpg 620w, https:\/\/2024.adventupuli.hr\/wp-content\/uploads\/2024\/11\/coca-cola-300x196.jpg 300w\" sizes=\"(max-width: 620px) 100vw, 620px\" \/>\t\t\t\t\t\t\t\t<\/a>\n\t\t\t\t\t\t\t\t\t\t\t\t\t<\/div>\n\t\t\t\t<\/div>\n\t\t\t\t\t<\/div>\n\t\t<\/div>\n\t\t\t\t\t<\/div>\n\t\t<\/section>\n\t\t\t\t\t<\/div>\n\t\t<\/div>\n\t\t\t\t\t<\/div>\n\t\t<\/section>\n\t\t\t\t<section class=\"elementor-section elementor-top-section elementor-element elementor-element-1b97b0a elementor-section-boxed elementor-section-height-default elementor-section-height-default\" data-id=\"1b97b0a\" data-element_type=\"section\">\n\t\t\t\t\t\t<div class=\"elementor-container elementor-column-gap-default\">\n\t\t\t\t\t<div class=\"elementor-column elementor-col-100 elementor-top-column elementor-element elementor-element-45fd663\" data-id=\"45fd663\" data-element_type=\"column\">\n\t\t\t<div class=\"elementor-widget-wrap elementor-element-populated\">\n\t\t\t\t\t\t<div class=\"elementor-element elementor-element-8031366 elementor-widget elementor-widget-heading\" data-id=\"8031366\" data-element_type=\"widget\" data-settings=\"{&quot;ekit_we_effect_on&quot;:&quot;none&quot;}\" data-widget_type=\"heading.default\">\n\t\t\t\t<div class=\"elementor-widget-container\">\n\t\t\t<h2 class=\"elementor-heading-title elementor-size-default\">Collaborazione<\/h2>\t\t<\/div>\n\t\t\t\t<\/div>\n\t\t\t\t<section class=\"elementor-section elementor-inner-section elementor-element elementor-element-2071192 elementor-section-boxed elementor-section-height-default elementor-section-height-default\" data-id=\"2071192\" data-element_type=\"section\">\n\t\t\t\t\t\t<div class=\"elementor-container elementor-column-gap-default\">\n\t\t\t\t\t<div class=\"elementor-column elementor-col-20 elementor-inner-column elementor-element elementor-element-ad55416\" data-id=\"ad55416\" data-element_type=\"column\">\n\t\t\t<div class=\"elementor-widget-wrap\">\n\t\t\t\t\t\t\t<\/div>\n\t\t<\/div>\n\t\t\t\t<div class=\"elementor-column elementor-col-20 elementor-inner-column elementor-element elementor-element-1ed8ca8\" data-id=\"1ed8ca8\" data-element_type=\"column\">\n\t\t\t<div class=\"elementor-widget-wrap\">\n\t\t\t\t\t\t\t<\/div>\n\t\t<\/div>\n\t\t\t\t<div class=\"elementor-column elementor-col-20 elementor-inner-column elementor-element elementor-element-1a892c0\" data-id=\"1a892c0\" data-element_type=\"column\">\n\t\t\t<div class=\"elementor-widget-wrap elementor-element-populated\">\n\t\t\t\t\t\t<div class=\"elementor-element elementor-element-f6c86fe elementor-widget elementor-widget-image\" data-id=\"f6c86fe\" data-element_type=\"widget\" data-settings=\"{&quot;ekit_we_effect_on&quot;:&quot;none&quot;}\" data-widget_type=\"image.default\">\n\t\t\t\t<div class=\"elementor-widget-container\">\n\t\t\t\t\t\t\t\t\t\t\t\t\t\t<a href=\"https:\/\/www.visitpula.hr\/hr\/\">\n\t\t\t\t\t\t\t<img loading=\"lazy\" decoding=\"async\" width=\"310\" height=\"206\" src=\"https:\/\/2024.adventupuli.hr\/wp-content\/uploads\/2024\/11\/Visit-Pula.jpg\" class=\"attachment-full size-full wp-image-16460\" alt=\"\" srcset=\"https:\/\/2024.adventupuli.hr\/wp-content\/uploads\/2024\/11\/Visit-Pula.jpg 310w, https:\/\/2024.adventupuli.hr\/wp-content\/uploads\/2024\/11\/Visit-Pula-300x199.jpg 300w\" sizes=\"(max-width: 310px) 100vw, 310px\" \/>\t\t\t\t\t\t\t\t<\/a>\n\t\t\t\t\t\t\t\t\t\t\t\t\t<\/div>\n\t\t\t\t<\/div>\n\t\t\t\t\t<\/div>\n\t\t<\/div>\n\t\t\t\t<div class=\"elementor-column elementor-col-20 elementor-inner-column elementor-element elementor-element-d8981a4\" data-id=\"d8981a4\" data-element_type=\"column\">\n\t\t\t<div class=\"elementor-widget-wrap\">\n\t\t\t\t\t\t\t<\/div>\n\t\t<\/div>\n\t\t\t\t<div class=\"elementor-column elementor-col-20 elementor-inner-column elementor-element elementor-element-3a9a896\" data-id=\"3a9a896\" data-element_type=\"column\">\n\t\t\t<div class=\"elementor-widget-wrap\">\n\t\t\t\t\t\t\t<\/div>\n\t\t<\/div>\n\t\t\t\t\t<\/div>\n\t\t<\/section>\n\t\t\t\t\t<\/div>\n\t\t<\/div>\n\t\t\t\t\t<\/div>\n\t\t<\/section>\n\t\t\t\t<section class=\"elementor-section elementor-top-section elementor-element elementor-element-3451f43d elementor-section-full_width elementor-hidden-desktop elementor-hidden-tablet elementor-hidden-mobile elementor-section-height-default elementor-section-height-default\" data-id=\"3451f43d\" data-element_type=\"section\" data-settings=\"{&quot;background_background&quot;:&quot;classic&quot;}\">\n\t\t\t\t\t\t\t<div class=\"elementor-background-overlay\"><\/div>\n\t\t\t\t\t\t\t<div class=\"elementor-container elementor-column-gap-default\">\n\t\t\t\t\t<div class=\"elementor-column elementor-col-100 elementor-top-column elementor-element elementor-element-3165ecc5\" data-id=\"3165ecc5\" data-element_type=\"column\">\n\t\t\t<div class=\"elementor-widget-wrap elementor-element-populated\">\n\t\t\t\t\t\t<div class=\"elementor-element elementor-element-7bc84eee elementor-widget elementor-widget-heading\" data-id=\"7bc84eee\" data-element_type=\"widget\" data-settings=\"{&quot;ekit_we_effect_on&quot;:&quot;none&quot;}\" data-widget_type=\"heading.default\">\n\t\t\t\t<div class=\"elementor-widget-container\">\n\t\t\t<h2 class=\"elementor-heading-title elementor-size-default\">LUOGHI SELEZIONATI<\/h2>\t\t<\/div>\n\t\t\t\t<\/div>\n\t\t\t\t<div class=\"elementor-element elementor-element-c7084f elementor-widget elementor-widget-heading\" data-id=\"c7084f\" data-element_type=\"widget\" data-settings=\"{&quot;ekit_we_effect_on&quot;:&quot;none&quot;}\" data-widget_type=\"heading.default\">\n\t\t\t\t<div class=\"elementor-widget-container\">\n\t\t\t<h2 class=\"elementor-heading-title elementor-size-default\">SULL'AVVENTO<\/h2>\t\t<\/div>\n\t\t\t\t<\/div>\n\t\t\t\t<section class=\"elementor-section elementor-inner-section elementor-element elementor-element-2537a77b elementor-section-boxed elementor-section-height-default elementor-section-height-default\" data-id=\"2537a77b\" data-element_type=\"section\">\n\t\t\t\t\t\t<div class=\"elementor-container elementor-column-gap-default\">\n\t\t\t\t\t<div class=\"elementor-column elementor-col-100 elementor-inner-column elementor-element elementor-element-34bd2e4b\" data-id=\"34bd2e4b\" data-element_type=\"column\">\n\t\t\t<div class=\"elementor-widget-wrap elementor-element-populated\">\n\t\t\t\t\t\t<div class=\"elementor-element elementor-element-67467c2a elementor-widget elementor-widget-exhibz-event-location\" data-id=\"67467c2a\" data-element_type=\"widget\" data-settings=\"{&quot;ekit_we_effect_on&quot;:&quot;none&quot;}\" data-widget_type=\"exhibz-event-location.default\">\n\t\t\t\t<div class=\"elementor-widget-container\">\n\t\t\t\n    <div class=\"row\">\n                    <div class=\"col-lg-3 col-md-6\">\n                <div class=\"location-box\">\n                                        <div class=\"location-image\">\n                    <a href=\"https:\/\/2024.adventupuli.hr\/it\/event-location\/giardini-it\/\"><img decoding=\"async\" src=\"\/\/2024.adventupuli.hr\/wp-content\/uploads\/2023\/11\/giardini.jpg\" alt=\"location image\" \/><\/a>\n                    <\/div>\n                                        <div class=\"location-des\">\n                        <a href=\"https:\/\/2024.adventupuli.hr\/it\/event-location\/giardini-it\/\">\n                            <span class=\"location-name\">Giardini<\/span>\n                            <span class=\"event-number\">0 Eventi<\/span>\n                        <\/a>\n                    <\/div>\n                <\/div>\n            <\/div>\n                    <div class=\"col-lg-3 col-md-6\">\n                <div class=\"location-box\">\n                                        <div class=\"location-image\">\n                    <a href=\"https:\/\/2024.adventupuli.hr\/it\/event-location\/il-mercato\/\"><img decoding=\"async\" src=\"\/\/2024.adventupuli.hr\/wp-content\/uploads\/2022\/11\/TRZNICA-1.jpg\" alt=\"location image\" \/><\/a>\n                    <\/div>\n                                        <div class=\"location-des\">\n                        <a href=\"https:\/\/2024.adventupuli.hr\/it\/event-location\/il-mercato\/\">\n                            <span class=\"location-name\">Il mercato<\/span>\n                            <span class=\"event-number\">3 Eventi<\/span>\n                        <\/a>\n                    <\/div>\n                <\/div>\n            <\/div>\n                    <div class=\"col-lg-3 col-md-6\">\n                <div class=\"location-box\">\n                                        <div class=\"location-image\">\n                    <a href=\"https:\/\/2024.adventupuli.hr\/it\/event-location\/piazza-foro\/\"><img decoding=\"async\" src=\"\/\/2024.adventupuli.hr\/wp-content\/uploads\/2022\/11\/FORUM-1.jpg\" alt=\"location image\" \/><\/a>\n                    <\/div>\n                                        <div class=\"location-des\">\n                        <a href=\"https:\/\/2024.adventupuli.hr\/it\/event-location\/piazza-foro\/\">\n                            <span class=\"location-name\">Piazza Foro<\/span>\n                            <span class=\"event-number\">10 Eventi<\/span>\n                        <\/a>\n                    <\/div>\n                <\/div>\n            <\/div>\n                    <div class=\"col-lg-3 col-md-6\">\n                <div class=\"location-box\">\n                                        <div class=\"location-image\">\n                    <a href=\"https:\/\/2024.adventupuli.hr\/it\/event-location\/piazza-portaurea\/\"><img decoding=\"async\" src=\"\/\/2024.adventupuli.hr\/wp-content\/uploads\/2022\/11\/portarata.png\" alt=\"location image\" \/><\/a>\n                    <\/div>\n                                        <div class=\"location-des\">\n                        <a href=\"https:\/\/2024.adventupuli.hr\/it\/event-location\/piazza-portaurea\/\">\n                            <span class=\"location-name\">Piazza Port\u2019Aurea<\/span>\n                            <span class=\"event-number\">22 Eventi<\/span>\n                        <\/a>\n                    <\/div>\n                <\/div>\n            <\/div>\n           \n    <\/div>\n\t\t<\/div>\n\t\t\t\t<\/div>\n\t\t\t\t\t<\/div>\n\t\t<\/div>\n\t\t\t\t\t<\/div>\n\t\t<\/section>\n\t\t\t\t<div class=\"elementor-element elementor-element-74bb3037 elementor-widget elementor-widget-exhibz-button\" data-id=\"74bb3037\" data-element_type=\"widget\" data-settings=\"{&quot;ekit_we_effect_on&quot;:&quot;none&quot;}\" data-widget_type=\"exhibz-button.default\">\n\t\t\t\t<div class=\"elementor-widget-container\">\n\t\t\t<div class=\"ekit-wid-con\" >        <div class=\"ekit-btn-wraper\">\n                            <a href=\"https:\/\/2024.adventupuli.hr\/it\/lokacije-2\/\"                        class=\"exhibz-btn  whitespace--normal\" >\n                   <span class=\"exhibz-button-text\">\n                        CERCA ALTRI LUOGHI                   <\/span>\n                <\/a>\n                    <\/div>\n        <\/div>\t\t<\/div>\n\t\t\t\t<\/div>\n\t\t\t\t\t<\/div>\n\t\t<\/div>\n\t\t\t\t\t<\/div>\n\t\t<\/section>\n\t\t\t\t<\/div>\n\t\t","protected":false},"excerpt":{"rendered":"<p>dal 1 dicembre 2024 fino all\u2019 6 gennaio 2025 tutto sull&#8217;Avvento a Pola in un unico posto NOTIZIE Sve je spremno za \u010detverostruki do\u010dek Nove godine! Sve je spremno za \u010detverostruki do\u010dek Nove godine! Zagrijavanje pred do\u010dek Nove godine kre\u0107e danas, 30. prosinca, kada \u0107e Pule\u017eanke i Pule\u017eane na Portarati od 20:30 sati zabavljati \u2026 [&hellip;]<\/p>\n","protected":false},"author":1,"featured_media":0,"parent":0,"menu_order":0,"comment_status":"closed","ping_status":"closed","template":"template\/homepage-template.php","meta":{"_acf_changed":false,"footnotes":""},"class_list":["post-7650","page","type-page","status-publish","hentry"],"aioseo_notices":[],"acf":[],"_links":{"self":[{"href":"https:\/\/2024.adventupuli.hr\/it\/wp-json\/wp\/v2\/pages\/7650"}],"collection":[{"href":"https:\/\/2024.adventupuli.hr\/it\/wp-json\/wp\/v2\/pages"}],"about":[{"href":"https:\/\/2024.adventupuli.hr\/it\/wp-json\/wp\/v2\/types\/page"}],"author":[{"embeddable":true,"href":"https:\/\/2024.adventupuli.hr\/it\/wp-json\/wp\/v2\/users\/1"}],"replies":[{"embeddable":true,"href":"https:\/\/2024.adventupuli.hr\/it\/wp-json\/wp\/v2\/comments?post=7650"}],"version-history":[{"count":246,"href":"https:\/\/2024.adventupuli.hr\/it\/wp-json\/wp\/v2\/pages\/7650\/revisions"}],"predecessor-version":[{"id":21139,"href":"https:\/\/2024.adventupuli.hr\/it\/wp-json\/wp\/v2\/pages\/7650\/revisions\/21139"}],"wp:attachment":[{"href":"https:\/\/2024.adventupuli.hr\/it\/wp-json\/wp\/v2\/media?parent=7650"}],"curies":[{"name":"wp","href":"https:\/\/api.w.org\/{rel}","templated":true}]}}