{"id":7924,"date":"2022-11-27T09:37:59","date_gmt":"2022-11-27T08:37:59","guid":{"rendered":"https:\/\/2024.adventupuli.hr\/zavrseni-programi-na-adventu\/"},"modified":"2025-01-01T15:15:17","modified_gmt":"2025-01-01T14:15:17","slug":"zavrseni-programi-na-adventu","status":"publish","type":"page","link":"https:\/\/2024.adventupuli.hr\/it\/zavrseni-programi-na-adventu\/","title":{"rendered":"Programmi terminati"},"content":{"rendered":"\t\t<div data-elementor-type=\"wp-page\" data-elementor-id=\"7924\" class=\"elementor elementor-7924 elementor-7912\">\n\t\t\t\t\t\t<section class=\"elementor-section elementor-top-section elementor-element elementor-element-f77ca25 elementor-section-boxed elementor-section-height-default elementor-section-height-default\" data-id=\"f77ca25\" data-element_type=\"section\">\n\t\t\t\t\t\t<div class=\"elementor-container elementor-column-gap-default\">\n\t\t\t\t\t<div class=\"elementor-column elementor-col-100 elementor-top-column elementor-element elementor-element-f0c12d2\" data-id=\"f0c12d2\" data-element_type=\"column\">\n\t\t\t<div class=\"elementor-widget-wrap elementor-element-populated\">\n\t\t\t\t\t\t<div class=\"elementor-element elementor-element-46b7e66 elementor-widget elementor-widget-etn-upcoming-expire-tab\" data-id=\"46b7e66\" data-element_type=\"widget\" data-settings=\"{&quot;ekit_we_effect_on&quot;:&quot;none&quot;}\" data-widget_type=\"etn-upcoming-expire-tab.default\">\n\t\t\t\t<div class=\"elementor-widget-container\">\n\t\t\t<!-- schedule tab start -->\n<div class=\"event-tab-wrapper etn-tab-wrapper event-tab-1\">\n\t<ul class='etn-nav'>\n\t\t\t\t\t\t\t\t<li>\n\t\t\t\t\t\t\t\t<a href='#' class='etn-tab-a etn-active' data-id='tab46b7e66-1'>\n\t\t\t\t\t\t\t\t\t\tProgrammi terminati\t\t\t\t\t\t\t\t<\/a>\n\t\t\t\t\t\t<\/li>\n\t\t\t\t\t\t\t<\/ul>\n\n\t<div class='etn-tab-content clearfix etn-schedule-wrap'>\n\t\t\t\t\t\t\t<div class=\"etn-tab tab-active\" data-id='tab46b7e66-1'>\n\t\t\t\t\t\t\t<div class='etn-row etn-event-wrapper'>\n        <div class=\"etn-col-md-6 etn-col-lg-3\">\n        <div class=\"etn-event-item\">\n            <!-- thumbnail -->\n                        <div class=\"etn-event-thumb\">\n                <a \n                    href=\"https:\/\/2024.adventupuli.hr\/it\/dogadaj\/slovensko-kulturno-drustvo-pula\/\" \n                    aria-label=\"Programmi terminati\"\n                >\n                    <img fetchpriority=\"high\" decoding=\"async\" width=\"800\" height=\"533\" src=\"https:\/\/2024.adventupuli.hr\/wp-content\/uploads\/2024\/11\/Glazubeni_vijenac-1024x682.jpg\" class=\"attachment-large size-large wp-post-image\" alt=\"\" srcset=\"https:\/\/2024.adventupuli.hr\/wp-content\/uploads\/2024\/11\/Glazubeni_vijenac-1024x682.jpg 1024w, https:\/\/2024.adventupuli.hr\/wp-content\/uploads\/2024\/11\/Glazubeni_vijenac-300x200.jpg 300w, https:\/\/2024.adventupuli.hr\/wp-content\/uploads\/2024\/11\/Glazubeni_vijenac-768x511.jpg 768w, https:\/\/2024.adventupuli.hr\/wp-content\/uploads\/2024\/11\/Glazubeni_vijenac.jpg 1200w\" sizes=\"(max-width: 800px) 100vw, 800px\" \/>                <\/a>\n                <div class=\"etn-event-category\">\n                    <span>Programma musicale<\/span>                 <\/div>\n                            <\/div>\n                        <!-- thumbnail start-->\n\n            <!-- content start-->\n            <div class=\"etn-event-content\">\n                                                                                        \n                <h3 class=\"etn-title etn-event-title\"><a href=\"https:\/\/2024.adventupuli.hr\/it\/dogadaj\/slovensko-kulturno-drustvo-pula\/\">\n                    La corona musicale &#8211; Zbor Encijan, SKD Istra<\/a>\n                <\/h3>\n                                \n                <div class=\"etn-event-footer\">\n                    <div class=\"etn-event-date\">\n                                    <span>\n\t\t\t\t<i class=\"etn-icon etn-calendar\"><\/i>\n                1\/12\/2024            <\/span>\n\t\t\t                    <\/div>\n                   \n                <\/div>\n            <\/div>\n            <!-- content end-->\n        <\/div>\n        <!-- etn event item end-->\n    <\/div>\n        <div class=\"etn-col-md-6 etn-col-lg-3\">\n        <div class=\"etn-event-item\">\n            <!-- thumbnail -->\n                        <div class=\"etn-event-thumb\">\n                <a \n                    href=\"https:\/\/2024.adventupuli.hr\/it\/dogadaj\/martinuss-cirkus\/\" \n                    aria-label=\"Programmi terminati\"\n                >\n                    <img decoding=\"async\" width=\"800\" height=\"534\" src=\"https:\/\/2024.adventupuli.hr\/wp-content\/uploads\/2024\/11\/White_Angels-1024x683.jpg\" class=\"attachment-large size-large wp-post-image\" alt=\"\" srcset=\"https:\/\/2024.adventupuli.hr\/wp-content\/uploads\/2024\/11\/White_Angels-1024x683.jpg 1024w, https:\/\/2024.adventupuli.hr\/wp-content\/uploads\/2024\/11\/White_Angels-300x200.jpg 300w, https:\/\/2024.adventupuli.hr\/wp-content\/uploads\/2024\/11\/White_Angels-768x512.jpg 768w, https:\/\/2024.adventupuli.hr\/wp-content\/uploads\/2024\/11\/White_Angels.jpg 1200w\" sizes=\"(max-width: 800px) 100vw, 800px\" \/>                <\/a>\n                <div class=\"etn-event-category\">\n                    <span>Programma per bambini<\/span>                 <\/div>\n                            <\/div>\n                        <!-- thumbnail start-->\n\n            <!-- content start-->\n            <div class=\"etn-event-content\">\n                                                                                        \n                <h3 class=\"etn-title etn-event-title\"><a href=\"https:\/\/2024.adventupuli.hr\/it\/dogadaj\/martinuss-cirkus\/\">\n                    Martiniuss Cirkus<\/a>\n                <\/h3>\n                                \n                <div class=\"etn-event-footer\">\n                    <div class=\"etn-event-date\">\n                                    <span>\n\t\t\t\t<i class=\"etn-icon etn-calendar\"><\/i>\n                1\/12\/2024            <\/span>\n\t\t\t                    <\/div>\n                   \n                <\/div>\n            <\/div>\n            <!-- content end-->\n        <\/div>\n        <!-- etn event item end-->\n    <\/div>\n        <div class=\"etn-col-md-6 etn-col-lg-3\">\n        <div class=\"etn-event-item\">\n            <!-- thumbnail -->\n                        <div class=\"etn-event-thumb\">\n                <a \n                    href=\"https:\/\/2024.adventupuli.hr\/it\/dogadaj\/jelusick\/\" \n                    aria-label=\"Programmi terminati\"\n                >\n                    <img decoding=\"async\" width=\"800\" height=\"534\" src=\"https:\/\/2024.adventupuli.hr\/wp-content\/uploads\/2024\/10\/Photo-by-JosipMarkovic-2-1024x683.jpg\" class=\"attachment-large size-large wp-post-image\" alt=\"\" srcset=\"https:\/\/2024.adventupuli.hr\/wp-content\/uploads\/2024\/10\/Photo-by-JosipMarkovic-2-1024x683.jpg 1024w, https:\/\/2024.adventupuli.hr\/wp-content\/uploads\/2024\/10\/Photo-by-JosipMarkovic-2-300x200.jpg 300w, https:\/\/2024.adventupuli.hr\/wp-content\/uploads\/2024\/10\/Photo-by-JosipMarkovic-2-768x512.jpg 768w, https:\/\/2024.adventupuli.hr\/wp-content\/uploads\/2024\/10\/Photo-by-JosipMarkovic-2.jpg 1200w\" sizes=\"(max-width: 800px) 100vw, 800px\" \/>                <\/a>\n                <div class=\"etn-event-category\">\n                    <span>Programma musicale<\/span>                 <\/div>\n                            <\/div>\n                        <!-- thumbnail start-->\n\n            <!-- content start-->\n            <div class=\"etn-event-content\">\n                                                                                        \n                <h3 class=\"etn-title etn-event-title\"><a href=\"https:\/\/2024.adventupuli.hr\/it\/dogadaj\/jelusick\/\">\n                    Jelusick<\/a>\n                <\/h3>\n                                \n                <div class=\"etn-event-footer\">\n                    <div class=\"etn-event-date\">\n                                    <span>\n\t\t\t\t<i class=\"etn-icon etn-calendar\"><\/i>\n                1\/12\/2024            <\/span>\n\t\t\t                    <\/div>\n                   \n                <\/div>\n            <\/div>\n            <!-- content end-->\n        <\/div>\n        <!-- etn event item end-->\n    <\/div>\n        <div class=\"etn-col-md-6 etn-col-lg-3\">\n        <div class=\"etn-event-item\">\n            <!-- thumbnail -->\n                        <div class=\"etn-event-thumb\">\n                <a \n                    href=\"https:\/\/2024.adventupuli.hr\/it\/dogadaj\/bor-dobrih-prica-nestrpljiva-cizmica\/\" \n                    aria-label=\"Programmi terminati\"\n                >\n                    <img loading=\"lazy\" decoding=\"async\" width=\"800\" height=\"534\" src=\"https:\/\/2024.adventupuli.hr\/wp-content\/uploads\/2024\/11\/Djecja_knjiznica-1024x683.jpg\" class=\"attachment-large size-large wp-post-image\" alt=\"\" srcset=\"https:\/\/2024.adventupuli.hr\/wp-content\/uploads\/2024\/11\/Djecja_knjiznica-1024x683.jpg 1024w, https:\/\/2024.adventupuli.hr\/wp-content\/uploads\/2024\/11\/Djecja_knjiznica-300x200.jpg 300w, https:\/\/2024.adventupuli.hr\/wp-content\/uploads\/2024\/11\/Djecja_knjiznica-768x512.jpg 768w, https:\/\/2024.adventupuli.hr\/wp-content\/uploads\/2024\/11\/Djecja_knjiznica.jpg 1200w\" sizes=\"(max-width: 800px) 100vw, 800px\" \/>                <\/a>\n                <div class=\"etn-event-category\">\n                    <span>Programmi di biblioteca<\/span>                 <\/div>\n                            <\/div>\n                        <!-- thumbnail start-->\n\n            <!-- content start-->\n            <div class=\"etn-event-content\">\n                                                                                        \n                <h3 class=\"etn-title etn-event-title\"><a href=\"https:\/\/2024.adventupuli.hr\/it\/dogadaj\/bor-dobrih-prica-nestrpljiva-cizmica\/\">\n                    Albero di Natale delle belle storie &#8211; Lo stivale impaziente<\/a>\n                <\/h3>\n                                \n                <div class=\"etn-event-footer\">\n                    <div class=\"etn-event-date\">\n                                    <span>\n\t\t\t\t<i class=\"etn-icon etn-calendar\"><\/i>\n                2\/12\/2024            <\/span>\n\t\t\t                    <\/div>\n                   \n                <\/div>\n            <\/div>\n            <!-- content end-->\n        <\/div>\n        <!-- etn event item end-->\n    <\/div>\n        <div class=\"etn-col-md-6 etn-col-lg-3\">\n        <div class=\"etn-event-item\">\n            <!-- thumbnail -->\n                        <div class=\"etn-event-thumb\">\n                <a \n                    href=\"https:\/\/2024.adventupuli.hr\/it\/dogadaj\/s-puno-ljubavi-za-bozic-nestrpljiva-cizmica\/\" \n                    aria-label=\"Programmi terminati\"\n                >\n                    <img loading=\"lazy\" decoding=\"async\" width=\"800\" height=\"534\" src=\"https:\/\/2024.adventupuli.hr\/wp-content\/uploads\/2024\/11\/GKC-1024x683.jpg\" class=\"attachment-large size-large wp-post-image\" alt=\"\" srcset=\"https:\/\/2024.adventupuli.hr\/wp-content\/uploads\/2024\/11\/GKC-1024x683.jpg 1024w, https:\/\/2024.adventupuli.hr\/wp-content\/uploads\/2024\/11\/GKC-300x200.jpg 300w, https:\/\/2024.adventupuli.hr\/wp-content\/uploads\/2024\/11\/GKC-768x512.jpg 768w, https:\/\/2024.adventupuli.hr\/wp-content\/uploads\/2024\/11\/GKC.jpg 1200w\" sizes=\"(max-width: 800px) 100vw, 800px\" \/>                <\/a>\n                <div class=\"etn-event-category\">\n                    <span>Programmi di biblioteca<\/span>                 <\/div>\n                            <\/div>\n                        <!-- thumbnail start-->\n\n            <!-- content start-->\n            <div class=\"etn-event-content\">\n                                                                                        \n                <h3 class=\"etn-title etn-event-title\"><a href=\"https:\/\/2024.adventupuli.hr\/it\/dogadaj\/s-puno-ljubavi-za-bozic-nestrpljiva-cizmica\/\">\n                    Con tanto affetto per Natale! &#8211; Uno stivale impaziente<\/a>\n                <\/h3>\n                                \n                <div class=\"etn-event-footer\">\n                    <div class=\"etn-event-date\">\n                                    <span>\n\t\t\t\t<i class=\"etn-icon etn-calendar\"><\/i>\n                3\/12\/2024            <\/span>\n\t\t\t                    <\/div>\n                   \n                <\/div>\n            <\/div>\n            <!-- content end-->\n        <\/div>\n        <!-- etn event item end-->\n    <\/div>\n        <div class=\"etn-col-md-6 etn-col-lg-3\">\n        <div class=\"etn-event-item\">\n            <!-- thumbnail -->\n                        <div class=\"etn-event-thumb\">\n                <a \n                    href=\"https:\/\/2024.adventupuli.hr\/it\/dogadaj\/eichmann-u-jeruzalemu\/\" \n                    aria-label=\"Programmi terminati\"\n                >\n                    <img loading=\"lazy\" decoding=\"async\" width=\"800\" height=\"534\" src=\"https:\/\/2024.adventupuli.hr\/wp-content\/uploads\/2024\/11\/ADVENT-LOGO-2024-1024x683.jpg\" class=\"attachment-large size-large wp-post-image\" alt=\"\" srcset=\"https:\/\/2024.adventupuli.hr\/wp-content\/uploads\/2024\/11\/ADVENT-LOGO-2024-1024x683.jpg 1024w, https:\/\/2024.adventupuli.hr\/wp-content\/uploads\/2024\/11\/ADVENT-LOGO-2024-300x200.jpg 300w, https:\/\/2024.adventupuli.hr\/wp-content\/uploads\/2024\/11\/ADVENT-LOGO-2024-768x512.jpg 768w, https:\/\/2024.adventupuli.hr\/wp-content\/uploads\/2024\/11\/ADVENT-LOGO-2024.jpg 1200w\" sizes=\"(max-width: 800px) 100vw, 800px\" \/>                <\/a>\n                <div class=\"etn-event-category\">\n                    <span>Spettacolo<\/span>                 <\/div>\n                            <\/div>\n                        <!-- thumbnail start-->\n\n            <!-- content start-->\n            <div class=\"etn-event-content\">\n                                                                                        \n                <h3 class=\"etn-title etn-event-title\"><a href=\"https:\/\/2024.adventupuli.hr\/it\/dogadaj\/eichmann-u-jeruzalemu\/\">\n                    Eichmann a Gerusalemme<\/a>\n                <\/h3>\n                                \n                <div class=\"etn-event-footer\">\n                    <div class=\"etn-event-date\">\n                                    <span>\n\t\t\t\t<i class=\"etn-icon etn-calendar\"><\/i>\n                3\/12\/2024            <\/span>\n\t\t\t                    <\/div>\n                   \n                <\/div>\n            <\/div>\n            <!-- content end-->\n        <\/div>\n        <!-- etn event item end-->\n    <\/div>\n        <div class=\"etn-col-md-6 etn-col-lg-3\">\n        <div class=\"etn-event-item\">\n            <!-- thumbnail -->\n                        <div class=\"etn-event-thumb\">\n                <a \n                    href=\"https:\/\/2024.adventupuli.hr\/it\/dogadaj\/bor-dobrih-zelja-emozioni-natalizie\/\" \n                    aria-label=\"Programmi terminati\"\n                >\n                    <img loading=\"lazy\" decoding=\"async\" width=\"800\" height=\"534\" src=\"https:\/\/2024.adventupuli.hr\/wp-content\/uploads\/2024\/11\/Djecja_knjiznica-1024x683.jpg\" class=\"attachment-large size-large wp-post-image\" alt=\"\" srcset=\"https:\/\/2024.adventupuli.hr\/wp-content\/uploads\/2024\/11\/Djecja_knjiznica-1024x683.jpg 1024w, https:\/\/2024.adventupuli.hr\/wp-content\/uploads\/2024\/11\/Djecja_knjiznica-300x200.jpg 300w, https:\/\/2024.adventupuli.hr\/wp-content\/uploads\/2024\/11\/Djecja_knjiznica-768x512.jpg 768w, https:\/\/2024.adventupuli.hr\/wp-content\/uploads\/2024\/11\/Djecja_knjiznica.jpg 1200w\" sizes=\"(max-width: 800px) 100vw, 800px\" \/>                <\/a>\n                <div class=\"etn-event-category\">\n                    <span>Programmi di biblioteca<\/span>                 <\/div>\n                            <\/div>\n                        <!-- thumbnail start-->\n\n            <!-- content start-->\n            <div class=\"etn-event-content\">\n                                                                                        \n                <h3 class=\"etn-title etn-event-title\"><a href=\"https:\/\/2024.adventupuli.hr\/it\/dogadaj\/bor-dobrih-zelja-emozioni-natalizie\/\">\n                    Albero di Natale delle belle storie: Emozioni Natalizie<\/a>\n                <\/h3>\n                                \n                <div class=\"etn-event-footer\">\n                    <div class=\"etn-event-date\">\n                                    <span>\n\t\t\t\t<i class=\"etn-icon etn-calendar\"><\/i>\n                4\/12\/2024            <\/span>\n\t\t\t                    <\/div>\n                   \n                <\/div>\n            <\/div>\n            <!-- content end-->\n        <\/div>\n        <!-- etn event item end-->\n    <\/div>\n        <div class=\"etn-col-md-6 etn-col-lg-3\">\n        <div class=\"etn-event-item\">\n            <!-- thumbnail -->\n                        <div class=\"etn-event-thumb\">\n                <a \n                    href=\"https:\/\/2024.adventupuli.hr\/it\/dogadaj\/naranca\/\" \n                    aria-label=\"Programmi terminati\"\n                >\n                    <img loading=\"lazy\" decoding=\"async\" width=\"800\" height=\"534\" src=\"https:\/\/2024.adventupuli.hr\/wp-content\/uploads\/2024\/11\/ADVENT-LOGO-2024-1024x683.jpg\" class=\"attachment-large size-large wp-post-image\" alt=\"\" srcset=\"https:\/\/2024.adventupuli.hr\/wp-content\/uploads\/2024\/11\/ADVENT-LOGO-2024-1024x683.jpg 1024w, https:\/\/2024.adventupuli.hr\/wp-content\/uploads\/2024\/11\/ADVENT-LOGO-2024-300x200.jpg 300w, https:\/\/2024.adventupuli.hr\/wp-content\/uploads\/2024\/11\/ADVENT-LOGO-2024-768x512.jpg 768w, https:\/\/2024.adventupuli.hr\/wp-content\/uploads\/2024\/11\/ADVENT-LOGO-2024.jpg 1200w\" sizes=\"(max-width: 800px) 100vw, 800px\" \/>                <\/a>\n                <div class=\"etn-event-category\">\n                    <span>Programma per bambini<\/span>                 <\/div>\n                            <\/div>\n                        <!-- thumbnail start-->\n\n            <!-- content start-->\n            <div class=\"etn-event-content\">\n                                                                                        \n                <h3 class=\"etn-title etn-event-title\"><a href=\"https:\/\/2024.adventupuli.hr\/it\/dogadaj\/naranca\/\">\n                    SE Centar,  duetti cantanti e gruppo di danza<\/a>\n                <\/h3>\n                                \n                <div class=\"etn-event-footer\">\n                    <div class=\"etn-event-date\">\n                                    <span>\n\t\t\t\t<i class=\"etn-icon etn-calendar\"><\/i>\n                4\/12\/2024            <\/span>\n\t\t\t                    <\/div>\n                   \n                <\/div>\n            <\/div>\n            <!-- content end-->\n        <\/div>\n        <!-- etn event item end-->\n    <\/div>\n        <div class=\"etn-col-md-6 etn-col-lg-3\">\n        <div class=\"etn-event-item\">\n            <!-- thumbnail -->\n                        <div class=\"etn-event-thumb\">\n                <a \n                    href=\"https:\/\/2024.adventupuli.hr\/it\/dogadaj\/os-monte-zaro-djecji-zbor\/\" \n                    aria-label=\"Programmi terminati\"\n                >\n                    <img loading=\"lazy\" decoding=\"async\" width=\"800\" height=\"533\" src=\"https:\/\/2024.adventupuli.hr\/wp-content\/uploads\/2024\/11\/GRAZ-1024x682.jpg\" class=\"attachment-large size-large wp-post-image\" alt=\"\" srcset=\"https:\/\/2024.adventupuli.hr\/wp-content\/uploads\/2024\/11\/GRAZ-1024x682.jpg 1024w, https:\/\/2024.adventupuli.hr\/wp-content\/uploads\/2024\/11\/GRAZ-300x200.jpg 300w, https:\/\/2024.adventupuli.hr\/wp-content\/uploads\/2024\/11\/GRAZ-768x511.jpg 768w, https:\/\/2024.adventupuli.hr\/wp-content\/uploads\/2024\/11\/GRAZ.jpg 1200w\" sizes=\"(max-width: 800px) 100vw, 800px\" \/>                <\/a>\n                <div class=\"etn-event-category\">\n                    <span>Programma per bambini<\/span> <span>Programma musicale<\/span>                 <\/div>\n                            <\/div>\n                        <!-- thumbnail start-->\n\n            <!-- content start-->\n            <div class=\"etn-event-content\">\n                                                                                        \n                <h3 class=\"etn-title etn-event-title\"><a href=\"https:\/\/2024.adventupuli.hr\/it\/dogadaj\/os-monte-zaro-djecji-zbor\/\">\n                    SE Monte Zaro, coro<\/a>\n                <\/h3>\n                                \n                <div class=\"etn-event-footer\">\n                    <div class=\"etn-event-date\">\n                                    <span>\n\t\t\t\t<i class=\"etn-icon etn-calendar\"><\/i>\n                4\/12\/2024            <\/span>\n\t\t\t                    <\/div>\n                   \n                <\/div>\n            <\/div>\n            <!-- content end-->\n        <\/div>\n        <!-- etn event item end-->\n    <\/div>\n        <div class=\"etn-col-md-6 etn-col-lg-3\">\n        <div class=\"etn-event-item\">\n            <!-- thumbnail -->\n                        <div class=\"etn-event-thumb\">\n                <a \n                    href=\"https:\/\/2024.adventupuli.hr\/it\/dogadaj\/udruga-birikina-pula-palcica\/\" \n                    aria-label=\"Programmi terminati\"\n                >\n                    <img loading=\"lazy\" decoding=\"async\" width=\"724\" height=\"1024\" src=\"https:\/\/2024.adventupuli.hr\/wp-content\/uploads\/2024\/11\/PLAKAT-PALCICA-724x1024.jpg\" class=\"attachment-large size-large wp-post-image\" alt=\"\" srcset=\"https:\/\/2024.adventupuli.hr\/wp-content\/uploads\/2024\/11\/PLAKAT-PALCICA-724x1024.jpg 724w, https:\/\/2024.adventupuli.hr\/wp-content\/uploads\/2024\/11\/PLAKAT-PALCICA-212x300.jpg 212w, https:\/\/2024.adventupuli.hr\/wp-content\/uploads\/2024\/11\/PLAKAT-PALCICA-768x1086.jpg 768w, https:\/\/2024.adventupuli.hr\/wp-content\/uploads\/2024\/11\/PLAKAT-PALCICA-1086x1536.jpg 1086w, https:\/\/2024.adventupuli.hr\/wp-content\/uploads\/2024\/11\/PLAKAT-PALCICA.jpg 1131w\" sizes=\"(max-width: 724px) 100vw, 724px\" \/>                <\/a>\n                <div class=\"etn-event-category\">\n                    <span>Programma per bambini<\/span>                 <\/div>\n                            <\/div>\n                        <!-- thumbnail start-->\n\n            <!-- content start-->\n            <div class=\"etn-event-content\">\n                                                                                        \n                <h3 class=\"etn-title etn-event-title\"><a href=\"https:\/\/2024.adventupuli.hr\/it\/dogadaj\/udruga-birikina-pula-palcica\/\">\n                    Associazione Birikina Pola &#8211; Pollicina<\/a>\n                <\/h3>\n                                \n                <div class=\"etn-event-footer\">\n                    <div class=\"etn-event-date\">\n                                    <span>\n\t\t\t\t<i class=\"etn-icon etn-calendar\"><\/i>\n                4\/12\/2024            <\/span>\n\t\t\t                    <\/div>\n                   \n                <\/div>\n            <\/div>\n            <!-- content end-->\n        <\/div>\n        <!-- etn event item end-->\n    <\/div>\n        <div class=\"etn-col-md-6 etn-col-lg-3\">\n        <div class=\"etn-event-item\">\n            <!-- thumbnail -->\n                        <div class=\"etn-event-thumb\">\n                <a \n                    href=\"https:\/\/2024.adventupuli.hr\/it\/dogadaj\/udruga-birikina-pula-palcica-2\/\" \n                    aria-label=\"Programmi terminati\"\n                >\n                    <img loading=\"lazy\" decoding=\"async\" width=\"724\" height=\"1024\" src=\"https:\/\/2024.adventupuli.hr\/wp-content\/uploads\/2024\/11\/PLAKAT-PALCICA-724x1024.jpg\" class=\"attachment-large size-large wp-post-image\" alt=\"\" srcset=\"https:\/\/2024.adventupuli.hr\/wp-content\/uploads\/2024\/11\/PLAKAT-PALCICA-724x1024.jpg 724w, https:\/\/2024.adventupuli.hr\/wp-content\/uploads\/2024\/11\/PLAKAT-PALCICA-212x300.jpg 212w, https:\/\/2024.adventupuli.hr\/wp-content\/uploads\/2024\/11\/PLAKAT-PALCICA-768x1086.jpg 768w, https:\/\/2024.adventupuli.hr\/wp-content\/uploads\/2024\/11\/PLAKAT-PALCICA-1086x1536.jpg 1086w, https:\/\/2024.adventupuli.hr\/wp-content\/uploads\/2024\/11\/PLAKAT-PALCICA.jpg 1131w\" sizes=\"(max-width: 724px) 100vw, 724px\" \/>                <\/a>\n                <div class=\"etn-event-category\">\n                    <span>Programma per bambini<\/span>                 <\/div>\n                            <\/div>\n                        <!-- thumbnail start-->\n\n            <!-- content start-->\n            <div class=\"etn-event-content\">\n                                                                                        \n                <h3 class=\"etn-title etn-event-title\"><a href=\"https:\/\/2024.adventupuli.hr\/it\/dogadaj\/udruga-birikina-pula-palcica-2\/\">\n                    Associazione Birikina Pola &#8211; Pollicina<\/a>\n                <\/h3>\n                                \n                <div class=\"etn-event-footer\">\n                    <div class=\"etn-event-date\">\n                                    <span>\n\t\t\t\t<i class=\"etn-icon etn-calendar\"><\/i>\n                4\/12\/2024            <\/span>\n\t\t\t                    <\/div>\n                   \n                <\/div>\n            <\/div>\n            <!-- content end-->\n        <\/div>\n        <!-- etn event item end-->\n    <\/div>\n        <div class=\"etn-col-md-6 etn-col-lg-3\">\n        <div class=\"etn-event-item\">\n            <!-- thumbnail -->\n                        <div class=\"etn-event-thumb\">\n                <a \n                    href=\"https:\/\/2024.adventupuli.hr\/it\/dogadaj\/ljiljani-sv-antuna-djecji-zbor-u-susret-bozicu-koncert\/\" \n                    aria-label=\"Programmi terminati\"\n                >\n                    <img loading=\"lazy\" decoding=\"async\" width=\"800\" height=\"534\" src=\"https:\/\/2024.adventupuli.hr\/wp-content\/uploads\/2024\/11\/liljani-1024x683.jpg\" class=\"attachment-large size-large wp-post-image\" alt=\"\" srcset=\"https:\/\/2024.adventupuli.hr\/wp-content\/uploads\/2024\/11\/liljani-1024x683.jpg 1024w, https:\/\/2024.adventupuli.hr\/wp-content\/uploads\/2024\/11\/liljani-300x200.jpg 300w, https:\/\/2024.adventupuli.hr\/wp-content\/uploads\/2024\/11\/liljani-768x512.jpg 768w, https:\/\/2024.adventupuli.hr\/wp-content\/uploads\/2024\/11\/liljani.jpg 1200w\" sizes=\"(max-width: 800px) 100vw, 800px\" \/>                <\/a>\n                <div class=\"etn-event-category\">\n                    <span>Programma per bambini<\/span> <span>Programma musicale<\/span>                 <\/div>\n                            <\/div>\n                        <!-- thumbnail start-->\n\n            <!-- content start-->\n            <div class=\"etn-event-content\">\n                                                                                        \n                <h3 class=\"etn-title etn-event-title\"><a href=\"https:\/\/2024.adventupuli.hr\/it\/dogadaj\/ljiljani-sv-antuna-djecji-zbor-u-susret-bozicu-koncert\/\">\n                    Il Piccolo coro \u201eLjiljani\u201cdella Chiesa di Sant\u2019Antonio<\/a>\n                <\/h3>\n                                \n                <div class=\"etn-event-footer\">\n                    <div class=\"etn-event-date\">\n                                    <span>\n\t\t\t\t<i class=\"etn-icon etn-calendar\"><\/i>\n                4\/12\/2024            <\/span>\n\t\t\t                    <\/div>\n                   \n                <\/div>\n            <\/div>\n            <!-- content end-->\n        <\/div>\n        <!-- etn event item end-->\n    <\/div>\n        <div class=\"etn-col-md-6 etn-col-lg-3\">\n        <div class=\"etn-event-item\">\n            <!-- thumbnail -->\n                        <div class=\"etn-event-thumb\">\n                <a \n                    href=\"https:\/\/2024.adventupuli.hr\/it\/dogadaj\/dj-nice\/\" \n                    aria-label=\"Programmi terminati\"\n                >\n                    <img loading=\"lazy\" decoding=\"async\" width=\"800\" height=\"534\" src=\"https:\/\/2024.adventupuli.hr\/wp-content\/uploads\/2024\/11\/DJ-Nice-750x465-1-1024x683.jpg\" class=\"attachment-large size-large wp-post-image\" alt=\"\" srcset=\"https:\/\/2024.adventupuli.hr\/wp-content\/uploads\/2024\/11\/DJ-Nice-750x465-1-1024x683.jpg 1024w, https:\/\/2024.adventupuli.hr\/wp-content\/uploads\/2024\/11\/DJ-Nice-750x465-1-300x200.jpg 300w, https:\/\/2024.adventupuli.hr\/wp-content\/uploads\/2024\/11\/DJ-Nice-750x465-1-768x512.jpg 768w, https:\/\/2024.adventupuli.hr\/wp-content\/uploads\/2024\/11\/DJ-Nice-750x465-1.jpg 1199w\" sizes=\"(max-width: 800px) 100vw, 800px\" \/>                <\/a>\n                <div class=\"etn-event-category\">\n                    <span>Programma musicale<\/span>                 <\/div>\n                            <\/div>\n                        <!-- thumbnail start-->\n\n            <!-- content start-->\n            <div class=\"etn-event-content\">\n                                                                                        \n                <h3 class=\"etn-title etn-event-title\"><a href=\"https:\/\/2024.adventupuli.hr\/it\/dogadaj\/dj-nice\/\">\n                    DJ Nice<\/a>\n                <\/h3>\n                                \n                <div class=\"etn-event-footer\">\n                    <div class=\"etn-event-date\">\n                                    <span>\n\t\t\t\t<i class=\"etn-icon etn-calendar\"><\/i>\n                4\/12\/2024            <\/span>\n\t\t\t                    <\/div>\n                   \n                <\/div>\n            <\/div>\n            <!-- content end-->\n        <\/div>\n        <!-- etn event item end-->\n    <\/div>\n        <div class=\"etn-col-md-6 etn-col-lg-3\">\n        <div class=\"etn-event-item\">\n            <!-- thumbnail -->\n                        <div class=\"etn-event-thumb\">\n                <a \n                    href=\"https:\/\/2024.adventupuli.hr\/it\/dogadaj\/svilart-ensemble\/\" \n                    aria-label=\"Programmi terminati\"\n                >\n                    <img loading=\"lazy\" decoding=\"async\" width=\"800\" height=\"533\" src=\"https:\/\/2024.adventupuli.hr\/wp-content\/uploads\/2024\/11\/SvilART-1024x682.jpg\" class=\"attachment-large size-large wp-post-image\" alt=\"\" srcset=\"https:\/\/2024.adventupuli.hr\/wp-content\/uploads\/2024\/11\/SvilART-1024x682.jpg 1024w, https:\/\/2024.adventupuli.hr\/wp-content\/uploads\/2024\/11\/SvilART-300x200.jpg 300w, https:\/\/2024.adventupuli.hr\/wp-content\/uploads\/2024\/11\/SvilART-768x511.jpg 768w, https:\/\/2024.adventupuli.hr\/wp-content\/uploads\/2024\/11\/SvilART.jpg 1200w\" sizes=\"(max-width: 800px) 100vw, 800px\" \/>                <\/a>\n                <div class=\"etn-event-category\">\n                    <span>Programma di danza<\/span>                 <\/div>\n                            <\/div>\n                        <!-- thumbnail start-->\n\n            <!-- content start-->\n            <div class=\"etn-event-content\">\n                                                                                        \n                <h3 class=\"etn-title etn-event-title\"><a href=\"https:\/\/2024.adventupuli.hr\/it\/dogadaj\/svilart-ensemble\/\">\n                    SvilArt ensemble<\/a>\n                <\/h3>\n                                \n                <div class=\"etn-event-footer\">\n                    <div class=\"etn-event-date\">\n                                    <span>\n\t\t\t\t<i class=\"etn-icon etn-calendar\"><\/i>\n                5\/12\/2024            <\/span>\n\t\t\t                    <\/div>\n                   \n                <\/div>\n            <\/div>\n            <!-- content end-->\n        <\/div>\n        <!-- etn event item end-->\n    <\/div>\n        <div class=\"etn-col-md-6 etn-col-lg-3\">\n        <div class=\"etn-event-item\">\n            <!-- thumbnail -->\n                        <div class=\"etn-event-thumb\">\n                <a \n                    href=\"https:\/\/2024.adventupuli.hr\/it\/dogadaj\/dj-nice-2\/\" \n                    aria-label=\"Programmi terminati\"\n                >\n                    <img loading=\"lazy\" decoding=\"async\" width=\"800\" height=\"534\" src=\"https:\/\/2024.adventupuli.hr\/wp-content\/uploads\/2024\/11\/DJ-Nice-750x465-1-1024x683.jpg\" class=\"attachment-large size-large wp-post-image\" alt=\"\" srcset=\"https:\/\/2024.adventupuli.hr\/wp-content\/uploads\/2024\/11\/DJ-Nice-750x465-1-1024x683.jpg 1024w, https:\/\/2024.adventupuli.hr\/wp-content\/uploads\/2024\/11\/DJ-Nice-750x465-1-300x200.jpg 300w, https:\/\/2024.adventupuli.hr\/wp-content\/uploads\/2024\/11\/DJ-Nice-750x465-1-768x512.jpg 768w, https:\/\/2024.adventupuli.hr\/wp-content\/uploads\/2024\/11\/DJ-Nice-750x465-1.jpg 1199w\" sizes=\"(max-width: 800px) 100vw, 800px\" \/>                <\/a>\n                <div class=\"etn-event-category\">\n                    <span>Programma musicale<\/span>                 <\/div>\n                            <\/div>\n                        <!-- thumbnail start-->\n\n            <!-- content start-->\n            <div class=\"etn-event-content\">\n                                                                                        \n                <h3 class=\"etn-title etn-event-title\"><a href=\"https:\/\/2024.adventupuli.hr\/it\/dogadaj\/dj-nice-2\/\">\n                    DJ Nice<\/a>\n                <\/h3>\n                                \n                <div class=\"etn-event-footer\">\n                    <div class=\"etn-event-date\">\n                                    <span>\n\t\t\t\t<i class=\"etn-icon etn-calendar\"><\/i>\n                5\/12\/2024            <\/span>\n\t\t\t                    <\/div>\n                   \n                <\/div>\n            <\/div>\n            <!-- content end-->\n        <\/div>\n        <!-- etn event item end-->\n    <\/div>\n        <div class=\"etn-col-md-6 etn-col-lg-3\">\n        <div class=\"etn-event-item\">\n            <!-- thumbnail -->\n                        <div class=\"etn-event-thumb\">\n                <a \n                    href=\"https:\/\/2024.adventupuli.hr\/it\/dogadaj\/karla-krizman-i-zeljka-kondic-dabo\/\" \n                    aria-label=\"Programmi terminati\"\n                >\n                    <img loading=\"lazy\" decoding=\"async\" width=\"800\" height=\"534\" src=\"https:\/\/2024.adventupuli.hr\/wp-content\/uploads\/2024\/11\/MEDVJED-1024x683.jpg\" class=\"attachment-large size-large wp-post-image\" alt=\"\" srcset=\"https:\/\/2024.adventupuli.hr\/wp-content\/uploads\/2024\/11\/MEDVJED-1024x683.jpg 1024w, https:\/\/2024.adventupuli.hr\/wp-content\/uploads\/2024\/11\/MEDVJED-300x200.jpg 300w, https:\/\/2024.adventupuli.hr\/wp-content\/uploads\/2024\/11\/MEDVJED-768x512.jpg 768w, https:\/\/2024.adventupuli.hr\/wp-content\/uploads\/2024\/11\/MEDVJED.jpg 1200w\" sizes=\"(max-width: 800px) 100vw, 800px\" \/>                <\/a>\n                <div class=\"etn-event-category\">\n                    <span>Programma per bambini<\/span>                 <\/div>\n                            <\/div>\n                        <!-- thumbnail start-->\n\n            <!-- content start-->\n            <div class=\"etn-event-content\">\n                                                                                        \n                <h3 class=\"etn-title etn-event-title\"><a href=\"https:\/\/2024.adventupuli.hr\/it\/dogadaj\/karla-krizman-i-zeljka-kondic-dabo\/\">\n                    Scuola media superiore per il turismo, la ristorazione e il commerci<\/a>\n                <\/h3>\n                                \n                <div class=\"etn-event-footer\">\n                    <div class=\"etn-event-date\">\n                                    <span>\n\t\t\t\t<i class=\"etn-icon etn-calendar\"><\/i>\n                6\/12\/2024            <\/span>\n\t\t\t                    <\/div>\n                   \n                <\/div>\n            <\/div>\n            <!-- content end-->\n        <\/div>\n        <!-- etn event item end-->\n    <\/div>\n        <div class=\"etn-col-md-6 etn-col-lg-3\">\n        <div class=\"etn-event-item\">\n            <!-- thumbnail -->\n                        <div class=\"etn-event-thumb\">\n                <a \n                    href=\"https:\/\/2024.adventupuli.hr\/it\/dogadaj\/ivan-dogic-iran-u-prezentu\/\" \n                    aria-label=\"Programmi terminati\"\n                >\n                    <img loading=\"lazy\" decoding=\"async\" width=\"800\" height=\"534\" src=\"https:\/\/2024.adventupuli.hr\/wp-content\/uploads\/2024\/11\/GKC-1024x683.jpg\" class=\"attachment-large size-large wp-post-image\" alt=\"\" srcset=\"https:\/\/2024.adventupuli.hr\/wp-content\/uploads\/2024\/11\/GKC-1024x683.jpg 1024w, https:\/\/2024.adventupuli.hr\/wp-content\/uploads\/2024\/11\/GKC-300x200.jpg 300w, https:\/\/2024.adventupuli.hr\/wp-content\/uploads\/2024\/11\/GKC-768x512.jpg 768w, https:\/\/2024.adventupuli.hr\/wp-content\/uploads\/2024\/11\/GKC.jpg 1200w\" sizes=\"(max-width: 800px) 100vw, 800px\" \/>                <\/a>\n                <div class=\"etn-event-category\">\n                    <span>Programmi di biblioteca<\/span>                 <\/div>\n                            <\/div>\n                        <!-- thumbnail start-->\n\n            <!-- content start-->\n            <div class=\"etn-event-content\">\n                                                                                        \n                <h3 class=\"etn-title etn-event-title\"><a href=\"https:\/\/2024.adventupuli.hr\/it\/dogadaj\/ivan-dogic-iran-u-prezentu\/\">\n                    Ivan \u0110ogi\u0107: L&#8217;Iran nel presente<\/a>\n                <\/h3>\n                                \n                <div class=\"etn-event-footer\">\n                    <div class=\"etn-event-date\">\n                                    <span>\n\t\t\t\t<i class=\"etn-icon etn-calendar\"><\/i>\n                6\/12\/2024            <\/span>\n\t\t\t                    <\/div>\n                   \n                <\/div>\n            <\/div>\n            <!-- content end-->\n        <\/div>\n        <!-- etn event item end-->\n    <\/div>\n        <div class=\"etn-col-md-6 etn-col-lg-3\">\n        <div class=\"etn-event-item\">\n            <!-- thumbnail -->\n                        <div class=\"etn-event-thumb\">\n                <a \n                    href=\"https:\/\/2024.adventupuli.hr\/it\/dogadaj\/autorica-u-gostima-sonja-smolec\/\" \n                    aria-label=\"Programmi terminati\"\n                >\n                    <img loading=\"lazy\" decoding=\"async\" width=\"800\" height=\"533\" src=\"https:\/\/2024.adventupuli.hr\/wp-content\/uploads\/2024\/11\/Zbor-OS-Sijana-1024x682.jpg\" class=\"attachment-large size-large wp-post-image\" alt=\"\" srcset=\"https:\/\/2024.adventupuli.hr\/wp-content\/uploads\/2024\/11\/Zbor-OS-Sijana-1024x682.jpg 1024w, https:\/\/2024.adventupuli.hr\/wp-content\/uploads\/2024\/11\/Zbor-OS-Sijana-300x200.jpg 300w, https:\/\/2024.adventupuli.hr\/wp-content\/uploads\/2024\/11\/Zbor-OS-Sijana-768x512.jpg 768w, https:\/\/2024.adventupuli.hr\/wp-content\/uploads\/2024\/11\/Zbor-OS-Sijana-1536x1023.jpg 1536w, https:\/\/2024.adventupuli.hr\/wp-content\/uploads\/2024\/11\/Zbor-OS-Sijana.jpg 1600w\" sizes=\"(max-width: 800px) 100vw, 800px\" \/>                <\/a>\n                <div class=\"etn-event-category\">\n                    <span>Programmi di biblioteca<\/span>                 <\/div>\n                            <\/div>\n                        <!-- thumbnail start-->\n\n            <!-- content start-->\n            <div class=\"etn-event-content\">\n                                                                                        \n                <h3 class=\"etn-title etn-event-title\"><a href=\"https:\/\/2024.adventupuli.hr\/it\/dogadaj\/autorica-u-gostima-sonja-smolec\/\">\n                    Autrice ospite: Sonja Smolec<\/a>\n                <\/h3>\n                                \n                <div class=\"etn-event-footer\">\n                    <div class=\"etn-event-date\">\n                                    <span>\n\t\t\t\t<i class=\"etn-icon etn-calendar\"><\/i>\n                6\/12\/2024            <\/span>\n\t\t\t                    <\/div>\n                   \n                <\/div>\n            <\/div>\n            <!-- content end-->\n        <\/div>\n        <!-- etn event item end-->\n    <\/div>\n        <div class=\"etn-col-md-6 etn-col-lg-3\">\n        <div class=\"etn-event-item\">\n            <!-- thumbnail -->\n                        <div class=\"etn-event-thumb\">\n                <a \n                    href=\"https:\/\/2024.adventupuli.hr\/it\/dogadaj\/price-u-prosincu-jupi-dosao-je-sveti-nikola\/\" \n                    aria-label=\"Programmi terminati\"\n                >\n                    <img loading=\"lazy\" decoding=\"async\" width=\"800\" height=\"534\" src=\"https:\/\/2024.adventupuli.hr\/wp-content\/uploads\/2024\/11\/GKC-1024x683.jpg\" class=\"attachment-large size-large wp-post-image\" alt=\"\" srcset=\"https:\/\/2024.adventupuli.hr\/wp-content\/uploads\/2024\/11\/GKC-1024x683.jpg 1024w, https:\/\/2024.adventupuli.hr\/wp-content\/uploads\/2024\/11\/GKC-300x200.jpg 300w, https:\/\/2024.adventupuli.hr\/wp-content\/uploads\/2024\/11\/GKC-768x512.jpg 768w, https:\/\/2024.adventupuli.hr\/wp-content\/uploads\/2024\/11\/GKC.jpg 1200w\" sizes=\"(max-width: 800px) 100vw, 800px\" \/>                <\/a>\n                <div class=\"etn-event-category\">\n                    <span>Programmi di biblioteca<\/span>                 <\/div>\n                            <\/div>\n                        <!-- thumbnail start-->\n\n            <!-- content start-->\n            <div class=\"etn-event-content\">\n                                                                                        \n                <h3 class=\"etn-title etn-event-title\"><a href=\"https:\/\/2024.adventupuli.hr\/it\/dogadaj\/price-u-prosincu-jupi-dosao-je-sveti-nikola\/\">\n                    Racconti di dicembre &#8211; Evviva! \u00c8 arrivato San Nicol\u00f2<\/a>\n                <\/h3>\n                                \n                <div class=\"etn-event-footer\">\n                    <div class=\"etn-event-date\">\n                                    <span>\n\t\t\t\t<i class=\"etn-icon etn-calendar\"><\/i>\n                6\/12\/2024            <\/span>\n\t\t\t                    <\/div>\n                   \n                <\/div>\n            <\/div>\n            <!-- content end-->\n        <\/div>\n        <!-- etn event item end-->\n    <\/div>\n        <div class=\"etn-col-md-6 etn-col-lg-3\">\n        <div class=\"etn-event-item\">\n            <!-- thumbnail -->\n                        <div class=\"etn-event-thumb\">\n                <a \n                    href=\"https:\/\/2024.adventupuli.hr\/it\/dogadaj\/tepih-na-raznju\/\" \n                    aria-label=\"Programmi terminati\"\n                >\n                    <img loading=\"lazy\" decoding=\"async\" width=\"800\" height=\"534\" src=\"https:\/\/2024.adventupuli.hr\/wp-content\/uploads\/2024\/11\/FB-event-1024x683.jpg\" class=\"attachment-large size-large wp-post-image\" alt=\"\" srcset=\"https:\/\/2024.adventupuli.hr\/wp-content\/uploads\/2024\/11\/FB-event-1024x683.jpg 1024w, https:\/\/2024.adventupuli.hr\/wp-content\/uploads\/2024\/11\/FB-event-300x200.jpg 300w, https:\/\/2024.adventupuli.hr\/wp-content\/uploads\/2024\/11\/FB-event-768x512.jpg 768w, https:\/\/2024.adventupuli.hr\/wp-content\/uploads\/2024\/11\/FB-event.jpg 1200w\" sizes=\"(max-width: 800px) 100vw, 800px\" \/>                <\/a>\n                <div class=\"etn-event-category\">\n                    <span>Spettacolo<\/span>                 <\/div>\n                            <\/div>\n                        <!-- thumbnail start-->\n\n            <!-- content start-->\n            <div class=\"etn-event-content\">\n                                                                                        \n                <h3 class=\"etn-title etn-event-title\"><a href=\"https:\/\/2024.adventupuli.hr\/it\/dogadaj\/tepih-na-raznju\/\">\n                    Tappetto sulla griglia<\/a>\n                <\/h3>\n                                \n                <div class=\"etn-event-footer\">\n                    <div class=\"etn-event-date\">\n                                    <span>\n\t\t\t\t<i class=\"etn-icon etn-calendar\"><\/i>\n                6\/12\/2024            <\/span>\n\t\t\t                    <\/div>\n                   \n                <\/div>\n            <\/div>\n            <!-- content end-->\n        <\/div>\n        <!-- etn event item end-->\n    <\/div>\n        <div class=\"etn-col-md-6 etn-col-lg-3\">\n        <div class=\"etn-event-item\">\n            <!-- thumbnail -->\n                        <div class=\"etn-event-thumb\">\n                <a \n                    href=\"https:\/\/2024.adventupuli.hr\/it\/dogadaj\/docek-sv-nikole-od-libri-i-mora\/\" \n                    aria-label=\"Programmi terminati\"\n                >\n                    <img loading=\"lazy\" decoding=\"async\" width=\"800\" height=\"533\" src=\"https:\/\/2024.adventupuli.hr\/wp-content\/uploads\/2024\/11\/IMG_2191-1024x682.jpg\" class=\"attachment-large size-large wp-post-image\" alt=\"\" srcset=\"https:\/\/2024.adventupuli.hr\/wp-content\/uploads\/2024\/11\/IMG_2191-1024x682.jpg 1024w, https:\/\/2024.adventupuli.hr\/wp-content\/uploads\/2024\/11\/IMG_2191-300x200.jpg 300w, https:\/\/2024.adventupuli.hr\/wp-content\/uploads\/2024\/11\/IMG_2191-768x511.jpg 768w, https:\/\/2024.adventupuli.hr\/wp-content\/uploads\/2024\/11\/IMG_2191.jpg 1200w\" sizes=\"(max-width: 800px) 100vw, 800px\" \/>                <\/a>\n                <div class=\"etn-event-category\">\n                    <span>Programma per bambini<\/span>                 <\/div>\n                            <\/div>\n                        <!-- thumbnail start-->\n\n            <!-- content start-->\n            <div class=\"etn-event-content\">\n                                                                                        \n                <h3 class=\"etn-title etn-event-title\"><a href=\"https:\/\/2024.adventupuli.hr\/it\/dogadaj\/docek-sv-nikole-od-libri-i-mora\/\">\n                    L&#8217;arrivo di San Nicol\u00f2 tra libri e mare<\/a>\n                <\/h3>\n                                \n                <div class=\"etn-event-footer\">\n                    <div class=\"etn-event-date\">\n                                    <span>\n\t\t\t\t<i class=\"etn-icon etn-calendar\"><\/i>\n                6\/12\/2024            <\/span>\n\t\t\t                    <\/div>\n                   \n                <\/div>\n            <\/div>\n            <!-- content end-->\n        <\/div>\n        <!-- etn event item end-->\n    <\/div>\n        <div class=\"etn-col-md-6 etn-col-lg-3\">\n        <div class=\"etn-event-item\">\n            <!-- thumbnail -->\n                        <div class=\"etn-event-thumb\">\n                <a \n                    href=\"https:\/\/2024.adventupuli.hr\/it\/dogadaj\/centar-za-inkluziju-i-podrsku-u-zajednici-bozicna-priredba-predstava\/\" \n                    aria-label=\"Programmi terminati\"\n                >\n                    <img loading=\"lazy\" decoding=\"async\" width=\"800\" height=\"533\" src=\"https:\/\/2024.adventupuli.hr\/wp-content\/uploads\/2024\/11\/GRAZ-1024x682.jpg\" class=\"attachment-large size-large wp-post-image\" alt=\"\" srcset=\"https:\/\/2024.adventupuli.hr\/wp-content\/uploads\/2024\/11\/GRAZ-1024x682.jpg 1024w, https:\/\/2024.adventupuli.hr\/wp-content\/uploads\/2024\/11\/GRAZ-300x200.jpg 300w, https:\/\/2024.adventupuli.hr\/wp-content\/uploads\/2024\/11\/GRAZ-768x511.jpg 768w, https:\/\/2024.adventupuli.hr\/wp-content\/uploads\/2024\/11\/GRAZ.jpg 1200w\" sizes=\"(max-width: 800px) 100vw, 800px\" \/>                <\/a>\n                <div class=\"etn-event-category\">\n                    <span>Programma per bambini<\/span> <span>Spettacolo<\/span>                 <\/div>\n                            <\/div>\n                        <!-- thumbnail start-->\n\n            <!-- content start-->\n            <div class=\"etn-event-content\">\n                                                                                        \n                <h3 class=\"etn-title etn-event-title\"><a href=\"https:\/\/2024.adventupuli.hr\/it\/dogadaj\/centar-za-inkluziju-i-podrsku-u-zajednici-bozicna-priredba-predstava\/\">\n                    Centro per l&#8217;inclusione e il sostegno nella comunit\u00e0; Spettacolo di Natale, spettacolo<\/a>\n                <\/h3>\n                                \n                <div class=\"etn-event-footer\">\n                    <div class=\"etn-event-date\">\n                                    <span>\n\t\t\t\t<i class=\"etn-icon etn-calendar\"><\/i>\n                6\/12\/2024            <\/span>\n\t\t\t                    <\/div>\n                   \n                <\/div>\n            <\/div>\n            <!-- content end-->\n        <\/div>\n        <!-- etn event item end-->\n    <\/div>\n        <div class=\"etn-col-md-6 etn-col-lg-3\">\n        <div class=\"etn-event-item\">\n            <!-- thumbnail -->\n                        <div class=\"etn-event-thumb\">\n                <a \n                    href=\"https:\/\/2024.adventupuli.hr\/it\/dogadaj\/svecano-otvorenje-klizalista\/\" \n                    aria-label=\"Programmi terminati\"\n                >\n                    <img loading=\"lazy\" decoding=\"async\" width=\"800\" height=\"534\" src=\"https:\/\/2024.adventupuli.hr\/wp-content\/uploads\/2024\/12\/Arena-2-1024x683.jpg\" class=\"attachment-large size-large wp-post-image\" alt=\"\" srcset=\"https:\/\/2024.adventupuli.hr\/wp-content\/uploads\/2024\/12\/Arena-2-1024x683.jpg 1024w, https:\/\/2024.adventupuli.hr\/wp-content\/uploads\/2024\/12\/Arena-2-300x200.jpg 300w, https:\/\/2024.adventupuli.hr\/wp-content\/uploads\/2024\/12\/Arena-2-768x512.jpg 768w, https:\/\/2024.adventupuli.hr\/wp-content\/uploads\/2024\/12\/Arena-2-1536x1024.jpg 1536w, https:\/\/2024.adventupuli.hr\/wp-content\/uploads\/2024\/12\/Arena-2.jpg 1620w\" sizes=\"(max-width: 800px) 100vw, 800px\" \/>                <\/a>\n                <div class=\"etn-event-category\">\n                    <span>Programma per bambini<\/span>                 <\/div>\n                            <\/div>\n                        <!-- thumbnail start-->\n\n            <!-- content start-->\n            <div class=\"etn-event-content\">\n                                                                                        \n                <h3 class=\"etn-title etn-event-title\"><a href=\"https:\/\/2024.adventupuli.hr\/it\/dogadaj\/svecano-otvorenje-klizalista\/\">\n                    L&#8217;inaugurazione ufficiale della pista di pattinaggio<\/a>\n                <\/h3>\n                                \n                <div class=\"etn-event-footer\">\n                    <div class=\"etn-event-date\">\n                                    <span>\n\t\t\t\t<i class=\"etn-icon etn-calendar\"><\/i>\n                6\/12\/2024            <\/span>\n\t\t\t                    <\/div>\n                   \n                <\/div>\n            <\/div>\n            <!-- content end-->\n        <\/div>\n        <!-- etn event item end-->\n    <\/div>\n        <div class=\"etn-col-md-6 etn-col-lg-3\">\n        <div class=\"etn-event-item\">\n            <!-- thumbnail -->\n                        <div class=\"etn-event-thumb\">\n                <a \n                    href=\"https:\/\/2024.adventupuli.hr\/it\/dogadaj\/advent-u-katedrali-bruno-krajcar-klapa-luka-specijalni-gost-edin-karamazov\/\" \n                    aria-label=\"Programmi terminati\"\n                >\n                    <img loading=\"lazy\" decoding=\"async\" width=\"800\" height=\"533\" src=\"https:\/\/2024.adventupuli.hr\/wp-content\/uploads\/2024\/11\/IMG_2883-copy-1024x682.jpg\" class=\"attachment-large size-large wp-post-image\" alt=\"\" srcset=\"https:\/\/2024.adventupuli.hr\/wp-content\/uploads\/2024\/11\/IMG_2883-copy-1024x682.jpg 1024w, https:\/\/2024.adventupuli.hr\/wp-content\/uploads\/2024\/11\/IMG_2883-copy-300x200.jpg 300w, https:\/\/2024.adventupuli.hr\/wp-content\/uploads\/2024\/11\/IMG_2883-copy-768x512.jpg 768w, https:\/\/2024.adventupuli.hr\/wp-content\/uploads\/2024\/11\/IMG_2883-copy-1536x1024.jpg 1536w, https:\/\/2024.adventupuli.hr\/wp-content\/uploads\/2024\/11\/IMG_2883-copy.jpg 2000w\" sizes=\"(max-width: 800px) 100vw, 800px\" \/>                <\/a>\n                <div class=\"etn-event-category\">\n                    <span>Programma musicale<\/span>                 <\/div>\n                            <\/div>\n                        <!-- thumbnail start-->\n\n            <!-- content start-->\n            <div class=\"etn-event-content\">\n                                                                                        \n                <h3 class=\"etn-title etn-event-title\"><a href=\"https:\/\/2024.adventupuli.hr\/it\/dogadaj\/advent-u-katedrali-bruno-krajcar-klapa-luka-specijalni-gost-edin-karamazov\/\">\n                    L&#8217;Avvento al Duomo di Pola &#8211; Bruno Krajcar &#038; Radojka \u0160verko<\/a>\n                <\/h3>\n                                \n                <div class=\"etn-event-footer\">\n                    <div class=\"etn-event-date\">\n                                    <span>\n\t\t\t\t<i class=\"etn-icon etn-calendar\"><\/i>\n                6\/12\/2024            <\/span>\n\t\t\t                    <\/div>\n                   \n                <\/div>\n            <\/div>\n            <!-- content end-->\n        <\/div>\n        <!-- etn event item end-->\n    <\/div>\n        <div class=\"etn-col-md-6 etn-col-lg-3\">\n        <div class=\"etn-event-item\">\n            <!-- thumbnail -->\n                        <div class=\"etn-event-thumb\">\n                <a \n                    href=\"https:\/\/2024.adventupuli.hr\/it\/dogadaj\/rambo-amadeus\/\" \n                    aria-label=\"Programmi terminati\"\n                >\n                    <img loading=\"lazy\" decoding=\"async\" width=\"800\" height=\"532\" src=\"https:\/\/2024.adventupuli.hr\/wp-content\/uploads\/2024\/10\/Rambo-amadeus-1024x681.jpg\" class=\"attachment-large size-large wp-post-image\" alt=\"\" srcset=\"https:\/\/2024.adventupuli.hr\/wp-content\/uploads\/2024\/10\/Rambo-amadeus-1024x681.jpg 1024w, https:\/\/2024.adventupuli.hr\/wp-content\/uploads\/2024\/10\/Rambo-amadeus-300x200.jpg 300w, https:\/\/2024.adventupuli.hr\/wp-content\/uploads\/2024\/10\/Rambo-amadeus-768x511.jpg 768w, https:\/\/2024.adventupuli.hr\/wp-content\/uploads\/2024\/10\/Rambo-amadeus.jpg 1200w\" sizes=\"(max-width: 800px) 100vw, 800px\" \/>                <\/a>\n                <div class=\"etn-event-category\">\n                    <span>Programma musicale<\/span>                 <\/div>\n                            <\/div>\n                        <!-- thumbnail start-->\n\n            <!-- content start-->\n            <div class=\"etn-event-content\">\n                                                                                        \n                <h3 class=\"etn-title etn-event-title\"><a href=\"https:\/\/2024.adventupuli.hr\/it\/dogadaj\/rambo-amadeus\/\">\n                    Regalo di compleanno dell&#8217;Avvento a Pola per la 30\u00aa Fiera del Libro &#8211; Rambo Amadeus<\/a>\n                <\/h3>\n                                \n                <div class=\"etn-event-footer\">\n                    <div class=\"etn-event-date\">\n                                    <span>\n\t\t\t\t<i class=\"etn-icon etn-calendar\"><\/i>\n                6\/12\/2024            <\/span>\n\t\t\t                    <\/div>\n                   \n                <\/div>\n            <\/div>\n            <!-- content end-->\n        <\/div>\n        <!-- etn event item end-->\n    <\/div>\n        <div class=\"etn-col-md-6 etn-col-lg-3\">\n        <div class=\"etn-event-item\">\n            <!-- thumbnail -->\n                        <div class=\"etn-event-thumb\">\n                <a \n                    href=\"https:\/\/2024.adventupuli.hr\/it\/dogadaj\/cajanka-s-articima\/\" \n                    aria-label=\"Programmi terminati\"\n                >\n                    <img loading=\"lazy\" decoding=\"async\" width=\"800\" height=\"534\" src=\"https:\/\/2024.adventupuli.hr\/wp-content\/uploads\/2024\/11\/Djecja_knjiznica-1024x683.jpg\" class=\"attachment-large size-large wp-post-image\" alt=\"\" srcset=\"https:\/\/2024.adventupuli.hr\/wp-content\/uploads\/2024\/11\/Djecja_knjiznica-1024x683.jpg 1024w, https:\/\/2024.adventupuli.hr\/wp-content\/uploads\/2024\/11\/Djecja_knjiznica-300x200.jpg 300w, https:\/\/2024.adventupuli.hr\/wp-content\/uploads\/2024\/11\/Djecja_knjiznica-768x512.jpg 768w, https:\/\/2024.adventupuli.hr\/wp-content\/uploads\/2024\/11\/Djecja_knjiznica.jpg 1200w\" sizes=\"(max-width: 800px) 100vw, 800px\" \/>                <\/a>\n                <div class=\"etn-event-category\">\n                    <span>Programmi di biblioteca<\/span>                 <\/div>\n                            <\/div>\n                        <!-- thumbnail start-->\n\n            <!-- content start-->\n            <div class=\"etn-event-content\">\n                                                                                        \n                <h3 class=\"etn-title etn-event-title\"><a href=\"https:\/\/2024.adventupuli.hr\/it\/dogadaj\/cajanka-s-articima\/\">\n                    Un t\u00e8 con i Arti\u0107i<\/a>\n                <\/h3>\n                                \n                <div class=\"etn-event-footer\">\n                    <div class=\"etn-event-date\">\n                                    <span>\n\t\t\t\t<i class=\"etn-icon etn-calendar\"><\/i>\n                7\/12\/2024            <\/span>\n\t\t\t                    <\/div>\n                   \n                <\/div>\n            <\/div>\n            <!-- content end-->\n        <\/div>\n        <!-- etn event item end-->\n    <\/div>\n        <div class=\"etn-col-md-6 etn-col-lg-3\">\n        <div class=\"etn-event-item\">\n            <!-- thumbnail -->\n                        <div class=\"etn-event-thumb\">\n                <a \n                    href=\"https:\/\/2024.adventupuli.hr\/it\/dogadaj\/tvornica-djeda-bozicnjaka-petar-marz-i-popis-zloceste-djece\/\" \n                    aria-label=\"Programmi terminati\"\n                >\n                    <img loading=\"lazy\" decoding=\"async\" width=\"800\" height=\"534\" src=\"https:\/\/2024.adventupuli.hr\/wp-content\/uploads\/2024\/11\/GKC-1024x683.jpg\" class=\"attachment-large size-large wp-post-image\" alt=\"\" srcset=\"https:\/\/2024.adventupuli.hr\/wp-content\/uploads\/2024\/11\/GKC-1024x683.jpg 1024w, https:\/\/2024.adventupuli.hr\/wp-content\/uploads\/2024\/11\/GKC-300x200.jpg 300w, https:\/\/2024.adventupuli.hr\/wp-content\/uploads\/2024\/11\/GKC-768x512.jpg 768w, https:\/\/2024.adventupuli.hr\/wp-content\/uploads\/2024\/11\/GKC.jpg 1200w\" sizes=\"(max-width: 800px) 100vw, 800px\" \/>                <\/a>\n                <div class=\"etn-event-category\">\n                    <span>Programmi di biblioteca<\/span>                 <\/div>\n                            <\/div>\n                        <!-- thumbnail start-->\n\n            <!-- content start-->\n            <div class=\"etn-event-content\">\n                                                                                        \n                <h3 class=\"etn-title etn-event-title\"><a href=\"https:\/\/2024.adventupuli.hr\/it\/dogadaj\/tvornica-djeda-bozicnjaka-petar-marz-i-popis-zloceste-djece\/\">\n                    La fabbrica di Babbo Natale &#8211; Petar Marz e la lista dei cattivi<\/a>\n                <\/h3>\n                                \n                <div class=\"etn-event-footer\">\n                    <div class=\"etn-event-date\">\n                                    <span>\n\t\t\t\t<i class=\"etn-icon etn-calendar\"><\/i>\n                7\/12\/2024            <\/span>\n\t\t\t                    <\/div>\n                   \n                <\/div>\n            <\/div>\n            <!-- content end-->\n        <\/div>\n        <!-- etn event item end-->\n    <\/div>\n        <div class=\"etn-col-md-6 etn-col-lg-3\">\n        <div class=\"etn-event-item\">\n            <!-- thumbnail -->\n                        <div class=\"etn-event-thumb\">\n                <a \n                    href=\"https:\/\/2024.adventupuli.hr\/it\/dogadaj\/madionicar-stefano\/\" \n                    aria-label=\"Programmi terminati\"\n                >\n                    <img loading=\"lazy\" decoding=\"async\" width=\"800\" height=\"534\" src=\"https:\/\/2024.adventupuli.hr\/wp-content\/uploads\/2024\/11\/Madionicar_Stefano-1024x683.jpg\" class=\"attachment-large size-large wp-post-image\" alt=\"\" srcset=\"https:\/\/2024.adventupuli.hr\/wp-content\/uploads\/2024\/11\/Madionicar_Stefano-1024x683.jpg 1024w, https:\/\/2024.adventupuli.hr\/wp-content\/uploads\/2024\/11\/Madionicar_Stefano-300x200.jpg 300w, https:\/\/2024.adventupuli.hr\/wp-content\/uploads\/2024\/11\/Madionicar_Stefano-768x512.jpg 768w, https:\/\/2024.adventupuli.hr\/wp-content\/uploads\/2024\/11\/Madionicar_Stefano.jpg 1200w\" sizes=\"(max-width: 800px) 100vw, 800px\" \/>                <\/a>\n                <div class=\"etn-event-category\">\n                    <span>Programma per bambini<\/span>                 <\/div>\n                            <\/div>\n                        <!-- thumbnail start-->\n\n            <!-- content start-->\n            <div class=\"etn-event-content\">\n                                                                                        \n                <h3 class=\"etn-title etn-event-title\"><a href=\"https:\/\/2024.adventupuli.hr\/it\/dogadaj\/madionicar-stefano\/\">\n                    Il mago Stefano<\/a>\n                <\/h3>\n                                \n                <div class=\"etn-event-footer\">\n                    <div class=\"etn-event-date\">\n                                    <span>\n\t\t\t\t<i class=\"etn-icon etn-calendar\"><\/i>\n                7\/12\/2024            <\/span>\n\t\t\t                    <\/div>\n                   \n                <\/div>\n            <\/div>\n            <!-- content end-->\n        <\/div>\n        <!-- etn event item end-->\n    <\/div>\n        <div class=\"etn-col-md-6 etn-col-lg-3\">\n        <div class=\"etn-event-item\">\n            <!-- thumbnail -->\n                        <div class=\"etn-event-thumb\">\n                <a \n                    href=\"https:\/\/2024.adventupuli.hr\/it\/dogadaj\/tepih-na-raznju-2\/\" \n                    aria-label=\"Programmi terminati\"\n                >\n                    <img loading=\"lazy\" decoding=\"async\" width=\"800\" height=\"534\" src=\"https:\/\/2024.adventupuli.hr\/wp-content\/uploads\/2024\/11\/FB-event-1024x683.jpg\" class=\"attachment-large size-large wp-post-image\" alt=\"\" srcset=\"https:\/\/2024.adventupuli.hr\/wp-content\/uploads\/2024\/11\/FB-event-1024x683.jpg 1024w, https:\/\/2024.adventupuli.hr\/wp-content\/uploads\/2024\/11\/FB-event-300x200.jpg 300w, https:\/\/2024.adventupuli.hr\/wp-content\/uploads\/2024\/11\/FB-event-768x512.jpg 768w, https:\/\/2024.adventupuli.hr\/wp-content\/uploads\/2024\/11\/FB-event.jpg 1200w\" sizes=\"(max-width: 800px) 100vw, 800px\" \/>                <\/a>\n                <div class=\"etn-event-category\">\n                    <span>Spettacolo<\/span>                 <\/div>\n                            <\/div>\n                        <!-- thumbnail start-->\n\n            <!-- content start-->\n            <div class=\"etn-event-content\">\n                                                                                        \n                <h3 class=\"etn-title etn-event-title\"><a href=\"https:\/\/2024.adventupuli.hr\/it\/dogadaj\/tepih-na-raznju-2\/\">\n                    Tappetto sulla griglia<\/a>\n                <\/h3>\n                                \n                <div class=\"etn-event-footer\">\n                    <div class=\"etn-event-date\">\n                                    <span>\n\t\t\t\t<i class=\"etn-icon etn-calendar\"><\/i>\n                7\/12\/2024            <\/span>\n\t\t\t                    <\/div>\n                   \n                <\/div>\n            <\/div>\n            <!-- content end-->\n        <\/div>\n        <!-- etn event item end-->\n    <\/div>\n        <div class=\"etn-col-md-6 etn-col-lg-3\">\n        <div class=\"etn-event-item\">\n            <!-- thumbnail -->\n                        <div class=\"etn-event-thumb\">\n                <a \n                    href=\"https:\/\/2024.adventupuli.hr\/it\/dogadaj\/zuti-kisobran\/\" \n                    aria-label=\"Programmi terminati\"\n                >\n                    <img loading=\"lazy\" decoding=\"async\" width=\"800\" height=\"535\" src=\"https:\/\/2024.adventupuli.hr\/wp-content\/uploads\/2024\/11\/Zuti_kisobran-1024x685.jpg\" class=\"attachment-large size-large wp-post-image\" alt=\"\" srcset=\"https:\/\/2024.adventupuli.hr\/wp-content\/uploads\/2024\/11\/Zuti_kisobran-1024x685.jpg 1024w, https:\/\/2024.adventupuli.hr\/wp-content\/uploads\/2024\/11\/Zuti_kisobran-300x201.jpg 300w, https:\/\/2024.adventupuli.hr\/wp-content\/uploads\/2024\/11\/Zuti_kisobran-768x514.jpg 768w, https:\/\/2024.adventupuli.hr\/wp-content\/uploads\/2024\/11\/Zuti_kisobran.jpg 1197w\" sizes=\"(max-width: 800px) 100vw, 800px\" \/>                <\/a>\n                <div class=\"etn-event-category\">\n                    <span>Programma per bambini<\/span>                 <\/div>\n                            <\/div>\n                        <!-- thumbnail start-->\n\n            <!-- content start-->\n            <div class=\"etn-event-content\">\n                                                                                        \n                <h3 class=\"etn-title etn-event-title\"><a href=\"https:\/\/2024.adventupuli.hr\/it\/dogadaj\/zuti-kisobran\/\">\n                    L&#8217;ombrello giallo<\/a>\n                <\/h3>\n                                \n                <div class=\"etn-event-footer\">\n                    <div class=\"etn-event-date\">\n                                    <span>\n\t\t\t\t<i class=\"etn-icon etn-calendar\"><\/i>\n                7\/12\/2024            <\/span>\n\t\t\t                    <\/div>\n                   \n                <\/div>\n            <\/div>\n            <!-- content end-->\n        <\/div>\n        <!-- etn event item end-->\n    <\/div>\n        <div class=\"etn-col-md-6 etn-col-lg-3\">\n        <div class=\"etn-event-item\">\n            <!-- thumbnail -->\n                        <div class=\"etn-event-thumb\">\n                <a \n                    href=\"https:\/\/2024.adventupuli.hr\/it\/dogadaj\/30-sanjam-knjige-u-istri-propulzor-partitura-za-brod-galeb\/\" \n                    aria-label=\"Programmi terminati\"\n                >\n                    <img loading=\"lazy\" decoding=\"async\" width=\"800\" height=\"534\" src=\"https:\/\/2024.adventupuli.hr\/wp-content\/uploads\/2024\/11\/ADVENT-LOGO-2024-1024x683.jpg\" class=\"attachment-large size-large wp-post-image\" alt=\"\" srcset=\"https:\/\/2024.adventupuli.hr\/wp-content\/uploads\/2024\/11\/ADVENT-LOGO-2024-1024x683.jpg 1024w, https:\/\/2024.adventupuli.hr\/wp-content\/uploads\/2024\/11\/ADVENT-LOGO-2024-300x200.jpg 300w, https:\/\/2024.adventupuli.hr\/wp-content\/uploads\/2024\/11\/ADVENT-LOGO-2024-768x512.jpg 768w, https:\/\/2024.adventupuli.hr\/wp-content\/uploads\/2024\/11\/ADVENT-LOGO-2024.jpg 1200w\" sizes=\"(max-width: 800px) 100vw, 800px\" \/>                <\/a>\n                <div class=\"etn-event-category\">\n                    <span>Programma musicale<\/span>                 <\/div>\n                            <\/div>\n                        <!-- thumbnail start-->\n\n            <!-- content start-->\n            <div class=\"etn-event-content\">\n                                                                                        \n                <h3 class=\"etn-title etn-event-title\"><a href=\"https:\/\/2024.adventupuli.hr\/it\/dogadaj\/30-sanjam-knjige-u-istri-propulzor-partitura-za-brod-galeb\/\">\n                    30esima Fiera del libro in Istria  Propulsore \u2013 la partiura per la nave Galeb<\/a>\n                <\/h3>\n                                \n                <div class=\"etn-event-footer\">\n                    <div class=\"etn-event-date\">\n                                    <span>\n\t\t\t\t<i class=\"etn-icon etn-calendar\"><\/i>\n                7\/12\/2024            <\/span>\n\t\t\t                    <\/div>\n                   \n                <\/div>\n            <\/div>\n            <!-- content end-->\n        <\/div>\n        <!-- etn event item end-->\n    <\/div>\n        <div class=\"etn-col-md-6 etn-col-lg-3\">\n        <div class=\"etn-event-item\">\n            <!-- thumbnail -->\n                        <div class=\"etn-event-thumb\">\n                <a \n                    href=\"https:\/\/2024.adventupuli.hr\/it\/dogadaj\/livio-morosin-band\/\" \n                    aria-label=\"Programmi terminati\"\n                >\n                    <img loading=\"lazy\" decoding=\"async\" width=\"800\" height=\"536\" src=\"https:\/\/2024.adventupuli.hr\/wp-content\/uploads\/2024\/10\/Livio-Morosin-Band-1024x686.jpg\" class=\"attachment-large size-large wp-post-image\" alt=\"\" srcset=\"https:\/\/2024.adventupuli.hr\/wp-content\/uploads\/2024\/10\/Livio-Morosin-Band-1024x686.jpg 1024w, https:\/\/2024.adventupuli.hr\/wp-content\/uploads\/2024\/10\/Livio-Morosin-Band-300x201.jpg 300w, https:\/\/2024.adventupuli.hr\/wp-content\/uploads\/2024\/10\/Livio-Morosin-Band-768x515.jpg 768w, https:\/\/2024.adventupuli.hr\/wp-content\/uploads\/2024\/10\/Livio-Morosin-Band.jpg 1192w\" sizes=\"(max-width: 800px) 100vw, 800px\" \/>                <\/a>\n                <div class=\"etn-event-category\">\n                    <span>Programma musicale<\/span>                 <\/div>\n                            <\/div>\n                        <!-- thumbnail start-->\n\n            <!-- content start-->\n            <div class=\"etn-event-content\">\n                                                                                        \n                <h3 class=\"etn-title etn-event-title\"><a href=\"https:\/\/2024.adventupuli.hr\/it\/dogadaj\/livio-morosin-band\/\">\n                    Livio Morosin Band<\/a>\n                <\/h3>\n                                \n                <div class=\"etn-event-footer\">\n                    <div class=\"etn-event-date\">\n                                    <span>\n\t\t\t\t<i class=\"etn-icon etn-calendar\"><\/i>\n                7\/12\/2024            <\/span>\n\t\t\t                    <\/div>\n                   \n                <\/div>\n            <\/div>\n            <!-- content end-->\n        <\/div>\n        <!-- etn event item end-->\n    <\/div>\n        <div class=\"etn-col-md-6 etn-col-lg-3\">\n        <div class=\"etn-event-item\">\n            <!-- thumbnail -->\n                        <div class=\"etn-event-thumb\">\n                <a \n                    href=\"https:\/\/2024.adventupuli.hr\/it\/dogadaj\/adventski-vijenac-slovensko-kulturno-drustvo-pula\/\" \n                    aria-label=\"Programmi terminati\"\n                >\n                    <img fetchpriority=\"high\" decoding=\"async\" width=\"800\" height=\"533\" src=\"https:\/\/2024.adventupuli.hr\/wp-content\/uploads\/2024\/11\/Glazubeni_vijenac-1024x682.jpg\" class=\"attachment-large size-large wp-post-image\" alt=\"\" srcset=\"https:\/\/2024.adventupuli.hr\/wp-content\/uploads\/2024\/11\/Glazubeni_vijenac-1024x682.jpg 1024w, https:\/\/2024.adventupuli.hr\/wp-content\/uploads\/2024\/11\/Glazubeni_vijenac-300x200.jpg 300w, https:\/\/2024.adventupuli.hr\/wp-content\/uploads\/2024\/11\/Glazubeni_vijenac-768x511.jpg 768w, https:\/\/2024.adventupuli.hr\/wp-content\/uploads\/2024\/11\/Glazubeni_vijenac.jpg 1200w\" sizes=\"(max-width: 800px) 100vw, 800px\" \/>                <\/a>\n                <div class=\"etn-event-category\">\n                    <span>Programma musicale<\/span>                 <\/div>\n                            <\/div>\n                        <!-- thumbnail start-->\n\n            <!-- content start-->\n            <div class=\"etn-event-content\">\n                                                                                        \n                <h3 class=\"etn-title etn-event-title\"><a href=\"https:\/\/2024.adventupuli.hr\/it\/dogadaj\/adventski-vijenac-slovensko-kulturno-drustvo-pula\/\">\n                    La corona musicale &#8211; Esibizione del violinista Sre\u0107ko Savreti\u0107<\/a>\n                <\/h3>\n                                \n                <div class=\"etn-event-footer\">\n                    <div class=\"etn-event-date\">\n                                    <span>\n\t\t\t\t<i class=\"etn-icon etn-calendar\"><\/i>\n                8\/12\/2024            <\/span>\n\t\t\t                    <\/div>\n                   \n                <\/div>\n            <\/div>\n            <!-- content end-->\n        <\/div>\n        <!-- etn event item end-->\n    <\/div>\n        <div class=\"etn-col-md-6 etn-col-lg-3\">\n        <div class=\"etn-event-item\">\n            <!-- thumbnail -->\n                        <div class=\"etn-event-thumb\">\n                <a \n                    href=\"https:\/\/2024.adventupuli.hr\/it\/dogadaj\/bor-dobrih-prica-pip-i-popi-bozicno-drvce\/\" \n                    aria-label=\"Programmi terminati\"\n                >\n                    <img loading=\"lazy\" decoding=\"async\" width=\"800\" height=\"534\" src=\"https:\/\/2024.adventupuli.hr\/wp-content\/uploads\/2024\/11\/Djecja_knjiznica-1024x683.jpg\" class=\"attachment-large size-large wp-post-image\" alt=\"\" srcset=\"https:\/\/2024.adventupuli.hr\/wp-content\/uploads\/2024\/11\/Djecja_knjiznica-1024x683.jpg 1024w, https:\/\/2024.adventupuli.hr\/wp-content\/uploads\/2024\/11\/Djecja_knjiznica-300x200.jpg 300w, https:\/\/2024.adventupuli.hr\/wp-content\/uploads\/2024\/11\/Djecja_knjiznica-768x512.jpg 768w, https:\/\/2024.adventupuli.hr\/wp-content\/uploads\/2024\/11\/Djecja_knjiznica.jpg 1200w\" sizes=\"(max-width: 800px) 100vw, 800px\" \/>                <\/a>\n                <div class=\"etn-event-category\">\n                    <span>Programmi di biblioteca<\/span>                 <\/div>\n                            <\/div>\n                        <!-- thumbnail start-->\n\n            <!-- content start-->\n            <div class=\"etn-event-content\">\n                                                                                        \n                <h3 class=\"etn-title etn-event-title\"><a href=\"https:\/\/2024.adventupuli.hr\/it\/dogadaj\/bor-dobrih-prica-pip-i-popi-bozicno-drvce\/\">\n                    Albero di Natale delle belle storie &#8211; Lettera a Babbo Natale<\/a>\n                <\/h3>\n                                \n                <div class=\"etn-event-footer\">\n                    <div class=\"etn-event-date\">\n                                    <span>\n\t\t\t\t<i class=\"etn-icon etn-calendar\"><\/i>\n                9\/12\/2024            <\/span>\n\t\t\t                    <\/div>\n                   \n                <\/div>\n            <\/div>\n            <!-- content end-->\n        <\/div>\n        <!-- etn event item end-->\n    <\/div>\n        <div class=\"etn-col-md-6 etn-col-lg-3\">\n        <div class=\"etn-event-item\">\n            <!-- thumbnail -->\n                        <div class=\"etn-event-thumb\">\n                <a \n                    href=\"https:\/\/2024.adventupuli.hr\/it\/dogadaj\/s-puno-ljubavi-za-bozic-bozicna-potraga\/\" \n                    aria-label=\"Programmi terminati\"\n                >\n                    <img loading=\"lazy\" decoding=\"async\" width=\"800\" height=\"534\" src=\"https:\/\/2024.adventupuli.hr\/wp-content\/uploads\/2024\/11\/GKC-1024x683.jpg\" class=\"attachment-large size-large wp-post-image\" alt=\"\" srcset=\"https:\/\/2024.adventupuli.hr\/wp-content\/uploads\/2024\/11\/GKC-1024x683.jpg 1024w, https:\/\/2024.adventupuli.hr\/wp-content\/uploads\/2024\/11\/GKC-300x200.jpg 300w, https:\/\/2024.adventupuli.hr\/wp-content\/uploads\/2024\/11\/GKC-768x512.jpg 768w, https:\/\/2024.adventupuli.hr\/wp-content\/uploads\/2024\/11\/GKC.jpg 1200w\" sizes=\"(max-width: 800px) 100vw, 800px\" \/>                <\/a>\n                <div class=\"etn-event-category\">\n                    <span>Programmi di biblioteca<\/span>                 <\/div>\n                            <\/div>\n                        <!-- thumbnail start-->\n\n            <!-- content start-->\n            <div class=\"etn-event-content\">\n                                                                                        \n                <h3 class=\"etn-title etn-event-title\"><a href=\"https:\/\/2024.adventupuli.hr\/it\/dogadaj\/s-puno-ljubavi-za-bozic-bozicna-potraga\/\">\n                    Con tanto affetto per Natale! &#8211; Ricerca di Natale<\/a>\n                <\/h3>\n                                \n                <div class=\"etn-event-footer\">\n                    <div class=\"etn-event-date\">\n                                    <span>\n\t\t\t\t<i class=\"etn-icon etn-calendar\"><\/i>\n                10\/12\/2024            <\/span>\n\t\t\t                    <\/div>\n                   \n                <\/div>\n            <\/div>\n            <!-- content end-->\n        <\/div>\n        <!-- etn event item end-->\n    <\/div>\n        <div class=\"etn-col-md-6 etn-col-lg-3\">\n        <div class=\"etn-event-item\">\n            <!-- thumbnail -->\n                        <div class=\"etn-event-thumb\">\n                <a \n                    href=\"https:\/\/2024.adventupuli.hr\/it\/dogadaj\/zemlja-zabave\/\" \n                    aria-label=\"Programmi terminati\"\n                >\n                    <img loading=\"lazy\" decoding=\"async\" width=\"800\" height=\"533\" src=\"https:\/\/2024.adventupuli.hr\/wp-content\/uploads\/2024\/11\/Kuhinja-Bake-Mraz-1024x682.jpg\" class=\"attachment-large size-large wp-post-image\" alt=\"\" srcset=\"https:\/\/2024.adventupuli.hr\/wp-content\/uploads\/2024\/11\/Kuhinja-Bake-Mraz-1024x682.jpg 1024w, https:\/\/2024.adventupuli.hr\/wp-content\/uploads\/2024\/11\/Kuhinja-Bake-Mraz-300x200.jpg 300w, https:\/\/2024.adventupuli.hr\/wp-content\/uploads\/2024\/11\/Kuhinja-Bake-Mraz-768x511.jpg 768w, https:\/\/2024.adventupuli.hr\/wp-content\/uploads\/2024\/11\/Kuhinja-Bake-Mraz-1536x1022.jpg 1536w, https:\/\/2024.adventupuli.hr\/wp-content\/uploads\/2024\/11\/Kuhinja-Bake-Mraz.jpg 2048w\" sizes=\"(max-width: 800px) 100vw, 800px\" \/>                <\/a>\n                <div class=\"etn-event-category\">\n                    <span>Programma per bambini<\/span>                 <\/div>\n                            <\/div>\n                        <!-- thumbnail start-->\n\n            <!-- content start-->\n            <div class=\"etn-event-content\">\n                                                                                        \n                <h3 class=\"etn-title etn-event-title\"><a href=\"https:\/\/2024.adventupuli.hr\/it\/dogadaj\/zemlja-zabave\/\">\n                    Terra di divertimento<\/a>\n                <\/h3>\n                                \n                <div class=\"etn-event-footer\">\n                    <div class=\"etn-event-date\">\n                                    <span>\n\t\t\t\t<i class=\"etn-icon etn-calendar\"><\/i>\n                11\/12\/2024            <\/span>\n\t\t\t                    <\/div>\n                   \n                <\/div>\n            <\/div>\n            <!-- content end-->\n        <\/div>\n        <!-- etn event item end-->\n    <\/div>\n        <div class=\"etn-col-md-6 etn-col-lg-3\">\n        <div class=\"etn-event-item\">\n            <!-- thumbnail -->\n                        <div class=\"etn-event-thumb\">\n                <a \n                    href=\"https:\/\/2024.adventupuli.hr\/it\/dogadaj\/djed-bozicnjak-i-tri-medvjeda\/\" \n                    aria-label=\"Programmi terminati\"\n                >\n                    <img loading=\"lazy\" decoding=\"async\" width=\"800\" height=\"534\" src=\"https:\/\/2024.adventupuli.hr\/wp-content\/uploads\/2024\/11\/Djecja_knjiznica-1024x683.jpg\" class=\"attachment-large size-large wp-post-image\" alt=\"\" srcset=\"https:\/\/2024.adventupuli.hr\/wp-content\/uploads\/2024\/11\/Djecja_knjiznica-1024x683.jpg 1024w, https:\/\/2024.adventupuli.hr\/wp-content\/uploads\/2024\/11\/Djecja_knjiznica-300x200.jpg 300w, https:\/\/2024.adventupuli.hr\/wp-content\/uploads\/2024\/11\/Djecja_knjiznica-768x512.jpg 768w, https:\/\/2024.adventupuli.hr\/wp-content\/uploads\/2024\/11\/Djecja_knjiznica.jpg 1200w\" sizes=\"(max-width: 800px) 100vw, 800px\" \/>                <\/a>\n                <div class=\"etn-event-category\">\n                    <span>Programmi di biblioteca<\/span>                 <\/div>\n                            <\/div>\n                        <!-- thumbnail start-->\n\n            <!-- content start-->\n            <div class=\"etn-event-content\">\n                                                                                        \n                <h3 class=\"etn-title etn-event-title\"><a href=\"https:\/\/2024.adventupuli.hr\/it\/dogadaj\/djed-bozicnjak-i-tri-medvjeda\/\">\n                    Babbo Natale e i tre orsi<\/a>\n                <\/h3>\n                                \n                <div class=\"etn-event-footer\">\n                    <div class=\"etn-event-date\">\n                                    <span>\n\t\t\t\t<i class=\"etn-icon etn-calendar\"><\/i>\n                11\/12\/2024            <\/span>\n\t\t\t                    <\/div>\n                   \n                <\/div>\n            <\/div>\n            <!-- content end-->\n        <\/div>\n        <!-- etn event item end-->\n    <\/div>\n        <div class=\"etn-col-md-6 etn-col-lg-3\">\n        <div class=\"etn-event-item\">\n            <!-- thumbnail -->\n                        <div class=\"etn-event-thumb\">\n                <a \n                    href=\"https:\/\/2024.adventupuli.hr\/it\/dogadaj\/birikina-u-gostima-radionica-s-vilenjakom\/\" \n                    aria-label=\"Programmi terminati\"\n                >\n                    <img loading=\"lazy\" decoding=\"async\" width=\"800\" height=\"534\" src=\"https:\/\/2024.adventupuli.hr\/wp-content\/uploads\/2024\/11\/GKC-1024x683.jpg\" class=\"attachment-large size-large wp-post-image\" alt=\"\" srcset=\"https:\/\/2024.adventupuli.hr\/wp-content\/uploads\/2024\/11\/GKC-1024x683.jpg 1024w, https:\/\/2024.adventupuli.hr\/wp-content\/uploads\/2024\/11\/GKC-300x200.jpg 300w, https:\/\/2024.adventupuli.hr\/wp-content\/uploads\/2024\/11\/GKC-768x512.jpg 768w, https:\/\/2024.adventupuli.hr\/wp-content\/uploads\/2024\/11\/GKC.jpg 1200w\" sizes=\"(max-width: 800px) 100vw, 800px\" \/>                <\/a>\n                <div class=\"etn-event-category\">\n                    <span>Programmi di biblioteca<\/span>                 <\/div>\n                            <\/div>\n                        <!-- thumbnail start-->\n\n            <!-- content start-->\n            <div class=\"etn-event-content\">\n                                                                                        \n                <h3 class=\"etn-title etn-event-title\"><a href=\"https:\/\/2024.adventupuli.hr\/it\/dogadaj\/birikina-u-gostima-radionica-s-vilenjakom\/\">\n                    Birikina negli ospiti &#8211; Laboratorio con l&#8217;Elfo<\/a>\n                <\/h3>\n                                \n                <div class=\"etn-event-footer\">\n                    <div class=\"etn-event-date\">\n                                    <span>\n\t\t\t\t<i class=\"etn-icon etn-calendar\"><\/i>\n                11\/12\/2024            <\/span>\n\t\t\t                    <\/div>\n                   \n                <\/div>\n            <\/div>\n            <!-- content end-->\n        <\/div>\n        <!-- etn event item end-->\n    <\/div>\n        <div class=\"etn-col-md-6 etn-col-lg-3\">\n        <div class=\"etn-event-item\">\n            <!-- thumbnail -->\n                        <div class=\"etn-event-thumb\">\n                <a \n                    href=\"https:\/\/2024.adventupuli.hr\/it\/dogadaj\/tepih-na-raznju-3\/\" \n                    aria-label=\"Programmi terminati\"\n                >\n                    <img loading=\"lazy\" decoding=\"async\" width=\"800\" height=\"534\" src=\"https:\/\/2024.adventupuli.hr\/wp-content\/uploads\/2024\/11\/FB-event-1024x683.jpg\" class=\"attachment-large size-large wp-post-image\" alt=\"\" srcset=\"https:\/\/2024.adventupuli.hr\/wp-content\/uploads\/2024\/11\/FB-event-1024x683.jpg 1024w, https:\/\/2024.adventupuli.hr\/wp-content\/uploads\/2024\/11\/FB-event-300x200.jpg 300w, https:\/\/2024.adventupuli.hr\/wp-content\/uploads\/2024\/11\/FB-event-768x512.jpg 768w, https:\/\/2024.adventupuli.hr\/wp-content\/uploads\/2024\/11\/FB-event.jpg 1200w\" sizes=\"(max-width: 800px) 100vw, 800px\" \/>                <\/a>\n                <div class=\"etn-event-category\">\n                    <span>Spettacolo<\/span>                 <\/div>\n                            <\/div>\n                        <!-- thumbnail start-->\n\n            <!-- content start-->\n            <div class=\"etn-event-content\">\n                                                                                        \n                <h3 class=\"etn-title etn-event-title\"><a href=\"https:\/\/2024.adventupuli.hr\/it\/dogadaj\/tepih-na-raznju-3\/\">\n                    Tappetto sulla griglia<\/a>\n                <\/h3>\n                                \n                <div class=\"etn-event-footer\">\n                    <div class=\"etn-event-date\">\n                                    <span>\n\t\t\t\t<i class=\"etn-icon etn-calendar\"><\/i>\n                11\/12\/2024            <\/span>\n\t\t\t                    <\/div>\n                   \n                <\/div>\n            <\/div>\n            <!-- content end-->\n        <\/div>\n        <!-- etn event item end-->\n    <\/div>\n        <div class=\"etn-col-md-6 etn-col-lg-3\">\n        <div class=\"etn-event-item\">\n            <!-- thumbnail -->\n                        <div class=\"etn-event-thumb\">\n                <a \n                    href=\"https:\/\/2024.adventupuli.hr\/it\/dogadaj\/plesni-klub-infinity\/\" \n                    aria-label=\"Programmi terminati\"\n                >\n                    <img loading=\"lazy\" decoding=\"async\" width=\"800\" height=\"534\" src=\"https:\/\/2024.adventupuli.hr\/wp-content\/uploads\/2024\/11\/Infinity-1024x683.jpg\" class=\"attachment-large size-large wp-post-image\" alt=\"\" srcset=\"https:\/\/2024.adventupuli.hr\/wp-content\/uploads\/2024\/11\/Infinity-1024x683.jpg 1024w, https:\/\/2024.adventupuli.hr\/wp-content\/uploads\/2024\/11\/Infinity-300x200.jpg 300w, https:\/\/2024.adventupuli.hr\/wp-content\/uploads\/2024\/11\/Infinity-768x512.jpg 768w, https:\/\/2024.adventupuli.hr\/wp-content\/uploads\/2024\/11\/Infinity.jpg 1200w\" sizes=\"(max-width: 800px) 100vw, 800px\" \/>                <\/a>\n                <div class=\"etn-event-category\">\n                    <span>Programma di danza<\/span>                 <\/div>\n                            <\/div>\n                        <!-- thumbnail start-->\n\n            <!-- content start-->\n            <div class=\"etn-event-content\">\n                                                                                        \n                <h3 class=\"etn-title etn-event-title\"><a href=\"https:\/\/2024.adventupuli.hr\/it\/dogadaj\/plesni-klub-infinity\/\">\n                    Infinity<\/a>\n                <\/h3>\n                                \n                <div class=\"etn-event-footer\">\n                    <div class=\"etn-event-date\">\n                                    <span>\n\t\t\t\t<i class=\"etn-icon etn-calendar\"><\/i>\n                12\/12\/2024            <\/span>\n\t\t\t                    <\/div>\n                   \n                <\/div>\n            <\/div>\n            <!-- content end-->\n        <\/div>\n        <!-- etn event item end-->\n    <\/div>\n        <div class=\"etn-col-md-6 etn-col-lg-3\">\n        <div class=\"etn-event-item\">\n            <!-- thumbnail -->\n                        <div class=\"etn-event-thumb\">\n                <a \n                    href=\"https:\/\/2024.adventupuli.hr\/it\/dogadaj\/plesna-udruga-sense-dance\/\" \n                    aria-label=\"Programmi terminati\"\n                >\n                    <img loading=\"lazy\" decoding=\"async\" width=\"800\" height=\"533\" src=\"https:\/\/2024.adventupuli.hr\/wp-content\/uploads\/2024\/11\/Sense-1024x682.jpg\" class=\"attachment-large size-large wp-post-image\" alt=\"\" srcset=\"https:\/\/2024.adventupuli.hr\/wp-content\/uploads\/2024\/11\/Sense-1024x682.jpg 1024w, https:\/\/2024.adventupuli.hr\/wp-content\/uploads\/2024\/11\/Sense-300x200.jpg 300w, https:\/\/2024.adventupuli.hr\/wp-content\/uploads\/2024\/11\/Sense-768x511.jpg 768w, https:\/\/2024.adventupuli.hr\/wp-content\/uploads\/2024\/11\/Sense.jpg 1200w\" sizes=\"(max-width: 800px) 100vw, 800px\" \/>                <\/a>\n                <div class=\"etn-event-category\">\n                    <span>Programma di danza<\/span>                 <\/div>\n                            <\/div>\n                        <!-- thumbnail start-->\n\n            <!-- content start-->\n            <div class=\"etn-event-content\">\n                                                                                        \n                <h3 class=\"etn-title etn-event-title\"><a href=\"https:\/\/2024.adventupuli.hr\/it\/dogadaj\/plesna-udruga-sense-dance\/\">\n                    Sense &#038; dance<\/a>\n                <\/h3>\n                                \n                <div class=\"etn-event-footer\">\n                    <div class=\"etn-event-date\">\n                                    <span>\n\t\t\t\t<i class=\"etn-icon etn-calendar\"><\/i>\n                12\/12\/2024            <\/span>\n\t\t\t                    <\/div>\n                   \n                <\/div>\n            <\/div>\n            <!-- content end-->\n        <\/div>\n        <!-- etn event item end-->\n    <\/div>\n        <div class=\"etn-col-md-6 etn-col-lg-3\">\n        <div class=\"etn-event-item\">\n            <!-- thumbnail -->\n                        <div class=\"etn-event-thumb\">\n                <a \n                    href=\"https:\/\/2024.adventupuli.hr\/it\/dogadaj\/smooth-jazz-quartet\/\" \n                    aria-label=\"Programmi terminati\"\n                >\n                    <img loading=\"lazy\" decoding=\"async\" width=\"800\" height=\"534\" src=\"https:\/\/2024.adventupuli.hr\/wp-content\/uploads\/2024\/11\/ADVENT-LOGO-2024-1024x683.jpg\" class=\"attachment-large size-large wp-post-image\" alt=\"\" srcset=\"https:\/\/2024.adventupuli.hr\/wp-content\/uploads\/2024\/11\/ADVENT-LOGO-2024-1024x683.jpg 1024w, https:\/\/2024.adventupuli.hr\/wp-content\/uploads\/2024\/11\/ADVENT-LOGO-2024-300x200.jpg 300w, https:\/\/2024.adventupuli.hr\/wp-content\/uploads\/2024\/11\/ADVENT-LOGO-2024-768x512.jpg 768w, https:\/\/2024.adventupuli.hr\/wp-content\/uploads\/2024\/11\/ADVENT-LOGO-2024.jpg 1200w\" sizes=\"(max-width: 800px) 100vw, 800px\" \/>                <\/a>\n                <div class=\"etn-event-category\">\n                    <span>Programma musicale<\/span>                 <\/div>\n                            <\/div>\n                        <!-- thumbnail start-->\n\n            <!-- content start-->\n            <div class=\"etn-event-content\">\n                                                                                        \n                <h3 class=\"etn-title etn-event-title\"><a href=\"https:\/\/2024.adventupuli.hr\/it\/dogadaj\/smooth-jazz-quartet\/\">\n                    Smooth Jazz Quartet<\/a>\n                <\/h3>\n                                \n                <div class=\"etn-event-footer\">\n                    <div class=\"etn-event-date\">\n                                    <span>\n\t\t\t\t<i class=\"etn-icon etn-calendar\"><\/i>\n                12\/12\/2024            <\/span>\n\t\t\t                    <\/div>\n                   \n                <\/div>\n            <\/div>\n            <!-- content end-->\n        <\/div>\n        <!-- etn event item end-->\n    <\/div>\n        <div class=\"etn-col-md-6 etn-col-lg-3\">\n        <div class=\"etn-event-item\">\n            <!-- thumbnail -->\n                        <div class=\"etn-event-thumb\">\n                <a \n                    href=\"https:\/\/2024.adventupuli.hr\/it\/dogadaj\/dj-nice-4\/\" \n                    aria-label=\"Programmi terminati\"\n                >\n                    <img loading=\"lazy\" decoding=\"async\" width=\"800\" height=\"534\" src=\"https:\/\/2024.adventupuli.hr\/wp-content\/uploads\/2024\/11\/IMG_6771-1024x683.jpg\" class=\"attachment-large size-large wp-post-image\" alt=\"\" srcset=\"https:\/\/2024.adventupuli.hr\/wp-content\/uploads\/2024\/11\/IMG_6771-1024x683.jpg 1024w, https:\/\/2024.adventupuli.hr\/wp-content\/uploads\/2024\/11\/IMG_6771-300x200.jpg 300w, https:\/\/2024.adventupuli.hr\/wp-content\/uploads\/2024\/11\/IMG_6771-768x512.jpg 768w, https:\/\/2024.adventupuli.hr\/wp-content\/uploads\/2024\/11\/IMG_6771-1536x1024.jpg 1536w, https:\/\/2024.adventupuli.hr\/wp-content\/uploads\/2024\/11\/IMG_6771.jpg 1620w\" sizes=\"(max-width: 800px) 100vw, 800px\" \/>                <\/a>\n                <div class=\"etn-event-category\">\n                    <span>Programma musicale<\/span>                 <\/div>\n                            <\/div>\n                        <!-- thumbnail start-->\n\n            <!-- content start-->\n            <div class=\"etn-event-content\">\n                                                                                        \n                <h3 class=\"etn-title etn-event-title\"><a href=\"https:\/\/2024.adventupuli.hr\/it\/dogadaj\/dj-nice-4\/\">\n                    DJ Nice<\/a>\n                <\/h3>\n                                \n                <div class=\"etn-event-footer\">\n                    <div class=\"etn-event-date\">\n                                    <span>\n\t\t\t\t<i class=\"etn-icon etn-calendar\"><\/i>\n                12\/12\/2024            <\/span>\n\t\t\t                    <\/div>\n                   \n                <\/div>\n            <\/div>\n            <!-- content end-->\n        <\/div>\n        <!-- etn event item end-->\n    <\/div>\n        <div class=\"etn-col-md-6 etn-col-lg-3\">\n        <div class=\"etn-event-item\">\n            <!-- thumbnail -->\n                        <div class=\"etn-event-thumb\">\n                <a \n                    href=\"https:\/\/2024.adventupuli.hr\/it\/dogadaj\/udruga-birikina-pula\/\" \n                    aria-label=\"Programmi terminati\"\n                >\n                    <img loading=\"lazy\" decoding=\"async\" width=\"800\" height=\"534\" src=\"https:\/\/2024.adventupuli.hr\/wp-content\/uploads\/2024\/11\/Birikina-1024x684.jpg\" class=\"attachment-large size-large wp-post-image\" alt=\"\" srcset=\"https:\/\/2024.adventupuli.hr\/wp-content\/uploads\/2024\/11\/Birikina-1024x684.jpg 1024w, https:\/\/2024.adventupuli.hr\/wp-content\/uploads\/2024\/11\/Birikina-300x200.jpg 300w, https:\/\/2024.adventupuli.hr\/wp-content\/uploads\/2024\/11\/Birikina-768x513.jpg 768w, https:\/\/2024.adventupuli.hr\/wp-content\/uploads\/2024\/11\/Birikina.jpg 1200w\" sizes=\"(max-width: 800px) 100vw, 800px\" \/>                <\/a>\n                <div class=\"etn-event-category\">\n                    <span>Programma per bambini<\/span>                 <\/div>\n                            <\/div>\n                        <!-- thumbnail start-->\n\n            <!-- content start-->\n            <div class=\"etn-event-content\">\n                                                                                        \n                <h3 class=\"etn-title etn-event-title\"><a href=\"https:\/\/2024.adventupuli.hr\/it\/dogadaj\/udruga-birikina-pula\/\">\n                    Associazione Birikina<\/a>\n                <\/h3>\n                                \n                <div class=\"etn-event-footer\">\n                    <div class=\"etn-event-date\">\n                                    <span>\n\t\t\t\t<i class=\"etn-icon etn-calendar\"><\/i>\n                13\/12\/2024            <\/span>\n\t\t\t                    <\/div>\n                   \n                <\/div>\n            <\/div>\n            <!-- content end-->\n        <\/div>\n        <!-- etn event item end-->\n    <\/div>\n        <div class=\"etn-col-md-6 etn-col-lg-3\">\n        <div class=\"etn-event-item\">\n            <!-- thumbnail -->\n                        <div class=\"etn-event-thumb\">\n                <a \n                    href=\"https:\/\/2024.adventupuli.hr\/it\/dogadaj\/koncert-studenata-muzicke-akademije-na-blagdan-sv-lucije\/\" \n                    aria-label=\"Programmi terminati\"\n                >\n                    <img loading=\"lazy\" decoding=\"async\" width=\"800\" height=\"534\" src=\"https:\/\/2024.adventupuli.hr\/wp-content\/uploads\/2024\/11\/GKC-1024x683.jpg\" class=\"attachment-large size-large wp-post-image\" alt=\"\" srcset=\"https:\/\/2024.adventupuli.hr\/wp-content\/uploads\/2024\/11\/GKC-1024x683.jpg 1024w, https:\/\/2024.adventupuli.hr\/wp-content\/uploads\/2024\/11\/GKC-300x200.jpg 300w, https:\/\/2024.adventupuli.hr\/wp-content\/uploads\/2024\/11\/GKC-768x512.jpg 768w, https:\/\/2024.adventupuli.hr\/wp-content\/uploads\/2024\/11\/GKC.jpg 1200w\" sizes=\"(max-width: 800px) 100vw, 800px\" \/>                <\/a>\n                <div class=\"etn-event-category\">\n                    <span>Programmi di biblioteca<\/span>                 <\/div>\n                            <\/div>\n                        <!-- thumbnail start-->\n\n            <!-- content start-->\n            <div class=\"etn-event-content\">\n                                                                                        \n                <h3 class=\"etn-title etn-event-title\"><a href=\"https:\/\/2024.adventupuli.hr\/it\/dogadaj\/koncert-studenata-muzicke-akademije-na-blagdan-sv-lucije\/\">\n                    Concerto degli studenti dell&#8217;Accademia di musica  in occasione della festa di Santa Lucia.<\/a>\n                <\/h3>\n                                \n                <div class=\"etn-event-footer\">\n                    <div class=\"etn-event-date\">\n                                    <span>\n\t\t\t\t<i class=\"etn-icon etn-calendar\"><\/i>\n                13\/12\/2024            <\/span>\n\t\t\t                    <\/div>\n                   \n                <\/div>\n            <\/div>\n            <!-- content end-->\n        <\/div>\n        <!-- etn event item end-->\n    <\/div>\n        <div class=\"etn-col-md-6 etn-col-lg-3\">\n        <div class=\"etn-event-item\">\n            <!-- thumbnail -->\n                        <div class=\"etn-event-thumb\">\n                <a \n                    href=\"https:\/\/2024.adventupuli.hr\/it\/dogadaj\/price-u-prosincu-prica-o-tri-snjegovica\/\" \n                    aria-label=\"Programmi terminati\"\n                >\n                    <img loading=\"lazy\" decoding=\"async\" width=\"800\" height=\"534\" src=\"https:\/\/2024.adventupuli.hr\/wp-content\/uploads\/2024\/11\/GKC-1024x683.jpg\" class=\"attachment-large size-large wp-post-image\" alt=\"\" srcset=\"https:\/\/2024.adventupuli.hr\/wp-content\/uploads\/2024\/11\/GKC-1024x683.jpg 1024w, https:\/\/2024.adventupuli.hr\/wp-content\/uploads\/2024\/11\/GKC-300x200.jpg 300w, https:\/\/2024.adventupuli.hr\/wp-content\/uploads\/2024\/11\/GKC-768x512.jpg 768w, https:\/\/2024.adventupuli.hr\/wp-content\/uploads\/2024\/11\/GKC.jpg 1200w\" sizes=\"(max-width: 800px) 100vw, 800px\" \/>                <\/a>\n                <div class=\"etn-event-category\">\n                    <span>Programmi di biblioteca<\/span>                 <\/div>\n                            <\/div>\n                        <!-- thumbnail start-->\n\n            <!-- content start-->\n            <div class=\"etn-event-content\">\n                                                                                        \n                <h3 class=\"etn-title etn-event-title\"><a href=\"https:\/\/2024.adventupuli.hr\/it\/dogadaj\/price-u-prosincu-prica-o-tri-snjegovica\/\">\n                    Racconti di dicembre &#8211; La storia di tre pupazzi di neve<\/a>\n                <\/h3>\n                                \n                <div class=\"etn-event-footer\">\n                    <div class=\"etn-event-date\">\n                                    <span>\n\t\t\t\t<i class=\"etn-icon etn-calendar\"><\/i>\n                13\/12\/2024            <\/span>\n\t\t\t                    <\/div>\n                   \n                <\/div>\n            <\/div>\n            <!-- content end-->\n        <\/div>\n        <!-- etn event item end-->\n    <\/div>\n        <div class=\"etn-col-md-6 etn-col-lg-3\">\n        <div class=\"etn-event-item\">\n            <!-- thumbnail -->\n                        <div class=\"etn-event-thumb\">\n                <a \n                    href=\"https:\/\/2024.adventupuli.hr\/it\/dogadaj\/bolerosi-feat-pato-nuno-tellez\/\" \n                    aria-label=\"Programmi terminati\"\n                >\n                    <img loading=\"lazy\" decoding=\"async\" width=\"724\" height=\"1024\" src=\"https:\/\/2024.adventupuli.hr\/wp-content\/uploads\/2024\/12\/image-724x1024.png\" class=\"attachment-large size-large wp-post-image\" alt=\"\" srcset=\"https:\/\/2024.adventupuli.hr\/wp-content\/uploads\/2024\/12\/image-724x1024.png 724w, https:\/\/2024.adventupuli.hr\/wp-content\/uploads\/2024\/12\/image-212x300.png 212w, https:\/\/2024.adventupuli.hr\/wp-content\/uploads\/2024\/12\/image-768x1086.png 768w, https:\/\/2024.adventupuli.hr\/wp-content\/uploads\/2024\/12\/image-1086x1536.png 1086w, https:\/\/2024.adventupuli.hr\/wp-content\/uploads\/2024\/12\/image.png 1131w\" sizes=\"(max-width: 724px) 100vw, 724px\" \/>                <\/a>\n                <div class=\"etn-event-category\">\n                    <span>Programma musicale<\/span>                 <\/div>\n                            <\/div>\n                        <!-- thumbnail start-->\n\n            <!-- content start-->\n            <div class=\"etn-event-content\">\n                                                                                        \n                <h3 class=\"etn-title etn-event-title\"><a href=\"https:\/\/2024.adventupuli.hr\/it\/dogadaj\/bolerosi-feat-pato-nuno-tellez\/\">\n                    Bolerosi feat. Pato Nuno Tellez<\/a>\n                <\/h3>\n                                \n                <div class=\"etn-event-footer\">\n                    <div class=\"etn-event-date\">\n                                    <span>\n\t\t\t\t<i class=\"etn-icon etn-calendar\"><\/i>\n                13\/12\/2024            <\/span>\n\t\t\t                    <\/div>\n                   \n                <\/div>\n            <\/div>\n            <!-- content end-->\n        <\/div>\n        <!-- etn event item end-->\n    <\/div>\n        <div class=\"etn-col-md-6 etn-col-lg-3\">\n        <div class=\"etn-event-item\">\n            <!-- thumbnail -->\n                        <div class=\"etn-event-thumb\">\n                <a \n                    href=\"https:\/\/2024.adventupuli.hr\/it\/dogadaj\/nika-turkovic\/\" \n                    aria-label=\"Programmi terminati\"\n                >\n                    <img loading=\"lazy\" decoding=\"async\" width=\"800\" height=\"534\" src=\"https:\/\/2024.adventupuli.hr\/wp-content\/uploads\/2024\/10\/NikaT_0597-1-1024x683.jpg\" class=\"attachment-large size-large wp-post-image\" alt=\"\" srcset=\"https:\/\/2024.adventupuli.hr\/wp-content\/uploads\/2024\/10\/NikaT_0597-1-1024x683.jpg 1024w, https:\/\/2024.adventupuli.hr\/wp-content\/uploads\/2024\/10\/NikaT_0597-1-300x200.jpg 300w, https:\/\/2024.adventupuli.hr\/wp-content\/uploads\/2024\/10\/NikaT_0597-1-768x512.jpg 768w, https:\/\/2024.adventupuli.hr\/wp-content\/uploads\/2024\/10\/NikaT_0597-1.jpg 1200w\" sizes=\"(max-width: 800px) 100vw, 800px\" \/>                <\/a>\n                <div class=\"etn-event-category\">\n                    <span>Programma musicale<\/span>                 <\/div>\n                            <\/div>\n                        <!-- thumbnail start-->\n\n            <!-- content start-->\n            <div class=\"etn-event-content\">\n                                                                                        \n                <h3 class=\"etn-title etn-event-title\"><a href=\"https:\/\/2024.adventupuli.hr\/it\/dogadaj\/nika-turkovic\/\">\n                    Nika Turkovi\u0107<\/a>\n                <\/h3>\n                                \n                <div class=\"etn-event-footer\">\n                    <div class=\"etn-event-date\">\n                                    <span>\n\t\t\t\t<i class=\"etn-icon etn-calendar\"><\/i>\n                13\/12\/2024            <\/span>\n\t\t\t                    <\/div>\n                   \n                <\/div>\n            <\/div>\n            <!-- content end-->\n        <\/div>\n        <!-- etn event item end-->\n    <\/div>\n        <div class=\"etn-col-md-6 etn-col-lg-3\">\n        <div class=\"etn-event-item\">\n            <!-- thumbnail -->\n                        <div class=\"etn-event-thumb\">\n                <a \n                    href=\"https:\/\/2024.adventupuli.hr\/it\/dogadaj\/bozic-u-ink-marko-skugor\/\" \n                    aria-label=\"Programmi terminati\"\n                >\n                    <img loading=\"lazy\" decoding=\"async\" width=\"800\" height=\"534\" src=\"https:\/\/2024.adventupuli.hr\/wp-content\/uploads\/2024\/11\/Bozic-u-INK-foto-1024x683.jpg\" class=\"attachment-large size-large wp-post-image\" alt=\"\" srcset=\"https:\/\/2024.adventupuli.hr\/wp-content\/uploads\/2024\/11\/Bozic-u-INK-foto-1024x683.jpg 1024w, https:\/\/2024.adventupuli.hr\/wp-content\/uploads\/2024\/11\/Bozic-u-INK-foto-300x200.jpg 300w, https:\/\/2024.adventupuli.hr\/wp-content\/uploads\/2024\/11\/Bozic-u-INK-foto-768x512.jpg 768w, https:\/\/2024.adventupuli.hr\/wp-content\/uploads\/2024\/11\/Bozic-u-INK-foto.jpg 1200w\" sizes=\"(max-width: 800px) 100vw, 800px\" \/>                <\/a>\n                <div class=\"etn-event-category\">\n                    <span>Programma musicale<\/span>                 <\/div>\n                            <\/div>\n                        <!-- thumbnail start-->\n\n            <!-- content start-->\n            <div class=\"etn-event-content\">\n                                                                                        \n                <h3 class=\"etn-title etn-event-title\"><a href=\"https:\/\/2024.adventupuli.hr\/it\/dogadaj\/bozic-u-ink-marko-skugor\/\">\n                    Natale a Teatro &#8211; Marko \u0160kugor<\/a>\n                <\/h3>\n                                \n                <div class=\"etn-event-footer\">\n                    <div class=\"etn-event-date\">\n                                    <span>\n\t\t\t\t<i class=\"etn-icon etn-calendar\"><\/i>\n                13\/12\/2024            <\/span>\n\t\t\t                    <\/div>\n                   \n                <\/div>\n            <\/div>\n            <!-- content end-->\n        <\/div>\n        <!-- etn event item end-->\n    <\/div>\n        <div class=\"etn-col-md-6 etn-col-lg-3\">\n        <div class=\"etn-event-item\">\n            <!-- thumbnail -->\n                        <div class=\"etn-event-thumb\">\n                <a \n                    href=\"https:\/\/2024.adventupuli.hr\/it\/dogadaj\/dj-nice-3\/\" \n                    aria-label=\"Programmi terminati\"\n                >\n                    <img loading=\"lazy\" decoding=\"async\" width=\"800\" height=\"534\" src=\"https:\/\/2024.adventupuli.hr\/wp-content\/uploads\/2024\/11\/IMG_6771-1024x683.jpg\" class=\"attachment-large size-large wp-post-image\" alt=\"\" srcset=\"https:\/\/2024.adventupuli.hr\/wp-content\/uploads\/2024\/11\/IMG_6771-1024x683.jpg 1024w, https:\/\/2024.adventupuli.hr\/wp-content\/uploads\/2024\/11\/IMG_6771-300x200.jpg 300w, https:\/\/2024.adventupuli.hr\/wp-content\/uploads\/2024\/11\/IMG_6771-768x512.jpg 768w, https:\/\/2024.adventupuli.hr\/wp-content\/uploads\/2024\/11\/IMG_6771-1536x1024.jpg 1536w, https:\/\/2024.adventupuli.hr\/wp-content\/uploads\/2024\/11\/IMG_6771.jpg 1620w\" sizes=\"(max-width: 800px) 100vw, 800px\" \/>                <\/a>\n                <div class=\"etn-event-category\">\n                    <span>Programma musicale<\/span>                 <\/div>\n                            <\/div>\n                        <!-- thumbnail start-->\n\n            <!-- content start-->\n            <div class=\"etn-event-content\">\n                                                                                        \n                <h3 class=\"etn-title etn-event-title\"><a href=\"https:\/\/2024.adventupuli.hr\/it\/dogadaj\/dj-nice-3\/\">\n                    DJ Nice<\/a>\n                <\/h3>\n                                \n                <div class=\"etn-event-footer\">\n                    <div class=\"etn-event-date\">\n                                    <span>\n\t\t\t\t<i class=\"etn-icon etn-calendar\"><\/i>\n                13\/12\/2024            <\/span>\n\t\t\t                    <\/div>\n                   \n                <\/div>\n            <\/div>\n            <!-- content end-->\n        <\/div>\n        <!-- etn event item end-->\n    <\/div>\n        <div class=\"etn-col-md-6 etn-col-lg-3\">\n        <div class=\"etn-event-item\">\n            <!-- thumbnail -->\n                        <div class=\"etn-event-thumb\">\n                <a \n                    href=\"https:\/\/2024.adventupuli.hr\/it\/dogadaj\/zuti-kisobran-2\/\" \n                    aria-label=\"Programmi terminati\"\n                >\n                    <img loading=\"lazy\" decoding=\"async\" width=\"800\" height=\"535\" src=\"https:\/\/2024.adventupuli.hr\/wp-content\/uploads\/2024\/11\/Zuti_kisobran-1024x685.jpg\" class=\"attachment-large size-large wp-post-image\" alt=\"\" srcset=\"https:\/\/2024.adventupuli.hr\/wp-content\/uploads\/2024\/11\/Zuti_kisobran-1024x685.jpg 1024w, https:\/\/2024.adventupuli.hr\/wp-content\/uploads\/2024\/11\/Zuti_kisobran-300x201.jpg 300w, https:\/\/2024.adventupuli.hr\/wp-content\/uploads\/2024\/11\/Zuti_kisobran-768x514.jpg 768w, https:\/\/2024.adventupuli.hr\/wp-content\/uploads\/2024\/11\/Zuti_kisobran.jpg 1197w\" sizes=\"(max-width: 800px) 100vw, 800px\" \/>                <\/a>\n                <div class=\"etn-event-category\">\n                    <span>Programma per bambini<\/span>                 <\/div>\n                            <\/div>\n                        <!-- thumbnail start-->\n\n            <!-- content start-->\n            <div class=\"etn-event-content\">\n                                                                                        \n                <h3 class=\"etn-title etn-event-title\"><a href=\"https:\/\/2024.adventupuli.hr\/it\/dogadaj\/zuti-kisobran-2\/\">\n                    L&#8217;ombrello giallo<\/a>\n                <\/h3>\n                                \n                <div class=\"etn-event-footer\">\n                    <div class=\"etn-event-date\">\n                                    <span>\n\t\t\t\t<i class=\"etn-icon etn-calendar\"><\/i>\n                14\/12\/2024            <\/span>\n\t\t\t                    <\/div>\n                   \n                <\/div>\n            <\/div>\n            <!-- content end-->\n        <\/div>\n        <!-- etn event item end-->\n    <\/div>\n        <div class=\"etn-col-md-6 etn-col-lg-3\">\n        <div class=\"etn-event-item\">\n            <!-- thumbnail -->\n                        <div class=\"etn-event-thumb\">\n                <a \n                    href=\"https:\/\/2024.adventupuli.hr\/it\/dogadaj\/tvornica-djeda-bozicnjaka-djecji-bozic\/\" \n                    aria-label=\"Programmi terminati\"\n                >\n                    <img loading=\"lazy\" decoding=\"async\" width=\"800\" height=\"534\" src=\"https:\/\/2024.adventupuli.hr\/wp-content\/uploads\/2024\/11\/GKC-1024x683.jpg\" class=\"attachment-large size-large wp-post-image\" alt=\"\" srcset=\"https:\/\/2024.adventupuli.hr\/wp-content\/uploads\/2024\/11\/GKC-1024x683.jpg 1024w, https:\/\/2024.adventupuli.hr\/wp-content\/uploads\/2024\/11\/GKC-300x200.jpg 300w, https:\/\/2024.adventupuli.hr\/wp-content\/uploads\/2024\/11\/GKC-768x512.jpg 768w, https:\/\/2024.adventupuli.hr\/wp-content\/uploads\/2024\/11\/GKC.jpg 1200w\" sizes=\"(max-width: 800px) 100vw, 800px\" \/>                <\/a>\n                <div class=\"etn-event-category\">\n                    <span>Programmi di biblioteca<\/span>                 <\/div>\n                            <\/div>\n                        <!-- thumbnail start-->\n\n            <!-- content start-->\n            <div class=\"etn-event-content\">\n                                                                                        \n                <h3 class=\"etn-title etn-event-title\"><a href=\"https:\/\/2024.adventupuli.hr\/it\/dogadaj\/tvornica-djeda-bozicnjaka-djecji-bozic\/\">\n                    La fabbrica di Babbo Natale &#8211; Natale dei bambini<\/a>\n                <\/h3>\n                                \n                <div class=\"etn-event-footer\">\n                    <div class=\"etn-event-date\">\n                                    <span>\n\t\t\t\t<i class=\"etn-icon etn-calendar\"><\/i>\n                14\/12\/2024            <\/span>\n\t\t\t                    <\/div>\n                   \n                <\/div>\n            <\/div>\n            <!-- content end-->\n        <\/div>\n        <!-- etn event item end-->\n    <\/div>\n        <div class=\"etn-col-md-6 etn-col-lg-3\">\n        <div class=\"etn-event-item\">\n            <!-- thumbnail -->\n                        <div class=\"etn-event-thumb\">\n                <a \n                    href=\"https:\/\/2024.adventupuli.hr\/it\/dogadaj\/jazz-christmas-leon-brenko-quartet-feat-ivona-fabris\/\" \n                    aria-label=\"Programmi terminati\"\n                >\n                    <img loading=\"lazy\" decoding=\"async\" width=\"800\" height=\"533\" src=\"https:\/\/2024.adventupuli.hr\/wp-content\/uploads\/2024\/11\/Trznica-1024x682.jpg\" class=\"attachment-large size-large wp-post-image\" alt=\"\" srcset=\"https:\/\/2024.adventupuli.hr\/wp-content\/uploads\/2024\/11\/Trznica-1024x682.jpg 1024w, https:\/\/2024.adventupuli.hr\/wp-content\/uploads\/2024\/11\/Trznica-300x200.jpg 300w, https:\/\/2024.adventupuli.hr\/wp-content\/uploads\/2024\/11\/Trznica-768x511.jpg 768w, https:\/\/2024.adventupuli.hr\/wp-content\/uploads\/2024\/11\/Trznica.jpg 1200w\" sizes=\"(max-width: 800px) 100vw, 800px\" \/>                <\/a>\n                <div class=\"etn-event-category\">\n                    <span>Programma musicale<\/span>                 <\/div>\n                            <\/div>\n                        <!-- thumbnail start-->\n\n            <!-- content start-->\n            <div class=\"etn-event-content\">\n                                                                                        \n                <h3 class=\"etn-title etn-event-title\"><a href=\"https:\/\/2024.adventupuli.hr\/it\/dogadaj\/jazz-christmas-leon-brenko-quartet-feat-ivona-fabris\/\">\n                    Jazz Christmas Leon Brenko Quartet feat. Ivona Fabris<\/a>\n                <\/h3>\n                                \n                <div class=\"etn-event-footer\">\n                    <div class=\"etn-event-date\">\n                                    <span>\n\t\t\t\t<i class=\"etn-icon etn-calendar\"><\/i>\n                14\/12\/2024            <\/span>\n\t\t\t                    <\/div>\n                   \n                <\/div>\n            <\/div>\n            <!-- content end-->\n        <\/div>\n        <!-- etn event item end-->\n    <\/div>\n        <div class=\"etn-col-md-6 etn-col-lg-3\">\n        <div class=\"etn-event-item\">\n            <!-- thumbnail -->\n                        <div class=\"etn-event-thumb\">\n                <a \n                    href=\"https:\/\/2024.adventupuli.hr\/it\/dogadaj\/twin-horn-docek-djeda-mraza\/\" \n                    aria-label=\"Programmi terminati\"\n                >\n                    <img loading=\"lazy\" decoding=\"async\" width=\"800\" height=\"534\" src=\"https:\/\/2024.adventupuli.hr\/wp-content\/uploads\/2024\/11\/Twin_HORN-1024x683.jpg\" class=\"attachment-large size-large wp-post-image\" alt=\"\" srcset=\"https:\/\/2024.adventupuli.hr\/wp-content\/uploads\/2024\/11\/Twin_HORN-1024x683.jpg 1024w, https:\/\/2024.adventupuli.hr\/wp-content\/uploads\/2024\/11\/Twin_HORN-300x200.jpg 300w, https:\/\/2024.adventupuli.hr\/wp-content\/uploads\/2024\/11\/Twin_HORN-768x512.jpg 768w, https:\/\/2024.adventupuli.hr\/wp-content\/uploads\/2024\/11\/Twin_HORN.jpg 1200w\" sizes=\"(max-width: 800px) 100vw, 800px\" \/>                <\/a>\n                <div class=\"etn-event-category\">\n                    <span>Programma per bambini<\/span>                 <\/div>\n                            <\/div>\n                        <!-- thumbnail start-->\n\n            <!-- content start-->\n            <div class=\"etn-event-content\">\n                                                                                        \n                <h3 class=\"etn-title etn-event-title\"><a href=\"https:\/\/2024.adventupuli.hr\/it\/dogadaj\/twin-horn-docek-djeda-mraza\/\">\n                    Twin Horn &#8211; L&#8217;Arrivo di Babbo Natale + \u010carobna frula<\/a>\n                <\/h3>\n                                \n                <div class=\"etn-event-footer\">\n                    <div class=\"etn-event-date\">\n                                    <span>\n\t\t\t\t<i class=\"etn-icon etn-calendar\"><\/i>\n                14\/12\/2024            <\/span>\n\t\t\t                    <\/div>\n                   \n                <\/div>\n            <\/div>\n            <!-- content end-->\n        <\/div>\n        <!-- etn event item end-->\n    <\/div>\n        <div class=\"etn-col-md-6 etn-col-lg-3\">\n        <div class=\"etn-event-item\">\n            <!-- thumbnail -->\n                        <div class=\"etn-event-thumb\">\n                <a \n                    href=\"https:\/\/2024.adventupuli.hr\/it\/dogadaj\/udruga-puppeta\/\" \n                    aria-label=\"Programmi terminati\"\n                >\n                    <img loading=\"lazy\" decoding=\"async\" width=\"800\" height=\"534\" src=\"https:\/\/2024.adventupuli.hr\/wp-content\/uploads\/2024\/11\/Puppeta-1024x683.jpg\" class=\"attachment-large size-large wp-post-image\" alt=\"\" srcset=\"https:\/\/2024.adventupuli.hr\/wp-content\/uploads\/2024\/11\/Puppeta-1024x683.jpg 1024w, https:\/\/2024.adventupuli.hr\/wp-content\/uploads\/2024\/11\/Puppeta-300x200.jpg 300w, https:\/\/2024.adventupuli.hr\/wp-content\/uploads\/2024\/11\/Puppeta-768x512.jpg 768w, https:\/\/2024.adventupuli.hr\/wp-content\/uploads\/2024\/11\/Puppeta.jpg 1199w\" sizes=\"(max-width: 800px) 100vw, 800px\" \/>                <\/a>\n                <div class=\"etn-event-category\">\n                    <span>Programma per bambini<\/span>                 <\/div>\n                            <\/div>\n                        <!-- thumbnail start-->\n\n            <!-- content start-->\n            <div class=\"etn-event-content\">\n                                                                                        \n                <h3 class=\"etn-title etn-event-title\"><a href=\"https:\/\/2024.adventupuli.hr\/it\/dogadaj\/udruga-puppeta\/\">\n                    Associazione Puppeta<\/a>\n                <\/h3>\n                                \n                <div class=\"etn-event-footer\">\n                    <div class=\"etn-event-date\">\n                                    <span>\n\t\t\t\t<i class=\"etn-icon etn-calendar\"><\/i>\n                14\/12\/2024            <\/span>\n\t\t\t                    <\/div>\n                   \n                <\/div>\n            <\/div>\n            <!-- content end-->\n        <\/div>\n        <!-- etn event item end-->\n    <\/div>\n        <div class=\"etn-col-md-6 etn-col-lg-3\">\n        <div class=\"etn-event-item\">\n            <!-- thumbnail -->\n                        <div class=\"etn-event-thumb\">\n                <a \n                    href=\"https:\/\/2024.adventupuli.hr\/it\/dogadaj\/vecer-tradicijske-glazbe-i-plesa\/\" \n                    aria-label=\"Programmi terminati\"\n                >\n                    <img loading=\"lazy\" decoding=\"async\" width=\"800\" height=\"534\" src=\"https:\/\/2024.adventupuli.hr\/wp-content\/uploads\/2024\/11\/ADVENT-LOGO-2024-1024x683.jpg\" class=\"attachment-large size-large wp-post-image\" alt=\"\" srcset=\"https:\/\/2024.adventupuli.hr\/wp-content\/uploads\/2024\/11\/ADVENT-LOGO-2024-1024x683.jpg 1024w, https:\/\/2024.adventupuli.hr\/wp-content\/uploads\/2024\/11\/ADVENT-LOGO-2024-300x200.jpg 300w, https:\/\/2024.adventupuli.hr\/wp-content\/uploads\/2024\/11\/ADVENT-LOGO-2024-768x512.jpg 768w, https:\/\/2024.adventupuli.hr\/wp-content\/uploads\/2024\/11\/ADVENT-LOGO-2024.jpg 1200w\" sizes=\"(max-width: 800px) 100vw, 800px\" \/>                <\/a>\n                <div class=\"etn-event-category\">\n                    <span>Plesni program<\/span> <span>Programma di danza<\/span>                 <\/div>\n                            <\/div>\n                        <!-- thumbnail start-->\n\n            <!-- content start-->\n            <div class=\"etn-event-content\">\n                                                                                        \n                <h3 class=\"etn-title etn-event-title\"><a href=\"https:\/\/2024.adventupuli.hr\/it\/dogadaj\/vecer-tradicijske-glazbe-i-plesa\/\">\n                    Una serata di musica e balli tradizionali<\/a>\n                <\/h3>\n                                \n                <div class=\"etn-event-footer\">\n                    <div class=\"etn-event-date\">\n                                    <span>\n\t\t\t\t<i class=\"etn-icon etn-calendar\"><\/i>\n                14\/12\/2024            <\/span>\n\t\t\t                    <\/div>\n                   \n                <\/div>\n            <\/div>\n            <!-- content end-->\n        <\/div>\n        <!-- etn event item end-->\n    <\/div>\n        <div class=\"etn-col-md-6 etn-col-lg-3\">\n        <div class=\"etn-event-item\">\n            <!-- thumbnail -->\n                        <div class=\"etn-event-thumb\">\n                <a \n                    href=\"https:\/\/2024.adventupuli.hr\/it\/dogadaj\/side-effects\/\" \n                    aria-label=\"Programmi terminati\"\n                >\n                    <img loading=\"lazy\" decoding=\"async\" width=\"800\" height=\"800\" src=\"https:\/\/2024.adventupuli.hr\/wp-content\/uploads\/2024\/12\/Untitled-1024x1024.jpg\" class=\"attachment-large size-large wp-post-image\" alt=\"\" srcset=\"https:\/\/2024.adventupuli.hr\/wp-content\/uploads\/2024\/12\/Untitled-1024x1024.jpg 1024w, https:\/\/2024.adventupuli.hr\/wp-content\/uploads\/2024\/12\/Untitled-300x300.jpg 300w, https:\/\/2024.adventupuli.hr\/wp-content\/uploads\/2024\/12\/Untitled-150x150.jpg 150w, https:\/\/2024.adventupuli.hr\/wp-content\/uploads\/2024\/12\/Untitled-768x768.jpg 768w, https:\/\/2024.adventupuli.hr\/wp-content\/uploads\/2024\/12\/Untitled.jpg 1500w\" sizes=\"(max-width: 800px) 100vw, 800px\" \/>                <\/a>\n                <div class=\"etn-event-category\">\n                    <span>Programma musicale<\/span>                 <\/div>\n                            <\/div>\n                        <!-- thumbnail start-->\n\n            <!-- content start-->\n            <div class=\"etn-event-content\">\n                                                                                        \n                <h3 class=\"etn-title etn-event-title\"><a href=\"https:\/\/2024.adventupuli.hr\/it\/dogadaj\/side-effects\/\">\n                    Side Effects<\/a>\n                <\/h3>\n                                \n                <div class=\"etn-event-footer\">\n                    <div class=\"etn-event-date\">\n                                    <span>\n\t\t\t\t<i class=\"etn-icon etn-calendar\"><\/i>\n                14\/12\/2024            <\/span>\n\t\t\t                    <\/div>\n                   \n                <\/div>\n            <\/div>\n            <!-- content end-->\n        <\/div>\n        <!-- etn event item end-->\n    <\/div>\n        <div class=\"etn-col-md-6 etn-col-lg-3\">\n        <div class=\"etn-event-item\">\n            <!-- thumbnail -->\n                        <div class=\"etn-event-thumb\">\n                <a \n                    href=\"https:\/\/2024.adventupuli.hr\/it\/dogadaj\/pavel\/\" \n                    aria-label=\"Programmi terminati\"\n                >\n                    <img loading=\"lazy\" decoding=\"async\" width=\"800\" height=\"534\" src=\"https:\/\/2024.adventupuli.hr\/wp-content\/uploads\/2024\/10\/pavel1-1024x683.jpg\" class=\"attachment-large size-large wp-post-image\" alt=\"\" srcset=\"https:\/\/2024.adventupuli.hr\/wp-content\/uploads\/2024\/10\/pavel1-1024x683.jpg 1024w, https:\/\/2024.adventupuli.hr\/wp-content\/uploads\/2024\/10\/pavel1-300x200.jpg 300w, https:\/\/2024.adventupuli.hr\/wp-content\/uploads\/2024\/10\/pavel1-768x512.jpg 768w, https:\/\/2024.adventupuli.hr\/wp-content\/uploads\/2024\/10\/pavel1.jpg 1200w\" sizes=\"(max-width: 800px) 100vw, 800px\" \/>                <\/a>\n                <div class=\"etn-event-category\">\n                    <span>Programma musicale<\/span>                 <\/div>\n                            <\/div>\n                        <!-- thumbnail start-->\n\n            <!-- content start-->\n            <div class=\"etn-event-content\">\n                                                                                        \n                <h3 class=\"etn-title etn-event-title\"><a href=\"https:\/\/2024.adventupuli.hr\/it\/dogadaj\/pavel\/\">\n                    Pavel<\/a>\n                <\/h3>\n                                \n                <div class=\"etn-event-footer\">\n                    <div class=\"etn-event-date\">\n                                    <span>\n\t\t\t\t<i class=\"etn-icon etn-calendar\"><\/i>\n                14\/12\/2024            <\/span>\n\t\t\t                    <\/div>\n                   \n                <\/div>\n            <\/div>\n            <!-- content end-->\n        <\/div>\n        <!-- etn event item end-->\n    <\/div>\n        <div class=\"etn-col-md-6 etn-col-lg-3\">\n        <div class=\"etn-event-item\">\n            <!-- thumbnail -->\n                        <div class=\"etn-event-thumb\">\n                <a \n                    href=\"https:\/\/2024.adventupuli.hr\/it\/dogadaj\/adventski-vijenac-slovensko-kulturno-drustvo-pula-2\/\" \n                    aria-label=\"Programmi terminati\"\n                >\n                    <img fetchpriority=\"high\" decoding=\"async\" width=\"800\" height=\"533\" src=\"https:\/\/2024.adventupuli.hr\/wp-content\/uploads\/2024\/11\/Glazubeni_vijenac-1024x682.jpg\" class=\"attachment-large size-large wp-post-image\" alt=\"\" srcset=\"https:\/\/2024.adventupuli.hr\/wp-content\/uploads\/2024\/11\/Glazubeni_vijenac-1024x682.jpg 1024w, https:\/\/2024.adventupuli.hr\/wp-content\/uploads\/2024\/11\/Glazubeni_vijenac-300x200.jpg 300w, https:\/\/2024.adventupuli.hr\/wp-content\/uploads\/2024\/11\/Glazubeni_vijenac-768x511.jpg 768w, https:\/\/2024.adventupuli.hr\/wp-content\/uploads\/2024\/11\/Glazubeni_vijenac.jpg 1200w\" sizes=\"(max-width: 800px) 100vw, 800px\" \/>                <\/a>\n                <div class=\"etn-event-category\">\n                    <span>Programma musicale<\/span>                 <\/div>\n                            <\/div>\n                        <!-- thumbnail start-->\n\n            <!-- content start-->\n            <div class=\"etn-event-content\">\n                                                                                        \n                <h3 class=\"etn-title etn-event-title\"><a href=\"https:\/\/2024.adventupuli.hr\/it\/dogadaj\/adventski-vijenac-slovensko-kulturno-drustvo-pula-2\/\">\n                    La corona musicale &#8211; SAC Matko Braj\u0161a Ra\u0161an<\/a>\n                <\/h3>\n                                \n                <div class=\"etn-event-footer\">\n                    <div class=\"etn-event-date\">\n                                    <span>\n\t\t\t\t<i class=\"etn-icon etn-calendar\"><\/i>\n                15\/12\/2024            <\/span>\n\t\t\t                    <\/div>\n                   \n                <\/div>\n            <\/div>\n            <!-- content end-->\n        <\/div>\n        <!-- etn event item end-->\n    <\/div>\n        <div class=\"etn-col-md-6 etn-col-lg-3\">\n        <div class=\"etn-event-item\">\n            <!-- thumbnail -->\n                        <div class=\"etn-event-thumb\">\n                <a \n                    href=\"https:\/\/2024.adventupuli.hr\/it\/dogadaj\/veseli-autobus\/\" \n                    aria-label=\"Programmi terminati\"\n                >\n                    <img loading=\"lazy\" decoding=\"async\" width=\"800\" height=\"376\" src=\"https:\/\/2024.adventupuli.hr\/wp-content\/uploads\/2024\/11\/plakat-Dumbirko-1024x481.png\" class=\"attachment-large size-large wp-post-image\" alt=\"\" srcset=\"https:\/\/2024.adventupuli.hr\/wp-content\/uploads\/2024\/11\/plakat-Dumbirko-1024x481.png 1024w, https:\/\/2024.adventupuli.hr\/wp-content\/uploads\/2024\/11\/plakat-Dumbirko-300x141.png 300w, https:\/\/2024.adventupuli.hr\/wp-content\/uploads\/2024\/11\/plakat-Dumbirko-768x361.png 768w, https:\/\/2024.adventupuli.hr\/wp-content\/uploads\/2024\/11\/plakat-Dumbirko.png 1192w\" sizes=\"(max-width: 800px) 100vw, 800px\" \/>                <\/a>\n                <div class=\"etn-event-category\">\n                    <span>Programma per bambini<\/span>                 <\/div>\n                            <\/div>\n                        <!-- thumbnail start-->\n\n            <!-- content start-->\n            <div class=\"etn-event-content\">\n                                                                                        \n                <h3 class=\"etn-title etn-event-title\"><a href=\"https:\/\/2024.adventupuli.hr\/it\/dogadaj\/veseli-autobus\/\">\n                    L&#8217;Autobus Allegro<\/a>\n                <\/h3>\n                                \n                <div class=\"etn-event-footer\">\n                    <div class=\"etn-event-date\">\n                                    <span>\n\t\t\t\t<i class=\"etn-icon etn-calendar\"><\/i>\n                14\/12\/2024            <\/span>\n\t\t\t            <span>\n                <span>To<\/span>\n                15\/12\/2024            <\/span>\n\t\t\t                    <\/div>\n                   \n                <\/div>\n            <\/div>\n            <!-- content end-->\n        <\/div>\n        <!-- etn event item end-->\n    <\/div>\n        <div class=\"etn-col-md-6 etn-col-lg-3\">\n        <div class=\"etn-event-item\">\n            <!-- thumbnail -->\n                        <div class=\"etn-event-thumb\">\n                <a \n                    href=\"https:\/\/2024.adventupuli.hr\/it\/dogadaj\/docek-ronilackog-djeda-mraza\/\" \n                    aria-label=\"Programmi terminati\"\n                >\n                    <img loading=\"lazy\" decoding=\"async\" width=\"800\" height=\"534\" src=\"https:\/\/2024.adventupuli.hr\/wp-content\/uploads\/2024\/11\/ADVENT-LOGO-2024-1024x683.jpg\" class=\"attachment-large size-large wp-post-image\" alt=\"\" srcset=\"https:\/\/2024.adventupuli.hr\/wp-content\/uploads\/2024\/11\/ADVENT-LOGO-2024-1024x683.jpg 1024w, https:\/\/2024.adventupuli.hr\/wp-content\/uploads\/2024\/11\/ADVENT-LOGO-2024-300x200.jpg 300w, https:\/\/2024.adventupuli.hr\/wp-content\/uploads\/2024\/11\/ADVENT-LOGO-2024-768x512.jpg 768w, https:\/\/2024.adventupuli.hr\/wp-content\/uploads\/2024\/11\/ADVENT-LOGO-2024.jpg 1200w\" sizes=\"(max-width: 800px) 100vw, 800px\" \/>                <\/a>\n                <div class=\"etn-event-category\">\n                    <span>Programma per bambini<\/span>                 <\/div>\n                            <\/div>\n                        <!-- thumbnail start-->\n\n            <!-- content start-->\n            <div class=\"etn-event-content\">\n                                                                                        \n                <h3 class=\"etn-title etn-event-title\"><a href=\"https:\/\/2024.adventupuli.hr\/it\/dogadaj\/docek-ronilackog-djeda-mraza\/\">\n                    Immersione Natalizia dell\u2019albero di Natale e benvenuto del Babbo Natale Subacqueo<\/a>\n                <\/h3>\n                                \n                <div class=\"etn-event-footer\">\n                    <div class=\"etn-event-date\">\n                                    <span>\n\t\t\t\t<i class=\"etn-icon etn-calendar\"><\/i>\n                15\/12\/2024            <\/span>\n\t\t\t                    <\/div>\n                   \n                <\/div>\n            <\/div>\n            <!-- content end-->\n        <\/div>\n        <!-- etn event item end-->\n    <\/div>\n        <div class=\"etn-col-md-6 etn-col-lg-3\">\n        <div class=\"etn-event-item\">\n            <!-- thumbnail -->\n                        <div class=\"etn-event-thumb\">\n                <a \n                    href=\"https:\/\/2024.adventupuli.hr\/it\/dogadaj\/blagdanska-cajanka-s-knjigom-ne-dobijes-za-bozic-bas-sve-sto-zelis-ali-ipak-se-veselis\/\" \n                    aria-label=\"Programmi terminati\"\n                >\n                    <img loading=\"lazy\" decoding=\"async\" width=\"800\" height=\"534\" src=\"https:\/\/2024.adventupuli.hr\/wp-content\/uploads\/2024\/11\/Djecja_knjiznica-1024x683.jpg\" class=\"attachment-large size-large wp-post-image\" alt=\"\" srcset=\"https:\/\/2024.adventupuli.hr\/wp-content\/uploads\/2024\/11\/Djecja_knjiznica-1024x683.jpg 1024w, https:\/\/2024.adventupuli.hr\/wp-content\/uploads\/2024\/11\/Djecja_knjiznica-300x200.jpg 300w, https:\/\/2024.adventupuli.hr\/wp-content\/uploads\/2024\/11\/Djecja_knjiznica-768x512.jpg 768w, https:\/\/2024.adventupuli.hr\/wp-content\/uploads\/2024\/11\/Djecja_knjiznica.jpg 1200w\" sizes=\"(max-width: 800px) 100vw, 800px\" \/>                <\/a>\n                <div class=\"etn-event-category\">\n                    <span>Programmi di biblioteca<\/span>                 <\/div>\n                            <\/div>\n                        <!-- thumbnail start-->\n\n            <!-- content start-->\n            <div class=\"etn-event-content\">\n                                                                                        \n                <h3 class=\"etn-title etn-event-title\"><a href=\"https:\/\/2024.adventupuli.hr\/it\/dogadaj\/blagdanska-cajanka-s-knjigom-ne-dobijes-za-bozic-bas-sve-sto-zelis-ali-ipak-se-veselis\/\">\n                    Un t\u00e8 festivo con un libro: a Natale non si ottiene tutto ci\u00f2 che si desidera, ma si \u00e8 felici lo stesso!<\/a>\n                <\/h3>\n                                \n                <div class=\"etn-event-footer\">\n                    <div class=\"etn-event-date\">\n                                    <span>\n\t\t\t\t<i class=\"etn-icon etn-calendar\"><\/i>\n                16\/12\/2024            <\/span>\n\t\t\t                    <\/div>\n                   \n                <\/div>\n            <\/div>\n            <!-- content end-->\n        <\/div>\n        <!-- etn event item end-->\n    <\/div>\n        <div class=\"etn-col-md-6 etn-col-lg-3\">\n        <div class=\"etn-event-item\">\n            <!-- thumbnail -->\n                        <div class=\"etn-event-thumb\">\n                <a \n                    href=\"https:\/\/2024.adventupuli.hr\/it\/dogadaj\/bor-dobrih-prica-pismo-djedu-mrazu\/\" \n                    aria-label=\"Programmi terminati\"\n                >\n                    <img loading=\"lazy\" decoding=\"async\" width=\"800\" height=\"534\" src=\"https:\/\/2024.adventupuli.hr\/wp-content\/uploads\/2024\/11\/Djecja_knjiznica-1024x683.jpg\" class=\"attachment-large size-large wp-post-image\" alt=\"\" srcset=\"https:\/\/2024.adventupuli.hr\/wp-content\/uploads\/2024\/11\/Djecja_knjiznica-1024x683.jpg 1024w, https:\/\/2024.adventupuli.hr\/wp-content\/uploads\/2024\/11\/Djecja_knjiznica-300x200.jpg 300w, https:\/\/2024.adventupuli.hr\/wp-content\/uploads\/2024\/11\/Djecja_knjiznica-768x512.jpg 768w, https:\/\/2024.adventupuli.hr\/wp-content\/uploads\/2024\/11\/Djecja_knjiznica.jpg 1200w\" sizes=\"(max-width: 800px) 100vw, 800px\" \/>                <\/a>\n                <div class=\"etn-event-category\">\n                    <span>Programmi di biblioteca<\/span>                 <\/div>\n                            <\/div>\n                        <!-- thumbnail start-->\n\n            <!-- content start-->\n            <div class=\"etn-event-content\">\n                                                                                        \n                <h3 class=\"etn-title etn-event-title\"><a href=\"https:\/\/2024.adventupuli.hr\/it\/dogadaj\/bor-dobrih-prica-pismo-djedu-mrazu\/\">\n                    Albero di Natale delle belle storie &#8211; Lettera a Babbo Natale<\/a>\n                <\/h3>\n                                \n                <div class=\"etn-event-footer\">\n                    <div class=\"etn-event-date\">\n                                    <span>\n\t\t\t\t<i class=\"etn-icon etn-calendar\"><\/i>\n                16\/12\/2024            <\/span>\n\t\t\t                    <\/div>\n                   \n                <\/div>\n            <\/div>\n            <!-- content end-->\n        <\/div>\n        <!-- etn event item end-->\n    <\/div>\n        <div class=\"etn-col-md-6 etn-col-lg-3\">\n        <div class=\"etn-event-item\">\n            <!-- thumbnail -->\n                        <div class=\"etn-event-thumb\">\n                <a \n                    href=\"https:\/\/2024.adventupuli.hr\/it\/dogadaj\/betlehemsko-svjetlo\/\" \n                    aria-label=\"Programmi terminati\"\n                >\n                    <img loading=\"lazy\" decoding=\"async\" width=\"800\" height=\"533\" src=\"https:\/\/2024.adventupuli.hr\/wp-content\/uploads\/2024\/11\/Izvidaci-1024x682.jpg\" class=\"attachment-large size-large wp-post-image\" alt=\"\" srcset=\"https:\/\/2024.adventupuli.hr\/wp-content\/uploads\/2024\/11\/Izvidaci-1024x682.jpg 1024w, https:\/\/2024.adventupuli.hr\/wp-content\/uploads\/2024\/11\/Izvidaci-300x200.jpg 300w, https:\/\/2024.adventupuli.hr\/wp-content\/uploads\/2024\/11\/Izvidaci-768x512.jpg 768w, https:\/\/2024.adventupuli.hr\/wp-content\/uploads\/2024\/11\/Izvidaci-1536x1024.jpg 1536w, https:\/\/2024.adventupuli.hr\/wp-content\/uploads\/2024\/11\/Izvidaci.jpg 2000w\" sizes=\"(max-width: 800px) 100vw, 800px\" \/>                <\/a>\n                <div class=\"etn-event-category\">\n                    <span>Programma per bambini<\/span>                 <\/div>\n                            <\/div>\n                        <!-- thumbnail start-->\n\n            <!-- content start-->\n            <div class=\"etn-event-content\">\n                                                                                        \n                <h3 class=\"etn-title etn-event-title\"><a href=\"https:\/\/2024.adventupuli.hr\/it\/dogadaj\/betlehemsko-svjetlo\/\">\n                    Luce di Betlemme<\/a>\n                <\/h3>\n                                \n                <div class=\"etn-event-footer\">\n                    <div class=\"etn-event-date\">\n                                    <span>\n\t\t\t\t<i class=\"etn-icon etn-calendar\"><\/i>\n                16\/12\/2024            <\/span>\n\t\t\t                    <\/div>\n                   \n                <\/div>\n            <\/div>\n            <!-- content end-->\n        <\/div>\n        <!-- etn event item end-->\n    <\/div>\n        <div class=\"etn-col-md-6 etn-col-lg-3\">\n        <div class=\"etn-event-item\">\n            <!-- thumbnail -->\n                        <div class=\"etn-event-thumb\">\n                <a \n                    href=\"https:\/\/2024.adventupuli.hr\/it\/dogadaj\/sorry\/\" \n                    aria-label=\"Programmi terminati\"\n                >\n                    <img loading=\"lazy\" decoding=\"async\" width=\"800\" height=\"534\" src=\"https:\/\/2024.adventupuli.hr\/wp-content\/uploads\/2024\/11\/ADVENT-LOGO-2024-1024x683.jpg\" class=\"attachment-large size-large wp-post-image\" alt=\"\" srcset=\"https:\/\/2024.adventupuli.hr\/wp-content\/uploads\/2024\/11\/ADVENT-LOGO-2024-1024x683.jpg 1024w, https:\/\/2024.adventupuli.hr\/wp-content\/uploads\/2024\/11\/ADVENT-LOGO-2024-300x200.jpg 300w, https:\/\/2024.adventupuli.hr\/wp-content\/uploads\/2024\/11\/ADVENT-LOGO-2024-768x512.jpg 768w, https:\/\/2024.adventupuli.hr\/wp-content\/uploads\/2024\/11\/ADVENT-LOGO-2024.jpg 1200w\" sizes=\"(max-width: 800px) 100vw, 800px\" \/>                <\/a>\n                <div class=\"etn-event-category\">\n                    <span>Spettacolo<\/span>                 <\/div>\n                            <\/div>\n                        <!-- thumbnail start-->\n\n            <!-- content start-->\n            <div class=\"etn-event-content\">\n                                                                                        \n                <h3 class=\"etn-title etn-event-title\"><a href=\"https:\/\/2024.adventupuli.hr\/it\/dogadaj\/sorry\/\">\n                    Sorry<\/a>\n                <\/h3>\n                                \n                <div class=\"etn-event-footer\">\n                    <div class=\"etn-event-date\">\n                                    <span>\n\t\t\t\t<i class=\"etn-icon etn-calendar\"><\/i>\n                16\/12\/2024            <\/span>\n\t\t\t                    <\/div>\n                   \n                <\/div>\n            <\/div>\n            <!-- content end-->\n        <\/div>\n        <!-- etn event item end-->\n    <\/div>\n        <div class=\"etn-col-md-6 etn-col-lg-3\">\n        <div class=\"etn-event-item\">\n            <!-- thumbnail -->\n                        <div class=\"etn-event-thumb\">\n                <a \n                    href=\"https:\/\/2024.adventupuli.hr\/it\/dogadaj\/s-puno-ljubavi-za-bozic-bozicna-potraga-se-nastavlja\/\" \n                    aria-label=\"Programmi terminati\"\n                >\n                    <img loading=\"lazy\" decoding=\"async\" width=\"800\" height=\"534\" src=\"https:\/\/2024.adventupuli.hr\/wp-content\/uploads\/2024\/11\/GKC-1024x683.jpg\" class=\"attachment-large size-large wp-post-image\" alt=\"\" srcset=\"https:\/\/2024.adventupuli.hr\/wp-content\/uploads\/2024\/11\/GKC-1024x683.jpg 1024w, https:\/\/2024.adventupuli.hr\/wp-content\/uploads\/2024\/11\/GKC-300x200.jpg 300w, https:\/\/2024.adventupuli.hr\/wp-content\/uploads\/2024\/11\/GKC-768x512.jpg 768w, https:\/\/2024.adventupuli.hr\/wp-content\/uploads\/2024\/11\/GKC.jpg 1200w\" sizes=\"(max-width: 800px) 100vw, 800px\" \/>                <\/a>\n                <div class=\"etn-event-category\">\n                    <span>Programmi di biblioteca<\/span>                 <\/div>\n                            <\/div>\n                        <!-- thumbnail start-->\n\n            <!-- content start-->\n            <div class=\"etn-event-content\">\n                                                                                        \n                <h3 class=\"etn-title etn-event-title\"><a href=\"https:\/\/2024.adventupuli.hr\/it\/dogadaj\/s-puno-ljubavi-za-bozic-bozicna-potraga-se-nastavlja\/\">\n                    Con tanto affetto per Natale! &#8211; La ricerca del Natale continua<\/a>\n                <\/h3>\n                                \n                <div class=\"etn-event-footer\">\n                    <div class=\"etn-event-date\">\n                                    <span>\n\t\t\t\t<i class=\"etn-icon etn-calendar\"><\/i>\n                17\/12\/2024            <\/span>\n\t\t\t                    <\/div>\n                   \n                <\/div>\n            <\/div>\n            <!-- content end-->\n        <\/div>\n        <!-- etn event item end-->\n    <\/div>\n        <div class=\"etn-col-md-6 etn-col-lg-3\">\n        <div class=\"etn-event-item\">\n            <!-- thumbnail -->\n                        <div class=\"etn-event-thumb\">\n                <a \n                    href=\"https:\/\/2024.adventupuli.hr\/it\/dogadaj\/p-i-cajkovski-orasar\/\" \n                    aria-label=\"Programmi terminati\"\n                >\n                    <img loading=\"lazy\" decoding=\"async\" width=\"800\" height=\"534\" src=\"https:\/\/2024.adventupuli.hr\/wp-content\/uploads\/2024\/11\/ADVENT-LOGO-2024-1024x683.jpg\" class=\"attachment-large size-large wp-post-image\" alt=\"\" srcset=\"https:\/\/2024.adventupuli.hr\/wp-content\/uploads\/2024\/11\/ADVENT-LOGO-2024-1024x683.jpg 1024w, https:\/\/2024.adventupuli.hr\/wp-content\/uploads\/2024\/11\/ADVENT-LOGO-2024-300x200.jpg 300w, https:\/\/2024.adventupuli.hr\/wp-content\/uploads\/2024\/11\/ADVENT-LOGO-2024-768x512.jpg 768w, https:\/\/2024.adventupuli.hr\/wp-content\/uploads\/2024\/11\/ADVENT-LOGO-2024.jpg 1200w\" sizes=\"(max-width: 800px) 100vw, 800px\" \/>                <\/a>\n                <div class=\"etn-event-category\">\n                    <span>Programma di danza<\/span>                 <\/div>\n                            <\/div>\n                        <!-- thumbnail start-->\n\n            <!-- content start-->\n            <div class=\"etn-event-content\">\n                                                                                        \n                <h3 class=\"etn-title etn-event-title\"><a href=\"https:\/\/2024.adventupuli.hr\/it\/dogadaj\/p-i-cajkovski-orasar\/\">\n                    P. I. Tchaikovsky: Lo Schiaccianoci<\/a>\n                <\/h3>\n                                \n                <div class=\"etn-event-footer\">\n                    <div class=\"etn-event-date\">\n                                    <span>\n\t\t\t\t<i class=\"etn-icon etn-calendar\"><\/i>\n                17\/12\/2024            <\/span>\n\t\t\t                    <\/div>\n                   \n                <\/div>\n            <\/div>\n            <!-- content end-->\n        <\/div>\n        <!-- etn event item end-->\n    <\/div>\n        <div class=\"etn-col-md-6 etn-col-lg-3\">\n        <div class=\"etn-event-item\">\n            <!-- thumbnail -->\n                        <div class=\"etn-event-thumb\">\n                <a \n                    href=\"https:\/\/2024.adventupuli.hr\/it\/dogadaj\/raspjevani-bozic\/\" \n                    aria-label=\"Programmi terminati\"\n                >\n                    <img loading=\"lazy\" decoding=\"async\" width=\"800\" height=\"534\" src=\"https:\/\/2024.adventupuli.hr\/wp-content\/uploads\/2024\/11\/Djecja_knjiznica-1024x683.jpg\" class=\"attachment-large size-large wp-post-image\" alt=\"\" srcset=\"https:\/\/2024.adventupuli.hr\/wp-content\/uploads\/2024\/11\/Djecja_knjiznica-1024x683.jpg 1024w, https:\/\/2024.adventupuli.hr\/wp-content\/uploads\/2024\/11\/Djecja_knjiznica-300x200.jpg 300w, https:\/\/2024.adventupuli.hr\/wp-content\/uploads\/2024\/11\/Djecja_knjiznica-768x512.jpg 768w, https:\/\/2024.adventupuli.hr\/wp-content\/uploads\/2024\/11\/Djecja_knjiznica.jpg 1200w\" sizes=\"(max-width: 800px) 100vw, 800px\" \/>                <\/a>\n                <div class=\"etn-event-category\">\n                    <span>Programmi di biblioteca<\/span>                 <\/div>\n                            <\/div>\n                        <!-- thumbnail start-->\n\n            <!-- content start-->\n            <div class=\"etn-event-content\">\n                                                                                        \n                <h3 class=\"etn-title etn-event-title\"><a href=\"https:\/\/2024.adventupuli.hr\/it\/dogadaj\/raspjevani-bozic\/\">\n                    Canti di Natale<\/a>\n                <\/h3>\n                                \n                <div class=\"etn-event-footer\">\n                    <div class=\"etn-event-date\">\n                                    <span>\n\t\t\t\t<i class=\"etn-icon etn-calendar\"><\/i>\n                18\/12\/2024            <\/span>\n\t\t\t                    <\/div>\n                   \n                <\/div>\n            <\/div>\n            <!-- content end-->\n        <\/div>\n        <!-- etn event item end-->\n    <\/div>\n        <div class=\"etn-col-md-6 etn-col-lg-3\">\n        <div class=\"etn-event-item\">\n            <!-- thumbnail -->\n                        <div class=\"etn-event-thumb\">\n                <a \n                    href=\"https:\/\/2024.adventupuli.hr\/it\/dogadaj\/bozicna-produkcija-plesnog-studija-saltatrix-vremeplov\/\" \n                    aria-label=\"Programmi terminati\"\n                >\n                    <img loading=\"lazy\" decoding=\"async\" width=\"800\" height=\"534\" src=\"https:\/\/2024.adventupuli.hr\/wp-content\/uploads\/2024\/11\/ADVENT-LOGO-2024-1024x683.jpg\" class=\"attachment-large size-large wp-post-image\" alt=\"\" srcset=\"https:\/\/2024.adventupuli.hr\/wp-content\/uploads\/2024\/11\/ADVENT-LOGO-2024-1024x683.jpg 1024w, https:\/\/2024.adventupuli.hr\/wp-content\/uploads\/2024\/11\/ADVENT-LOGO-2024-300x200.jpg 300w, https:\/\/2024.adventupuli.hr\/wp-content\/uploads\/2024\/11\/ADVENT-LOGO-2024-768x512.jpg 768w, https:\/\/2024.adventupuli.hr\/wp-content\/uploads\/2024\/11\/ADVENT-LOGO-2024.jpg 1200w\" sizes=\"(max-width: 800px) 100vw, 800px\" \/>                <\/a>\n                <div class=\"etn-event-category\">\n                    <span>Programma di danza<\/span>                 <\/div>\n                            <\/div>\n                        <!-- thumbnail start-->\n\n            <!-- content start-->\n            <div class=\"etn-event-content\">\n                                                                                        \n                <h3 class=\"etn-title etn-event-title\"><a href=\"https:\/\/2024.adventupuli.hr\/it\/dogadaj\/bozicna-produkcija-plesnog-studija-saltatrix-vremeplov\/\">\n                    Spettalcolo Natalizio del Saltatrix dance studio<\/a>\n                <\/h3>\n                                \n                <div class=\"etn-event-footer\">\n                    <div class=\"etn-event-date\">\n                                    <span>\n\t\t\t\t<i class=\"etn-icon etn-calendar\"><\/i>\n                18\/12\/2024            <\/span>\n\t\t\t                    <\/div>\n                   \n                <\/div>\n            <\/div>\n            <!-- content end-->\n        <\/div>\n        <!-- etn event item end-->\n    <\/div>\n        <div class=\"etn-col-md-6 etn-col-lg-3\">\n        <div class=\"etn-event-item\">\n            <!-- thumbnail -->\n                        <div class=\"etn-event-thumb\">\n                <a \n                    href=\"https:\/\/2024.adventupuli.hr\/it\/dogadaj\/yamaha-music-school-yms-pula-za-pulu-koncert\/\" \n                    aria-label=\"Programmi terminati\"\n                >\n                    <img loading=\"lazy\" decoding=\"async\" width=\"800\" height=\"533\" src=\"https:\/\/2024.adventupuli.hr\/wp-content\/uploads\/2024\/11\/GRAZ-1024x682.jpg\" class=\"attachment-large size-large wp-post-image\" alt=\"\" srcset=\"https:\/\/2024.adventupuli.hr\/wp-content\/uploads\/2024\/11\/GRAZ-1024x682.jpg 1024w, https:\/\/2024.adventupuli.hr\/wp-content\/uploads\/2024\/11\/GRAZ-300x200.jpg 300w, https:\/\/2024.adventupuli.hr\/wp-content\/uploads\/2024\/11\/GRAZ-768x511.jpg 768w, https:\/\/2024.adventupuli.hr\/wp-content\/uploads\/2024\/11\/GRAZ.jpg 1200w\" sizes=\"(max-width: 800px) 100vw, 800px\" \/>                <\/a>\n                <div class=\"etn-event-category\">\n                    <span>Programma per bambini<\/span> <span>Programma musicale<\/span>                 <\/div>\n                            <\/div>\n                        <!-- thumbnail start-->\n\n            <!-- content start-->\n            <div class=\"etn-event-content\">\n                                                                                        \n                <h3 class=\"etn-title etn-event-title\"><a href=\"https:\/\/2024.adventupuli.hr\/it\/dogadaj\/yamaha-music-school-yms-pula-za-pulu-koncert\/\">\n                    Yamaha Music School; YMS Pola per Pola, concerto<\/a>\n                <\/h3>\n                                \n                <div class=\"etn-event-footer\">\n                    <div class=\"etn-event-date\">\n                                    <span>\n\t\t\t\t<i class=\"etn-icon etn-calendar\"><\/i>\n                18\/12\/2024            <\/span>\n\t\t\t                    <\/div>\n                   \n                <\/div>\n            <\/div>\n            <!-- content end-->\n        <\/div>\n        <!-- etn event item end-->\n    <\/div>\n        <div class=\"etn-col-md-6 etn-col-lg-3\">\n        <div class=\"etn-event-item\">\n            <!-- thumbnail -->\n                        <div class=\"etn-event-thumb\">\n                <a \n                    href=\"https:\/\/2024.adventupuli.hr\/it\/dogadaj\/izlozba-zajedno-2024\/\" \n                    aria-label=\"Programmi terminati\"\n                >\n                    <img loading=\"lazy\" decoding=\"async\" width=\"800\" height=\"534\" src=\"https:\/\/2024.adventupuli.hr\/wp-content\/uploads\/2024\/11\/Djecja_knjiznica-1024x683.jpg\" class=\"attachment-large size-large wp-post-image\" alt=\"\" srcset=\"https:\/\/2024.adventupuli.hr\/wp-content\/uploads\/2024\/11\/Djecja_knjiznica-1024x683.jpg 1024w, https:\/\/2024.adventupuli.hr\/wp-content\/uploads\/2024\/11\/Djecja_knjiznica-300x200.jpg 300w, https:\/\/2024.adventupuli.hr\/wp-content\/uploads\/2024\/11\/Djecja_knjiznica-768x512.jpg 768w, https:\/\/2024.adventupuli.hr\/wp-content\/uploads\/2024\/11\/Djecja_knjiznica.jpg 1200w\" sizes=\"(max-width: 800px) 100vw, 800px\" \/>                <\/a>\n                <div class=\"etn-event-category\">\n                    <span>Programmi di biblioteca<\/span>                 <\/div>\n                            <\/div>\n                        <!-- thumbnail start-->\n\n            <!-- content start-->\n            <div class=\"etn-event-content\">\n                                                                                        \n                <h3 class=\"etn-title etn-event-title\"><a href=\"https:\/\/2024.adventupuli.hr\/it\/dogadaj\/izlozba-zajedno-2024\/\">\n                    Mostra \u201cInsieme  2024\u201d<\/a>\n                <\/h3>\n                                \n                <div class=\"etn-event-footer\">\n                    <div class=\"etn-event-date\">\n                                    <span>\n\t\t\t\t<i class=\"etn-icon etn-calendar\"><\/i>\n                19\/12\/2024            <\/span>\n\t\t\t                    <\/div>\n                   \n                <\/div>\n            <\/div>\n            <!-- content end-->\n        <\/div>\n        <!-- etn event item end-->\n    <\/div>\n        <div class=\"etn-col-md-6 etn-col-lg-3\">\n        <div class=\"etn-event-item\">\n            <!-- thumbnail -->\n                        <div class=\"etn-event-thumb\">\n                <a \n                    href=\"https:\/\/2024.adventupuli.hr\/it\/dogadaj\/plesni-studio-saltatrix\/\" \n                    aria-label=\"Programmi terminati\"\n                >\n                    <img loading=\"lazy\" decoding=\"async\" width=\"800\" height=\"533\" src=\"https:\/\/2024.adventupuli.hr\/wp-content\/uploads\/2024\/11\/Saltatrix-1024x682.jpg\" class=\"attachment-large size-large wp-post-image\" alt=\"\" srcset=\"https:\/\/2024.adventupuli.hr\/wp-content\/uploads\/2024\/11\/Saltatrix-1024x682.jpg 1024w, https:\/\/2024.adventupuli.hr\/wp-content\/uploads\/2024\/11\/Saltatrix-300x200.jpg 300w, https:\/\/2024.adventupuli.hr\/wp-content\/uploads\/2024\/11\/Saltatrix-768x511.jpg 768w, https:\/\/2024.adventupuli.hr\/wp-content\/uploads\/2024\/11\/Saltatrix.jpg 1200w\" sizes=\"(max-width: 800px) 100vw, 800px\" \/>                <\/a>\n                <div class=\"etn-event-category\">\n                    <span>Programma di danza<\/span>                 <\/div>\n                            <\/div>\n                        <!-- thumbnail start-->\n\n            <!-- content start-->\n            <div class=\"etn-event-content\">\n                                                                                        \n                <h3 class=\"etn-title etn-event-title\"><a href=\"https:\/\/2024.adventupuli.hr\/it\/dogadaj\/plesni-studio-saltatrix\/\">\n                    Spettacolo dell\u2019Avvento del Saltatrix Dance Studio<\/a>\n                <\/h3>\n                                \n                <div class=\"etn-event-footer\">\n                    <div class=\"etn-event-date\">\n                                    <span>\n\t\t\t\t<i class=\"etn-icon etn-calendar\"><\/i>\n                19\/12\/2024            <\/span>\n\t\t\t                    <\/div>\n                   \n                <\/div>\n            <\/div>\n            <!-- content end-->\n        <\/div>\n        <!-- etn event item end-->\n    <\/div>\n        <div class=\"etn-col-md-6 etn-col-lg-3\">\n        <div class=\"etn-event-item\">\n            <!-- thumbnail -->\n                        <div class=\"etn-event-thumb\">\n                <a \n                    href=\"https:\/\/2024.adventupuli.hr\/it\/dogadaj\/plesni-studio-pirueta-medulin-pula\/\" \n                    aria-label=\"Programmi terminati\"\n                >\n                    <img loading=\"lazy\" decoding=\"async\" width=\"800\" height=\"533\" src=\"https:\/\/2024.adventupuli.hr\/wp-content\/uploads\/2024\/11\/Pirueta-1024x682.jpg\" class=\"attachment-large size-large wp-post-image\" alt=\"\" srcset=\"https:\/\/2024.adventupuli.hr\/wp-content\/uploads\/2024\/11\/Pirueta-1024x682.jpg 1024w, https:\/\/2024.adventupuli.hr\/wp-content\/uploads\/2024\/11\/Pirueta-300x200.jpg 300w, https:\/\/2024.adventupuli.hr\/wp-content\/uploads\/2024\/11\/Pirueta-768x511.jpg 768w, https:\/\/2024.adventupuli.hr\/wp-content\/uploads\/2024\/11\/Pirueta.jpg 1200w\" sizes=\"(max-width: 800px) 100vw, 800px\" \/>                <\/a>\n                <div class=\"etn-event-category\">\n                    <span>Programma di danza<\/span>                 <\/div>\n                            <\/div>\n                        <!-- thumbnail start-->\n\n            <!-- content start-->\n            <div class=\"etn-event-content\">\n                                                                                        \n                <h3 class=\"etn-title etn-event-title\"><a href=\"https:\/\/2024.adventupuli.hr\/it\/dogadaj\/plesni-studio-pirueta-medulin-pula\/\">\n                    La magia della danza natalizia &#8211; Piroetta<\/a>\n                <\/h3>\n                                \n                <div class=\"etn-event-footer\">\n                    <div class=\"etn-event-date\">\n                                    <span>\n\t\t\t\t<i class=\"etn-icon etn-calendar\"><\/i>\n                19\/12\/2024            <\/span>\n\t\t\t                    <\/div>\n                   \n                <\/div>\n            <\/div>\n            <!-- content end-->\n        <\/div>\n        <!-- etn event item end-->\n    <\/div>\n        <div class=\"etn-col-md-6 etn-col-lg-3\">\n        <div class=\"etn-event-item\">\n            <!-- thumbnail -->\n                        <div class=\"etn-event-thumb\">\n                <a \n                    href=\"https:\/\/2024.adventupuli.hr\/it\/dogadaj\/ps-cool-step\/\" \n                    aria-label=\"Programmi terminati\"\n                >\n                    <img loading=\"lazy\" decoding=\"async\" width=\"800\" height=\"533\" src=\"https:\/\/2024.adventupuli.hr\/wp-content\/uploads\/2024\/11\/Cool-Step-1024x682.jpg\" class=\"attachment-large size-large wp-post-image\" alt=\"\" srcset=\"https:\/\/2024.adventupuli.hr\/wp-content\/uploads\/2024\/11\/Cool-Step-1024x682.jpg 1024w, https:\/\/2024.adventupuli.hr\/wp-content\/uploads\/2024\/11\/Cool-Step-300x200.jpg 300w, https:\/\/2024.adventupuli.hr\/wp-content\/uploads\/2024\/11\/Cool-Step-768x511.jpg 768w, https:\/\/2024.adventupuli.hr\/wp-content\/uploads\/2024\/11\/Cool-Step.jpg 1200w\" sizes=\"(max-width: 800px) 100vw, 800px\" \/>                <\/a>\n                <div class=\"etn-event-category\">\n                    <span>Programma di danza<\/span>                 <\/div>\n                            <\/div>\n                        <!-- thumbnail start-->\n\n            <!-- content start-->\n            <div class=\"etn-event-content\">\n                                                                                        \n                <h3 class=\"etn-title etn-event-title\"><a href=\"https:\/\/2024.adventupuli.hr\/it\/dogadaj\/ps-cool-step\/\">\n                    Christmas Musical by PS Cool Step<\/a>\n                <\/h3>\n                                \n                <div class=\"etn-event-footer\">\n                    <div class=\"etn-event-date\">\n                                    <span>\n\t\t\t\t<i class=\"etn-icon etn-calendar\"><\/i>\n                19\/12\/2024            <\/span>\n\t\t\t                    <\/div>\n                   \n                <\/div>\n            <\/div>\n            <!-- content end-->\n        <\/div>\n        <!-- etn event item end-->\n    <\/div>\n        <div class=\"etn-col-md-6 etn-col-lg-3\">\n        <div class=\"etn-event-item\">\n            <!-- thumbnail -->\n                        <div class=\"etn-event-thumb\">\n                <a \n                    href=\"https:\/\/2024.adventupuli.hr\/it\/dogadaj\/andrija-milosevic-idem-putem-pa-zagrlim-drvo\/\" \n                    aria-label=\"Programmi terminati\"\n                >\n                    <img loading=\"lazy\" decoding=\"async\" width=\"800\" height=\"534\" src=\"https:\/\/2024.adventupuli.hr\/wp-content\/uploads\/2024\/11\/ADVENT-LOGO-2024-1024x683.jpg\" class=\"attachment-large size-large wp-post-image\" alt=\"\" srcset=\"https:\/\/2024.adventupuli.hr\/wp-content\/uploads\/2024\/11\/ADVENT-LOGO-2024-1024x683.jpg 1024w, https:\/\/2024.adventupuli.hr\/wp-content\/uploads\/2024\/11\/ADVENT-LOGO-2024-300x200.jpg 300w, https:\/\/2024.adventupuli.hr\/wp-content\/uploads\/2024\/11\/ADVENT-LOGO-2024-768x512.jpg 768w, https:\/\/2024.adventupuli.hr\/wp-content\/uploads\/2024\/11\/ADVENT-LOGO-2024.jpg 1200w\" sizes=\"(max-width: 800px) 100vw, 800px\" \/>                <\/a>\n                <div class=\"etn-event-category\">\n                    <span>Spettacolo<\/span>                 <\/div>\n                            <\/div>\n                        <!-- thumbnail start-->\n\n            <!-- content start-->\n            <div class=\"etn-event-content\">\n                                                                                        \n                <h3 class=\"etn-title etn-event-title\"><a href=\"https:\/\/2024.adventupuli.hr\/it\/dogadaj\/andrija-milosevic-idem-putem-pa-zagrlim-drvo\/\">\n                    Andrija Milo\u0161evi\u0107: Vado per la strada e abbraccio un albero<\/a>\n                <\/h3>\n                                \n                <div class=\"etn-event-footer\">\n                    <div class=\"etn-event-date\">\n                                    <span>\n\t\t\t\t<i class=\"etn-icon etn-calendar\"><\/i>\n                19\/12\/2024            <\/span>\n\t\t\t                    <\/div>\n                   \n                <\/div>\n            <\/div>\n            <!-- content end-->\n        <\/div>\n        <!-- etn event item end-->\n    <\/div>\n        <div class=\"etn-col-md-6 etn-col-lg-3\">\n        <div class=\"etn-event-item\">\n            <!-- thumbnail -->\n                        <div class=\"etn-event-thumb\">\n                <a \n                    href=\"https:\/\/2024.adventupuli.hr\/it\/dogadaj\/teatar-naranca-bozicni-dar\/\" \n                    aria-label=\"Programmi terminati\"\n                >\n                    <img loading=\"lazy\" decoding=\"async\" width=\"700\" height=\"980\" src=\"https:\/\/2024.adventupuli.hr\/wp-content\/uploads\/2024\/12\/image0031.jpg\" class=\"attachment-large size-large wp-post-image\" alt=\"\" srcset=\"https:\/\/2024.adventupuli.hr\/wp-content\/uploads\/2024\/12\/image0031.jpg 700w, https:\/\/2024.adventupuli.hr\/wp-content\/uploads\/2024\/12\/image0031-214x300.jpg 214w\" sizes=\"(max-width: 700px) 100vw, 700px\" \/>                <\/a>\n                <div class=\"etn-event-category\">\n                    <span>Programma per bambini<\/span>                 <\/div>\n                            <\/div>\n                        <!-- thumbnail start-->\n\n            <!-- content start-->\n            <div class=\"etn-event-content\">\n                                                                                        \n                <h3 class=\"etn-title etn-event-title\"><a href=\"https:\/\/2024.adventupuli.hr\/it\/dogadaj\/teatar-naranca-bozicni-dar\/\">\n                    Teatar Naran\u010da; Regalo di Natale<\/a>\n                <\/h3>\n                                \n                <div class=\"etn-event-footer\">\n                    <div class=\"etn-event-date\">\n                                    <span>\n\t\t\t\t<i class=\"etn-icon etn-calendar\"><\/i>\n                22\/12\/2024            <\/span>\n\t\t\t                    <\/div>\n                   \n                <\/div>\n            <\/div>\n            <!-- content end-->\n        <\/div>\n        <!-- etn event item end-->\n    <\/div>\n        <div class=\"etn-col-md-6 etn-col-lg-3\">\n        <div class=\"etn-event-item\">\n            <!-- thumbnail -->\n                        <div class=\"etn-event-thumb\">\n                <a \n                    href=\"https:\/\/2024.adventupuli.hr\/it\/dogadaj\/udruga-puppeta-2\/\" \n                    aria-label=\"Programmi terminati\"\n                >\n                    <img loading=\"lazy\" decoding=\"async\" width=\"800\" height=\"534\" src=\"https:\/\/2024.adventupuli.hr\/wp-content\/uploads\/2024\/11\/Puppeta-1024x683.jpg\" class=\"attachment-large size-large wp-post-image\" alt=\"\" srcset=\"https:\/\/2024.adventupuli.hr\/wp-content\/uploads\/2024\/11\/Puppeta-1024x683.jpg 1024w, https:\/\/2024.adventupuli.hr\/wp-content\/uploads\/2024\/11\/Puppeta-300x200.jpg 300w, https:\/\/2024.adventupuli.hr\/wp-content\/uploads\/2024\/11\/Puppeta-768x512.jpg 768w, https:\/\/2024.adventupuli.hr\/wp-content\/uploads\/2024\/11\/Puppeta.jpg 1199w\" sizes=\"(max-width: 800px) 100vw, 800px\" \/>                <\/a>\n                <div class=\"etn-event-category\">\n                    <span>Programma per bambini<\/span>                 <\/div>\n                            <\/div>\n                        <!-- thumbnail start-->\n\n            <!-- content start-->\n            <div class=\"etn-event-content\">\n                                                                                        \n                <h3 class=\"etn-title etn-event-title\"><a href=\"https:\/\/2024.adventupuli.hr\/it\/dogadaj\/udruga-puppeta-2\/\">\n                    Associazione Puppeta<\/a>\n                <\/h3>\n                                \n                <div class=\"etn-event-footer\">\n                    <div class=\"etn-event-date\">\n                                    <span>\n\t\t\t\t<i class=\"etn-icon etn-calendar\"><\/i>\n                22\/12\/2024            <\/span>\n\t\t\t                    <\/div>\n                   \n                <\/div>\n            <\/div>\n            <!-- content end-->\n        <\/div>\n        <!-- etn event item end-->\n    <\/div>\n        <div class=\"etn-col-md-6 etn-col-lg-3\">\n        <div class=\"etn-event-item\">\n            <!-- thumbnail -->\n                        <div class=\"etn-event-thumb\">\n                <a \n                    href=\"https:\/\/2024.adventupuli.hr\/it\/dogadaj\/adventski-vijenac-slovensko-kulturno-drustvo-pula-3\/\" \n                    aria-label=\"Programmi terminati\"\n                >\n                    <img fetchpriority=\"high\" decoding=\"async\" width=\"800\" height=\"533\" src=\"https:\/\/2024.adventupuli.hr\/wp-content\/uploads\/2024\/11\/Glazubeni_vijenac-1024x682.jpg\" class=\"attachment-large size-large wp-post-image\" alt=\"\" srcset=\"https:\/\/2024.adventupuli.hr\/wp-content\/uploads\/2024\/11\/Glazubeni_vijenac-1024x682.jpg 1024w, https:\/\/2024.adventupuli.hr\/wp-content\/uploads\/2024\/11\/Glazubeni_vijenac-300x200.jpg 300w, https:\/\/2024.adventupuli.hr\/wp-content\/uploads\/2024\/11\/Glazubeni_vijenac-768x511.jpg 768w, https:\/\/2024.adventupuli.hr\/wp-content\/uploads\/2024\/11\/Glazubeni_vijenac.jpg 1200w\" sizes=\"(max-width: 800px) 100vw, 800px\" \/>                <\/a>\n                <div class=\"etn-event-category\">\n                    <span>Programma musicale<\/span>                 <\/div>\n                            <\/div>\n                        <!-- thumbnail start-->\n\n            <!-- content start-->\n            <div class=\"etn-event-content\">\n                                                                                        \n                <h3 class=\"etn-title etn-event-title\"><a href=\"https:\/\/2024.adventupuli.hr\/it\/dogadaj\/adventski-vijenac-slovensko-kulturno-drustvo-pula-3\/\">\n                    La corona musicale &#8211; SAC Lino Mariani<\/a>\n                <\/h3>\n                                \n                <div class=\"etn-event-footer\">\n                    <div class=\"etn-event-date\">\n                                    <span>\n\t\t\t\t<i class=\"etn-icon etn-calendar\"><\/i>\n                22\/12\/2024            <\/span>\n\t\t\t                    <\/div>\n                   \n                <\/div>\n            <\/div>\n            <!-- content end-->\n        <\/div>\n        <!-- etn event item end-->\n    <\/div>\n        <div class=\"etn-col-md-6 etn-col-lg-3\">\n        <div class=\"etn-event-item\">\n            <!-- thumbnail -->\n                        <div class=\"etn-event-thumb\">\n                <a \n                    href=\"https:\/\/2024.adventupuli.hr\/it\/dogadaj\/bor-dobrih-prica-carolija-bozicnog-svjetla-i-zvukova\/\" \n                    aria-label=\"Programmi terminati\"\n                >\n                    <img loading=\"lazy\" decoding=\"async\" width=\"800\" height=\"534\" src=\"https:\/\/2024.adventupuli.hr\/wp-content\/uploads\/2024\/11\/Djecja_knjiznica-1024x683.jpg\" class=\"attachment-large size-large wp-post-image\" alt=\"\" srcset=\"https:\/\/2024.adventupuli.hr\/wp-content\/uploads\/2024\/11\/Djecja_knjiznica-1024x683.jpg 1024w, https:\/\/2024.adventupuli.hr\/wp-content\/uploads\/2024\/11\/Djecja_knjiznica-300x200.jpg 300w, https:\/\/2024.adventupuli.hr\/wp-content\/uploads\/2024\/11\/Djecja_knjiznica-768x512.jpg 768w, https:\/\/2024.adventupuli.hr\/wp-content\/uploads\/2024\/11\/Djecja_knjiznica.jpg 1200w\" sizes=\"(max-width: 800px) 100vw, 800px\" \/>                <\/a>\n                <div class=\"etn-event-category\">\n                    <span>Programmi di biblioteca<\/span>                 <\/div>\n                            <\/div>\n                        <!-- thumbnail start-->\n\n            <!-- content start-->\n            <div class=\"etn-event-content\">\n                                                                                        \n                <h3 class=\"etn-title etn-event-title\"><a href=\"https:\/\/2024.adventupuli.hr\/it\/dogadaj\/bor-dobrih-prica-carolija-bozicnog-svjetla-i-zvukova\/\">\n                    Albero di Natale delle belle storie -La magia delle luci e dei suoni del Natale<\/a>\n                <\/h3>\n                                \n                <div class=\"etn-event-footer\">\n                    <div class=\"etn-event-date\">\n                                    <span>\n\t\t\t\t<i class=\"etn-icon etn-calendar\"><\/i>\n                23\/12\/2024            <\/span>\n\t\t\t                    <\/div>\n                   \n                <\/div>\n            <\/div>\n            <!-- content end-->\n        <\/div>\n        <!-- etn event item end-->\n    <\/div>\n        <div class=\"etn-col-md-6 etn-col-lg-3\">\n        <div class=\"etn-event-item\">\n            <!-- thumbnail -->\n                        <div class=\"etn-event-thumb\">\n                <a \n                    href=\"https:\/\/2024.adventupuli.hr\/it\/dogadaj\/ab-original\/\" \n                    aria-label=\"Programmi terminati\"\n                >\n                    <img loading=\"lazy\" decoding=\"async\" width=\"800\" height=\"534\" src=\"https:\/\/2024.adventupuli.hr\/wp-content\/uploads\/2024\/11\/ABOriginal-1024x683.jpg\" class=\"attachment-large size-large wp-post-image\" alt=\"\" srcset=\"https:\/\/2024.adventupuli.hr\/wp-content\/uploads\/2024\/11\/ABOriginal-1024x683.jpg 1024w, https:\/\/2024.adventupuli.hr\/wp-content\/uploads\/2024\/11\/ABOriginal-300x200.jpg 300w, https:\/\/2024.adventupuli.hr\/wp-content\/uploads\/2024\/11\/ABOriginal-768x512.jpg 768w, https:\/\/2024.adventupuli.hr\/wp-content\/uploads\/2024\/11\/ABOriginal.jpg 1200w\" sizes=\"(max-width: 800px) 100vw, 800px\" \/>                <\/a>\n                <div class=\"etn-event-category\">\n                    <span>Programma di danza<\/span>                 <\/div>\n                            <\/div>\n                        <!-- thumbnail start-->\n\n            <!-- content start-->\n            <div class=\"etn-event-content\">\n                                                                                        \n                <h3 class=\"etn-title etn-event-title\"><a href=\"https:\/\/2024.adventupuli.hr\/it\/dogadaj\/ab-original\/\">\n                    AB Original<\/a>\n                <\/h3>\n                                \n                <div class=\"etn-event-footer\">\n                    <div class=\"etn-event-date\">\n                                    <span>\n\t\t\t\t<i class=\"etn-icon etn-calendar\"><\/i>\n                23\/12\/2024            <\/span>\n\t\t\t                    <\/div>\n                   \n                <\/div>\n            <\/div>\n            <!-- content end-->\n        <\/div>\n        <!-- etn event item end-->\n    <\/div>\n        <div class=\"etn-col-md-6 etn-col-lg-3\">\n        <div class=\"etn-event-item\">\n            <!-- thumbnail -->\n                        <div class=\"etn-event-thumb\">\n                <a \n                    href=\"https:\/\/2024.adventupuli.hr\/it\/dogadaj\/bozicni-koncert-zbora-i-solista-opere-hnk-ivana-pl-zajca-rijeka\/\" \n                    aria-label=\"Programmi terminati\"\n                >\n                    <img loading=\"lazy\" decoding=\"async\" width=\"800\" height=\"534\" src=\"https:\/\/2024.adventupuli.hr\/wp-content\/uploads\/2024\/11\/ADVENT-LOGO-2024-1024x683.jpg\" class=\"attachment-large size-large wp-post-image\" alt=\"\" srcset=\"https:\/\/2024.adventupuli.hr\/wp-content\/uploads\/2024\/11\/ADVENT-LOGO-2024-1024x683.jpg 1024w, https:\/\/2024.adventupuli.hr\/wp-content\/uploads\/2024\/11\/ADVENT-LOGO-2024-300x200.jpg 300w, https:\/\/2024.adventupuli.hr\/wp-content\/uploads\/2024\/11\/ADVENT-LOGO-2024-768x512.jpg 768w, https:\/\/2024.adventupuli.hr\/wp-content\/uploads\/2024\/11\/ADVENT-LOGO-2024.jpg 1200w\" sizes=\"(max-width: 800px) 100vw, 800px\" \/>                <\/a>\n                <div class=\"etn-event-category\">\n                    <span>Programma musicale<\/span>                 <\/div>\n                            <\/div>\n                        <!-- thumbnail start-->\n\n            <!-- content start-->\n            <div class=\"etn-event-content\">\n                                                                                        \n                <h3 class=\"etn-title etn-event-title\"><a href=\"https:\/\/2024.adventupuli.hr\/it\/dogadaj\/bozicni-koncert-zbora-i-solista-opere-hnk-ivana-pl-zajca-rijeka\/\">\n                    Concerto di Natale del coro e dei solisti dell&#8217;Opera del Teatro Nazionale Croato Ivana pl. Zajca di Fiume<\/a>\n                <\/h3>\n                                \n                <div class=\"etn-event-footer\">\n                    <div class=\"etn-event-date\">\n                                    <span>\n\t\t\t\t<i class=\"etn-icon etn-calendar\"><\/i>\n                23\/12\/2024            <\/span>\n\t\t\t                    <\/div>\n                   \n                <\/div>\n            <\/div>\n            <!-- content end-->\n        <\/div>\n        <!-- etn event item end-->\n    <\/div>\n        <div class=\"etn-col-md-6 etn-col-lg-3\">\n        <div class=\"etn-event-item\">\n            <!-- thumbnail -->\n                        <div class=\"etn-event-thumb\">\n                <a \n                    href=\"https:\/\/2024.adventupuli.hr\/it\/dogadaj\/sonja-i-6-mamurluka\/\" \n                    aria-label=\"Programmi terminati\"\n                >\n                    <img loading=\"lazy\" decoding=\"async\" width=\"800\" height=\"534\" src=\"https:\/\/2024.adventupuli.hr\/wp-content\/uploads\/2024\/12\/Sonja2-1024x683.jpg\" class=\"attachment-large size-large wp-post-image\" alt=\"\" srcset=\"https:\/\/2024.adventupuli.hr\/wp-content\/uploads\/2024\/12\/Sonja2-1024x683.jpg 1024w, https:\/\/2024.adventupuli.hr\/wp-content\/uploads\/2024\/12\/Sonja2-300x200.jpg 300w, https:\/\/2024.adventupuli.hr\/wp-content\/uploads\/2024\/12\/Sonja2-768x512.jpg 768w, https:\/\/2024.adventupuli.hr\/wp-content\/uploads\/2024\/12\/Sonja2.jpg 1200w\" sizes=\"(max-width: 800px) 100vw, 800px\" \/>                <\/a>\n                <div class=\"etn-event-category\">\n                    <span>Programma musicale<\/span>                 <\/div>\n                            <\/div>\n                        <!-- thumbnail start-->\n\n            <!-- content start-->\n            <div class=\"etn-event-content\">\n                                                                                        \n                <h3 class=\"etn-title etn-event-title\"><a href=\"https:\/\/2024.adventupuli.hr\/it\/dogadaj\/sonja-i-6-mamurluka\/\">\n                    Sonja i 6 Mamurluka<\/a>\n                <\/h3>\n                                \n                <div class=\"etn-event-footer\">\n                    <div class=\"etn-event-date\">\n                                    <span>\n\t\t\t\t<i class=\"etn-icon etn-calendar\"><\/i>\n                23\/12\/2024            <\/span>\n\t\t\t                    <\/div>\n                   \n                <\/div>\n            <\/div>\n            <!-- content end-->\n        <\/div>\n        <!-- etn event item end-->\n    <\/div>\n        <div class=\"etn-col-md-6 etn-col-lg-3\">\n        <div class=\"etn-event-item\">\n            <!-- thumbnail -->\n                        <div class=\"etn-event-thumb\">\n                <a \n                    href=\"https:\/\/2024.adventupuli.hr\/it\/dogadaj\/s-puno-ljubavi-za-bozic-dragi-djedice-napisi-pismo-djedu-bozicnjaku\/\" \n                    aria-label=\"Programmi terminati\"\n                >\n                    <img loading=\"lazy\" decoding=\"async\" width=\"800\" height=\"534\" src=\"https:\/\/2024.adventupuli.hr\/wp-content\/uploads\/2024\/11\/GKC-1024x683.jpg\" class=\"attachment-large size-large wp-post-image\" alt=\"\" srcset=\"https:\/\/2024.adventupuli.hr\/wp-content\/uploads\/2024\/11\/GKC-1024x683.jpg 1024w, https:\/\/2024.adventupuli.hr\/wp-content\/uploads\/2024\/11\/GKC-300x200.jpg 300w, https:\/\/2024.adventupuli.hr\/wp-content\/uploads\/2024\/11\/GKC-768x512.jpg 768w, https:\/\/2024.adventupuli.hr\/wp-content\/uploads\/2024\/11\/GKC.jpg 1200w\" sizes=\"(max-width: 800px) 100vw, 800px\" \/>                <\/a>\n                <div class=\"etn-event-category\">\n                    <span>Programmi di biblioteca<\/span>                 <\/div>\n                            <\/div>\n                        <!-- thumbnail start-->\n\n            <!-- content start-->\n            <div class=\"etn-event-content\">\n                                                                                        \n                <h3 class=\"etn-title etn-event-title\"><a href=\"https:\/\/2024.adventupuli.hr\/it\/dogadaj\/s-puno-ljubavi-za-bozic-dragi-djedice-napisi-pismo-djedu-bozicnjaku\/\">\n                    Con tanto affetto per Natale! &#8211; Caro Babbo Natale: scrivi una lettera a Babbo Natale<\/a>\n                <\/h3>\n                                \n                <div class=\"etn-event-footer\">\n                    <div class=\"etn-event-date\">\n                                    <span>\n\t\t\t\t<i class=\"etn-icon etn-calendar\"><\/i>\n                24\/12\/2024            <\/span>\n\t\t\t                    <\/div>\n                   \n                <\/div>\n            <\/div>\n            <!-- content end-->\n        <\/div>\n        <!-- etn event item end-->\n    <\/div>\n        <div class=\"etn-col-md-6 etn-col-lg-3\">\n        <div class=\"etn-event-item\">\n            <!-- thumbnail -->\n                        <div class=\"etn-event-thumb\">\n                <a \n                    href=\"https:\/\/2024.adventupuli.hr\/it\/dogadaj\/vesna-nezic-ruzic-anelidi-velika-padela\/\" \n                    aria-label=\"Programmi terminati\"\n                >\n                    <img loading=\"lazy\" decoding=\"async\" width=\"800\" height=\"534\" src=\"https:\/\/2024.adventupuli.hr\/wp-content\/uploads\/2024\/10\/P1060275-1024x684.jpg\" class=\"attachment-large size-large wp-post-image\" alt=\"\" srcset=\"https:\/\/2024.adventupuli.hr\/wp-content\/uploads\/2024\/10\/P1060275-1024x684.jpg 1024w, https:\/\/2024.adventupuli.hr\/wp-content\/uploads\/2024\/10\/P1060275-300x201.jpg 300w, https:\/\/2024.adventupuli.hr\/wp-content\/uploads\/2024\/10\/P1060275-768x513.jpg 768w, https:\/\/2024.adventupuli.hr\/wp-content\/uploads\/2024\/10\/P1060275.jpg 1200w\" sizes=\"(max-width: 800px) 100vw, 800px\" \/>                <\/a>\n                <div class=\"etn-event-category\">\n                    <span>Programma musicale<\/span>                 <\/div>\n                            <\/div>\n                        <!-- thumbnail start-->\n\n            <!-- content start-->\n            <div class=\"etn-event-content\">\n                                                                                        \n                <h3 class=\"etn-title etn-event-title\"><a href=\"https:\/\/2024.adventupuli.hr\/it\/dogadaj\/vesna-nezic-ruzic-anelidi-velika-padela\/\">\n                    Vesna Ne\u017ei\u0107 Ru\u017ei\u0107 &#038; Anelidi + grande padella<\/a>\n                <\/h3>\n                                \n                <div class=\"etn-event-footer\">\n                    <div class=\"etn-event-date\">\n                                    <span>\n\t\t\t\t<i class=\"etn-icon etn-calendar\"><\/i>\n                24\/12\/2024            <\/span>\n\t\t\t                    <\/div>\n                   \n                <\/div>\n            <\/div>\n            <!-- content end-->\n        <\/div>\n        <!-- etn event item end-->\n    <\/div>\n        <div class=\"etn-col-md-6 etn-col-lg-3\">\n        <div class=\"etn-event-item\">\n            <!-- thumbnail -->\n                        <div class=\"etn-event-thumb\">\n                <a \n                    href=\"https:\/\/2024.adventupuli.hr\/it\/dogadaj\/branko-sterpin-timo-lassy-quintet\/\" \n                    aria-label=\"Programmi terminati\"\n                >\n                    <img loading=\"lazy\" decoding=\"async\" width=\"800\" height=\"533\" src=\"https:\/\/2024.adventupuli.hr\/wp-content\/uploads\/2024\/12\/Timo-1024x682.jpg\" class=\"attachment-large size-large wp-post-image\" alt=\"\" srcset=\"https:\/\/2024.adventupuli.hr\/wp-content\/uploads\/2024\/12\/Timo-1024x682.jpg 1024w, https:\/\/2024.adventupuli.hr\/wp-content\/uploads\/2024\/12\/Timo-300x200.jpg 300w, https:\/\/2024.adventupuli.hr\/wp-content\/uploads\/2024\/12\/Timo-768x512.jpg 768w, https:\/\/2024.adventupuli.hr\/wp-content\/uploads\/2024\/12\/Timo.jpg 1199w\" sizes=\"(max-width: 800px) 100vw, 800px\" \/>                <\/a>\n                <div class=\"etn-event-category\">\n                    <span>Programma musicale<\/span>                 <\/div>\n                            <\/div>\n                        <!-- thumbnail start-->\n\n            <!-- content start-->\n            <div class=\"etn-event-content\">\n                                                                                        \n                <h3 class=\"etn-title etn-event-title\"><a href=\"https:\/\/2024.adventupuli.hr\/it\/dogadaj\/branko-sterpin-timo-lassy-quintet\/\">\n                    Branko Sterpin &#8211; Timo Lassy Quintet<\/a>\n                <\/h3>\n                                \n                <div class=\"etn-event-footer\">\n                    <div class=\"etn-event-date\">\n                                    <span>\n\t\t\t\t<i class=\"etn-icon etn-calendar\"><\/i>\n                24\/12\/2024            <\/span>\n\t\t\t                    <\/div>\n                   \n                <\/div>\n            <\/div>\n            <!-- content end-->\n        <\/div>\n        <!-- etn event item end-->\n    <\/div>\n        <div class=\"etn-col-md-6 etn-col-lg-3\">\n        <div class=\"etn-event-item\">\n            <!-- thumbnail -->\n                        <div class=\"etn-event-thumb\">\n                <a \n                    href=\"https:\/\/2024.adventupuli.hr\/it\/dogadaj\/denis-denis\/\" \n                    aria-label=\"Programmi terminati\"\n                >\n                    <img loading=\"lazy\" decoding=\"async\" width=\"800\" height=\"534\" src=\"https:\/\/2024.adventupuli.hr\/wp-content\/uploads\/2024\/10\/22-1024x684.jpg\" class=\"attachment-large size-large wp-post-image\" alt=\"\" srcset=\"https:\/\/2024.adventupuli.hr\/wp-content\/uploads\/2024\/10\/22-1024x684.jpg 1024w, https:\/\/2024.adventupuli.hr\/wp-content\/uploads\/2024\/10\/22-300x201.jpg 300w, https:\/\/2024.adventupuli.hr\/wp-content\/uploads\/2024\/10\/22-768x513.jpg 768w, https:\/\/2024.adventupuli.hr\/wp-content\/uploads\/2024\/10\/22.jpg 1200w\" sizes=\"(max-width: 800px) 100vw, 800px\" \/>                <\/a>\n                <div class=\"etn-event-category\">\n                    <span>Programma musicale<\/span>                 <\/div>\n                            <\/div>\n                        <!-- thumbnail start-->\n\n            <!-- content start-->\n            <div class=\"etn-event-content\">\n                                                                                        \n                <h3 class=\"etn-title etn-event-title\"><a href=\"https:\/\/2024.adventupuli.hr\/it\/dogadaj\/denis-denis\/\">\n                    Denis &#038; Denis<\/a>\n                <\/h3>\n                                \n                <div class=\"etn-event-footer\">\n                    <div class=\"etn-event-date\">\n                                    <span>\n\t\t\t\t<i class=\"etn-icon etn-calendar\"><\/i>\n                24\/12\/2024            <\/span>\n\t\t\t                    <\/div>\n                   \n                <\/div>\n            <\/div>\n            <!-- content end-->\n        <\/div>\n        <!-- etn event item end-->\n    <\/div>\n        <div class=\"etn-col-md-6 etn-col-lg-3\">\n        <div class=\"etn-event-item\">\n            <!-- thumbnail -->\n                        <div class=\"etn-event-thumb\">\n                <a \n                    href=\"https:\/\/2024.adventupuli.hr\/it\/dogadaj\/side-effects-2\/\" \n                    aria-label=\"Programmi terminati\"\n                >\n                    <img loading=\"lazy\" decoding=\"async\" width=\"800\" height=\"534\" src=\"https:\/\/2024.adventupuli.hr\/wp-content\/uploads\/2024\/11\/ADVENT-LOGO-2024-1024x683.jpg\" class=\"attachment-large size-large wp-post-image\" alt=\"\" srcset=\"https:\/\/2024.adventupuli.hr\/wp-content\/uploads\/2024\/11\/ADVENT-LOGO-2024-1024x683.jpg 1024w, https:\/\/2024.adventupuli.hr\/wp-content\/uploads\/2024\/11\/ADVENT-LOGO-2024-300x200.jpg 300w, https:\/\/2024.adventupuli.hr\/wp-content\/uploads\/2024\/11\/ADVENT-LOGO-2024-768x512.jpg 768w, https:\/\/2024.adventupuli.hr\/wp-content\/uploads\/2024\/11\/ADVENT-LOGO-2024.jpg 1200w\" sizes=\"(max-width: 800px) 100vw, 800px\" \/>                <\/a>\n                <div class=\"etn-event-category\">\n                    <span>Programma musicale<\/span>                 <\/div>\n                            <\/div>\n                        <!-- thumbnail start-->\n\n            <!-- content start-->\n            <div class=\"etn-event-content\">\n                                                                                        \n                <h3 class=\"etn-title etn-event-title\"><a href=\"https:\/\/2024.adventupuli.hr\/it\/dogadaj\/side-effects-2\/\">\n                    Side Effects<\/a>\n                <\/h3>\n                                \n                <div class=\"etn-event-footer\">\n                    <div class=\"etn-event-date\">\n                                    <span>\n\t\t\t\t<i class=\"etn-icon etn-calendar\"><\/i>\n                25\/12\/2024            <\/span>\n\t\t\t                    <\/div>\n                   \n                <\/div>\n            <\/div>\n            <!-- content end-->\n        <\/div>\n        <!-- etn event item end-->\n    <\/div>\n        <div class=\"etn-col-md-6 etn-col-lg-3\">\n        <div class=\"etn-event-item\">\n            <!-- thumbnail -->\n                        <div class=\"etn-event-thumb\">\n                <a \n                    href=\"https:\/\/2024.adventupuli.hr\/it\/dogadaj\/queen-real-tribute\/\" \n                    aria-label=\"Programmi terminati\"\n                >\n                    <img loading=\"lazy\" decoding=\"async\" width=\"800\" height=\"534\" src=\"https:\/\/2024.adventupuli.hr\/wp-content\/uploads\/2024\/10\/Queen-Sensation-1-1024x683.jpg\" class=\"attachment-large size-large wp-post-image\" alt=\"\" srcset=\"https:\/\/2024.adventupuli.hr\/wp-content\/uploads\/2024\/10\/Queen-Sensation-1-1024x683.jpg 1024w, https:\/\/2024.adventupuli.hr\/wp-content\/uploads\/2024\/10\/Queen-Sensation-1-300x200.jpg 300w, https:\/\/2024.adventupuli.hr\/wp-content\/uploads\/2024\/10\/Queen-Sensation-1-768x512.jpg 768w, https:\/\/2024.adventupuli.hr\/wp-content\/uploads\/2024\/10\/Queen-Sensation-1.jpg 1200w\" sizes=\"(max-width: 800px) 100vw, 800px\" \/>                <\/a>\n                <div class=\"etn-event-category\">\n                    <span>Programma musicale<\/span>                 <\/div>\n                            <\/div>\n                        <!-- thumbnail start-->\n\n            <!-- content start-->\n            <div class=\"etn-event-content\">\n                                                                                        \n                <h3 class=\"etn-title etn-event-title\"><a href=\"https:\/\/2024.adventupuli.hr\/it\/dogadaj\/queen-real-tribute\/\">\n                    Queen Sensation<\/a>\n                <\/h3>\n                                \n                <div class=\"etn-event-footer\">\n                    <div class=\"etn-event-date\">\n                                    <span>\n\t\t\t\t<i class=\"etn-icon etn-calendar\"><\/i>\n                25\/12\/2024            <\/span>\n\t\t\t                    <\/div>\n                   \n                <\/div>\n            <\/div>\n            <!-- content end-->\n        <\/div>\n        <!-- etn event item end-->\n    <\/div>\n        <div class=\"etn-col-md-6 etn-col-lg-3\">\n        <div class=\"etn-event-item\">\n            <!-- thumbnail -->\n                        <div class=\"etn-event-thumb\">\n                <a \n                    href=\"https:\/\/2024.adventupuli.hr\/it\/dogadaj\/zoe-sestan\/\" \n                    aria-label=\"Programmi terminati\"\n                >\n                    <img loading=\"lazy\" decoding=\"async\" width=\"800\" height=\"534\" src=\"https:\/\/2024.adventupuli.hr\/wp-content\/uploads\/2024\/11\/Zoe-Sestan-1024x683.jpg\" class=\"attachment-large size-large wp-post-image\" alt=\"\" srcset=\"https:\/\/2024.adventupuli.hr\/wp-content\/uploads\/2024\/11\/Zoe-Sestan-1024x683.jpg 1024w, https:\/\/2024.adventupuli.hr\/wp-content\/uploads\/2024\/11\/Zoe-Sestan-300x200.jpg 300w, https:\/\/2024.adventupuli.hr\/wp-content\/uploads\/2024\/11\/Zoe-Sestan-768x512.jpg 768w, https:\/\/2024.adventupuli.hr\/wp-content\/uploads\/2024\/11\/Zoe-Sestan.jpg 1200w\" sizes=\"(max-width: 800px) 100vw, 800px\" \/>                <\/a>\n                <div class=\"etn-event-category\">\n                    <span>Programma musicale<\/span>                 <\/div>\n                            <\/div>\n                        <!-- thumbnail start-->\n\n            <!-- content start-->\n            <div class=\"etn-event-content\">\n                                                                                        \n                <h3 class=\"etn-title etn-event-title\"><a href=\"https:\/\/2024.adventupuli.hr\/it\/dogadaj\/zoe-sestan\/\">\n                    Zoe \u0160estan<\/a>\n                <\/h3>\n                                \n                <div class=\"etn-event-footer\">\n                    <div class=\"etn-event-date\">\n                                    <span>\n\t\t\t\t<i class=\"etn-icon etn-calendar\"><\/i>\n                26\/12\/2024            <\/span>\n\t\t\t                    <\/div>\n                   \n                <\/div>\n            <\/div>\n            <!-- content end-->\n        <\/div>\n        <!-- etn event item end-->\n    <\/div>\n        <div class=\"etn-col-md-6 etn-col-lg-3\">\n        <div class=\"etn-event-item\">\n            <!-- thumbnail -->\n                        <div class=\"etn-event-thumb\">\n                <a \n                    href=\"https:\/\/2024.adventupuli.hr\/it\/dogadaj\/dj-sosa\/\" \n                    aria-label=\"Programmi terminati\"\n                >\n                    <img loading=\"lazy\" decoding=\"async\" width=\"768\" height=\"768\" src=\"https:\/\/2024.adventupuli.hr\/wp-content\/uploads\/2024\/12\/DJ-Sosa.jpg\" class=\"attachment-large size-large wp-post-image\" alt=\"\" srcset=\"https:\/\/2024.adventupuli.hr\/wp-content\/uploads\/2024\/12\/DJ-Sosa.jpg 768w, https:\/\/2024.adventupuli.hr\/wp-content\/uploads\/2024\/12\/DJ-Sosa-300x300.jpg 300w, https:\/\/2024.adventupuli.hr\/wp-content\/uploads\/2024\/12\/DJ-Sosa-150x150.jpg 150w\" sizes=\"(max-width: 768px) 100vw, 768px\" \/>                <\/a>\n                <div class=\"etn-event-category\">\n                    <span>Programma musicale<\/span>                 <\/div>\n                            <\/div>\n                        <!-- thumbnail start-->\n\n            <!-- content start-->\n            <div class=\"etn-event-content\">\n                                                                                        \n                <h3 class=\"etn-title etn-event-title\"><a href=\"https:\/\/2024.adventupuli.hr\/it\/dogadaj\/dj-sosa\/\">\n                    DJ Sosa<\/a>\n                <\/h3>\n                                \n                <div class=\"etn-event-footer\">\n                    <div class=\"etn-event-date\">\n                                    <span>\n\t\t\t\t<i class=\"etn-icon etn-calendar\"><\/i>\n                26\/12\/2024            <\/span>\n\t\t\t                    <\/div>\n                   \n                <\/div>\n            <\/div>\n            <!-- content end-->\n        <\/div>\n        <!-- etn event item end-->\n    <\/div>\n        <div class=\"etn-col-md-6 etn-col-lg-3\">\n        <div class=\"etn-event-item\">\n            <!-- thumbnail -->\n                        <div class=\"etn-event-thumb\">\n                <a \n                    href=\"https:\/\/2024.adventupuli.hr\/it\/dogadaj\/freaktion-pocket-palma\/\" \n                    aria-label=\"Programmi terminati\"\n                >\n                    <img loading=\"lazy\" decoding=\"async\" width=\"800\" height=\"534\" src=\"https:\/\/2024.adventupuli.hr\/wp-content\/uploads\/2024\/10\/Pocket-Palma-1024x683.jpg\" class=\"attachment-large size-large wp-post-image\" alt=\"\" srcset=\"https:\/\/2024.adventupuli.hr\/wp-content\/uploads\/2024\/10\/Pocket-Palma-1024x683.jpg 1024w, https:\/\/2024.adventupuli.hr\/wp-content\/uploads\/2024\/10\/Pocket-Palma-300x200.jpg 300w, https:\/\/2024.adventupuli.hr\/wp-content\/uploads\/2024\/10\/Pocket-Palma-768x512.jpg 768w, https:\/\/2024.adventupuli.hr\/wp-content\/uploads\/2024\/10\/Pocket-Palma.jpg 1200w\" sizes=\"(max-width: 800px) 100vw, 800px\" \/>                <\/a>\n                <div class=\"etn-event-category\">\n                    <span>Programma musicale<\/span>                 <\/div>\n                            <\/div>\n                        <!-- thumbnail start-->\n\n            <!-- content start-->\n            <div class=\"etn-event-content\">\n                                                                                        \n                <h3 class=\"etn-title etn-event-title\"><a href=\"https:\/\/2024.adventupuli.hr\/it\/dogadaj\/freaktion-pocket-palma\/\">\n                    Freaktion \/ Pocket Palma<\/a>\n                <\/h3>\n                                \n                <div class=\"etn-event-footer\">\n                    <div class=\"etn-event-date\">\n                                    <span>\n\t\t\t\t<i class=\"etn-icon etn-calendar\"><\/i>\n                26\/12\/2024            <\/span>\n\t\t\t                    <\/div>\n                   \n                <\/div>\n            <\/div>\n            <!-- content end-->\n        <\/div>\n        <!-- etn event item end-->\n    <\/div>\n        <div class=\"etn-col-md-6 etn-col-lg-3\">\n        <div class=\"etn-event-item\">\n            <!-- thumbnail -->\n                        <div class=\"etn-event-thumb\">\n                <a \n                    href=\"https:\/\/2024.adventupuli.hr\/it\/dogadaj\/la-la-land-theatre\/\" \n                    aria-label=\"Programmi terminati\"\n                >\n                    <img loading=\"lazy\" decoding=\"async\" width=\"800\" height=\"535\" src=\"https:\/\/2024.adventupuli.hr\/wp-content\/uploads\/2024\/11\/La_La_Land-1024x685.jpg\" class=\"attachment-large size-large wp-post-image\" alt=\"\" srcset=\"https:\/\/2024.adventupuli.hr\/wp-content\/uploads\/2024\/11\/La_La_Land-1024x685.jpg 1024w, https:\/\/2024.adventupuli.hr\/wp-content\/uploads\/2024\/11\/La_La_Land-300x201.jpg 300w, https:\/\/2024.adventupuli.hr\/wp-content\/uploads\/2024\/11\/La_La_Land-768x514.jpg 768w, https:\/\/2024.adventupuli.hr\/wp-content\/uploads\/2024\/11\/La_La_Land.jpg 1197w\" sizes=\"(max-width: 800px) 100vw, 800px\" \/>                <\/a>\n                <div class=\"etn-event-category\">\n                    <span>Programma per bambini<\/span>                 <\/div>\n                            <\/div>\n                        <!-- thumbnail start-->\n\n            <!-- content start-->\n            <div class=\"etn-event-content\">\n                                                                                        \n                <h3 class=\"etn-title etn-event-title\"><a href=\"https:\/\/2024.adventupuli.hr\/it\/dogadaj\/la-la-land-theatre\/\">\n                    La La Land Theatre<\/a>\n                <\/h3>\n                                \n                <div class=\"etn-event-footer\">\n                    <div class=\"etn-event-date\">\n                                    <span>\n\t\t\t\t<i class=\"etn-icon etn-calendar\"><\/i>\n                27\/12\/2024            <\/span>\n\t\t\t                    <\/div>\n                   \n                <\/div>\n            <\/div>\n            <!-- content end-->\n        <\/div>\n        <!-- etn event item end-->\n    <\/div>\n        <div class=\"etn-col-md-6 etn-col-lg-3\">\n        <div class=\"etn-event-item\">\n            <!-- thumbnail -->\n                        <div class=\"etn-event-thumb\">\n                <a \n                    href=\"https:\/\/2024.adventupuli.hr\/it\/dogadaj\/price-u-prosincu-eko-radionica-zrak-voda-i-cista-priroda-kako-mudric-cuva-prirodu\/\" \n                    aria-label=\"Programmi terminati\"\n                >\n                    <img loading=\"lazy\" decoding=\"async\" width=\"800\" height=\"534\" src=\"https:\/\/2024.adventupuli.hr\/wp-content\/uploads\/2024\/11\/GKC-1024x683.jpg\" class=\"attachment-large size-large wp-post-image\" alt=\"\" srcset=\"https:\/\/2024.adventupuli.hr\/wp-content\/uploads\/2024\/11\/GKC-1024x683.jpg 1024w, https:\/\/2024.adventupuli.hr\/wp-content\/uploads\/2024\/11\/GKC-300x200.jpg 300w, https:\/\/2024.adventupuli.hr\/wp-content\/uploads\/2024\/11\/GKC-768x512.jpg 768w, https:\/\/2024.adventupuli.hr\/wp-content\/uploads\/2024\/11\/GKC.jpg 1200w\" sizes=\"(max-width: 800px) 100vw, 800px\" \/>                <\/a>\n                <div class=\"etn-event-category\">\n                    <span>Programmi di biblioteca<\/span>                 <\/div>\n                            <\/div>\n                        <!-- thumbnail start-->\n\n            <!-- content start-->\n            <div class=\"etn-event-content\">\n                                                                                        \n                <h3 class=\"etn-title etn-event-title\"><a href=\"https:\/\/2024.adventupuli.hr\/it\/dogadaj\/price-u-prosincu-eko-radionica-zrak-voda-i-cista-priroda-kako-mudric-cuva-prirodu\/\">\n                    Racconti di dicembre &#8211; Laboratorio ecologico &#8211; Aria, acqua&#8230; e natura pura: come Mudri\u0107 preserva la natura<\/a>\n                <\/h3>\n                                \n                <div class=\"etn-event-footer\">\n                    <div class=\"etn-event-date\">\n                                    <span>\n\t\t\t\t<i class=\"etn-icon etn-calendar\"><\/i>\n                27\/12\/2024            <\/span>\n\t\t\t                    <\/div>\n                   \n                <\/div>\n            <\/div>\n            <!-- content end-->\n        <\/div>\n        <!-- etn event item end-->\n    <\/div>\n        <div class=\"etn-col-md-6 etn-col-lg-3\">\n        <div class=\"etn-event-item\">\n            <!-- thumbnail -->\n                        <div class=\"etn-event-thumb\">\n                <a \n                    href=\"https:\/\/2024.adventupuli.hr\/it\/dogadaj\/dj-sosa-2\/\" \n                    aria-label=\"Programmi terminati\"\n                >\n                    <img loading=\"lazy\" decoding=\"async\" width=\"768\" height=\"768\" src=\"https:\/\/2024.adventupuli.hr\/wp-content\/uploads\/2024\/12\/DJ-Sosa.jpg\" class=\"attachment-large size-large wp-post-image\" alt=\"\" srcset=\"https:\/\/2024.adventupuli.hr\/wp-content\/uploads\/2024\/12\/DJ-Sosa.jpg 768w, https:\/\/2024.adventupuli.hr\/wp-content\/uploads\/2024\/12\/DJ-Sosa-300x300.jpg 300w, https:\/\/2024.adventupuli.hr\/wp-content\/uploads\/2024\/12\/DJ-Sosa-150x150.jpg 150w\" sizes=\"(max-width: 768px) 100vw, 768px\" \/>                <\/a>\n                <div class=\"etn-event-category\">\n                    <span>Programma musicale<\/span>                 <\/div>\n                            <\/div>\n                        <!-- thumbnail start-->\n\n            <!-- content start-->\n            <div class=\"etn-event-content\">\n                                                                                        \n                <h3 class=\"etn-title etn-event-title\"><a href=\"https:\/\/2024.adventupuli.hr\/it\/dogadaj\/dj-sosa-2\/\">\n                    DJ Sosa<\/a>\n                <\/h3>\n                                \n                <div class=\"etn-event-footer\">\n                    <div class=\"etn-event-date\">\n                                    <span>\n\t\t\t\t<i class=\"etn-icon etn-calendar\"><\/i>\n                27\/12\/2024            <\/span>\n\t\t\t                    <\/div>\n                   \n                <\/div>\n            <\/div>\n            <!-- content end-->\n        <\/div>\n        <!-- etn event item end-->\n    <\/div>\n        <div class=\"etn-col-md-6 etn-col-lg-3\">\n        <div class=\"etn-event-item\">\n            <!-- thumbnail -->\n                        <div class=\"etn-event-thumb\">\n                <a \n                    href=\"https:\/\/2024.adventupuli.hr\/it\/dogadaj\/st-thomas-quintet-feat-ivona-fabris\/\" \n                    aria-label=\"Programmi terminati\"\n                >\n                    <img loading=\"lazy\" decoding=\"async\" width=\"800\" height=\"534\" src=\"https:\/\/2024.adventupuli.hr\/wp-content\/uploads\/2024\/11\/ADVENT-LOGO-2024-1024x683.jpg\" class=\"attachment-large size-large wp-post-image\" alt=\"\" srcset=\"https:\/\/2024.adventupuli.hr\/wp-content\/uploads\/2024\/11\/ADVENT-LOGO-2024-1024x683.jpg 1024w, https:\/\/2024.adventupuli.hr\/wp-content\/uploads\/2024\/11\/ADVENT-LOGO-2024-300x200.jpg 300w, https:\/\/2024.adventupuli.hr\/wp-content\/uploads\/2024\/11\/ADVENT-LOGO-2024-768x512.jpg 768w, https:\/\/2024.adventupuli.hr\/wp-content\/uploads\/2024\/11\/ADVENT-LOGO-2024.jpg 1200w\" sizes=\"(max-width: 800px) 100vw, 800px\" \/>                <\/a>\n                <div class=\"etn-event-category\">\n                    <span>Programma musicale<\/span>                 <\/div>\n                            <\/div>\n                        <!-- thumbnail start-->\n\n            <!-- content start-->\n            <div class=\"etn-event-content\">\n                                                                                        \n                <h3 class=\"etn-title etn-event-title\"><a href=\"https:\/\/2024.adventupuli.hr\/it\/dogadaj\/st-thomas-quintet-feat-ivona-fabris\/\">\n                    St. Thomas Quintet feat. Ivona Fabris<\/a>\n                <\/h3>\n                                \n                <div class=\"etn-event-footer\">\n                    <div class=\"etn-event-date\">\n                                    <span>\n\t\t\t\t<i class=\"etn-icon etn-calendar\"><\/i>\n                27\/12\/2024            <\/span>\n\t\t\t                    <\/div>\n                   \n                <\/div>\n            <\/div>\n            <!-- content end-->\n        <\/div>\n        <!-- etn event item end-->\n    <\/div>\n        <div class=\"etn-col-md-6 etn-col-lg-3\">\n        <div class=\"etn-event-item\">\n            <!-- thumbnail -->\n                        <div class=\"etn-event-thumb\">\n                <a \n                    href=\"https:\/\/2024.adventupuli.hr\/it\/dogadaj\/kawasaki-3p\/\" \n                    aria-label=\"Programmi terminati\"\n                >\n                    <img loading=\"lazy\" decoding=\"async\" width=\"800\" height=\"533\" src=\"https:\/\/2024.adventupuli.hr\/wp-content\/uploads\/2024\/10\/kawasaki3P_2-1024x682.jpg\" class=\"attachment-large size-large wp-post-image\" alt=\"\" srcset=\"https:\/\/2024.adventupuli.hr\/wp-content\/uploads\/2024\/10\/kawasaki3P_2-1024x682.jpg 1024w, https:\/\/2024.adventupuli.hr\/wp-content\/uploads\/2024\/10\/kawasaki3P_2-300x200.jpg 300w, https:\/\/2024.adventupuli.hr\/wp-content\/uploads\/2024\/10\/kawasaki3P_2-768x511.jpg 768w, https:\/\/2024.adventupuli.hr\/wp-content\/uploads\/2024\/10\/kawasaki3P_2.jpg 1200w\" sizes=\"(max-width: 800px) 100vw, 800px\" \/>                <\/a>\n                <div class=\"etn-event-category\">\n                    <span>Programma musicale<\/span>                 <\/div>\n                            <\/div>\n                        <!-- thumbnail start-->\n\n            <!-- content start-->\n            <div class=\"etn-event-content\">\n                                                                                        \n                <h3 class=\"etn-title etn-event-title\"><a href=\"https:\/\/2024.adventupuli.hr\/it\/dogadaj\/kawasaki-3p\/\">\n                    Kawasaki 3P<\/a>\n                <\/h3>\n                                \n                <div class=\"etn-event-footer\">\n                    <div class=\"etn-event-date\">\n                                    <span>\n\t\t\t\t<i class=\"etn-icon etn-calendar\"><\/i>\n                27\/12\/2024            <\/span>\n\t\t\t                    <\/div>\n                   \n                <\/div>\n            <\/div>\n            <!-- content end-->\n        <\/div>\n        <!-- etn event item end-->\n    <\/div>\n        <div class=\"etn-col-md-6 etn-col-lg-3\">\n        <div class=\"etn-event-item\">\n            <!-- thumbnail -->\n                        <div class=\"etn-event-thumb\">\n                <a \n                    href=\"https:\/\/2024.adventupuli.hr\/it\/dogadaj\/baka-libric-u-gostima-prica-za-dobro-jutro\/\" \n                    aria-label=\"Programmi terminati\"\n                >\n                    <img loading=\"lazy\" decoding=\"async\" width=\"750\" height=\"465\" src=\"https:\/\/2024.adventupuli.hr\/wp-content\/uploads\/2024\/11\/Pupetta-750x465-1.jpg\" class=\"attachment-large size-large wp-post-image\" alt=\"\" srcset=\"https:\/\/2024.adventupuli.hr\/wp-content\/uploads\/2024\/11\/Pupetta-750x465-1.jpg 750w, https:\/\/2024.adventupuli.hr\/wp-content\/uploads\/2024\/11\/Pupetta-750x465-1-300x186.jpg 300w\" sizes=\"(max-width: 750px) 100vw, 750px\" \/>                <\/a>\n                <div class=\"etn-event-category\">\n                    <span>Programma per bambini<\/span>                 <\/div>\n                            <\/div>\n                        <!-- thumbnail start-->\n\n            <!-- content start-->\n            <div class=\"etn-event-content\">\n                                                                                        \n                <h3 class=\"etn-title etn-event-title\"><a href=\"https:\/\/2024.adventupuli.hr\/it\/dogadaj\/baka-libric-u-gostima-prica-za-dobro-jutro\/\">\n                    Associazione Puppeta, Marionette di Natale, Laboratorio di Marionette<\/a>\n                <\/h3>\n                                \n                <div class=\"etn-event-footer\">\n                    <div class=\"etn-event-date\">\n                                    <span>\n\t\t\t\t<i class=\"etn-icon etn-calendar\"><\/i>\n                28\/12\/2024            <\/span>\n\t\t\t                    <\/div>\n                   \n                <\/div>\n            <\/div>\n            <!-- content end-->\n        <\/div>\n        <!-- etn event item end-->\n    <\/div>\n        <div class=\"etn-col-md-6 etn-col-lg-3\">\n        <div class=\"etn-event-item\">\n            <!-- thumbnail -->\n                        <div class=\"etn-event-thumb\">\n                <a \n                    href=\"https:\/\/2024.adventupuli.hr\/it\/dogadaj\/tvornica-djeda-bozicnjaka-pahuljica-mrazic\/\" \n                    aria-label=\"Programmi terminati\"\n                >\n                    <img loading=\"lazy\" decoding=\"async\" width=\"800\" height=\"534\" src=\"https:\/\/2024.adventupuli.hr\/wp-content\/uploads\/2024\/11\/GKC-1024x683.jpg\" class=\"attachment-large size-large wp-post-image\" alt=\"\" srcset=\"https:\/\/2024.adventupuli.hr\/wp-content\/uploads\/2024\/11\/GKC-1024x683.jpg 1024w, https:\/\/2024.adventupuli.hr\/wp-content\/uploads\/2024\/11\/GKC-300x200.jpg 300w, https:\/\/2024.adventupuli.hr\/wp-content\/uploads\/2024\/11\/GKC-768x512.jpg 768w, https:\/\/2024.adventupuli.hr\/wp-content\/uploads\/2024\/11\/GKC.jpg 1200w\" sizes=\"(max-width: 800px) 100vw, 800px\" \/>                <\/a>\n                <div class=\"etn-event-category\">\n                    <span>Programmi di biblioteca<\/span>                 <\/div>\n                            <\/div>\n                        <!-- thumbnail start-->\n\n            <!-- content start-->\n            <div class=\"etn-event-content\">\n                                                                                        \n                <h3 class=\"etn-title etn-event-title\"><a href=\"https:\/\/2024.adventupuli.hr\/it\/dogadaj\/tvornica-djeda-bozicnjaka-pahuljica-mrazic\/\">\n                    La fabbrica di Babbo Natale &#8211; Fiocca Mrazi\u0107<\/a>\n                <\/h3>\n                                \n                <div class=\"etn-event-footer\">\n                    <div class=\"etn-event-date\">\n                                    <span>\n\t\t\t\t<i class=\"etn-icon etn-calendar\"><\/i>\n                28\/12\/2024            <\/span>\n\t\t\t                    <\/div>\n                   \n                <\/div>\n            <\/div>\n            <!-- content end-->\n        <\/div>\n        <!-- etn event item end-->\n    <\/div>\n        <div class=\"etn-col-md-6 etn-col-lg-3\">\n        <div class=\"etn-event-item\">\n            <!-- thumbnail -->\n                        <div class=\"etn-event-thumb\">\n                <a \n                    href=\"https:\/\/2024.adventupuli.hr\/it\/dogadaj\/baka-libric-u-gostima-prica-za-laku-noc\/\" \n                    aria-label=\"Programmi terminati\"\n                >\n                    <img loading=\"lazy\" decoding=\"async\" width=\"800\" height=\"675\" src=\"https:\/\/2024.adventupuli.hr\/wp-content\/uploads\/2024\/11\/Baka-Libric-min-800x675-1.jpg\" class=\"attachment-large size-large wp-post-image\" alt=\"\" srcset=\"https:\/\/2024.adventupuli.hr\/wp-content\/uploads\/2024\/11\/Baka-Libric-min-800x675-1.jpg 800w, https:\/\/2024.adventupuli.hr\/wp-content\/uploads\/2024\/11\/Baka-Libric-min-800x675-1-300x253.jpg 300w, https:\/\/2024.adventupuli.hr\/wp-content\/uploads\/2024\/11\/Baka-Libric-min-800x675-1-768x648.jpg 768w\" sizes=\"(max-width: 800px) 100vw, 800px\" \/>                <\/a>\n                <div class=\"etn-event-category\">\n                    <span>Programma per bambini<\/span>                 <\/div>\n                            <\/div>\n                        <!-- thumbnail start-->\n\n            <!-- content start-->\n            <div class=\"etn-event-content\">\n                                                                                        \n                <h3 class=\"etn-title etn-event-title\"><a href=\"https:\/\/2024.adventupuli.hr\/it\/dogadaj\/baka-libric-u-gostima-prica-za-laku-noc\/\">\n                    Storie con Mamma Natale<\/a>\n                <\/h3>\n                                \n                <div class=\"etn-event-footer\">\n                    <div class=\"etn-event-date\">\n                                    <span>\n\t\t\t\t<i class=\"etn-icon etn-calendar\"><\/i>\n                28\/12\/2024            <\/span>\n\t\t\t                    <\/div>\n                   \n                <\/div>\n            <\/div>\n            <!-- content end-->\n        <\/div>\n        <!-- etn event item end-->\n    <\/div>\n        <div class=\"etn-col-md-6 etn-col-lg-3\">\n        <div class=\"etn-event-item\">\n            <!-- thumbnail -->\n                        <div class=\"etn-event-thumb\">\n                <a \n                    href=\"https:\/\/2024.adventupuli.hr\/it\/dogadaj\/urban-4\/\" \n                    aria-label=\"Programmi terminati\"\n                >\n                    <img loading=\"lazy\" decoding=\"async\" width=\"800\" height=\"534\" src=\"https:\/\/2024.adventupuli.hr\/wp-content\/uploads\/2024\/10\/314A8585-2-1024x683.jpg\" class=\"attachment-large size-large wp-post-image\" alt=\"\" srcset=\"https:\/\/2024.adventupuli.hr\/wp-content\/uploads\/2024\/10\/314A8585-2-1024x683.jpg 1024w, https:\/\/2024.adventupuli.hr\/wp-content\/uploads\/2024\/10\/314A8585-2-300x200.jpg 300w, https:\/\/2024.adventupuli.hr\/wp-content\/uploads\/2024\/10\/314A8585-2-768x512.jpg 768w, https:\/\/2024.adventupuli.hr\/wp-content\/uploads\/2024\/10\/314A8585-2.jpg 1200w\" sizes=\"(max-width: 800px) 100vw, 800px\" \/>                <\/a>\n                <div class=\"etn-event-category\">\n                    <span>Programma musicale<\/span>                 <\/div>\n                            <\/div>\n                        <!-- thumbnail start-->\n\n            <!-- content start-->\n            <div class=\"etn-event-content\">\n                                                                                        \n                <h3 class=\"etn-title etn-event-title\"><a href=\"https:\/\/2024.adventupuli.hr\/it\/dogadaj\/urban-4\/\">\n                    Urban &#038; 4<\/a>\n                <\/h3>\n                                \n                <div class=\"etn-event-footer\">\n                    <div class=\"etn-event-date\">\n                                    <span>\n\t\t\t\t<i class=\"etn-icon etn-calendar\"><\/i>\n                28\/12\/2024            <\/span>\n\t\t\t                    <\/div>\n                   \n                <\/div>\n            <\/div>\n            <!-- content end-->\n        <\/div>\n        <!-- etn event item end-->\n    <\/div>\n        <div class=\"etn-col-md-6 etn-col-lg-3\">\n        <div class=\"etn-event-item\">\n            <!-- thumbnail -->\n                        <div class=\"etn-event-thumb\">\n                <a \n                    href=\"https:\/\/2024.adventupuli.hr\/it\/dogadaj\/gugumello-bozicna-carolija\/\" \n                    aria-label=\"Programmi terminati\"\n                >\n                    <img loading=\"lazy\" decoding=\"async\" width=\"800\" height=\"533\" src=\"https:\/\/2024.adventupuli.hr\/wp-content\/uploads\/2024\/11\/2024-11-15-14_01_07-Koncept.docx-Word-1024x682.jpg\" class=\"attachment-large size-large wp-post-image\" alt=\"\" srcset=\"https:\/\/2024.adventupuli.hr\/wp-content\/uploads\/2024\/11\/2024-11-15-14_01_07-Koncept.docx-Word-1024x682.jpg 1024w, https:\/\/2024.adventupuli.hr\/wp-content\/uploads\/2024\/11\/2024-11-15-14_01_07-Koncept.docx-Word-300x200.jpg 300w, https:\/\/2024.adventupuli.hr\/wp-content\/uploads\/2024\/11\/2024-11-15-14_01_07-Koncept.docx-Word-768x512.jpg 768w, https:\/\/2024.adventupuli.hr\/wp-content\/uploads\/2024\/11\/2024-11-15-14_01_07-Koncept.docx-Word.jpg 1201w\" sizes=\"(max-width: 800px) 100vw, 800px\" \/>                <\/a>\n                <div class=\"etn-event-category\">\n                    <span>Programma per bambini<\/span>                 <\/div>\n                            <\/div>\n                        <!-- thumbnail start-->\n\n            <!-- content start-->\n            <div class=\"etn-event-content\">\n                                                                                        \n                <h3 class=\"etn-title etn-event-title\"><a href=\"https:\/\/2024.adventupuli.hr\/it\/dogadaj\/gugumello-bozicna-carolija\/\">\n                    Gugumello Natale Magico<\/a>\n                <\/h3>\n                                \n                <div class=\"etn-event-footer\">\n                    <div class=\"etn-event-date\">\n                                    <span>\n\t\t\t\t<i class=\"etn-icon etn-calendar\"><\/i>\n                29\/12\/2024            <\/span>\n\t\t\t                    <\/div>\n                   \n                <\/div>\n            <\/div>\n            <!-- content end-->\n        <\/div>\n        <!-- etn event item end-->\n    <\/div>\n        <div class=\"etn-col-md-6 etn-col-lg-3\">\n        <div class=\"etn-event-item\">\n            <!-- thumbnail -->\n                        <div class=\"etn-event-thumb\">\n                <a \n                    href=\"https:\/\/2024.adventupuli.hr\/it\/dogadaj\/dj-alex\/\" \n                    aria-label=\"Programmi terminati\"\n                >\n                    <img loading=\"lazy\" decoding=\"async\" width=\"800\" height=\"831\" src=\"https:\/\/2024.adventupuli.hr\/wp-content\/uploads\/2024\/12\/DJ-Alex-986x1024.jpg\" class=\"attachment-large size-large wp-post-image\" alt=\"\" srcset=\"https:\/\/2024.adventupuli.hr\/wp-content\/uploads\/2024\/12\/DJ-Alex-986x1024.jpg 986w, https:\/\/2024.adventupuli.hr\/wp-content\/uploads\/2024\/12\/DJ-Alex-289x300.jpg 289w, https:\/\/2024.adventupuli.hr\/wp-content\/uploads\/2024\/12\/DJ-Alex-768x797.jpg 768w, https:\/\/2024.adventupuli.hr\/wp-content\/uploads\/2024\/12\/DJ-Alex.jpg 1200w\" sizes=\"(max-width: 800px) 100vw, 800px\" \/>                <\/a>\n                <div class=\"etn-event-category\">\n                    <span>Programma musicale<\/span>                 <\/div>\n                            <\/div>\n                        <!-- thumbnail start-->\n\n            <!-- content start-->\n            <div class=\"etn-event-content\">\n                                                                                        \n                <h3 class=\"etn-title etn-event-title\"><a href=\"https:\/\/2024.adventupuli.hr\/it\/dogadaj\/dj-alex\/\">\n                    DJ Alex<\/a>\n                <\/h3>\n                                \n                <div class=\"etn-event-footer\">\n                    <div class=\"etn-event-date\">\n                                    <span>\n\t\t\t\t<i class=\"etn-icon etn-calendar\"><\/i>\n                29\/12\/2024            <\/span>\n\t\t\t                    <\/div>\n                   \n                <\/div>\n            <\/div>\n            <!-- content end-->\n        <\/div>\n        <!-- etn event item end-->\n    <\/div>\n        <div class=\"etn-col-md-6 etn-col-lg-3\">\n        <div class=\"etn-event-item\">\n            <!-- thumbnail -->\n                        <div class=\"etn-event-thumb\">\n                <a \n                    href=\"https:\/\/2024.adventupuli.hr\/it\/dogadaj\/klapa-cambi-sa-triom\/\" \n                    aria-label=\"Programmi terminati\"\n                >\n                    <img loading=\"lazy\" decoding=\"async\" width=\"800\" height=\"537\" src=\"https:\/\/2024.adventupuli.hr\/wp-content\/uploads\/2024\/10\/Final-28-of-43-1024x687.jpg\" class=\"attachment-large size-large wp-post-image\" alt=\"\" srcset=\"https:\/\/2024.adventupuli.hr\/wp-content\/uploads\/2024\/10\/Final-28-of-43-1024x687.jpg 1024w, https:\/\/2024.adventupuli.hr\/wp-content\/uploads\/2024\/10\/Final-28-of-43-300x201.jpg 300w, https:\/\/2024.adventupuli.hr\/wp-content\/uploads\/2024\/10\/Final-28-of-43-768x515.jpg 768w, https:\/\/2024.adventupuli.hr\/wp-content\/uploads\/2024\/10\/Final-28-of-43.jpg 1200w\" sizes=\"(max-width: 800px) 100vw, 800px\" \/>                <\/a>\n                <div class=\"etn-event-category\">\n                    <span>Programma musicale<\/span>                 <\/div>\n                            <\/div>\n                        <!-- thumbnail start-->\n\n            <!-- content start-->\n            <div class=\"etn-event-content\">\n                                                                                        \n                <h3 class=\"etn-title etn-event-title\"><a href=\"https:\/\/2024.adventupuli.hr\/it\/dogadaj\/klapa-cambi-sa-triom\/\">\n                    Klapa Cambi<\/a>\n                <\/h3>\n                                \n                <div class=\"etn-event-footer\">\n                    <div class=\"etn-event-date\">\n                                    <span>\n\t\t\t\t<i class=\"etn-icon etn-calendar\"><\/i>\n                29\/12\/2024            <\/span>\n\t\t\t                    <\/div>\n                   \n                <\/div>\n            <\/div>\n            <!-- content end-->\n        <\/div>\n        <!-- etn event item end-->\n    <\/div>\n        <div class=\"etn-col-md-6 etn-col-lg-3\">\n        <div class=\"etn-event-item\">\n            <!-- thumbnail -->\n                        <div class=\"etn-event-thumb\">\n                <a \n                    href=\"https:\/\/2024.adventupuli.hr\/it\/dogadaj\/udruga-birikina-pula-2\/\" \n                    aria-label=\"Programmi terminati\"\n                >\n                    <img loading=\"lazy\" decoding=\"async\" width=\"800\" height=\"534\" src=\"https:\/\/2024.adventupuli.hr\/wp-content\/uploads\/2024\/11\/Birikina-1024x684.jpg\" class=\"attachment-large size-large wp-post-image\" alt=\"\" srcset=\"https:\/\/2024.adventupuli.hr\/wp-content\/uploads\/2024\/11\/Birikina-1024x684.jpg 1024w, https:\/\/2024.adventupuli.hr\/wp-content\/uploads\/2024\/11\/Birikina-300x200.jpg 300w, https:\/\/2024.adventupuli.hr\/wp-content\/uploads\/2024\/11\/Birikina-768x513.jpg 768w, https:\/\/2024.adventupuli.hr\/wp-content\/uploads\/2024\/11\/Birikina.jpg 1200w\" sizes=\"(max-width: 800px) 100vw, 800px\" \/>                <\/a>\n                <div class=\"etn-event-category\">\n                    <span>Programma per bambini<\/span>                 <\/div>\n                            <\/div>\n                        <!-- thumbnail start-->\n\n            <!-- content start-->\n            <div class=\"etn-event-content\">\n                                                                                        \n                <h3 class=\"etn-title etn-event-title\"><a href=\"https:\/\/2024.adventupuli.hr\/it\/dogadaj\/udruga-birikina-pula-2\/\">\n                    Associazione Birikina<\/a>\n                <\/h3>\n                                \n                <div class=\"etn-event-footer\">\n                    <div class=\"etn-event-date\">\n                                    <span>\n\t\t\t\t<i class=\"etn-icon etn-calendar\"><\/i>\n                30\/12\/2024            <\/span>\n\t\t\t                    <\/div>\n                   \n                <\/div>\n            <\/div>\n            <!-- content end-->\n        <\/div>\n        <!-- etn event item end-->\n    <\/div>\n        <div class=\"etn-col-md-6 etn-col-lg-3\">\n        <div class=\"etn-event-item\">\n            <!-- thumbnail -->\n                        <div class=\"etn-event-thumb\">\n                <a \n                    href=\"https:\/\/2024.adventupuli.hr\/it\/dogadaj\/bor-dobrih-prica-gdje-su-nestale-cokoladice\/\" \n                    aria-label=\"Programmi terminati\"\n                >\n                    <img loading=\"lazy\" decoding=\"async\" width=\"800\" height=\"534\" src=\"https:\/\/2024.adventupuli.hr\/wp-content\/uploads\/2024\/11\/Djecja_knjiznica-1024x683.jpg\" class=\"attachment-large size-large wp-post-image\" alt=\"\" srcset=\"https:\/\/2024.adventupuli.hr\/wp-content\/uploads\/2024\/11\/Djecja_knjiznica-1024x683.jpg 1024w, https:\/\/2024.adventupuli.hr\/wp-content\/uploads\/2024\/11\/Djecja_knjiznica-300x200.jpg 300w, https:\/\/2024.adventupuli.hr\/wp-content\/uploads\/2024\/11\/Djecja_knjiznica-768x512.jpg 768w, https:\/\/2024.adventupuli.hr\/wp-content\/uploads\/2024\/11\/Djecja_knjiznica.jpg 1200w\" sizes=\"(max-width: 800px) 100vw, 800px\" \/>                <\/a>\n                <div class=\"etn-event-category\">\n                    <span>Programmi di biblioteca<\/span>                 <\/div>\n                            <\/div>\n                        <!-- thumbnail start-->\n\n            <!-- content start-->\n            <div class=\"etn-event-content\">\n                                                                                        \n                <h3 class=\"etn-title etn-event-title\"><a href=\"https:\/\/2024.adventupuli.hr\/it\/dogadaj\/bor-dobrih-prica-gdje-su-nestale-cokoladice\/\">\n                    Albero di Natale delle belle storie &#8211; Dove sono finiti i cioccolatini?<\/a>\n                <\/h3>\n                                \n                <div class=\"etn-event-footer\">\n                    <div class=\"etn-event-date\">\n                                    <span>\n\t\t\t\t<i class=\"etn-icon etn-calendar\"><\/i>\n                30\/12\/2024            <\/span>\n\t\t\t                    <\/div>\n                   \n                <\/div>\n            <\/div>\n            <!-- content end-->\n        <\/div>\n        <!-- etn event item end-->\n    <\/div>\n        <div class=\"etn-col-md-6 etn-col-lg-3\">\n        <div class=\"etn-event-item\">\n            <!-- thumbnail -->\n                        <div class=\"etn-event-thumb\">\n                <a \n                    href=\"https:\/\/2024.adventupuli.hr\/it\/dogadaj\/dj-alex-2\/\" \n                    aria-label=\"Programmi terminati\"\n                >\n                    <img loading=\"lazy\" decoding=\"async\" width=\"800\" height=\"831\" src=\"https:\/\/2024.adventupuli.hr\/wp-content\/uploads\/2024\/12\/DJ-Alex-986x1024.jpg\" class=\"attachment-large size-large wp-post-image\" alt=\"\" srcset=\"https:\/\/2024.adventupuli.hr\/wp-content\/uploads\/2024\/12\/DJ-Alex-986x1024.jpg 986w, https:\/\/2024.adventupuli.hr\/wp-content\/uploads\/2024\/12\/DJ-Alex-289x300.jpg 289w, https:\/\/2024.adventupuli.hr\/wp-content\/uploads\/2024\/12\/DJ-Alex-768x797.jpg 768w, https:\/\/2024.adventupuli.hr\/wp-content\/uploads\/2024\/12\/DJ-Alex.jpg 1200w\" sizes=\"(max-width: 800px) 100vw, 800px\" \/>                <\/a>\n                <div class=\"etn-event-category\">\n                    <span>Programma musicale<\/span>                 <\/div>\n                            <\/div>\n                        <!-- thumbnail start-->\n\n            <!-- content start-->\n            <div class=\"etn-event-content\">\n                                                                                        \n                <h3 class=\"etn-title etn-event-title\"><a href=\"https:\/\/2024.adventupuli.hr\/it\/dogadaj\/dj-alex-2\/\">\n                    DJ Alex<\/a>\n                <\/h3>\n                                \n                <div class=\"etn-event-footer\">\n                    <div class=\"etn-event-date\">\n                                    <span>\n\t\t\t\t<i class=\"etn-icon etn-calendar\"><\/i>\n                30\/12\/2024            <\/span>\n\t\t\t                    <\/div>\n                   \n                <\/div>\n            <\/div>\n            <!-- content end-->\n        <\/div>\n        <!-- etn event item end-->\n    <\/div>\n        <div class=\"etn-col-md-6 etn-col-lg-3\">\n        <div class=\"etn-event-item\">\n            <!-- thumbnail -->\n                        <div class=\"etn-event-thumb\">\n                <a \n                    href=\"https:\/\/2024.adventupuli.hr\/it\/dogadaj\/medea-i-tedi-grubica-2\/\" \n                    aria-label=\"Programmi terminati\"\n                >\n                    <img loading=\"lazy\" decoding=\"async\" width=\"800\" height=\"534\" src=\"https:\/\/2024.adventupuli.hr\/wp-content\/uploads\/2024\/11\/ADVENT-LOGO-2024-1024x683.jpg\" class=\"attachment-large size-large wp-post-image\" alt=\"\" srcset=\"https:\/\/2024.adventupuli.hr\/wp-content\/uploads\/2024\/11\/ADVENT-LOGO-2024-1024x683.jpg 1024w, https:\/\/2024.adventupuli.hr\/wp-content\/uploads\/2024\/11\/ADVENT-LOGO-2024-300x200.jpg 300w, https:\/\/2024.adventupuli.hr\/wp-content\/uploads\/2024\/11\/ADVENT-LOGO-2024-768x512.jpg 768w, https:\/\/2024.adventupuli.hr\/wp-content\/uploads\/2024\/11\/ADVENT-LOGO-2024.jpg 1200w\" sizes=\"(max-width: 800px) 100vw, 800px\" \/>                <\/a>\n                <div class=\"etn-event-category\">\n                    <span>Programma musicale<\/span>                 <\/div>\n                            <\/div>\n                        <!-- thumbnail start-->\n\n            <!-- content start-->\n            <div class=\"etn-event-content\">\n                                                                                        \n                <h3 class=\"etn-title etn-event-title\"><a href=\"https:\/\/2024.adventupuli.hr\/it\/dogadaj\/medea-i-tedi-grubica-2\/\">\n                    Medea i Tedi Grubica<\/a>\n                <\/h3>\n                                \n                <div class=\"etn-event-footer\">\n                    <div class=\"etn-event-date\">\n                                    <span>\n\t\t\t\t<i class=\"etn-icon etn-calendar\"><\/i>\n                30\/12\/2024            <\/span>\n\t\t\t                    <\/div>\n                   \n                <\/div>\n            <\/div>\n            <!-- content end-->\n        <\/div>\n        <!-- etn event item end-->\n    <\/div>\n        <div class=\"etn-col-md-6 etn-col-lg-3\">\n        <div class=\"etn-event-item\">\n            <!-- thumbnail -->\n                        <div class=\"etn-event-thumb\">\n                <a \n                    href=\"https:\/\/2024.adventupuli.hr\/it\/dogadaj\/let-3\/\" \n                    aria-label=\"Programmi terminati\"\n                >\n                    <img loading=\"lazy\" decoding=\"async\" width=\"800\" height=\"533\" src=\"https:\/\/2024.adventupuli.hr\/wp-content\/uploads\/2024\/10\/Let-3_photo-credit-Franko-Kelam-1024x682.jpg\" class=\"attachment-large size-large wp-post-image\" alt=\"\" srcset=\"https:\/\/2024.adventupuli.hr\/wp-content\/uploads\/2024\/10\/Let-3_photo-credit-Franko-Kelam-1024x682.jpg 1024w, https:\/\/2024.adventupuli.hr\/wp-content\/uploads\/2024\/10\/Let-3_photo-credit-Franko-Kelam-300x200.jpg 300w, https:\/\/2024.adventupuli.hr\/wp-content\/uploads\/2024\/10\/Let-3_photo-credit-Franko-Kelam-768x512.jpg 768w, https:\/\/2024.adventupuli.hr\/wp-content\/uploads\/2024\/10\/Let-3_photo-credit-Franko-Kelam-1536x1023.jpg 1536w, https:\/\/2024.adventupuli.hr\/wp-content\/uploads\/2024\/10\/Let-3_photo-credit-Franko-Kelam.jpg 1600w\" sizes=\"(max-width: 800px) 100vw, 800px\" \/>                <\/a>\n                <div class=\"etn-event-category\">\n                    <span>Programma musicale<\/span>                 <\/div>\n                            <\/div>\n                        <!-- thumbnail start-->\n\n            <!-- content start-->\n            <div class=\"etn-event-content\">\n                                                                                        \n                <h3 class=\"etn-title etn-event-title\"><a href=\"https:\/\/2024.adventupuli.hr\/it\/dogadaj\/let-3\/\">\n                    Let 3<\/a>\n                <\/h3>\n                                \n                <div class=\"etn-event-footer\">\n                    <div class=\"etn-event-date\">\n                                    <span>\n\t\t\t\t<i class=\"etn-icon etn-calendar\"><\/i>\n                30\/12\/2024            <\/span>\n\t\t\t                    <\/div>\n                   \n                <\/div>\n            <\/div>\n            <!-- content end-->\n        <\/div>\n        <!-- etn event item end-->\n    <\/div>\n        <div class=\"etn-col-md-6 etn-col-lg-3\">\n        <div class=\"etn-event-item\">\n            <!-- thumbnail -->\n                        <div class=\"etn-event-thumb\">\n                <a \n                    href=\"https:\/\/2024.adventupuli.hr\/it\/dogadaj\/sound-fusion-dub-to-electronic-nye-pulap-reggae-station-dubcat-heavy-duty-munchies\/\" \n                    aria-label=\"Programmi terminati\"\n                >\n                    <img loading=\"lazy\" decoding=\"async\" width=\"800\" height=\"534\" src=\"https:\/\/2024.adventupuli.hr\/wp-content\/uploads\/2024\/11\/FocusPocus-295-1024x683.jpg\" class=\"attachment-large size-large wp-post-image\" alt=\"\" srcset=\"https:\/\/2024.adventupuli.hr\/wp-content\/uploads\/2024\/11\/FocusPocus-295-1024x683.jpg 1024w, https:\/\/2024.adventupuli.hr\/wp-content\/uploads\/2024\/11\/FocusPocus-295-300x200.jpg 300w, https:\/\/2024.adventupuli.hr\/wp-content\/uploads\/2024\/11\/FocusPocus-295-768x512.jpg 768w, https:\/\/2024.adventupuli.hr\/wp-content\/uploads\/2024\/11\/FocusPocus-295.jpg 1200w\" sizes=\"(max-width: 800px) 100vw, 800px\" \/>                <\/a>\n                <div class=\"etn-event-category\">\n                    <span>Programma musicale<\/span>                 <\/div>\n                            <\/div>\n                        <!-- thumbnail start-->\n\n            <!-- content start-->\n            <div class=\"etn-event-content\">\n                                                                                        \n                <h3 class=\"etn-title etn-event-title\"><a href=\"https:\/\/2024.adventupuli.hr\/it\/dogadaj\/sound-fusion-dub-to-electronic-nye-pulap-reggae-station-dubcat-heavy-duty-munchies\/\">\n                    Sound Fusion: Dub to Electronic NYE (Pulap Reggae Station, Dubcat, Heavy duty, Munchies)<\/a>\n                <\/h3>\n                                \n                <div class=\"etn-event-footer\">\n                    <div class=\"etn-event-date\">\n                                    <span>\n\t\t\t\t<i class=\"etn-icon etn-calendar\"><\/i>\n                30\/12\/2024            <\/span>\n\t\t\t                    <\/div>\n                   \n                <\/div>\n            <\/div>\n            <!-- content end-->\n        <\/div>\n        <!-- etn event item end-->\n    <\/div>\n        <div class=\"etn-col-md-6 etn-col-lg-3\">\n        <div class=\"etn-event-item\">\n            <!-- thumbnail -->\n                        <div class=\"etn-event-thumb\">\n                <a \n                    href=\"https:\/\/2024.adventupuli.hr\/it\/dogadaj\/s-puno-ljubavi-za-bozic-zimska-prica-jednog-snjegovica\/\" \n                    aria-label=\"Programmi terminati\"\n                >\n                    <img loading=\"lazy\" decoding=\"async\" width=\"800\" height=\"534\" src=\"https:\/\/2024.adventupuli.hr\/wp-content\/uploads\/2024\/11\/GKC-1024x683.jpg\" class=\"attachment-large size-large wp-post-image\" alt=\"\" srcset=\"https:\/\/2024.adventupuli.hr\/wp-content\/uploads\/2024\/11\/GKC-1024x683.jpg 1024w, https:\/\/2024.adventupuli.hr\/wp-content\/uploads\/2024\/11\/GKC-300x200.jpg 300w, https:\/\/2024.adventupuli.hr\/wp-content\/uploads\/2024\/11\/GKC-768x512.jpg 768w, https:\/\/2024.adventupuli.hr\/wp-content\/uploads\/2024\/11\/GKC.jpg 1200w\" sizes=\"(max-width: 800px) 100vw, 800px\" \/>                <\/a>\n                <div class=\"etn-event-category\">\n                    <span>Programmi di biblioteca<\/span>                 <\/div>\n                            <\/div>\n                        <!-- thumbnail start-->\n\n            <!-- content start-->\n            <div class=\"etn-event-content\">\n                                                                                        \n                <h3 class=\"etn-title etn-event-title\"><a href=\"https:\/\/2024.adventupuli.hr\/it\/dogadaj\/s-puno-ljubavi-za-bozic-zimska-prica-jednog-snjegovica\/\">\n                    Con tanto affetto per Natale! &#8211; Una storia invernale di un pupazzo di neve<\/a>\n                <\/h3>\n                                \n                <div class=\"etn-event-footer\">\n                    <div class=\"etn-event-date\">\n                                    <span>\n\t\t\t\t<i class=\"etn-icon etn-calendar\"><\/i>\n                31\/12\/2024            <\/span>\n\t\t\t                    <\/div>\n                   \n                <\/div>\n            <\/div>\n            <!-- content end-->\n        <\/div>\n        <!-- etn event item end-->\n    <\/div>\n        <div class=\"etn-col-md-6 etn-col-lg-3\">\n        <div class=\"etn-event-item\">\n            <!-- thumbnail -->\n                        <div class=\"etn-event-thumb\">\n                <a \n                    href=\"https:\/\/2024.adventupuli.hr\/it\/dogadaj\/big-band-pula-velika-padela\/\" \n                    aria-label=\"Programmi terminati\"\n                >\n                    <img loading=\"lazy\" decoding=\"async\" width=\"800\" height=\"534\" src=\"https:\/\/2024.adventupuli.hr\/wp-content\/uploads\/2024\/10\/461400175_555974633609678_5159352067961291672_n-1024x683.jpg\" class=\"attachment-large size-large wp-post-image\" alt=\"\" srcset=\"https:\/\/2024.adventupuli.hr\/wp-content\/uploads\/2024\/10\/461400175_555974633609678_5159352067961291672_n-1024x683.jpg 1024w, https:\/\/2024.adventupuli.hr\/wp-content\/uploads\/2024\/10\/461400175_555974633609678_5159352067961291672_n-300x200.jpg 300w, https:\/\/2024.adventupuli.hr\/wp-content\/uploads\/2024\/10\/461400175_555974633609678_5159352067961291672_n-768x512.jpg 768w, https:\/\/2024.adventupuli.hr\/wp-content\/uploads\/2024\/10\/461400175_555974633609678_5159352067961291672_n.jpg 1200w\" sizes=\"(max-width: 800px) 100vw, 800px\" \/>                <\/a>\n                <div class=\"etn-event-category\">\n                    <span>Programma musicale<\/span>                 <\/div>\n                            <\/div>\n                        <!-- thumbnail start-->\n\n            <!-- content start-->\n            <div class=\"etn-event-content\">\n                                                                                        \n                <h3 class=\"etn-title etn-event-title\"><a href=\"https:\/\/2024.adventupuli.hr\/it\/dogadaj\/big-band-pula-velika-padela\/\">\n                    Big Band Pola + grande padella<\/a>\n                <\/h3>\n                                \n                <div class=\"etn-event-footer\">\n                    <div class=\"etn-event-date\">\n                                    <span>\n\t\t\t\t<i class=\"etn-icon etn-calendar\"><\/i>\n                31\/12\/2024            <\/span>\n\t\t\t                    <\/div>\n                   \n                <\/div>\n            <\/div>\n            <!-- content end-->\n        <\/div>\n        <!-- etn event item end-->\n    <\/div>\n        <div class=\"etn-col-md-6 etn-col-lg-3\">\n        <div class=\"etn-event-item\">\n            <!-- thumbnail -->\n                        <div class=\"etn-event-thumb\">\n                <a \n                    href=\"https:\/\/2024.adventupuli.hr\/it\/dogadaj\/docek-u-podne-mrle-ivanka-kisni-razdraganci\/\" \n                    aria-label=\"Programmi terminati\"\n                >\n                    <img loading=\"lazy\" decoding=\"async\" width=\"800\" height=\"534\" src=\"https:\/\/2024.adventupuli.hr\/wp-content\/uploads\/2024\/10\/4-1024x683.jpg\" class=\"attachment-large size-large wp-post-image\" alt=\"\" srcset=\"https:\/\/2024.adventupuli.hr\/wp-content\/uploads\/2024\/10\/4-1024x683.jpg 1024w, https:\/\/2024.adventupuli.hr\/wp-content\/uploads\/2024\/10\/4-300x200.jpg 300w, https:\/\/2024.adventupuli.hr\/wp-content\/uploads\/2024\/10\/4-768x512.jpg 768w, https:\/\/2024.adventupuli.hr\/wp-content\/uploads\/2024\/10\/4.jpg 1200w\" sizes=\"(max-width: 800px) 100vw, 800px\" \/>                <\/a>\n                <div class=\"etn-event-category\">\n                    <span>Programma musicale<\/span>                 <\/div>\n                            <\/div>\n                        <!-- thumbnail start-->\n\n            <!-- content start-->\n            <div class=\"etn-event-content\">\n                                                                                        \n                <h3 class=\"etn-title etn-event-title\"><a href=\"https:\/\/2024.adventupuli.hr\/it\/dogadaj\/docek-u-podne-mrle-ivanka-kisni-razdraganci\/\">\n                    Capodanno a mezzogiorno: Mrle &#038; Ivanka: Ki\u0161ni razdraganci<\/a>\n                <\/h3>\n                                \n                <div class=\"etn-event-footer\">\n                    <div class=\"etn-event-date\">\n                                    <span>\n\t\t\t\t<i class=\"etn-icon etn-calendar\"><\/i>\n                31\/12\/2024            <\/span>\n\t\t\t                    <\/div>\n                   \n                <\/div>\n            <\/div>\n            <!-- content end-->\n        <\/div>\n        <!-- etn event item end-->\n    <\/div>\n        <div class=\"etn-col-md-6 etn-col-lg-3\">\n        <div class=\"etn-event-item\">\n            <!-- thumbnail -->\n                        <div class=\"etn-event-thumb\">\n                <a \n                    href=\"https:\/\/2024.adventupuli.hr\/it\/dogadaj\/docek-nove-godine-elemental\/\" \n                    aria-label=\"Programmi terminati\"\n                >\n                    <img loading=\"lazy\" decoding=\"async\" width=\"800\" height=\"534\" src=\"https:\/\/2024.adventupuli.hr\/wp-content\/uploads\/2024\/10\/MG_9782-1024x683.jpg\" class=\"attachment-large size-large wp-post-image\" alt=\"\" srcset=\"https:\/\/2024.adventupuli.hr\/wp-content\/uploads\/2024\/10\/MG_9782-1024x683.jpg 1024w, https:\/\/2024.adventupuli.hr\/wp-content\/uploads\/2024\/10\/MG_9782-300x200.jpg 300w, https:\/\/2024.adventupuli.hr\/wp-content\/uploads\/2024\/10\/MG_9782-768x512.jpg 768w, https:\/\/2024.adventupuli.hr\/wp-content\/uploads\/2024\/10\/MG_9782.jpg 1200w\" sizes=\"(max-width: 800px) 100vw, 800px\" \/>                <\/a>\n                <div class=\"etn-event-category\">\n                    <span>Programma musicale<\/span>                 <\/div>\n                            <\/div>\n                        <!-- thumbnail start-->\n\n            <!-- content start-->\n            <div class=\"etn-event-content\">\n                                                                                        \n                <h3 class=\"etn-title etn-event-title\"><a href=\"https:\/\/2024.adventupuli.hr\/it\/dogadaj\/docek-nove-godine-elemental\/\">\n                    Capodanno: Elemental<\/a>\n                <\/h3>\n                                \n                <div class=\"etn-event-footer\">\n                    <div class=\"etn-event-date\">\n                                    <span>\n\t\t\t\t<i class=\"etn-icon etn-calendar\"><\/i>\n                31\/12\/2024            <\/span>\n\t\t\t                    <\/div>\n                   \n                <\/div>\n            <\/div>\n            <!-- content end-->\n        <\/div>\n        <!-- etn event item end-->\n    <\/div>\n        <div class=\"etn-col-md-6 etn-col-lg-3\">\n        <div class=\"etn-event-item\">\n            <!-- thumbnail -->\n                        <div class=\"etn-event-thumb\">\n                <a \n                    href=\"https:\/\/2024.adventupuli.hr\/it\/dogadaj\/docek-nove-godine-dj-sword-petar-graso\/\" \n                    aria-label=\"Programmi terminati\"\n                >\n                    <img loading=\"lazy\" decoding=\"async\" width=\"800\" height=\"534\" src=\"https:\/\/2024.adventupuli.hr\/wp-content\/uploads\/2024\/10\/Graso-1024x683.jpg\" class=\"attachment-large size-large wp-post-image\" alt=\"\" srcset=\"https:\/\/2024.adventupuli.hr\/wp-content\/uploads\/2024\/10\/Graso-1024x683.jpg 1024w, https:\/\/2024.adventupuli.hr\/wp-content\/uploads\/2024\/10\/Graso-300x200.jpg 300w, https:\/\/2024.adventupuli.hr\/wp-content\/uploads\/2024\/10\/Graso-768x512.jpg 768w, https:\/\/2024.adventupuli.hr\/wp-content\/uploads\/2024\/10\/Graso.jpg 1200w\" sizes=\"(max-width: 800px) 100vw, 800px\" \/>                <\/a>\n                <div class=\"etn-event-category\">\n                    <span>Programma musicale<\/span>                 <\/div>\n                            <\/div>\n                        <!-- thumbnail start-->\n\n            <!-- content start-->\n            <div class=\"etn-event-content\">\n                                                                                        \n                <h3 class=\"etn-title etn-event-title\"><a href=\"https:\/\/2024.adventupuli.hr\/it\/dogadaj\/docek-nove-godine-dj-sword-petar-graso\/\">\n                    Capodanno: Petar Gra\u0161o<\/a>\n                <\/h3>\n                                \n                <div class=\"etn-event-footer\">\n                    <div class=\"etn-event-date\">\n                                    <span>\n\t\t\t\t<i class=\"etn-icon etn-calendar\"><\/i>\n                31\/12\/2024            <\/span>\n\t\t\t                    <\/div>\n                   \n                <\/div>\n            <\/div>\n            <!-- content end-->\n        <\/div>\n        <!-- etn event item end-->\n    <\/div>\n        <div class=\"etn-col-md-6 etn-col-lg-3\">\n        <div class=\"etn-event-item\">\n            <!-- thumbnail -->\n                        <div class=\"etn-event-thumb\">\n                <a \n                    href=\"https:\/\/2024.adventupuli.hr\/it\/dogadaj\/sound-fusion-dub-to-electronic-nye-laseech-mr-m-manscream\/\" \n                    aria-label=\"Programmi terminati\"\n                >\n                    <img loading=\"lazy\" decoding=\"async\" width=\"800\" height=\"534\" src=\"https:\/\/2024.adventupuli.hr\/wp-content\/uploads\/2024\/11\/FocusPocus-295-1024x683.jpg\" class=\"attachment-large size-large wp-post-image\" alt=\"\" srcset=\"https:\/\/2024.adventupuli.hr\/wp-content\/uploads\/2024\/11\/FocusPocus-295-1024x683.jpg 1024w, https:\/\/2024.adventupuli.hr\/wp-content\/uploads\/2024\/11\/FocusPocus-295-300x200.jpg 300w, https:\/\/2024.adventupuli.hr\/wp-content\/uploads\/2024\/11\/FocusPocus-295-768x512.jpg 768w, https:\/\/2024.adventupuli.hr\/wp-content\/uploads\/2024\/11\/FocusPocus-295.jpg 1200w\" sizes=\"(max-width: 800px) 100vw, 800px\" \/>                <\/a>\n                <div class=\"etn-event-category\">\n                    <span>Programma musicale<\/span>                 <\/div>\n                            <\/div>\n                        <!-- thumbnail start-->\n\n            <!-- content start-->\n            <div class=\"etn-event-content\">\n                                                                                        \n                <h3 class=\"etn-title etn-event-title\"><a href=\"https:\/\/2024.adventupuli.hr\/it\/dogadaj\/sound-fusion-dub-to-electronic-nye-laseech-mr-m-manscream\/\">\n                    Sound Fusion: Dub to Electronic NYE (Laseech, Mr. M, Manscream)<\/a>\n                <\/h3>\n                                \n                <div class=\"etn-event-footer\">\n                    <div class=\"etn-event-date\">\n                                    <span>\n\t\t\t\t<i class=\"etn-icon etn-calendar\"><\/i>\n                31\/12\/2024            <\/span>\n\t\t\t                    <\/div>\n                   \n                <\/div>\n            <\/div>\n            <!-- content end-->\n        <\/div>\n        <!-- etn event item end-->\n    <\/div>\n    <\/div>\t\t\t\t\t<\/div>\n\n\t\t\t\t<\/div>\n<\/div>\t\t<\/div>\n\t\t\t\t<\/div>\n\t\t\t\t\t<\/div>\n\t\t<\/div>\n\t\t\t\t\t<\/div>\n\t\t<\/section>\n\t\t\t\t<\/div>\n\t\t","protected":false},"excerpt":{"rendered":"<p>Programmi terminati Glazbeni program Adventski vijenac &#8211; Zbor Encijan, SKD Istra 1\/12\/2024 Dje\u010dji program Martinuss cirkus 1\/12\/2024 Glazbeni program Jelusick 1\/12\/2024 Programi knji\u017enice Bor dobrih pri\u010da &#8211; Nestrpljiva \u010dizmica 2\/12\/2024 Programi knji\u017enice S puno ljubavi za Bo\u017ei\u0107! &#8211; Nestrpljiva \u010dizmica 3\/12\/2024 Predstave Eichmann u Jeruzalemu 3\/12\/2024 Programi knji\u017enice Bor dobrih \u017eelja: Emozioni Natalizie 4\/12\/2024 Dje\u010dji [&hellip;]<\/p>\n","protected":false},"author":1,"featured_media":0,"parent":0,"menu_order":0,"comment_status":"closed","ping_status":"closed","template":"elementor_header_footer","meta":{"_acf_changed":false,"footnotes":""},"class_list":["post-7924","page","type-page","status-publish","hentry"],"aioseo_notices":[],"acf":[],"_links":{"self":[{"href":"https:\/\/2024.adventupuli.hr\/it\/wp-json\/wp\/v2\/pages\/7924"}],"collection":[{"href":"https:\/\/2024.adventupuli.hr\/it\/wp-json\/wp\/v2\/pages"}],"about":[{"href":"https:\/\/2024.adventupuli.hr\/it\/wp-json\/wp\/v2\/types\/page"}],"author":[{"embeddable":true,"href":"https:\/\/2024.adventupuli.hr\/it\/wp-json\/wp\/v2\/users\/1"}],"replies":[{"embeddable":true,"href":"https:\/\/2024.adventupuli.hr\/it\/wp-json\/wp\/v2\/comments?post=7924"}],"version-history":[{"count":16,"href":"https:\/\/2024.adventupuli.hr\/it\/wp-json\/wp\/v2\/pages\/7924\/revisions"}],"predecessor-version":[{"id":21079,"href":"https:\/\/2024.adventupuli.hr\/it\/wp-json\/wp\/v2\/pages\/7924\/revisions\/21079"}],"wp:attachment":[{"href":"https:\/\/2024.adventupuli.hr\/it\/wp-json\/wp\/v2\/media?parent=7924"}],"curies":[{"name":"wp","href":"https:\/\/api.w.org\/{rel}","templated":true}]}}